{"id":3779,"date":"2023-07-28T02:23:52","date_gmt":"2023-07-28T05:23:52","guid":{"rendered":"https:\/\/catalonia.com.br\/?page_id=3779"},"modified":"2023-07-28T02:35:58","modified_gmt":"2023-07-28T05:35:58","slug":"castellers-do-brasil-dia-nacional-da-catalunha-em-sao-paulo","status":"publish","type":"page","link":"https:\/\/catalonia.com.br\/ca\/castellers-do-brasil-dia-nacional-da-catalunha-em-sao-paulo\/","title":{"rendered":"Castellers do Brasil &#8211; Dia Nacional da Catalunha em S\u00e3o Paulo (2008)"},"content":{"rendered":"<p style=\"text-align: justify;\"><em>S\u00e3o Paulo (Brasil) 12-09-2008<\/em><\/p>\n<p style=\"text-align: justify;\">Os catal\u00e3es de S\u00e3o Paulo e seus descendentes viveram ontem \u00e0 noite momentos memor\u00e1veis e cheios de emo\u00e7\u00e3o na celebra\u00e7\u00e3o do <strong>Dia Nacional de Catalunha<\/strong>.<\/p>\n<p style=\"text-align: justify;\">Pela primeira vez, nos mais de 100 anos de hist\u00f3ria da imigra\u00e7\u00e3o catal\u00e3 no Brasil, celebrou-se o <strong>Onze de Setembro<\/strong> de forma oficial na cidade mais importante da Am\u00e9rica Latina e motor econ\u00f4mico do Brasil, que ostenta a cifra de mais de 20 milh\u00f5es de habitantes na sua regi\u00e3o metropolitana.<\/p>\n<p style=\"text-align: justify;\">A Data Nacional de Catalunha foi inclu\u00edda de forma oficial no Calend\u00e1rio de Datas e Comemora\u00e7\u00f5es Oficiais da cidade de S\u00e3o Paulo, de acordo com a Lei Municipal n\u00ba 14.823, aprovada pela C\u00e2mara Municipal no dia 28 de agosto passado.<\/p>\n<p style=\"text-align: justify;\">A iniciativa surgiu por ocasi\u00e3o de uma conversa mantida entre os diretores da Associa\u00e7\u00e3o Cultural Catalonia, \u00fanico centro catal\u00e3o no Brasil, com o Vereador Aur\u00e9lio Miguel, um dos principais membros da c\u00e2mara municipal paulista, filho de imigrantes catal\u00e3es e grande esportista. Considerado um \u00edcone do jud\u00f4 brasileiro, j\u00e1 conquistou muitos t\u00edtulos para o pa\u00eds, tais como a medalha de ouro nos jogos ol\u00edmpicos de Seul no ano de 1988. Como homenagem \u00e0 sua destacada trajet\u00f3ria no esporte nacional foi designado portador da bandeira do Brasil, encabe\u00e7ando a delega\u00e7\u00e3o do pa\u00eds na cerim\u00f4nia de abertura dos Jogos Ol\u00edmpicos de Barcelona no ano de 1992.<\/p>\n<p style=\"text-align: justify;\">O ato que celebrou o Dia Nacional de Catalunha realizou-se ontem \u00e0s sete da noite no plen\u00e1rio da <strong>C\u00e2mara Municipal de S\u00e3o Paulo<\/strong>. Durante o mesmo foi lida uma mensagem de sauda\u00e7\u00e3o do presidente do Parlamento da Catalunha, Ernest Benach, onde destacava que &#8220;<strong><em>\u00c9 para mim uma grande honra encaminhar esta carta com motivo da celebra\u00e7\u00e3o da Data Nacional de Catalunha em S\u00e3o Paulo, data esta inclu\u00edda, pela primeira vez, no calend\u00e1rio oficial de datas comemorativas desta cidade. Oficializa-se, assim, um anseio, um desejo, que hoje toma forma: fazer uma celebra\u00e7\u00e3o do 11 de Setembro para solidificar o la\u00e7o que une Catalunha e S\u00e3o Paulo, os catal\u00e3es dos dois lados do Atl\u00e2ntico<\/em><\/strong>&#8220;. O presidente acrescentava ainda \u201cQuero expressar, portanto, o reconhecimento da c\u00e2mara catal\u00e3 e at\u00e9 a emo\u00e7\u00e3o que sinto pessoalmente pelo trabalho firme e decidido da Associa\u00e7\u00e3o Cultural Catalonia de S\u00e3o Paulo. As comunidades catal\u00e3s do exterior, que representam uma parte importante da historia da Catalunha, que tiveram papel fundamental para manter viva a nossa identidade, at\u00e9 o momento n\u00e3o receberam o reconhecimento necess\u00e1rio. A Catalunha do s\u00e9culo XXI tem uma d\u00edvida para com \u201cas Catalunhas\u201d do ex\u00edlio, com a gente que teve que sair do pa\u00eds, mas que nunca esqueceu a sua terra.\u201d<\/p>\n<p style=\"text-align: justify;\">Por outra parte, o presidente da Associa\u00e7\u00e3o Cultural Catalonia, <strong>M\u00e0rius Vendrell<\/strong>, no seu discurso destacou \u201c<strong><em>Os imigrantes catal\u00e3es que tivemos que abandonar a nossa terra, por motivos diversos, ao longo dos \u00faltimos 100 anos, encontramos em S\u00e3o Paulo um segundo lar para nossas fam\u00edlias e estamos construindo aqui o nosso futuro. Poucos foram os que tiveram a sorte de \u201cfazer a Am\u00e9rica\u201d, podendo realizar aqui de forma completa todos os seus anseios, e sonhos, mas sem d\u00favida, tivemos a possibilidade de viver aqui em liberdade para manter a nossa identidade pr\u00f3pria e poder transmiti-la aos nossos descendentes. Somos catal\u00e3es-brasileiros e brasileiros-catal\u00e3es, pois temos o privil\u00e9gio de termos duas p\u00e1trias<\/em><\/strong>\u201d.<\/p>\n<p style=\"text-align: justify;\">Durante o evento, o <strong>coral do Catalonia<\/strong> cantou os hinos nacionais da Catalunha e do Brasil e a can\u00e7\u00e3o \u201cSenyor Sant Jordi\u201d, numa atua\u00e7\u00e3o que causou uma profunda emo\u00e7\u00e3o ao p\u00fablico presente.<\/p>\n<p style=\"text-align: justify;\">Ao fim da celebra\u00e7\u00e3o, o grupo \u201c<strong>Castellers do Brasil<\/strong>\u201d, formada por jovens brasileiros, atuou publicamente pela primeira vez, formando diversos castells (torres humanas). Trata-se de um projeto social levado a cabo pela Associa\u00e7\u00e3o Cultural Catalonia em parceria com a Associa\u00e7\u00e3o Evang\u00e9lica Beneficente (AEB), Universidade Adventista de S\u00e3o Paulo (UNASP) e que conta tamb\u00e9m com o suporte t\u00e9cnico e colabora\u00e7\u00e3o dos \u201cCastellers de Vilafranca\u201d. Pela primeira vez no Brasil est\u00e1 sendo utilizado a tradi\u00e7\u00e3o catal\u00e3 das torres humanas, para obter a inser\u00e7\u00e3o social de jovens da periferia de uma grande cidade, \u00e0 semelhan\u00e7a do que os mesmos \u201cCastellers de Vilafranca\u201d j\u00e1 fizeram no ano passado no Chile.<\/p>\n<p style=\"text-align: justify;\">Agora, pois, todos os anos, os catal\u00e3es de S\u00e3o Paulo poderemos celebrar a nossa data de forma oficial.<\/p>\n<div class=\"ast-oembed-container\" style=\"height: 100%;\"><iframe title=\"Video 1 - Castellers do Brasil - Catalonia - 11 de setembro 2008\" width=\"500\" height=\"375\" src=\"https:\/\/www.youtube.com\/embed\/ioQcQNaPshE?feature=oembed\" frameborder=\"0\" allow=\"accelerometer; autoplay; clipboard-write; encrypted-media; gyroscope; picture-in-picture; web-share\" referrerpolicy=\"strict-origin-when-cross-origin\" allowfullscreen><\/iframe><\/div>","protected":false},"excerpt":{"rendered":"<p>S\u00e3o Paulo (Brasil) 12-09-2008 Os catal\u00e3es de S\u00e3o Paulo e seus descendentes viveram ontem \u00e0 noite momentos memor\u00e1veis e cheios de emo\u00e7\u00e3o na celebra\u00e7\u00e3o do Dia Nacional de Catalunha. Pela primeira vez, nos mais de 100 anos de hist\u00f3ria da imigra\u00e7\u00e3o catal\u00e3 no Brasil, celebrou-se o Onze de Setembro de forma oficial na cidade mais<\/p>","protected":false},"author":1,"featured_media":3780,"parent":0,"menu_order":0,"comment_status":"closed","ping_status":"closed","template":"","meta":{"_uag_custom_page_level_css":"","order-bump-settings":[],"_wpfnl_thankyou_order_overview":"on","_wpfnl_thankyou_order_details":"on","_wpfnl_thankyou_billing_details":"on","_wpfnl_thankyou_shipping_details":"on","site-sidebar-layout":"default","site-content-layout":"default","ast-site-content-layout":"","site-content-style":"default","site-sidebar-style":"default","ast-global-header-display":"","ast-banner-title-visibility":"","ast-main-header-display":"","ast-hfb-above-header-display":"","ast-hfb-below-header-display":"","ast-hfb-mobile-header-display":"","site-post-title":"","ast-breadcrumbs-content":"","ast-featured-img":"","footer-sml-layout":"","theme-transparent-header-meta":"default","adv-header-id-meta":"","stick-header-meta":"","header-above-stick-meta":"","header-main-stick-meta":"","header-below-stick-meta":"","astra-migrate-meta-layouts":"default","ast-page-background-enabled":"default","ast-page-background-meta":{"desktop":{"background-color":"","background-image":"","background-repeat":"repeat","background-position":"center center","background-size":"auto","background-attachment":"scroll","background-type":"","background-media":"","overlay-type":"","overlay-color":"","overlay-opacity":"","overlay-gradient":""},"tablet":{"background-color":"","background-image":"","background-repeat":"repeat","background-position":"center center","background-size":"auto","background-attachment":"scroll","background-type":"","background-media":"","overlay-type":"","overlay-color":"","overlay-opacity":"","overlay-gradient":""},"mobile":{"background-color":"","background-image":"","background-repeat":"repeat","background-position":"center center","background-size":"auto","background-attachment":"scroll","background-type":"","background-media":"","overlay-type":"","overlay-color":"","overlay-opacity":"","overlay-gradient":""}},"ast-content-background-meta":{"desktop":{"background-color":"var(--ast-global-color-5)","background-image":"","background-repeat":"repeat","background-position":"center center","background-size":"auto","background-attachment":"scroll","background-type":"","background-media":"","overlay-type":"","overlay-color":"","overlay-opacity":"","overlay-gradient":""},"tablet":{"background-color":"var(--ast-global-color-5)","background-image":"","background-repeat":"repeat","background-position":"center center","background-size":"auto","background-attachment":"scroll","background-type":"","background-media":"","overlay-type":"","overlay-color":"","overlay-opacity":"","overlay-gradient":""},"mobile":{"background-color":"var(--ast-global-color-5)","background-image":"","background-repeat":"repeat","background-position":"center center","background-size":"auto","background-attachment":"scroll","background-type":"","background-media":"","overlay-type":"","overlay-color":"","overlay-opacity":"","overlay-gradient":""}},"footnotes":""},"class_list":["post-3779","page","type-page","status-publish","has-post-thumbnail","hentry"],"yoast_head":"<!-- This site is optimized with the Yoast SEO plugin v27.2 - https:\/\/yoast.com\/product\/yoast-seo-wordpress\/ -->\n<title>Castellers do Brasil - Dia Nacional da Catalunha em S\u00e3o Paulo (2008) - Associa\u00e7\u00e3o Cultural Catalonia<\/title>\n<meta name=\"robots\" content=\"index, follow, max-snippet:-1, max-image-preview:large, max-video-preview:-1\" \/>\n<link rel=\"canonical\" href=\"https:\/\/catalonia.com.br\/ca\/castellers-do-brasil-dia-nacional-da-catalunha-em-sao-paulo\/\" \/>\n<meta property=\"og:locale\" content=\"ca_ES\" \/>\n<meta property=\"og:type\" content=\"article\" \/>\n<meta property=\"og:title\" content=\"Castellers do Brasil - Dia Nacional da Catalunha em S\u00e3o Paulo (2008) - Associa\u00e7\u00e3o Cultural Catalonia\" \/>\n<meta property=\"og:description\" content=\"S\u00e3o Paulo (Brasil) 12-09-2008 Os catal\u00e3es de S\u00e3o Paulo e seus descendentes viveram ontem \u00e0 noite momentos memor\u00e1veis e cheios de emo\u00e7\u00e3o na celebra\u00e7\u00e3o do Dia Nacional de Catalunha. Pela primeira vez, nos mais de 100 anos de hist\u00f3ria da imigra\u00e7\u00e3o catal\u00e3 no Brasil, celebrou-se o Onze de Setembro de forma oficial na cidade mais\" \/>\n<meta property=\"og:url\" content=\"https:\/\/catalonia.com.br\/ca\/castellers-do-brasil-dia-nacional-da-catalunha-em-sao-paulo\/\" \/>\n<meta property=\"og:site_name\" content=\"Associa\u00e7\u00e3o Cultural Catalonia\" \/>\n<meta property=\"article:modified_time\" content=\"2023-07-28T05:35:58+00:00\" \/>\n<meta property=\"og:image\" content=\"https:\/\/catalonia.com.br\/wp-content\/uploads\/2023\/07\/Castellers-do-Brasil-Dia-Nacional-da-Catalunha-em-Sao-Paulo-2008.png\" \/>\n\t<meta property=\"og:image:width\" content=\"600\" \/>\n\t<meta property=\"og:image:height\" content=\"400\" \/>\n\t<meta property=\"og:image:type\" content=\"image\/png\" \/>\n<meta name=\"twitter:card\" content=\"summary_large_image\" \/>\n<meta name=\"twitter:label1\" content=\"Temps estimat de lectura\" \/>\n\t<meta name=\"twitter:data1\" content=\"4 minuts\" \/>\n<script type=\"application\/ld+json\" class=\"yoast-schema-graph\">{\"@context\":\"https:\/\/schema.org\",\"@graph\":[{\"@type\":\"WebPage\",\"@id\":\"https:\/\/catalonia.com.br\/castellers-do-brasil-dia-nacional-da-catalunha-em-sao-paulo\/\",\"url\":\"https:\/\/catalonia.com.br\/castellers-do-brasil-dia-nacional-da-catalunha-em-sao-paulo\/\",\"name\":\"Castellers do Brasil - Dia Nacional da Catalunha em S\u00e3o Paulo (2008) - Associa\u00e7\u00e3o Cultural Catalonia\",\"isPartOf\":{\"@id\":\"https:\/\/catalonia.com.br\/#website\"},\"primaryImageOfPage\":{\"@id\":\"https:\/\/catalonia.com.br\/castellers-do-brasil-dia-nacional-da-catalunha-em-sao-paulo\/#primaryimage\"},\"image\":{\"@id\":\"https:\/\/catalonia.com.br\/castellers-do-brasil-dia-nacional-da-catalunha-em-sao-paulo\/#primaryimage\"},\"thumbnailUrl\":\"https:\/\/catalonia.com.br\/wp-content\/uploads\/2023\/07\/Castellers-do-Brasil-Dia-Nacional-da-Catalunha-em-Sao-Paulo-2008.png\",\"datePublished\":\"2023-07-28T05:23:52+00:00\",\"dateModified\":\"2023-07-28T05:35:58+00:00\",\"breadcrumb\":{\"@id\":\"https:\/\/catalonia.com.br\/castellers-do-brasil-dia-nacional-da-catalunha-em-sao-paulo\/#breadcrumb\"},\"inLanguage\":\"ca\",\"potentialAction\":[{\"@type\":\"ReadAction\",\"target\":[\"https:\/\/catalonia.com.br\/castellers-do-brasil-dia-nacional-da-catalunha-em-sao-paulo\/\"]}]},{\"@type\":\"ImageObject\",\"inLanguage\":\"ca\",\"@id\":\"https:\/\/catalonia.com.br\/castellers-do-brasil-dia-nacional-da-catalunha-em-sao-paulo\/#primaryimage\",\"url\":\"https:\/\/catalonia.com.br\/wp-content\/uploads\/2023\/07\/Castellers-do-Brasil-Dia-Nacional-da-Catalunha-em-Sao-Paulo-2008.png\",\"contentUrl\":\"https:\/\/catalonia.com.br\/wp-content\/uploads\/2023\/07\/Castellers-do-Brasil-Dia-Nacional-da-Catalunha-em-Sao-Paulo-2008.png\",\"width\":600,\"height\":400,\"caption\":\"Castellers do Brasil - Dia Nacional da Catalunha em S\u00e3o Paulo (2008)\"},{\"@type\":\"BreadcrumbList\",\"@id\":\"https:\/\/catalonia.com.br\/castellers-do-brasil-dia-nacional-da-catalunha-em-sao-paulo\/#breadcrumb\",\"itemListElement\":[{\"@type\":\"ListItem\",\"position\":1,\"name\":\"In\u00edcio\",\"item\":\"https:\/\/catalonia.com.br\/\"},{\"@type\":\"ListItem\",\"position\":2,\"name\":\"Castellers do Brasil &#8211; Dia Nacional da Catalunha em S\u00e3o Paulo (2008)\"}]},{\"@type\":\"WebSite\",\"@id\":\"https:\/\/catalonia.com.br\/#website\",\"url\":\"https:\/\/catalonia.com.br\/\",\"name\":\"Associa\u00e7\u00e3o Cultural Catalonia\",\"description\":\"\",\"publisher\":{\"@id\":\"https:\/\/catalonia.com.br\/#organization\"},\"potentialAction\":[{\"@type\":\"SearchAction\",\"target\":{\"@type\":\"EntryPoint\",\"urlTemplate\":\"https:\/\/catalonia.com.br\/?s={search_term_string}\"},\"query-input\":{\"@type\":\"PropertyValueSpecification\",\"valueRequired\":true,\"valueName\":\"search_term_string\"}}],\"inLanguage\":\"ca\"},{\"@type\":\"Organization\",\"@id\":\"https:\/\/catalonia.com.br\/#organization\",\"name\":\"Associa\u00e7\u00e3o Cultural Catalonia\",\"url\":\"https:\/\/catalonia.com.br\/\",\"logo\":{\"@type\":\"ImageObject\",\"inLanguage\":\"ca\",\"@id\":\"https:\/\/catalonia.com.br\/#\/schema\/logo\/image\/\",\"url\":\"https:\/\/catalonia.com.br\/wp-content\/uploads\/2023\/06\/cropped-cropped-cropped-Catalonia-logotip-renovat-2.png\",\"contentUrl\":\"https:\/\/catalonia.com.br\/wp-content\/uploads\/2023\/06\/cropped-cropped-cropped-Catalonia-logotip-renovat-2.png\",\"width\":313,\"height\":320,\"caption\":\"Associa\u00e7\u00e3o Cultural Catalonia\"},\"image\":{\"@id\":\"https:\/\/catalonia.com.br\/#\/schema\/logo\/image\/\"}}]}<\/script>\n<!-- \/ Yoast SEO plugin. -->","yoast_head_json":{"title":"Castellers do Brasil - Dia Nacional da Catalunha em S\u00e3o Paulo (2008) - Associa\u00e7\u00e3o Cultural Catalonia","robots":{"index":"index","follow":"follow","max-snippet":"max-snippet:-1","max-image-preview":"max-image-preview:large","max-video-preview":"max-video-preview:-1"},"canonical":"https:\/\/catalonia.com.br\/ca\/castellers-do-brasil-dia-nacional-da-catalunha-em-sao-paulo\/","og_locale":"ca_ES","og_type":"article","og_title":"Castellers do Brasil - Dia Nacional da Catalunha em S\u00e3o Paulo (2008) - Associa\u00e7\u00e3o Cultural Catalonia","og_description":"S\u00e3o Paulo (Brasil) 12-09-2008 Os catal\u00e3es de S\u00e3o Paulo e seus descendentes viveram ontem \u00e0 noite momentos memor\u00e1veis e cheios de emo\u00e7\u00e3o na celebra\u00e7\u00e3o do Dia Nacional de Catalunha. Pela primeira vez, nos mais de 100 anos de hist\u00f3ria da imigra\u00e7\u00e3o catal\u00e3 no Brasil, celebrou-se o Onze de Setembro de forma oficial na cidade mais","og_url":"https:\/\/catalonia.com.br\/ca\/castellers-do-brasil-dia-nacional-da-catalunha-em-sao-paulo\/","og_site_name":"Associa\u00e7\u00e3o Cultural Catalonia","article_modified_time":"2023-07-28T05:35:58+00:00","og_image":[{"width":600,"height":400,"url":"https:\/\/catalonia.com.br\/wp-content\/uploads\/2023\/07\/Castellers-do-Brasil-Dia-Nacional-da-Catalunha-em-Sao-Paulo-2008.png","type":"image\/png"}],"twitter_card":"summary_large_image","twitter_misc":{"Temps estimat de lectura":"4 minuts"},"schema":{"@context":"https:\/\/schema.org","@graph":[{"@type":"WebPage","@id":"https:\/\/catalonia.com.br\/castellers-do-brasil-dia-nacional-da-catalunha-em-sao-paulo\/","url":"https:\/\/catalonia.com.br\/castellers-do-brasil-dia-nacional-da-catalunha-em-sao-paulo\/","name":"Castellers do Brasil - Dia Nacional da Catalunha em S\u00e3o Paulo (2008) - Associa\u00e7\u00e3o Cultural Catalonia","isPartOf":{"@id":"https:\/\/catalonia.com.br\/#website"},"primaryImageOfPage":{"@id":"https:\/\/catalonia.com.br\/castellers-do-brasil-dia-nacional-da-catalunha-em-sao-paulo\/#primaryimage"},"image":{"@id":"https:\/\/catalonia.com.br\/castellers-do-brasil-dia-nacional-da-catalunha-em-sao-paulo\/#primaryimage"},"thumbnailUrl":"https:\/\/catalonia.com.br\/wp-content\/uploads\/2023\/07\/Castellers-do-Brasil-Dia-Nacional-da-Catalunha-em-Sao-Paulo-2008.png","datePublished":"2023-07-28T05:23:52+00:00","dateModified":"2023-07-28T05:35:58+00:00","breadcrumb":{"@id":"https:\/\/catalonia.com.br\/castellers-do-brasil-dia-nacional-da-catalunha-em-sao-paulo\/#breadcrumb"},"inLanguage":"ca","potentialAction":[{"@type":"ReadAction","target":["https:\/\/catalonia.com.br\/castellers-do-brasil-dia-nacional-da-catalunha-em-sao-paulo\/"]}]},{"@type":"ImageObject","inLanguage":"ca","@id":"https:\/\/catalonia.com.br\/castellers-do-brasil-dia-nacional-da-catalunha-em-sao-paulo\/#primaryimage","url":"https:\/\/catalonia.com.br\/wp-content\/uploads\/2023\/07\/Castellers-do-Brasil-Dia-Nacional-da-Catalunha-em-Sao-Paulo-2008.png","contentUrl":"https:\/\/catalonia.com.br\/wp-content\/uploads\/2023\/07\/Castellers-do-Brasil-Dia-Nacional-da-Catalunha-em-Sao-Paulo-2008.png","width":600,"height":400,"caption":"Castellers do Brasil - Dia Nacional da Catalunha em S\u00e3o Paulo (2008)"},{"@type":"BreadcrumbList","@id":"https:\/\/catalonia.com.br\/castellers-do-brasil-dia-nacional-da-catalunha-em-sao-paulo\/#breadcrumb","itemListElement":[{"@type":"ListItem","position":1,"name":"In\u00edcio","item":"https:\/\/catalonia.com.br\/"},{"@type":"ListItem","position":2,"name":"Castellers do Brasil &#8211; Dia Nacional da Catalunha em S\u00e3o Paulo (2008)"}]},{"@type":"WebSite","@id":"https:\/\/catalonia.com.br\/#website","url":"https:\/\/catalonia.com.br\/","name":"l'Associaci\u00f3 Cultural Catalonia","description":"","publisher":{"@id":"https:\/\/catalonia.com.br\/#organization"},"potentialAction":[{"@type":"SearchAction","target":{"@type":"EntryPoint","urlTemplate":"https:\/\/catalonia.com.br\/?s={search_term_string}"},"query-input":{"@type":"PropertyValueSpecification","valueRequired":true,"valueName":"search_term_string"}}],"inLanguage":"ca"},{"@type":"Organization","@id":"https:\/\/catalonia.com.br\/#organization","name":"l'Associaci\u00f3 Cultural Catalonia","url":"https:\/\/catalonia.com.br\/","logo":{"@type":"ImageObject","inLanguage":"ca","@id":"https:\/\/catalonia.com.br\/#\/schema\/logo\/image\/","url":"https:\/\/catalonia.com.br\/wp-content\/uploads\/2023\/06\/cropped-cropped-cropped-Catalonia-logotip-renovat-2.png","contentUrl":"https:\/\/catalonia.com.br\/wp-content\/uploads\/2023\/06\/cropped-cropped-cropped-Catalonia-logotip-renovat-2.png","width":313,"height":320,"caption":"Associa\u00e7\u00e3o Cultural Catalonia"},"image":{"@id":"https:\/\/catalonia.com.br\/#\/schema\/logo\/image\/"}}]}},"uagb_featured_image_src":{"full":["https:\/\/catalonia.com.br\/wp-content\/uploads\/2023\/07\/Castellers-do-Brasil-Dia-Nacional-da-Catalunha-em-Sao-Paulo-2008.png",600,400,false],"thumbnail":["https:\/\/catalonia.com.br\/wp-content\/uploads\/2023\/07\/Castellers-do-Brasil-Dia-Nacional-da-Catalunha-em-Sao-Paulo-2008-150x150.png",150,150,true],"medium":["https:\/\/catalonia.com.br\/wp-content\/uploads\/2023\/07\/Castellers-do-Brasil-Dia-Nacional-da-Catalunha-em-Sao-Paulo-2008-300x200.png",300,200,true],"medium_large":["https:\/\/catalonia.com.br\/wp-content\/uploads\/2023\/07\/Castellers-do-Brasil-Dia-Nacional-da-Catalunha-em-Sao-Paulo-2008.png",600,400,false],"large":["https:\/\/catalonia.com.br\/wp-content\/uploads\/2023\/07\/Castellers-do-Brasil-Dia-Nacional-da-Catalunha-em-Sao-Paulo-2008.png",600,400,false],"1536x1536":["https:\/\/catalonia.com.br\/wp-content\/uploads\/2023\/07\/Castellers-do-Brasil-Dia-Nacional-da-Catalunha-em-Sao-Paulo-2008.png",600,400,false],"2048x2048":["https:\/\/catalonia.com.br\/wp-content\/uploads\/2023\/07\/Castellers-do-Brasil-Dia-Nacional-da-Catalunha-em-Sao-Paulo-2008.png",600,400,false],"trp-custom-language-flag":["https:\/\/catalonia.com.br\/wp-content\/uploads\/2023\/07\/Castellers-do-Brasil-Dia-Nacional-da-Catalunha-em-Sao-Paulo-2008-18x12.png",18,12,true],"woocommerce_thumbnail":["https:\/\/catalonia.com.br\/wp-content\/uploads\/2023\/07\/Castellers-do-Brasil-Dia-Nacional-da-Catalunha-em-Sao-Paulo-2008-300x300.png",300,300,true],"woocommerce_single":["https:\/\/catalonia.com.br\/wp-content\/uploads\/2023\/07\/Castellers-do-Brasil-Dia-Nacional-da-Catalunha-em-Sao-Paulo-2008.png",600,400,false],"woocommerce_gallery_thumbnail":["https:\/\/catalonia.com.br\/wp-content\/uploads\/2023\/07\/Castellers-do-Brasil-Dia-Nacional-da-Catalunha-em-Sao-Paulo-2008-100x100.png",100,100,true]},"uagb_author_info":{"display_name":"Associa\u00e7\u00e3o Cultural Catalonia","author_link":"https:\/\/catalonia.com.br\/ca\/author\/admincat\/"},"uagb_comment_info":0,"uagb_excerpt":"S\u00e3o Paulo (Brasil) 12-09-2008 Os catal\u00e3es de S\u00e3o Paulo e seus descendentes viveram ontem \u00e0 noite momentos memor\u00e1veis e cheios de emo\u00e7\u00e3o na celebra\u00e7\u00e3o do Dia Nacional de Catalunha. Pela primeira vez, nos mais de 100 anos de hist\u00f3ria da imigra\u00e7\u00e3o catal\u00e3 no Brasil, celebrou-se o Onze de Setembro de forma oficial na cidade mais","_links":{"self":[{"href":"https:\/\/catalonia.com.br\/ca\/wp-json\/wp\/v2\/pages\/3779","targetHints":{"allow":["GET"]}}],"collection":[{"href":"https:\/\/catalonia.com.br\/ca\/wp-json\/wp\/v2\/pages"}],"about":[{"href":"https:\/\/catalonia.com.br\/ca\/wp-json\/wp\/v2\/types\/page"}],"author":[{"embeddable":true,"href":"https:\/\/catalonia.com.br\/ca\/wp-json\/wp\/v2\/users\/1"}],"replies":[{"embeddable":true,"href":"https:\/\/catalonia.com.br\/ca\/wp-json\/wp\/v2\/comments?post=3779"}],"version-history":[{"count":0,"href":"https:\/\/catalonia.com.br\/ca\/wp-json\/wp\/v2\/pages\/3779\/revisions"}],"wp:featuredmedia":[{"embeddable":true,"href":"https:\/\/catalonia.com.br\/ca\/wp-json\/wp\/v2\/media\/3780"}],"wp:attachment":[{"href":"https:\/\/catalonia.com.br\/ca\/wp-json\/wp\/v2\/media?parent=3779"}],"curies":[{"name":"wp","href":"https:\/\/api.w.org\/{rel}","templated":true}]}}