{"id":3474,"date":"2023-07-23T00:35:03","date_gmt":"2023-07-23T03:35:03","guid":{"rendered":"https:\/\/catalonia.com.br\/?page_id=3474"},"modified":"2024-09-02T13:19:13","modified_gmt":"2024-09-02T16:19:13","slug":"catalonia-parla","status":"publish","type":"page","link":"https:\/\/catalonia.com.br\/ca\/catalonia-parla\/","title":{"rendered":"Catalonia Parla"},"content":{"rendered":"<div data-elementor-type=\"wp-page\" data-elementor-id=\"3474\" class=\"elementor elementor-3474\">\n\t\t\t\t\t\t<section class=\"elementor-section elementor-top-section elementor-element elementor-element-0ie05be elementor-section-height-min-height elementor-section-boxed elementor-section-height-default elementor-section-items-middle wpr-particle-no wpr-jarallax-no wpr-parallax-no wpr-sticky-section-no elementor-invisible\" data-id=\"0ie05be\" data-element_type=\"section\" data-e-type=\"section\" data-settings=\"{&quot;background_background&quot;:&quot;classic&quot;,&quot;animation&quot;:&quot;fadeIn&quot;}\">\n\t\t\t\t\t\t\t<div class=\"elementor-background-overlay\"><\/div>\n\t\t\t\t\t\t\t<div class=\"elementor-container elementor-column-gap-no\">\n\t\t\t\t\t<div class=\"elementor-column elementor-col-100 elementor-top-column elementor-element elementor-element-aaad5b0\" data-id=\"aaad5b0\" data-element_type=\"column\" data-e-type=\"column\">\n\t\t\t<div class=\"elementor-widget-wrap\">\n\t\t\t\t\t\t\t<\/div>\n\t\t<\/div>\n\t\t\t\t\t<\/div>\n\t\t<\/section>\n\t\t\t\t<section class=\"elementor-section elementor-top-section elementor-element elementor-element-b0b3f95 elementor-section-boxed elementor-section-height-default elementor-section-height-default wpr-particle-no wpr-jarallax-no wpr-parallax-no wpr-sticky-section-no\" data-id=\"b0b3f95\" data-element_type=\"section\" data-e-type=\"section\" data-settings=\"{&quot;background_background&quot;:&quot;classic&quot;}\">\n\t\t\t\t\t\t<div class=\"elementor-container elementor-column-gap-default\">\n\t\t\t\t\t<div class=\"elementor-column elementor-col-100 elementor-top-column elementor-element elementor-element-e9eaf4e\" data-id=\"e9eaf4e\" data-element_type=\"column\" data-e-type=\"column\">\n\t\t\t<div class=\"elementor-widget-wrap elementor-element-populated\">\n\t\t\t\t\t\t<div class=\"elementor-element elementor-element-90ba35c elementor-widget elementor-widget-spacer\" data-id=\"90ba35c\" data-element_type=\"widget\" data-e-type=\"widget\" data-widget_type=\"spacer.default\">\n\t\t\t\t<div class=\"elementor-widget-container\">\n\t\t\t\t\t\t\t<div class=\"elementor-spacer\">\n\t\t\t<div class=\"elementor-spacer-inner\"><\/div>\n\t\t<\/div>\n\t\t\t\t\t\t<\/div>\n\t\t\t\t<\/div>\n\t\t\t\t<div class=\"elementor-element elementor-element-6c66b08 elementor-widget elementor-widget-heading\" data-id=\"6c66b08\" data-element_type=\"widget\" data-e-type=\"widget\" data-widget_type=\"heading.default\">\n\t\t\t\t<div class=\"elementor-widget-container\">\n\t\t\t\t\t<h1 class=\"elementor-heading-title elementor-size-default\">Catalonia Parla<\/h1>\t\t\t\t<\/div>\n\t\t\t\t<\/div>\n\t\t\t\t\t<\/div>\n\t\t<\/div>\n\t\t\t\t\t<\/div>\n\t\t<\/section>\n\t\t\t\t<section class=\"elementor-section elementor-top-section elementor-element elementor-element-cf4d000 elementor-section-boxed elementor-section-height-default elementor-section-height-default wpr-particle-no wpr-jarallax-no wpr-parallax-no wpr-sticky-section-no\" data-id=\"cf4d000\" data-element_type=\"section\" data-e-type=\"section\" data-settings=\"{&quot;background_background&quot;:&quot;classic&quot;}\">\n\t\t\t\t\t\t<div class=\"elementor-container elementor-column-gap-default\">\n\t\t\t\t\t<div class=\"elementor-column elementor-col-100 elementor-top-column elementor-element elementor-element-f75b486\" data-id=\"f75b486\" data-element_type=\"column\" data-e-type=\"column\">\n\t\t\t<div class=\"elementor-widget-wrap elementor-element-populated\">\n\t\t\t\t\t\t<div class=\"elementor-element elementor-element-8c9ecd8 elementor-widget elementor-widget-heading\" data-id=\"8c9ecd8\" data-element_type=\"widget\" data-e-type=\"widget\" data-widget_type=\"heading.default\">\n\t\t\t\t<div class=\"elementor-widget-container\">\n\t\t\t\t\t<h3 class=\"elementor-heading-title elementor-size-default\">Programes de conversa i cursos<\/h3>\t\t\t\t<\/div>\n\t\t\t\t<\/div>\n\t\t\t\t\t<\/div>\n\t\t<\/div>\n\t\t\t\t\t<\/div>\n\t\t<\/section>\n\t\t\t\t<section class=\"elementor-section elementor-top-section elementor-element elementor-element-351e56a elementor-section-boxed elementor-section-height-default elementor-section-height-default wpr-particle-no wpr-jarallax-no wpr-parallax-no wpr-sticky-section-no\" data-id=\"351e56a\" data-element_type=\"section\" data-e-type=\"section\" data-settings=\"{&quot;background_background&quot;:&quot;gradient&quot;}\">\n\t\t\t\t\t\t<div class=\"elementor-container elementor-column-gap-extended\">\n\t\t\t\t\t<div class=\"elementor-column elementor-col-100 elementor-top-column elementor-element elementor-element-9b5224b\" data-id=\"9b5224b\" data-element_type=\"column\" data-e-type=\"column\">\n\t\t\t<div class=\"elementor-widget-wrap elementor-element-populated\">\n\t\t\t\t\t\t<div class=\"elementor-element elementor-element-ead46e9 elementor-drop-cap-yes elementor-drop-cap-view-stacked elementor-widget elementor-widget-text-editor\" data-id=\"ead46e9\" data-element_type=\"widget\" data-e-type=\"widget\" data-settings=\"{&quot;drop_cap&quot;:&quot;yes&quot;}\" data-widget_type=\"text-editor.default\">\n\t\t\t\t<div class=\"elementor-widget-container\">\n\t\t\t\t\t\t\t\t\t<p style=\"text-align: justify;\"><img fetchpriority=\"high\" decoding=\"async\" class=\"size-medium wp-image-4680 alignleft\" src=\"https:\/\/catalonia.com.br\/wp-content\/uploads\/2024\/09\/WhatsApp-Image-2024-09-02-at-12.09.14-PM-300x300.jpeg\" alt=\"\" width=\"300\" height=\"300\" srcset=\"https:\/\/catalonia.com.br\/wp-content\/uploads\/2024\/09\/WhatsApp-Image-2024-09-02-at-12.09.14-PM-300x300.jpeg 300w, https:\/\/catalonia.com.br\/wp-content\/uploads\/2024\/09\/WhatsApp-Image-2024-09-02-at-12.09.14-PM-150x150.jpeg 150w, https:\/\/catalonia.com.br\/wp-content\/uploads\/2024\/09\/WhatsApp-Image-2024-09-02-at-12.09.14-PM-12x12.jpeg 12w, https:\/\/catalonia.com.br\/wp-content\/uploads\/2024\/09\/WhatsApp-Image-2024-09-02-at-12.09.14-PM-100x100.jpeg 100w, https:\/\/catalonia.com.br\/wp-content\/uploads\/2024\/09\/WhatsApp-Image-2024-09-02-at-12.09.14-PM.jpeg 500w\" sizes=\"(max-width: 300px) 100vw, 300px\" \/>El <strong>Grup Catalonia Parla<\/strong> \u00e9s un projecte creat el 24 d'agost de 2022, inspirat en els programes de conversa \"<b>Xerrem Junts<\/b>\" de la CAL (Coordinadora d\u2019Associacions per la Llengua Catalana) i en el programa \"<b>Parella Ling\u00fc\u00edstica<\/b>\" del 'Voluntariat per la Llengua' del CPNL (Consorci per la Normalitzaci\u00f3 Ling\u00fc\u00edstica).<\/p><p style=\"text-align: justify;\">Creat per <a href=\"https:\/\/www.instagram.com\/sergiblasi.sb\/\" target=\"_blank\" rel=\"noopener\"><strong><span style=\"color: #c20606;\">Sergi Blasi Selma<\/span><\/strong><\/a> (Guia ling\u00fc\u00edstic i Director del Grup Catalonia Parla) i impulsat per <a href=\"https:\/\/www.instagram.com\/rodericalves\/\" target=\"_blank\" rel=\"noopener\"><strong><span style=\"color: #c20606;\">Rodrigo Penna Alves<\/span><\/strong><\/a> (creador del portal de not\u00edcies\u00a0Aqui Catalunha i President de <a href=\"https:\/\/www.instagram.com\/catalonia.br\/\" target=\"_blank\" rel=\"noopener\"><strong><span style=\"color: #bd2424;\">l'Associaci\u00f3 Cultural Catalonia<\/span><\/strong><\/a>), el Grup Catalonia Parla forma part de <b>l'oferta d'ensenyament i pr\u00e0ctica ling\u00fc\u00edstica<\/b> de l'entitat, oferint <b>programes de conversa en catal\u00e0 i cursos monogr\u00e0fics<\/b> de llengua i cultura catalanes.<\/p><p style=\"text-align: justify;\">Aquest projecte est\u00e0 dirigit a estudiants i persones interessades que desitgen millorar el catal\u00e0 parlat i ampliar els seus coneixements de la cultura catalana.<\/p>\t\t\t\t\t\t\t\t<\/div>\n\t\t\t\t<\/div>\n\t\t\t\t\t<\/div>\n\t\t<\/div>\n\t\t\t\t\t<\/div>\n\t\t<\/section>\n\t\t\t\t<\/div>","protected":false},"excerpt":{"rendered":"<p>Catalonia Parla Programas de conversas e cursos O Grupo Catalonia Parla \u00e9 um projeto criado em 24 de agosto de 2022, inspirado nos programas de conversa \u201cXerrem Junts\u201d da CAL (Coordinadora d\u2019Associacions per la Llengua Catalana) e no programa \u201cParella Ling\u00fc\u00edstica\u201d do \u201cVoluntariat per la Llengua\u201d do CPNL (Consorci per la Normalitzaci\u00f3 Ling\u00fc\u00edstica). Criado por<\/p>","protected":false},"author":1,"featured_media":0,"parent":0,"menu_order":0,"comment_status":"closed","ping_status":"closed","template":"","meta":{"_uag_custom_page_level_css":"","order-bump-settings":[],"_wpfnl_thankyou_order_overview":"on","_wpfnl_thankyou_order_details":"on","_wpfnl_thankyou_billing_details":"on","_wpfnl_thankyou_shipping_details":"on","site-sidebar-layout":"no-sidebar","site-content-layout":"page-builder","ast-site-content-layout":"","site-content-style":"default","site-sidebar-style":"default","ast-global-header-display":"","ast-banner-title-visibility":"","ast-main-header-display":"","ast-hfb-above-header-display":"","ast-hfb-below-header-display":"","ast-hfb-mobile-header-display":"","site-post-title":"disabled","ast-breadcrumbs-content":"","ast-featured-img":"disabled","footer-sml-layout":"","theme-transparent-header-meta":"default","adv-header-id-meta":"","stick-header-meta":"","header-above-stick-meta":"","header-main-stick-meta":"","header-below-stick-meta":"","astra-migrate-meta-layouts":"default","ast-page-background-enabled":"default","ast-page-background-meta":{"desktop":{"background-color":"","background-image":"","background-repeat":"repeat","background-position":"center center","background-size":"auto","background-attachment":"scroll","background-type":"","background-media":"","overlay-type":"","overlay-color":"","overlay-opacity":"","overlay-gradient":""},"tablet":{"background-color":"","background-image":"","background-repeat":"repeat","background-position":"center center","background-size":"auto","background-attachment":"scroll","background-type":"","background-media":"","overlay-type":"","overlay-color":"","overlay-opacity":"","overlay-gradient":""},"mobile":{"background-color":"","background-image":"","background-repeat":"repeat","background-position":"center center","background-size":"auto","background-attachment":"scroll","background-type":"","background-media":"","overlay-type":"","overlay-color":"","overlay-opacity":"","overlay-gradient":""}},"ast-content-background-meta":{"desktop":{"background-color":"var(--ast-global-color-5)","background-image":"","background-repeat":"repeat","background-position":"center center","background-size":"auto","background-attachment":"scroll","background-type":"","background-media":"","overlay-type":"","overlay-color":"","overlay-opacity":"","overlay-gradient":""},"tablet":{"background-color":"var(--ast-global-color-5)","background-image":"","background-repeat":"repeat","background-position":"center center","background-size":"auto","background-attachment":"scroll","background-type":"","background-media":"","overlay-type":"","overlay-color":"","overlay-opacity":"","overlay-gradient":""},"mobile":{"background-color":"var(--ast-global-color-5)","background-image":"","background-repeat":"repeat","background-position":"center center","background-size":"auto","background-attachment":"scroll","background-type":"","background-media":"","overlay-type":"","overlay-color":"","overlay-opacity":"","overlay-gradient":""}},"footnotes":""},"class_list":["post-3474","page","type-page","status-publish","hentry"],"yoast_head":"<!-- This site is optimized with the Yoast SEO plugin v27.2 - https:\/\/yoast.com\/product\/yoast-seo-wordpress\/ -->\n<title>Catalonia Parla - Associa\u00e7\u00e3o Cultural Catalonia<\/title>\n<meta name=\"robots\" content=\"index, follow, max-snippet:-1, max-image-preview:large, max-video-preview:-1\" \/>\n<link rel=\"canonical\" href=\"https:\/\/catalonia.com.br\/ca\/catalonia-parla\/\" \/>\n<meta property=\"og:locale\" content=\"ca_ES\" \/>\n<meta property=\"og:type\" content=\"article\" \/>\n<meta property=\"og:title\" content=\"Catalonia Parla - Associa\u00e7\u00e3o Cultural Catalonia\" \/>\n<meta property=\"og:description\" content=\"Catalonia Parla Programas de conversas e cursos O Grupo Catalonia Parla \u00e9 um projeto criado em 24 de agosto de 2022, inspirado nos programas de conversa \u201cXerrem Junts\u201d da CAL (Coordinadora d\u2019Associacions per la Llengua Catalana) e no programa \u201cParella Ling\u00fc\u00edstica\u201d do \u201cVoluntariat per la Llengua\u201d do CPNL (Consorci per la Normalitzaci\u00f3 Ling\u00fc\u00edstica). Criado por\" \/>\n<meta property=\"og:url\" content=\"https:\/\/catalonia.com.br\/ca\/catalonia-parla\/\" \/>\n<meta property=\"og:site_name\" content=\"Associa\u00e7\u00e3o Cultural Catalonia\" \/>\n<meta property=\"article:modified_time\" content=\"2024-09-02T16:19:13+00:00\" \/>\n<meta property=\"og:image\" content=\"https:\/\/catalonia.com.br\/wp-content\/uploads\/2024\/09\/WhatsApp-Image-2024-09-02-at-12.09.14-PM-300x300.jpeg\" \/>\n<meta name=\"twitter:card\" content=\"summary_large_image\" \/>\n<meta name=\"twitter:label1\" content=\"Temps estimat de lectura\" \/>\n\t<meta name=\"twitter:data1\" content=\"1 minut\" \/>\n<script type=\"application\/ld+json\" class=\"yoast-schema-graph\">{\"@context\":\"https:\/\/schema.org\",\"@graph\":[{\"@type\":\"WebPage\",\"@id\":\"https:\/\/catalonia.com.br\/catalonia-parla\/\",\"url\":\"https:\/\/catalonia.com.br\/catalonia-parla\/\",\"name\":\"Catalonia Parla - Associa\u00e7\u00e3o Cultural Catalonia\",\"isPartOf\":{\"@id\":\"https:\/\/catalonia.com.br\/#website\"},\"primaryImageOfPage\":{\"@id\":\"https:\/\/catalonia.com.br\/catalonia-parla\/#primaryimage\"},\"image\":{\"@id\":\"https:\/\/catalonia.com.br\/catalonia-parla\/#primaryimage\"},\"thumbnailUrl\":\"https:\/\/catalonia.com.br\/wp-content\/uploads\/2024\/09\/WhatsApp-Image-2024-09-02-at-12.09.14-PM-300x300.jpeg\",\"datePublished\":\"2023-07-23T03:35:03+00:00\",\"dateModified\":\"2024-09-02T16:19:13+00:00\",\"breadcrumb\":{\"@id\":\"https:\/\/catalonia.com.br\/catalonia-parla\/#breadcrumb\"},\"inLanguage\":\"ca\",\"potentialAction\":[{\"@type\":\"ReadAction\",\"target\":[\"https:\/\/catalonia.com.br\/catalonia-parla\/\"]}]},{\"@type\":\"ImageObject\",\"inLanguage\":\"ca\",\"@id\":\"https:\/\/catalonia.com.br\/catalonia-parla\/#primaryimage\",\"url\":\"https:\/\/catalonia.com.br\/wp-content\/uploads\/2024\/09\/WhatsApp-Image-2024-09-02-at-12.09.14-PM-300x300.jpeg\",\"contentUrl\":\"https:\/\/catalonia.com.br\/wp-content\/uploads\/2024\/09\/WhatsApp-Image-2024-09-02-at-12.09.14-PM-300x300.jpeg\"},{\"@type\":\"BreadcrumbList\",\"@id\":\"https:\/\/catalonia.com.br\/catalonia-parla\/#breadcrumb\",\"itemListElement\":[{\"@type\":\"ListItem\",\"position\":1,\"name\":\"In\u00edcio\",\"item\":\"https:\/\/catalonia.com.br\/\"},{\"@type\":\"ListItem\",\"position\":2,\"name\":\"Catalonia Parla\"}]},{\"@type\":\"WebSite\",\"@id\":\"https:\/\/catalonia.com.br\/#website\",\"url\":\"https:\/\/catalonia.com.br\/\",\"name\":\"Associa\u00e7\u00e3o Cultural Catalonia\",\"description\":\"\",\"publisher\":{\"@id\":\"https:\/\/catalonia.com.br\/#organization\"},\"potentialAction\":[{\"@type\":\"SearchAction\",\"target\":{\"@type\":\"EntryPoint\",\"urlTemplate\":\"https:\/\/catalonia.com.br\/?s={search_term_string}\"},\"query-input\":{\"@type\":\"PropertyValueSpecification\",\"valueRequired\":true,\"valueName\":\"search_term_string\"}}],\"inLanguage\":\"ca\"},{\"@type\":\"Organization\",\"@id\":\"https:\/\/catalonia.com.br\/#organization\",\"name\":\"Associa\u00e7\u00e3o Cultural Catalonia\",\"url\":\"https:\/\/catalonia.com.br\/\",\"logo\":{\"@type\":\"ImageObject\",\"inLanguage\":\"ca\",\"@id\":\"https:\/\/catalonia.com.br\/#\/schema\/logo\/image\/\",\"url\":\"https:\/\/catalonia.com.br\/wp-content\/uploads\/2023\/06\/cropped-cropped-cropped-Catalonia-logotip-renovat-2.png\",\"contentUrl\":\"https:\/\/catalonia.com.br\/wp-content\/uploads\/2023\/06\/cropped-cropped-cropped-Catalonia-logotip-renovat-2.png\",\"width\":313,\"height\":320,\"caption\":\"Associa\u00e7\u00e3o Cultural Catalonia\"},\"image\":{\"@id\":\"https:\/\/catalonia.com.br\/#\/schema\/logo\/image\/\"}}]}<\/script>\n<!-- \/ Yoast SEO plugin. -->","yoast_head_json":{"title":"Catalonia Parla - Associa\u00e7\u00e3o Cultural Catalonia","robots":{"index":"index","follow":"follow","max-snippet":"max-snippet:-1","max-image-preview":"max-image-preview:large","max-video-preview":"max-video-preview:-1"},"canonical":"https:\/\/catalonia.com.br\/ca\/catalonia-parla\/","og_locale":"ca_ES","og_type":"article","og_title":"Catalonia Parla - Associa\u00e7\u00e3o Cultural Catalonia","og_description":"Catalonia Parla Programas de conversas e cursos O Grupo Catalonia Parla \u00e9 um projeto criado em 24 de agosto de 2022, inspirado nos programas de conversa \u201cXerrem Junts\u201d da CAL (Coordinadora d\u2019Associacions per la Llengua Catalana) e no programa \u201cParella Ling\u00fc\u00edstica\u201d do \u201cVoluntariat per la Llengua\u201d do CPNL (Consorci per la Normalitzaci\u00f3 Ling\u00fc\u00edstica). Criado por","og_url":"https:\/\/catalonia.com.br\/ca\/catalonia-parla\/","og_site_name":"Associa\u00e7\u00e3o Cultural Catalonia","article_modified_time":"2024-09-02T16:19:13+00:00","og_image":[{"url":"https:\/\/catalonia.com.br\/wp-content\/uploads\/2024\/09\/WhatsApp-Image-2024-09-02-at-12.09.14-PM-300x300.jpeg","type":"","width":"","height":""}],"twitter_card":"summary_large_image","twitter_misc":{"Temps estimat de lectura":"1 minut"},"schema":{"@context":"https:\/\/schema.org","@graph":[{"@type":"WebPage","@id":"https:\/\/catalonia.com.br\/catalonia-parla\/","url":"https:\/\/catalonia.com.br\/catalonia-parla\/","name":"Catalonia Parla - Associa\u00e7\u00e3o Cultural Catalonia","isPartOf":{"@id":"https:\/\/catalonia.com.br\/#website"},"primaryImageOfPage":{"@id":"https:\/\/catalonia.com.br\/catalonia-parla\/#primaryimage"},"image":{"@id":"https:\/\/catalonia.com.br\/catalonia-parla\/#primaryimage"},"thumbnailUrl":"https:\/\/catalonia.com.br\/wp-content\/uploads\/2024\/09\/WhatsApp-Image-2024-09-02-at-12.09.14-PM-300x300.jpeg","datePublished":"2023-07-23T03:35:03+00:00","dateModified":"2024-09-02T16:19:13+00:00","breadcrumb":{"@id":"https:\/\/catalonia.com.br\/catalonia-parla\/#breadcrumb"},"inLanguage":"ca","potentialAction":[{"@type":"ReadAction","target":["https:\/\/catalonia.com.br\/catalonia-parla\/"]}]},{"@type":"ImageObject","inLanguage":"ca","@id":"https:\/\/catalonia.com.br\/catalonia-parla\/#primaryimage","url":"https:\/\/catalonia.com.br\/wp-content\/uploads\/2024\/09\/WhatsApp-Image-2024-09-02-at-12.09.14-PM-300x300.jpeg","contentUrl":"https:\/\/catalonia.com.br\/wp-content\/uploads\/2024\/09\/WhatsApp-Image-2024-09-02-at-12.09.14-PM-300x300.jpeg"},{"@type":"BreadcrumbList","@id":"https:\/\/catalonia.com.br\/catalonia-parla\/#breadcrumb","itemListElement":[{"@type":"ListItem","position":1,"name":"In\u00edcio","item":"https:\/\/catalonia.com.br\/"},{"@type":"ListItem","position":2,"name":"Catalonia Parla"}]},{"@type":"WebSite","@id":"https:\/\/catalonia.com.br\/#website","url":"https:\/\/catalonia.com.br\/","name":"l'Associaci\u00f3 Cultural Catalonia","description":"","publisher":{"@id":"https:\/\/catalonia.com.br\/#organization"},"potentialAction":[{"@type":"SearchAction","target":{"@type":"EntryPoint","urlTemplate":"https:\/\/catalonia.com.br\/?s={search_term_string}"},"query-input":{"@type":"PropertyValueSpecification","valueRequired":true,"valueName":"search_term_string"}}],"inLanguage":"ca"},{"@type":"Organization","@id":"https:\/\/catalonia.com.br\/#organization","name":"l'Associaci\u00f3 Cultural Catalonia","url":"https:\/\/catalonia.com.br\/","logo":{"@type":"ImageObject","inLanguage":"ca","@id":"https:\/\/catalonia.com.br\/#\/schema\/logo\/image\/","url":"https:\/\/catalonia.com.br\/wp-content\/uploads\/2023\/06\/cropped-cropped-cropped-Catalonia-logotip-renovat-2.png","contentUrl":"https:\/\/catalonia.com.br\/wp-content\/uploads\/2023\/06\/cropped-cropped-cropped-Catalonia-logotip-renovat-2.png","width":313,"height":320,"caption":"Associa\u00e7\u00e3o Cultural Catalonia"},"image":{"@id":"https:\/\/catalonia.com.br\/#\/schema\/logo\/image\/"}}]}},"uagb_featured_image_src":{"full":false,"thumbnail":false,"medium":false,"medium_large":false,"large":false,"1536x1536":false,"2048x2048":false,"trp-custom-language-flag":false,"woocommerce_thumbnail":false,"woocommerce_single":false,"woocommerce_gallery_thumbnail":false},"uagb_author_info":{"display_name":"Associa\u00e7\u00e3o Cultural Catalonia","author_link":"https:\/\/catalonia.com.br\/ca\/author\/admincat\/"},"uagb_comment_info":0,"uagb_excerpt":"Catalonia Parla Programas de conversas e cursos O Grupo Catalonia Parla \u00e9 um projeto criado em 24 de agosto de 2022, inspirado nos programas de conversa \u201cXerrem Junts\u201d da CAL (Coordinadora d\u2019Associacions per la Llengua Catalana) e no programa \u201cParella Ling\u00fc\u00edstica\u201d do \u201cVoluntariat per la Llengua\u201d do CPNL (Consorci per la Normalitzaci\u00f3 Ling\u00fc\u00edstica). Criado por","_links":{"self":[{"href":"https:\/\/catalonia.com.br\/ca\/wp-json\/wp\/v2\/pages\/3474","targetHints":{"allow":["GET"]}}],"collection":[{"href":"https:\/\/catalonia.com.br\/ca\/wp-json\/wp\/v2\/pages"}],"about":[{"href":"https:\/\/catalonia.com.br\/ca\/wp-json\/wp\/v2\/types\/page"}],"author":[{"embeddable":true,"href":"https:\/\/catalonia.com.br\/ca\/wp-json\/wp\/v2\/users\/1"}],"replies":[{"embeddable":true,"href":"https:\/\/catalonia.com.br\/ca\/wp-json\/wp\/v2\/comments?post=3474"}],"version-history":[{"count":0,"href":"https:\/\/catalonia.com.br\/ca\/wp-json\/wp\/v2\/pages\/3474\/revisions"}],"wp:attachment":[{"href":"https:\/\/catalonia.com.br\/ca\/wp-json\/wp\/v2\/media?parent=3474"}],"curies":[{"name":"wp","href":"https:\/\/api.w.org\/{rel}","templated":true}]}}