{"id":3341,"date":"2023-07-22T23:42:26","date_gmt":"2023-07-23T02:42:26","guid":{"rendered":"https:\/\/catalonia.com.br\/?page_id=3341"},"modified":"2023-07-22T23:42:26","modified_gmt":"2023-07-23T02:42:26","slug":"projeto-accordes-catalonia-2011","status":"publish","type":"page","link":"https:\/\/catalonia.com.br\/ca\/projeto-accordes-catalonia-2011\/","title":{"rendered":"Projeto Accordes-Catalonia 2011"},"content":{"rendered":"<p style=\"text-align: justify;\">A Associa\u00e7\u00e3o Cultural Catalonia tem sempre se preocupado em desenvolver novos projetos que permitam divulgar a cultura catal\u00e3 em nosso meio. Neste ano estamos inaugurando um\u00a0 trabalho dentro da \u00e1rea musical. Trata-se de uma parceria com um projeto j\u00e1 em andamento, cujo objetivo \u00e9 desenvolver uma atividade sociocultural.<\/p>\n<p style=\"text-align: justify;\">O Projeto Accordes existe desde 2008, e foi apadrinhado pela Rede de Casais da Igreja Presbiteriana do Jardim das Oliveiras. Foi criado como um programa de inclus\u00e3o social para crian\u00e7as, jovens e adolescentes das escolas p\u00fabicas da regi\u00e3o dos Jardins (bairro central de S\u00e3o Paulo com caracter\u00edsticas mistas de com\u00e9rcio, moradias e escrit\u00f3rios), atrav\u00e9s da pr\u00e1tica e ensino da m\u00fasica cl\u00e1ssica. Prioritariamente, s\u00e3o filhos(as) de funcion\u00e1rios e\/ou empregadas dom\u00e9sticas que prestam servi\u00e7os no entorno, mas moram nas regi\u00f5es perif\u00e9ricas da cidade.<\/p>\n<p style=\"text-align: justify;\">Os alunos cadastrados recebem aulas 3 vezes por semana de violino, viola, violoncelo e canto, conforme a aptid\u00e3o de cada um. H\u00e1 3 professoras em car\u00e1ter volunt\u00e1rio, uma para cada pr\u00e1tica musical. Os alunos recebem, al\u00e9m das instru\u00e7\u00f5es musicais, lanche e o calor humano das equipes de apoio. Desse grupo, entre os alunos que mais se destacaram, foi uma Camerata de cordas que j\u00e1 se apresenta regularmente, tanto em escolas p\u00fablicas da periferia, como em eventos natalinos em Shoppings Centers, hospitais e casamentos.<\/p>\n<p style=\"text-align: justify;\">Para o caso do Catalonia foi pensado um projeto espec\u00edfico, onde a Camerata seria um meio musical para divulgar os compositores cl\u00e1ssicos catal\u00e3es que possuem obras para instrumentos de cordas ou que possam ser adaptadas para estes instrumentos, como \u00e9 o caso da Sardana. Os ensaios desta modalidade j\u00e1 tiveram in\u00edcio no m\u00eas de fevereiro deste ano e est\u00e3o sendo selecionados repert\u00f3rios para serem apresentados em datas comemorativas do nosso calend\u00e1rio, como o 23 de abril (dia do Livro e da Rosa), 11 de setembro (Dia Nacional da Catalunha) e o Natal.<\/p>","protected":false},"excerpt":{"rendered":"<p>A Associa\u00e7\u00e3o Cultural Catalonia tem sempre se preocupado em desenvolver novos projetos que permitam divulgar a cultura catal\u00e3 em nosso meio. Neste ano estamos inaugurando um\u00a0 trabalho dentro da \u00e1rea musical. Trata-se de uma parceria com um projeto j\u00e1 em andamento, cujo objetivo \u00e9 desenvolver uma atividade sociocultural. O Projeto Accordes existe desde 2008, e<\/p>","protected":false},"author":1,"featured_media":3275,"parent":0,"menu_order":0,"comment_status":"closed","ping_status":"closed","template":"","meta":{"_uag_custom_page_level_css":"","order-bump-settings":[],"_wpfnl_thankyou_order_overview":"on","_wpfnl_thankyou_order_details":"on","_wpfnl_thankyou_billing_details":"on","_wpfnl_thankyou_shipping_details":"on","site-sidebar-layout":"default","site-content-layout":"default","ast-site-content-layout":"","site-content-style":"default","site-sidebar-style":"default","ast-global-header-display":"","ast-banner-title-visibility":"","ast-main-header-display":"","ast-hfb-above-header-display":"","ast-hfb-below-header-display":"","ast-hfb-mobile-header-display":"","site-post-title":"","ast-breadcrumbs-content":"","ast-featured-img":"","footer-sml-layout":"","theme-transparent-header-meta":"default","adv-header-id-meta":"","stick-header-meta":"","header-above-stick-meta":"","header-main-stick-meta":"","header-below-stick-meta":"","astra-migrate-meta-layouts":"default","ast-page-background-enabled":"default","ast-page-background-meta":{"desktop":{"background-color":"","background-image":"","background-repeat":"repeat","background-position":"center center","background-size":"auto","background-attachment":"scroll","background-type":"","background-media":"","overlay-type":"","overlay-color":"","overlay-opacity":"","overlay-gradient":""},"tablet":{"background-color":"","background-image":"","background-repeat":"repeat","background-position":"center center","background-size":"auto","background-attachment":"scroll","background-type":"","background-media":"","overlay-type":"","overlay-color":"","overlay-opacity":"","overlay-gradient":""},"mobile":{"background-color":"","background-image":"","background-repeat":"repeat","background-position":"center center","background-size":"auto","background-attachment":"scroll","background-type":"","background-media":"","overlay-type":"","overlay-color":"","overlay-opacity":"","overlay-gradient":""}},"ast-content-background-meta":{"desktop":{"background-color":"var(--ast-global-color-5)","background-image":"","background-repeat":"repeat","background-position":"center center","background-size":"auto","background-attachment":"scroll","background-type":"","background-media":"","overlay-type":"","overlay-color":"","overlay-opacity":"","overlay-gradient":""},"tablet":{"background-color":"var(--ast-global-color-5)","background-image":"","background-repeat":"repeat","background-position":"center center","background-size":"auto","background-attachment":"scroll","background-type":"","background-media":"","overlay-type":"","overlay-color":"","overlay-opacity":"","overlay-gradient":""},"mobile":{"background-color":"var(--ast-global-color-5)","background-image":"","background-repeat":"repeat","background-position":"center center","background-size":"auto","background-attachment":"scroll","background-type":"","background-media":"","overlay-type":"","overlay-color":"","overlay-opacity":"","overlay-gradient":""}},"footnotes":""},"class_list":["post-3341","page","type-page","status-publish","has-post-thumbnail","hentry"],"yoast_head":"<!-- This site is optimized with the Yoast SEO plugin v27.2 - https:\/\/yoast.com\/product\/yoast-seo-wordpress\/ -->\n<title>Projeto Accordes-Catalonia 2011 - Associa\u00e7\u00e3o Cultural Catalonia<\/title>\n<meta name=\"robots\" content=\"index, follow, max-snippet:-1, max-image-preview:large, max-video-preview:-1\" \/>\n<link rel=\"canonical\" href=\"https:\/\/catalonia.com.br\/ca\/projeto-accordes-catalonia-2011\/\" \/>\n<meta property=\"og:locale\" content=\"ca_ES\" \/>\n<meta property=\"og:type\" content=\"article\" \/>\n<meta property=\"og:title\" content=\"Projeto Accordes-Catalonia 2011 - Associa\u00e7\u00e3o Cultural Catalonia\" \/>\n<meta property=\"og:description\" content=\"A Associa\u00e7\u00e3o Cultural Catalonia tem sempre se preocupado em desenvolver novos projetos que permitam divulgar a cultura catal\u00e3 em nosso meio. Neste ano estamos inaugurando um\u00a0 trabalho dentro da \u00e1rea musical. Trata-se de uma parceria com um projeto j\u00e1 em andamento, cujo objetivo \u00e9 desenvolver uma atividade sociocultural. O Projeto Accordes existe desde 2008, e\" \/>\n<meta property=\"og:url\" content=\"https:\/\/catalonia.com.br\/ca\/projeto-accordes-catalonia-2011\/\" \/>\n<meta property=\"og:site_name\" content=\"Associa\u00e7\u00e3o Cultural Catalonia\" \/>\n<meta property=\"og:image\" content=\"https:\/\/catalonia.com.br\/wp-content\/uploads\/2023\/07\/Projeto-Accordes.png\" \/>\n\t<meta property=\"og:image:width\" content=\"1162\" \/>\n\t<meta property=\"og:image:height\" content=\"451\" \/>\n\t<meta property=\"og:image:type\" content=\"image\/png\" \/>\n<meta name=\"twitter:card\" content=\"summary_large_image\" \/>\n<meta name=\"twitter:label1\" content=\"Temps estimat de lectura\" \/>\n\t<meta name=\"twitter:data1\" content=\"2 minuts\" \/>\n<script type=\"application\/ld+json\" class=\"yoast-schema-graph\">{\"@context\":\"https:\/\/schema.org\",\"@graph\":[{\"@type\":\"WebPage\",\"@id\":\"https:\/\/catalonia.com.br\/projeto-accordes-catalonia-2011\/\",\"url\":\"https:\/\/catalonia.com.br\/projeto-accordes-catalonia-2011\/\",\"name\":\"Projeto Accordes-Catalonia 2011 - Associa\u00e7\u00e3o Cultural Catalonia\",\"isPartOf\":{\"@id\":\"https:\/\/catalonia.com.br\/#website\"},\"primaryImageOfPage\":{\"@id\":\"https:\/\/catalonia.com.br\/projeto-accordes-catalonia-2011\/#primaryimage\"},\"image\":{\"@id\":\"https:\/\/catalonia.com.br\/projeto-accordes-catalonia-2011\/#primaryimage\"},\"thumbnailUrl\":\"https:\/\/catalonia.com.br\/wp-content\/uploads\/2023\/07\/Projeto-Accordes.png\",\"datePublished\":\"2023-07-23T02:42:26+00:00\",\"breadcrumb\":{\"@id\":\"https:\/\/catalonia.com.br\/projeto-accordes-catalonia-2011\/#breadcrumb\"},\"inLanguage\":\"ca\",\"potentialAction\":[{\"@type\":\"ReadAction\",\"target\":[\"https:\/\/catalonia.com.br\/projeto-accordes-catalonia-2011\/\"]}]},{\"@type\":\"ImageObject\",\"inLanguage\":\"ca\",\"@id\":\"https:\/\/catalonia.com.br\/projeto-accordes-catalonia-2011\/#primaryimage\",\"url\":\"https:\/\/catalonia.com.br\/wp-content\/uploads\/2023\/07\/Projeto-Accordes.png\",\"contentUrl\":\"https:\/\/catalonia.com.br\/wp-content\/uploads\/2023\/07\/Projeto-Accordes.png\",\"width\":1162,\"height\":451},{\"@type\":\"BreadcrumbList\",\"@id\":\"https:\/\/catalonia.com.br\/projeto-accordes-catalonia-2011\/#breadcrumb\",\"itemListElement\":[{\"@type\":\"ListItem\",\"position\":1,\"name\":\"In\u00edcio\",\"item\":\"https:\/\/catalonia.com.br\/\"},{\"@type\":\"ListItem\",\"position\":2,\"name\":\"Projeto Accordes-Catalonia 2011\"}]},{\"@type\":\"WebSite\",\"@id\":\"https:\/\/catalonia.com.br\/#website\",\"url\":\"https:\/\/catalonia.com.br\/\",\"name\":\"Associa\u00e7\u00e3o Cultural Catalonia\",\"description\":\"\",\"publisher\":{\"@id\":\"https:\/\/catalonia.com.br\/#organization\"},\"potentialAction\":[{\"@type\":\"SearchAction\",\"target\":{\"@type\":\"EntryPoint\",\"urlTemplate\":\"https:\/\/catalonia.com.br\/?s={search_term_string}\"},\"query-input\":{\"@type\":\"PropertyValueSpecification\",\"valueRequired\":true,\"valueName\":\"search_term_string\"}}],\"inLanguage\":\"ca\"},{\"@type\":\"Organization\",\"@id\":\"https:\/\/catalonia.com.br\/#organization\",\"name\":\"Associa\u00e7\u00e3o Cultural Catalonia\",\"url\":\"https:\/\/catalonia.com.br\/\",\"logo\":{\"@type\":\"ImageObject\",\"inLanguage\":\"ca\",\"@id\":\"https:\/\/catalonia.com.br\/#\/schema\/logo\/image\/\",\"url\":\"https:\/\/catalonia.com.br\/wp-content\/uploads\/2023\/06\/cropped-cropped-cropped-Catalonia-logotip-renovat-2.png\",\"contentUrl\":\"https:\/\/catalonia.com.br\/wp-content\/uploads\/2023\/06\/cropped-cropped-cropped-Catalonia-logotip-renovat-2.png\",\"width\":313,\"height\":320,\"caption\":\"Associa\u00e7\u00e3o Cultural Catalonia\"},\"image\":{\"@id\":\"https:\/\/catalonia.com.br\/#\/schema\/logo\/image\/\"}}]}<\/script>\n<!-- \/ Yoast SEO plugin. -->","yoast_head_json":{"title":"Projeto Accordes-Catalonia 2011 - Associa\u00e7\u00e3o Cultural Catalonia","robots":{"index":"index","follow":"follow","max-snippet":"max-snippet:-1","max-image-preview":"max-image-preview:large","max-video-preview":"max-video-preview:-1"},"canonical":"https:\/\/catalonia.com.br\/ca\/projeto-accordes-catalonia-2011\/","og_locale":"ca_ES","og_type":"article","og_title":"Projeto Accordes-Catalonia 2011 - Associa\u00e7\u00e3o Cultural Catalonia","og_description":"A Associa\u00e7\u00e3o Cultural Catalonia tem sempre se preocupado em desenvolver novos projetos que permitam divulgar a cultura catal\u00e3 em nosso meio. Neste ano estamos inaugurando um\u00a0 trabalho dentro da \u00e1rea musical. Trata-se de uma parceria com um projeto j\u00e1 em andamento, cujo objetivo \u00e9 desenvolver uma atividade sociocultural. O Projeto Accordes existe desde 2008, e","og_url":"https:\/\/catalonia.com.br\/ca\/projeto-accordes-catalonia-2011\/","og_site_name":"Associa\u00e7\u00e3o Cultural Catalonia","og_image":[{"width":1162,"height":451,"url":"https:\/\/catalonia.com.br\/wp-content\/uploads\/2023\/07\/Projeto-Accordes.png","type":"image\/png"}],"twitter_card":"summary_large_image","twitter_misc":{"Temps estimat de lectura":"2 minuts"},"schema":{"@context":"https:\/\/schema.org","@graph":[{"@type":"WebPage","@id":"https:\/\/catalonia.com.br\/projeto-accordes-catalonia-2011\/","url":"https:\/\/catalonia.com.br\/projeto-accordes-catalonia-2011\/","name":"Projeto Accordes-Catalonia 2011 - Associa\u00e7\u00e3o Cultural Catalonia","isPartOf":{"@id":"https:\/\/catalonia.com.br\/#website"},"primaryImageOfPage":{"@id":"https:\/\/catalonia.com.br\/projeto-accordes-catalonia-2011\/#primaryimage"},"image":{"@id":"https:\/\/catalonia.com.br\/projeto-accordes-catalonia-2011\/#primaryimage"},"thumbnailUrl":"https:\/\/catalonia.com.br\/wp-content\/uploads\/2023\/07\/Projeto-Accordes.png","datePublished":"2023-07-23T02:42:26+00:00","breadcrumb":{"@id":"https:\/\/catalonia.com.br\/projeto-accordes-catalonia-2011\/#breadcrumb"},"inLanguage":"ca","potentialAction":[{"@type":"ReadAction","target":["https:\/\/catalonia.com.br\/projeto-accordes-catalonia-2011\/"]}]},{"@type":"ImageObject","inLanguage":"ca","@id":"https:\/\/catalonia.com.br\/projeto-accordes-catalonia-2011\/#primaryimage","url":"https:\/\/catalonia.com.br\/wp-content\/uploads\/2023\/07\/Projeto-Accordes.png","contentUrl":"https:\/\/catalonia.com.br\/wp-content\/uploads\/2023\/07\/Projeto-Accordes.png","width":1162,"height":451},{"@type":"BreadcrumbList","@id":"https:\/\/catalonia.com.br\/projeto-accordes-catalonia-2011\/#breadcrumb","itemListElement":[{"@type":"ListItem","position":1,"name":"In\u00edcio","item":"https:\/\/catalonia.com.br\/"},{"@type":"ListItem","position":2,"name":"Projeto Accordes-Catalonia 2011"}]},{"@type":"WebSite","@id":"https:\/\/catalonia.com.br\/#website","url":"https:\/\/catalonia.com.br\/","name":"l'Associaci\u00f3 Cultural Catalonia","description":"","publisher":{"@id":"https:\/\/catalonia.com.br\/#organization"},"potentialAction":[{"@type":"SearchAction","target":{"@type":"EntryPoint","urlTemplate":"https:\/\/catalonia.com.br\/?s={search_term_string}"},"query-input":{"@type":"PropertyValueSpecification","valueRequired":true,"valueName":"search_term_string"}}],"inLanguage":"ca"},{"@type":"Organization","@id":"https:\/\/catalonia.com.br\/#organization","name":"l'Associaci\u00f3 Cultural Catalonia","url":"https:\/\/catalonia.com.br\/","logo":{"@type":"ImageObject","inLanguage":"ca","@id":"https:\/\/catalonia.com.br\/#\/schema\/logo\/image\/","url":"https:\/\/catalonia.com.br\/wp-content\/uploads\/2023\/06\/cropped-cropped-cropped-Catalonia-logotip-renovat-2.png","contentUrl":"https:\/\/catalonia.com.br\/wp-content\/uploads\/2023\/06\/cropped-cropped-cropped-Catalonia-logotip-renovat-2.png","width":313,"height":320,"caption":"Associa\u00e7\u00e3o Cultural Catalonia"},"image":{"@id":"https:\/\/catalonia.com.br\/#\/schema\/logo\/image\/"}}]}},"uagb_featured_image_src":{"full":["https:\/\/catalonia.com.br\/wp-content\/uploads\/2023\/07\/Projeto-Accordes.png",1162,451,false],"thumbnail":["https:\/\/catalonia.com.br\/wp-content\/uploads\/2023\/07\/Projeto-Accordes.png",150,58,false],"medium":["https:\/\/catalonia.com.br\/wp-content\/uploads\/2023\/07\/Projeto-Accordes.png",300,116,false],"medium_large":["https:\/\/catalonia.com.br\/wp-content\/uploads\/2023\/07\/Projeto-Accordes.png",768,298,false],"large":["https:\/\/catalonia.com.br\/wp-content\/uploads\/2023\/07\/Projeto-Accordes.png",1024,397,false],"1536x1536":["https:\/\/catalonia.com.br\/wp-content\/uploads\/2023\/07\/Projeto-Accordes.png",1162,451,false],"2048x2048":["https:\/\/catalonia.com.br\/wp-content\/uploads\/2023\/07\/Projeto-Accordes.png",1162,451,false],"trp-custom-language-flag":["https:\/\/catalonia.com.br\/wp-content\/uploads\/2023\/07\/Projeto-Accordes.png",18,7,false],"woocommerce_thumbnail":["https:\/\/catalonia.com.br\/wp-content\/uploads\/2023\/07\/Projeto-Accordes-300x300.png",300,300,true],"woocommerce_single":["https:\/\/catalonia.com.br\/wp-content\/uploads\/2023\/07\/Projeto-Accordes.png",600,233,false],"woocommerce_gallery_thumbnail":["https:\/\/catalonia.com.br\/wp-content\/uploads\/2023\/07\/Projeto-Accordes-100x100.png",100,100,true]},"uagb_author_info":{"display_name":"Associa\u00e7\u00e3o Cultural Catalonia","author_link":"https:\/\/catalonia.com.br\/ca\/author\/admincat\/"},"uagb_comment_info":0,"uagb_excerpt":"A Associa\u00e7\u00e3o Cultural Catalonia tem sempre se preocupado em desenvolver novos projetos que permitam divulgar a cultura catal\u00e3 em nosso meio. Neste ano estamos inaugurando um\u00a0 trabalho dentro da \u00e1rea musical. Trata-se de uma parceria com um projeto j\u00e1 em andamento, cujo objetivo \u00e9 desenvolver uma atividade sociocultural. O Projeto Accordes existe desde 2008, e","_links":{"self":[{"href":"https:\/\/catalonia.com.br\/ca\/wp-json\/wp\/v2\/pages\/3341","targetHints":{"allow":["GET"]}}],"collection":[{"href":"https:\/\/catalonia.com.br\/ca\/wp-json\/wp\/v2\/pages"}],"about":[{"href":"https:\/\/catalonia.com.br\/ca\/wp-json\/wp\/v2\/types\/page"}],"author":[{"embeddable":true,"href":"https:\/\/catalonia.com.br\/ca\/wp-json\/wp\/v2\/users\/1"}],"replies":[{"embeddable":true,"href":"https:\/\/catalonia.com.br\/ca\/wp-json\/wp\/v2\/comments?post=3341"}],"version-history":[{"count":0,"href":"https:\/\/catalonia.com.br\/ca\/wp-json\/wp\/v2\/pages\/3341\/revisions"}],"wp:featuredmedia":[{"embeddable":true,"href":"https:\/\/catalonia.com.br\/ca\/wp-json\/wp\/v2\/media\/3275"}],"wp:attachment":[{"href":"https:\/\/catalonia.com.br\/ca\/wp-json\/wp\/v2\/media?parent=3341"}],"curies":[{"name":"wp","href":"https:\/\/api.w.org\/{rel}","templated":true}]}}