{"id":3335,"date":"2023-07-22T23:34:24","date_gmt":"2023-07-23T02:34:24","guid":{"rendered":"https:\/\/catalonia.com.br\/?page_id=3335"},"modified":"2023-07-22T23:37:54","modified_gmt":"2023-07-23T02:37:54","slug":"concerto-de-natal-catalonia-2008","status":"publish","type":"page","link":"https:\/\/catalonia.com.br\/ca\/concerto-de-natal-catalonia-2008\/","title":{"rendered":"Concerto de Natal Catalonia 2008"},"content":{"rendered":"<p style=\"text-align: justify;\">El <strong>Coral Catalonia<\/strong> foi criado em setembro de 2007, concretizando, assim, um <strong>antigo projeto da Associa\u00e7\u00e3o Cultural Catalonia<\/strong> destinado \u00e0 divulga\u00e7\u00e3o do rico repert\u00f3rio musical catal\u00e3o. Apesar de possuir entre seus integrantes alguns membros nativos, o coral est\u00e1 aberto \u00e0 participa\u00e7\u00e3o de todas as pessoas que apreciam a boa m\u00fasica vocal. No repert\u00f3rio, tamb\u00e9m inclu\u00edmos pe\u00e7as l\u00edricas para acompanhamento dos solistas profissionais que tamb\u00e9m integram o grupo.<\/p>\n<p style=\"text-align: justify;\"><strong>Concerto de Natal (2008)<\/strong><\/p>\n<p style=\"text-align: justify;\">Em 14 de dezembro de 2008, na <strong>Igreja Presbiteriana do Jardim das Oliveiras<\/strong>, no <strong>Club Homs<\/strong> e no <strong>Hospital Samaritano<\/strong>, a Associa\u00e7\u00e3o Cultural Catalonia organizou o Concerto de Natal, com a participa\u00e7\u00e3o especial da maestrina <strong>Karin Uzun<\/strong>.<\/p>\n<p><img fetchpriority=\"high\" decoding=\"async\" class=\"wp-image-3337 aligncenter\" src=\"https:\/\/catalonia.com.br\/wp-content\/uploads\/2023\/07\/Concerto-de-Natal-Catalonia-2008-cartaz-1.png\" alt=\"\" width=\"490\" height=\"683\" \/><\/p>\n<p><img decoding=\"async\" class=\"wp-image-3338 aligncenter\" src=\"https:\/\/catalonia.com.br\/wp-content\/uploads\/2023\/07\/Concerto-de-Natal-Catalonia-2008-cartaz-2.png\" alt=\"\" width=\"488\" height=\"673\" \/><\/p>\n<p>&nbsp;<\/p>\n<p>&nbsp;<\/p>\n<p style=\"text-align: center;\">","protected":false},"excerpt":{"rendered":"<p>O Coral Catalonia foi criado em setembro de 2007, concretizando, assim, um antigo projeto da Associa\u00e7\u00e3o Cultural Catalonia destinado \u00e0 divulga\u00e7\u00e3o do rico repert\u00f3rio musical catal\u00e3o. Apesar de possuir entre seus integrantes alguns membros nativos, o coral est\u00e1 aberto \u00e0 participa\u00e7\u00e3o de todas as pessoas que apreciam a boa m\u00fasica vocal. No repert\u00f3rio, tamb\u00e9m inclu\u00edmos<\/p>","protected":false},"author":1,"featured_media":3292,"parent":0,"menu_order":0,"comment_status":"closed","ping_status":"closed","template":"","meta":{"_uag_custom_page_level_css":"","order-bump-settings":[],"_wpfnl_thankyou_order_overview":"on","_wpfnl_thankyou_order_details":"on","_wpfnl_thankyou_billing_details":"on","_wpfnl_thankyou_shipping_details":"on","site-sidebar-layout":"default","site-content-layout":"default","ast-site-content-layout":"","site-content-style":"default","site-sidebar-style":"default","ast-global-header-display":"","ast-banner-title-visibility":"","ast-main-header-display":"","ast-hfb-above-header-display":"","ast-hfb-below-header-display":"","ast-hfb-mobile-header-display":"","site-post-title":"","ast-breadcrumbs-content":"","ast-featured-img":"","footer-sml-layout":"","theme-transparent-header-meta":"default","adv-header-id-meta":"","stick-header-meta":"","header-above-stick-meta":"","header-main-stick-meta":"","header-below-stick-meta":"","astra-migrate-meta-layouts":"default","ast-page-background-enabled":"default","ast-page-background-meta":{"desktop":{"background-color":"","background-image":"","background-repeat":"repeat","background-position":"center center","background-size":"auto","background-attachment":"scroll","background-type":"","background-media":"","overlay-type":"","overlay-color":"","overlay-opacity":"","overlay-gradient":""},"tablet":{"background-color":"","background-image":"","background-repeat":"repeat","background-position":"center center","background-size":"auto","background-attachment":"scroll","background-type":"","background-media":"","overlay-type":"","overlay-color":"","overlay-opacity":"","overlay-gradient":""},"mobile":{"background-color":"","background-image":"","background-repeat":"repeat","background-position":"center center","background-size":"auto","background-attachment":"scroll","background-type":"","background-media":"","overlay-type":"","overlay-color":"","overlay-opacity":"","overlay-gradient":""}},"ast-content-background-meta":{"desktop":{"background-color":"var(--ast-global-color-5)","background-image":"","background-repeat":"repeat","background-position":"center center","background-size":"auto","background-attachment":"scroll","background-type":"","background-media":"","overlay-type":"","overlay-color":"","overlay-opacity":"","overlay-gradient":""},"tablet":{"background-color":"var(--ast-global-color-5)","background-image":"","background-repeat":"repeat","background-position":"center center","background-size":"auto","background-attachment":"scroll","background-type":"","background-media":"","overlay-type":"","overlay-color":"","overlay-opacity":"","overlay-gradient":""},"mobile":{"background-color":"var(--ast-global-color-5)","background-image":"","background-repeat":"repeat","background-position":"center center","background-size":"auto","background-attachment":"scroll","background-type":"","background-media":"","overlay-type":"","overlay-color":"","overlay-opacity":"","overlay-gradient":""}},"footnotes":""},"class_list":["post-3335","page","type-page","status-publish","has-post-thumbnail","hentry"],"yoast_head":"<!-- This site is optimized with the Yoast SEO plugin v27.2 - https:\/\/yoast.com\/product\/yoast-seo-wordpress\/ -->\n<title>Concerto de Natal Catalonia 2008 - Associa\u00e7\u00e3o Cultural Catalonia<\/title>\n<meta name=\"robots\" content=\"index, follow, max-snippet:-1, max-image-preview:large, max-video-preview:-1\" \/>\n<link rel=\"canonical\" href=\"https:\/\/catalonia.com.br\/ca\/concerto-de-natal-catalonia-2008\/\" \/>\n<meta property=\"og:locale\" content=\"ca_ES\" \/>\n<meta property=\"og:type\" content=\"article\" \/>\n<meta property=\"og:title\" content=\"Concerto de Natal Catalonia 2008 - Associa\u00e7\u00e3o Cultural Catalonia\" \/>\n<meta property=\"og:description\" content=\"O Coral Catalonia foi criado em setembro de 2007, concretizando, assim, um antigo projeto da Associa\u00e7\u00e3o Cultural Catalonia destinado \u00e0 divulga\u00e7\u00e3o do rico repert\u00f3rio musical catal\u00e3o. Apesar de possuir entre seus integrantes alguns membros nativos, o coral est\u00e1 aberto \u00e0 participa\u00e7\u00e3o de todas as pessoas que apreciam a boa m\u00fasica vocal. No repert\u00f3rio, tamb\u00e9m inclu\u00edmos\" \/>\n<meta property=\"og:url\" content=\"https:\/\/catalonia.com.br\/ca\/concerto-de-natal-catalonia-2008\/\" \/>\n<meta property=\"og:site_name\" content=\"Associa\u00e7\u00e3o Cultural Catalonia\" \/>\n<meta property=\"article:modified_time\" content=\"2023-07-23T02:37:54+00:00\" \/>\n<meta property=\"og:image\" content=\"https:\/\/catalonia.com.br\/wp-content\/uploads\/2023\/07\/Concerto-de-Natal-Catalonia-2008.png\" \/>\n\t<meta property=\"og:image:width\" content=\"882\" \/>\n\t<meta property=\"og:image:height\" content=\"598\" \/>\n\t<meta property=\"og:image:type\" content=\"image\/png\" \/>\n<meta name=\"twitter:card\" content=\"summary_large_image\" \/>\n<meta name=\"twitter:label1\" content=\"Temps estimat de lectura\" \/>\n\t<meta name=\"twitter:data1\" content=\"1 minut\" \/>\n<script type=\"application\/ld+json\" class=\"yoast-schema-graph\">{\"@context\":\"https:\/\/schema.org\",\"@graph\":[{\"@type\":\"WebPage\",\"@id\":\"https:\/\/catalonia.com.br\/concerto-de-natal-catalonia-2008\/\",\"url\":\"https:\/\/catalonia.com.br\/concerto-de-natal-catalonia-2008\/\",\"name\":\"Concerto de Natal Catalonia 2008 - Associa\u00e7\u00e3o Cultural Catalonia\",\"isPartOf\":{\"@id\":\"https:\/\/catalonia.com.br\/#website\"},\"primaryImageOfPage\":{\"@id\":\"https:\/\/catalonia.com.br\/concerto-de-natal-catalonia-2008\/#primaryimage\"},\"image\":{\"@id\":\"https:\/\/catalonia.com.br\/concerto-de-natal-catalonia-2008\/#primaryimage\"},\"thumbnailUrl\":\"https:\/\/catalonia.com.br\/wp-content\/uploads\/2023\/07\/Concerto-de-Natal-Catalonia-2008.png\",\"datePublished\":\"2023-07-23T02:34:24+00:00\",\"dateModified\":\"2023-07-23T02:37:54+00:00\",\"breadcrumb\":{\"@id\":\"https:\/\/catalonia.com.br\/concerto-de-natal-catalonia-2008\/#breadcrumb\"},\"inLanguage\":\"ca\",\"potentialAction\":[{\"@type\":\"ReadAction\",\"target\":[\"https:\/\/catalonia.com.br\/concerto-de-natal-catalonia-2008\/\"]}]},{\"@type\":\"ImageObject\",\"inLanguage\":\"ca\",\"@id\":\"https:\/\/catalonia.com.br\/concerto-de-natal-catalonia-2008\/#primaryimage\",\"url\":\"https:\/\/catalonia.com.br\/wp-content\/uploads\/2023\/07\/Concerto-de-Natal-Catalonia-2008.png\",\"contentUrl\":\"https:\/\/catalonia.com.br\/wp-content\/uploads\/2023\/07\/Concerto-de-Natal-Catalonia-2008.png\",\"width\":882,\"height\":598},{\"@type\":\"BreadcrumbList\",\"@id\":\"https:\/\/catalonia.com.br\/concerto-de-natal-catalonia-2008\/#breadcrumb\",\"itemListElement\":[{\"@type\":\"ListItem\",\"position\":1,\"name\":\"In\u00edcio\",\"item\":\"https:\/\/catalonia.com.br\/\"},{\"@type\":\"ListItem\",\"position\":2,\"name\":\"Concerto de Natal Catalonia 2008\"}]},{\"@type\":\"WebSite\",\"@id\":\"https:\/\/catalonia.com.br\/#website\",\"url\":\"https:\/\/catalonia.com.br\/\",\"name\":\"Associa\u00e7\u00e3o Cultural Catalonia\",\"description\":\"\",\"publisher\":{\"@id\":\"https:\/\/catalonia.com.br\/#organization\"},\"potentialAction\":[{\"@type\":\"SearchAction\",\"target\":{\"@type\":\"EntryPoint\",\"urlTemplate\":\"https:\/\/catalonia.com.br\/?s={search_term_string}\"},\"query-input\":{\"@type\":\"PropertyValueSpecification\",\"valueRequired\":true,\"valueName\":\"search_term_string\"}}],\"inLanguage\":\"ca\"},{\"@type\":\"Organization\",\"@id\":\"https:\/\/catalonia.com.br\/#organization\",\"name\":\"Associa\u00e7\u00e3o Cultural Catalonia\",\"url\":\"https:\/\/catalonia.com.br\/\",\"logo\":{\"@type\":\"ImageObject\",\"inLanguage\":\"ca\",\"@id\":\"https:\/\/catalonia.com.br\/#\/schema\/logo\/image\/\",\"url\":\"https:\/\/catalonia.com.br\/wp-content\/uploads\/2023\/06\/cropped-cropped-cropped-Catalonia-logotip-renovat-2.png\",\"contentUrl\":\"https:\/\/catalonia.com.br\/wp-content\/uploads\/2023\/06\/cropped-cropped-cropped-Catalonia-logotip-renovat-2.png\",\"width\":313,\"height\":320,\"caption\":\"Associa\u00e7\u00e3o Cultural Catalonia\"},\"image\":{\"@id\":\"https:\/\/catalonia.com.br\/#\/schema\/logo\/image\/\"}}]}<\/script>\n<!-- \/ Yoast SEO plugin. -->","yoast_head_json":{"title":"Concerto de Natal Catalonia 2008 - Associa\u00e7\u00e3o Cultural Catalonia","robots":{"index":"index","follow":"follow","max-snippet":"max-snippet:-1","max-image-preview":"max-image-preview:large","max-video-preview":"max-video-preview:-1"},"canonical":"https:\/\/catalonia.com.br\/ca\/concerto-de-natal-catalonia-2008\/","og_locale":"ca_ES","og_type":"article","og_title":"Concerto de Natal Catalonia 2008 - Associa\u00e7\u00e3o Cultural Catalonia","og_description":"O Coral Catalonia foi criado em setembro de 2007, concretizando, assim, um antigo projeto da Associa\u00e7\u00e3o Cultural Catalonia destinado \u00e0 divulga\u00e7\u00e3o do rico repert\u00f3rio musical catal\u00e3o. Apesar de possuir entre seus integrantes alguns membros nativos, o coral est\u00e1 aberto \u00e0 participa\u00e7\u00e3o de todas as pessoas que apreciam a boa m\u00fasica vocal. No repert\u00f3rio, tamb\u00e9m inclu\u00edmos","og_url":"https:\/\/catalonia.com.br\/ca\/concerto-de-natal-catalonia-2008\/","og_site_name":"Associa\u00e7\u00e3o Cultural Catalonia","article_modified_time":"2023-07-23T02:37:54+00:00","og_image":[{"width":882,"height":598,"url":"https:\/\/catalonia.com.br\/wp-content\/uploads\/2023\/07\/Concerto-de-Natal-Catalonia-2008.png","type":"image\/png"}],"twitter_card":"summary_large_image","twitter_misc":{"Temps estimat de lectura":"1 minut"},"schema":{"@context":"https:\/\/schema.org","@graph":[{"@type":"WebPage","@id":"https:\/\/catalonia.com.br\/concerto-de-natal-catalonia-2008\/","url":"https:\/\/catalonia.com.br\/concerto-de-natal-catalonia-2008\/","name":"Concerto de Natal Catalonia 2008 - Associa\u00e7\u00e3o Cultural Catalonia","isPartOf":{"@id":"https:\/\/catalonia.com.br\/#website"},"primaryImageOfPage":{"@id":"https:\/\/catalonia.com.br\/concerto-de-natal-catalonia-2008\/#primaryimage"},"image":{"@id":"https:\/\/catalonia.com.br\/concerto-de-natal-catalonia-2008\/#primaryimage"},"thumbnailUrl":"https:\/\/catalonia.com.br\/wp-content\/uploads\/2023\/07\/Concerto-de-Natal-Catalonia-2008.png","datePublished":"2023-07-23T02:34:24+00:00","dateModified":"2023-07-23T02:37:54+00:00","breadcrumb":{"@id":"https:\/\/catalonia.com.br\/concerto-de-natal-catalonia-2008\/#breadcrumb"},"inLanguage":"ca","potentialAction":[{"@type":"ReadAction","target":["https:\/\/catalonia.com.br\/concerto-de-natal-catalonia-2008\/"]}]},{"@type":"ImageObject","inLanguage":"ca","@id":"https:\/\/catalonia.com.br\/concerto-de-natal-catalonia-2008\/#primaryimage","url":"https:\/\/catalonia.com.br\/wp-content\/uploads\/2023\/07\/Concerto-de-Natal-Catalonia-2008.png","contentUrl":"https:\/\/catalonia.com.br\/wp-content\/uploads\/2023\/07\/Concerto-de-Natal-Catalonia-2008.png","width":882,"height":598},{"@type":"BreadcrumbList","@id":"https:\/\/catalonia.com.br\/concerto-de-natal-catalonia-2008\/#breadcrumb","itemListElement":[{"@type":"ListItem","position":1,"name":"In\u00edcio","item":"https:\/\/catalonia.com.br\/"},{"@type":"ListItem","position":2,"name":"Concerto de Natal Catalonia 2008"}]},{"@type":"WebSite","@id":"https:\/\/catalonia.com.br\/#website","url":"https:\/\/catalonia.com.br\/","name":"l'Associaci\u00f3 Cultural Catalonia","description":"","publisher":{"@id":"https:\/\/catalonia.com.br\/#organization"},"potentialAction":[{"@type":"SearchAction","target":{"@type":"EntryPoint","urlTemplate":"https:\/\/catalonia.com.br\/?s={search_term_string}"},"query-input":{"@type":"PropertyValueSpecification","valueRequired":true,"valueName":"search_term_string"}}],"inLanguage":"ca"},{"@type":"Organization","@id":"https:\/\/catalonia.com.br\/#organization","name":"l'Associaci\u00f3 Cultural Catalonia","url":"https:\/\/catalonia.com.br\/","logo":{"@type":"ImageObject","inLanguage":"ca","@id":"https:\/\/catalonia.com.br\/#\/schema\/logo\/image\/","url":"https:\/\/catalonia.com.br\/wp-content\/uploads\/2023\/06\/cropped-cropped-cropped-Catalonia-logotip-renovat-2.png","contentUrl":"https:\/\/catalonia.com.br\/wp-content\/uploads\/2023\/06\/cropped-cropped-cropped-Catalonia-logotip-renovat-2.png","width":313,"height":320,"caption":"Associa\u00e7\u00e3o Cultural Catalonia"},"image":{"@id":"https:\/\/catalonia.com.br\/#\/schema\/logo\/image\/"}}]}},"uagb_featured_image_src":{"full":["https:\/\/catalonia.com.br\/wp-content\/uploads\/2023\/07\/Concerto-de-Natal-Catalonia-2008.png",882,598,false],"thumbnail":["https:\/\/catalonia.com.br\/wp-content\/uploads\/2023\/07\/Concerto-de-Natal-Catalonia-2008.png",150,102,false],"medium":["https:\/\/catalonia.com.br\/wp-content\/uploads\/2023\/07\/Concerto-de-Natal-Catalonia-2008.png",300,203,false],"medium_large":["https:\/\/catalonia.com.br\/wp-content\/uploads\/2023\/07\/Concerto-de-Natal-Catalonia-2008.png",768,521,false],"large":["https:\/\/catalonia.com.br\/wp-content\/uploads\/2023\/07\/Concerto-de-Natal-Catalonia-2008.png",882,598,false],"1536x1536":["https:\/\/catalonia.com.br\/wp-content\/uploads\/2023\/07\/Concerto-de-Natal-Catalonia-2008.png",882,598,false],"2048x2048":["https:\/\/catalonia.com.br\/wp-content\/uploads\/2023\/07\/Concerto-de-Natal-Catalonia-2008.png",882,598,false],"trp-custom-language-flag":["https:\/\/catalonia.com.br\/wp-content\/uploads\/2023\/07\/Concerto-de-Natal-Catalonia-2008.png",18,12,false],"woocommerce_thumbnail":["https:\/\/catalonia.com.br\/wp-content\/uploads\/2023\/07\/Concerto-de-Natal-Catalonia-2008-300x300.png",300,300,true],"woocommerce_single":["https:\/\/catalonia.com.br\/wp-content\/uploads\/2023\/07\/Concerto-de-Natal-Catalonia-2008.png",600,407,false],"woocommerce_gallery_thumbnail":["https:\/\/catalonia.com.br\/wp-content\/uploads\/2023\/07\/Concerto-de-Natal-Catalonia-2008-100x100.png",100,100,true]},"uagb_author_info":{"display_name":"Associa\u00e7\u00e3o Cultural Catalonia","author_link":"https:\/\/catalonia.com.br\/ca\/author\/admincat\/"},"uagb_comment_info":0,"uagb_excerpt":"O Coral Catalonia foi criado em setembro de 2007, concretizando, assim, um antigo projeto da Associa\u00e7\u00e3o Cultural Catalonia destinado \u00e0 divulga\u00e7\u00e3o do rico repert\u00f3rio musical catal\u00e3o. Apesar de possuir entre seus integrantes alguns membros nativos, o coral est\u00e1 aberto \u00e0 participa\u00e7\u00e3o de todas as pessoas que apreciam a boa m\u00fasica vocal. No repert\u00f3rio, tamb\u00e9m inclu\u00edmos","_links":{"self":[{"href":"https:\/\/catalonia.com.br\/ca\/wp-json\/wp\/v2\/pages\/3335","targetHints":{"allow":["GET"]}}],"collection":[{"href":"https:\/\/catalonia.com.br\/ca\/wp-json\/wp\/v2\/pages"}],"about":[{"href":"https:\/\/catalonia.com.br\/ca\/wp-json\/wp\/v2\/types\/page"}],"author":[{"embeddable":true,"href":"https:\/\/catalonia.com.br\/ca\/wp-json\/wp\/v2\/users\/1"}],"replies":[{"embeddable":true,"href":"https:\/\/catalonia.com.br\/ca\/wp-json\/wp\/v2\/comments?post=3335"}],"version-history":[{"count":0,"href":"https:\/\/catalonia.com.br\/ca\/wp-json\/wp\/v2\/pages\/3335\/revisions"}],"wp:featuredmedia":[{"embeddable":true,"href":"https:\/\/catalonia.com.br\/ca\/wp-json\/wp\/v2\/media\/3292"}],"wp:attachment":[{"href":"https:\/\/catalonia.com.br\/ca\/wp-json\/wp\/v2\/media?parent=3335"}],"curies":[{"name":"wp","href":"https:\/\/api.w.org\/{rel}","templated":true}]}}