{"id":3331,"date":"2023-07-22T23:22:44","date_gmt":"2023-07-23T02:22:44","guid":{"rendered":"https:\/\/catalonia.com.br\/?page_id=3331"},"modified":"2023-07-22T23:23:17","modified_gmt":"2023-07-23T02:23:17","slug":"canto-coral-catalonia","status":"publish","type":"page","link":"https:\/\/catalonia.com.br\/ca\/canto-coral-catalonia\/","title":{"rendered":"Canto Coral Catalonia &#8211; 2007"},"content":{"rendered":"<p style=\"text-align: justify;\">A Associa\u00e7\u00e3o Cultural Catalonia, com o prop\u00f3sito de divulgar o rico repert\u00f3rio de can\u00e7\u00f5es tradicionais catal\u00e3s, decidiu incluir em suas atividades a forma\u00e7\u00e3o de um grupo coral. Apesar de darmos \u00eanfase a esta modalidade, tamb\u00e9m s\u00e3o interpretadas pe\u00e7as cl\u00e1ssicas e populares em outras l\u00ednguas como o castelhano, o italiano e logicamente o portugu\u00eas. Desta forma, n\u00e3o \u00e9 necess\u00e1rio conhecer todos os idiomas estrangeiros, j\u00e1 que os ensaios incluem a vocaliza\u00e7\u00e3o e tradu\u00e7\u00e3o das letras.<\/p>\n<p style=\"text-align: justify;\">O Canto Coral Catalonia foi fundado em 4 de setembro de 2007 e \u00e9 dirigido pela maestrina Karin Uzun. A participa\u00e7\u00e3o \u00e9 aberta a todas as pessoas que tenham disponibilidade neste hor\u00e1rio e tenham aptid\u00e3o para o canto. Ressaltamos que a participa\u00e7\u00e3o cont\u00ednua do integrante \u00e9 important\u00edssima para o bom desempenho do grupo.<\/p>\n<h2 style=\"text-align: justify;\">Karin Uzun<\/h2>\n<p style=\"text-align: justify;\">Iniciou seus estudos musicais aos 6 anos, e desde cedo j\u00e1 alcan\u00e7ou premia\u00e7\u00e3o em Concursos de Piano: com 8 anos ganhou 1\u00ba lugar; aos 16, pr\u00eamio \u201cMelhor Int\u00e9rprete de Villa-Lobos\u201d. Natural de Ribeir\u00e3o Preto, formou-se no curso t\u00e9cnico de piano, pelo Instituto Metodista Educacional da cidade, e logo ingressou na co-repeti\u00e7\u00e3o, acompanhando cantores l\u00edricos e corais, al\u00e9m de tocar em aulas de bal\u00e9 e coreografias.<\/p>\n<p style=\"text-align: justify;\">Em S\u00e3o Paulo, trabalhou com a renomada Profa. Leilah Farah, de 1996 \u00e0 2003, fato que lhe aprimorou a correpeti\u00e7\u00e3o e a tornou professora de canto seguindo a t\u00e9cnica vocal deixada pela mestra Farah. Debutou em co-repeti\u00e7\u00e3o oper\u00edstica no ano de 2000, sob dire\u00e7\u00e3o do Mto S\u00edlvio Barbato, no Teatro Nacional de Bras\u00edlia. Em 2001, com Mto Tullio Colacioppo, trabalhou no Theatro Municipal de S\u00e3o Paulo, ocasionando sua transfer\u00eancia \u00e0 capital. Com Mto Lu\u00eds Fernando Malheiro, co-repetiu o VI e o IX Festival Amazonas de \u00d3pera, em Manaus.<\/p>\n<p style=\"text-align: justify;\">Em 2002, co-repetiu no Theatro Municipal do Rio de Janeiro, com Mto Jamil Maluf, que ent\u00e3o convidou-a a ingressar na Orquestra Experimental de Repert\u00f3rio , onde \u00e9 pianista monitora at\u00e9 hoje. Em pouco tempo, tornou-se conhecida pelos mais conceituados maestros de \u00f3pera: Tullio Colacioppo, Lu\u00eds Fernando Malheiro, Jamil Maluf, Jos\u00e9 Maria Flor\u00eancio, John Neschling, Ira Levin, , Roberto Duarte, Cl\u00e1udio Cruz, Roberto Tibiri\u00e7\u00e1, Carlos Moreno, Aylton Escobar, entre v\u00e1rios outros. Atualmente, \u00e9 conhecida no meio musical como uma \u201corquestra port\u00e1til\u201d, por seu toque cheio e denso, substituindo com presteza, uma \u201corquestra de verdade\u201d, al\u00e9m da expressividade em cada nota tocada, e o ajuste perfeito com o canto, proporcionando ao cantor e (ou) instrumentista, liberdade para expressar-se, na certeza de ser bem acompanhado.<\/p>\n<p style=\"text-align: center;\">","protected":false},"excerpt":{"rendered":"<p>A Associa\u00e7\u00e3o Cultural Catalonia, com o prop\u00f3sito de divulgar o rico repert\u00f3rio de can\u00e7\u00f5es tradicionais catal\u00e3s, decidiu incluir em suas atividades a forma\u00e7\u00e3o de um grupo coral. Apesar de darmos \u00eanfase a esta modalidade, tamb\u00e9m s\u00e3o interpretadas pe\u00e7as cl\u00e1ssicas e populares em outras l\u00ednguas como o castelhano, o italiano e logicamente o portugu\u00eas. Desta forma,<\/p>","protected":false},"author":1,"featured_media":3268,"parent":0,"menu_order":0,"comment_status":"closed","ping_status":"closed","template":"","meta":{"_uag_custom_page_level_css":"","order-bump-settings":[],"_wpfnl_thankyou_order_overview":"on","_wpfnl_thankyou_order_details":"on","_wpfnl_thankyou_billing_details":"on","_wpfnl_thankyou_shipping_details":"on","site-sidebar-layout":"default","site-content-layout":"default","ast-site-content-layout":"","site-content-style":"default","site-sidebar-style":"default","ast-global-header-display":"","ast-banner-title-visibility":"","ast-main-header-display":"","ast-hfb-above-header-display":"","ast-hfb-below-header-display":"","ast-hfb-mobile-header-display":"","site-post-title":"","ast-breadcrumbs-content":"","ast-featured-img":"","footer-sml-layout":"","theme-transparent-header-meta":"default","adv-header-id-meta":"","stick-header-meta":"","header-above-stick-meta":"","header-main-stick-meta":"","header-below-stick-meta":"","astra-migrate-meta-layouts":"default","ast-page-background-enabled":"default","ast-page-background-meta":{"desktop":{"background-color":"","background-image":"","background-repeat":"repeat","background-position":"center center","background-size":"auto","background-attachment":"scroll","background-type":"","background-media":"","overlay-type":"","overlay-color":"","overlay-opacity":"","overlay-gradient":""},"tablet":{"background-color":"","background-image":"","background-repeat":"repeat","background-position":"center center","background-size":"auto","background-attachment":"scroll","background-type":"","background-media":"","overlay-type":"","overlay-color":"","overlay-opacity":"","overlay-gradient":""},"mobile":{"background-color":"","background-image":"","background-repeat":"repeat","background-position":"center center","background-size":"auto","background-attachment":"scroll","background-type":"","background-media":"","overlay-type":"","overlay-color":"","overlay-opacity":"","overlay-gradient":""}},"ast-content-background-meta":{"desktop":{"background-color":"var(--ast-global-color-5)","background-image":"","background-repeat":"repeat","background-position":"center center","background-size":"auto","background-attachment":"scroll","background-type":"","background-media":"","overlay-type":"","overlay-color":"","overlay-opacity":"","overlay-gradient":""},"tablet":{"background-color":"var(--ast-global-color-5)","background-image":"","background-repeat":"repeat","background-position":"center center","background-size":"auto","background-attachment":"scroll","background-type":"","background-media":"","overlay-type":"","overlay-color":"","overlay-opacity":"","overlay-gradient":""},"mobile":{"background-color":"var(--ast-global-color-5)","background-image":"","background-repeat":"repeat","background-position":"center center","background-size":"auto","background-attachment":"scroll","background-type":"","background-media":"","overlay-type":"","overlay-color":"","overlay-opacity":"","overlay-gradient":""}},"footnotes":""},"class_list":["post-3331","page","type-page","status-publish","has-post-thumbnail","hentry"],"yoast_head":"<!-- This site is optimized with the Yoast SEO plugin v27.2 - https:\/\/yoast.com\/product\/yoast-seo-wordpress\/ -->\n<title>Canto Coral Catalonia - 2007 - Associa\u00e7\u00e3o Cultural Catalonia<\/title>\n<meta name=\"robots\" content=\"index, follow, max-snippet:-1, max-image-preview:large, max-video-preview:-1\" \/>\n<link rel=\"canonical\" href=\"https:\/\/catalonia.com.br\/ca\/canto-coral-catalonia\/\" \/>\n<meta property=\"og:locale\" content=\"ca_ES\" \/>\n<meta property=\"og:type\" content=\"article\" \/>\n<meta property=\"og:title\" content=\"Canto Coral Catalonia - 2007 - Associa\u00e7\u00e3o Cultural Catalonia\" \/>\n<meta property=\"og:description\" content=\"A Associa\u00e7\u00e3o Cultural Catalonia, com o prop\u00f3sito de divulgar o rico repert\u00f3rio de can\u00e7\u00f5es tradicionais catal\u00e3s, decidiu incluir em suas atividades a forma\u00e7\u00e3o de um grupo coral. Apesar de darmos \u00eanfase a esta modalidade, tamb\u00e9m s\u00e3o interpretadas pe\u00e7as cl\u00e1ssicas e populares em outras l\u00ednguas como o castelhano, o italiano e logicamente o portugu\u00eas. Desta forma,\" \/>\n<meta property=\"og:url\" content=\"https:\/\/catalonia.com.br\/ca\/canto-coral-catalonia\/\" \/>\n<meta property=\"og:site_name\" content=\"Associa\u00e7\u00e3o Cultural Catalonia\" \/>\n<meta property=\"article:modified_time\" content=\"2023-07-23T02:23:17+00:00\" \/>\n<meta property=\"og:image\" content=\"https:\/\/catalonia.com.br\/wp-content\/uploads\/2023\/07\/Canto-Coral-Catalonia.png\" \/>\n\t<meta property=\"og:image:width\" content=\"542\" \/>\n\t<meta property=\"og:image:height\" content=\"290\" \/>\n\t<meta property=\"og:image:type\" content=\"image\/png\" \/>\n<meta name=\"twitter:card\" content=\"summary_large_image\" \/>\n<meta name=\"twitter:label1\" content=\"Temps estimat de lectura\" \/>\n\t<meta name=\"twitter:data1\" content=\"3 minuts\" \/>\n<script type=\"application\/ld+json\" class=\"yoast-schema-graph\">{\"@context\":\"https:\/\/schema.org\",\"@graph\":[{\"@type\":\"WebPage\",\"@id\":\"https:\/\/catalonia.com.br\/canto-coral-catalonia\/\",\"url\":\"https:\/\/catalonia.com.br\/canto-coral-catalonia\/\",\"name\":\"Canto Coral Catalonia - 2007 - Associa\u00e7\u00e3o Cultural Catalonia\",\"isPartOf\":{\"@id\":\"https:\/\/catalonia.com.br\/#website\"},\"primaryImageOfPage\":{\"@id\":\"https:\/\/catalonia.com.br\/canto-coral-catalonia\/#primaryimage\"},\"image\":{\"@id\":\"https:\/\/catalonia.com.br\/canto-coral-catalonia\/#primaryimage\"},\"thumbnailUrl\":\"https:\/\/catalonia.com.br\/wp-content\/uploads\/2023\/07\/Canto-Coral-Catalonia.png\",\"datePublished\":\"2023-07-23T02:22:44+00:00\",\"dateModified\":\"2023-07-23T02:23:17+00:00\",\"breadcrumb\":{\"@id\":\"https:\/\/catalonia.com.br\/canto-coral-catalonia\/#breadcrumb\"},\"inLanguage\":\"ca\",\"potentialAction\":[{\"@type\":\"ReadAction\",\"target\":[\"https:\/\/catalonia.com.br\/canto-coral-catalonia\/\"]}]},{\"@type\":\"ImageObject\",\"inLanguage\":\"ca\",\"@id\":\"https:\/\/catalonia.com.br\/canto-coral-catalonia\/#primaryimage\",\"url\":\"https:\/\/catalonia.com.br\/wp-content\/uploads\/2023\/07\/Canto-Coral-Catalonia.png\",\"contentUrl\":\"https:\/\/catalonia.com.br\/wp-content\/uploads\/2023\/07\/Canto-Coral-Catalonia.png\",\"width\":542,\"height\":290},{\"@type\":\"BreadcrumbList\",\"@id\":\"https:\/\/catalonia.com.br\/canto-coral-catalonia\/#breadcrumb\",\"itemListElement\":[{\"@type\":\"ListItem\",\"position\":1,\"name\":\"In\u00edcio\",\"item\":\"https:\/\/catalonia.com.br\/\"},{\"@type\":\"ListItem\",\"position\":2,\"name\":\"Canto Coral Catalonia &#8211; 2007\"}]},{\"@type\":\"WebSite\",\"@id\":\"https:\/\/catalonia.com.br\/#website\",\"url\":\"https:\/\/catalonia.com.br\/\",\"name\":\"Associa\u00e7\u00e3o Cultural Catalonia\",\"description\":\"\",\"publisher\":{\"@id\":\"https:\/\/catalonia.com.br\/#organization\"},\"potentialAction\":[{\"@type\":\"SearchAction\",\"target\":{\"@type\":\"EntryPoint\",\"urlTemplate\":\"https:\/\/catalonia.com.br\/?s={search_term_string}\"},\"query-input\":{\"@type\":\"PropertyValueSpecification\",\"valueRequired\":true,\"valueName\":\"search_term_string\"}}],\"inLanguage\":\"ca\"},{\"@type\":\"Organization\",\"@id\":\"https:\/\/catalonia.com.br\/#organization\",\"name\":\"Associa\u00e7\u00e3o Cultural Catalonia\",\"url\":\"https:\/\/catalonia.com.br\/\",\"logo\":{\"@type\":\"ImageObject\",\"inLanguage\":\"ca\",\"@id\":\"https:\/\/catalonia.com.br\/#\/schema\/logo\/image\/\",\"url\":\"https:\/\/catalonia.com.br\/wp-content\/uploads\/2023\/06\/cropped-cropped-cropped-Catalonia-logotip-renovat-2.png\",\"contentUrl\":\"https:\/\/catalonia.com.br\/wp-content\/uploads\/2023\/06\/cropped-cropped-cropped-Catalonia-logotip-renovat-2.png\",\"width\":313,\"height\":320,\"caption\":\"Associa\u00e7\u00e3o Cultural Catalonia\"},\"image\":{\"@id\":\"https:\/\/catalonia.com.br\/#\/schema\/logo\/image\/\"}}]}<\/script>\n<!-- \/ Yoast SEO plugin. -->","yoast_head_json":{"title":"Canto Coral Catalonia - 2007 - Associa\u00e7\u00e3o Cultural Catalonia","robots":{"index":"index","follow":"follow","max-snippet":"max-snippet:-1","max-image-preview":"max-image-preview:large","max-video-preview":"max-video-preview:-1"},"canonical":"https:\/\/catalonia.com.br\/ca\/canto-coral-catalonia\/","og_locale":"ca_ES","og_type":"article","og_title":"Canto Coral Catalonia - 2007 - Associa\u00e7\u00e3o Cultural Catalonia","og_description":"A Associa\u00e7\u00e3o Cultural Catalonia, com o prop\u00f3sito de divulgar o rico repert\u00f3rio de can\u00e7\u00f5es tradicionais catal\u00e3s, decidiu incluir em suas atividades a forma\u00e7\u00e3o de um grupo coral. Apesar de darmos \u00eanfase a esta modalidade, tamb\u00e9m s\u00e3o interpretadas pe\u00e7as cl\u00e1ssicas e populares em outras l\u00ednguas como o castelhano, o italiano e logicamente o portugu\u00eas. Desta forma,","og_url":"https:\/\/catalonia.com.br\/ca\/canto-coral-catalonia\/","og_site_name":"Associa\u00e7\u00e3o Cultural Catalonia","article_modified_time":"2023-07-23T02:23:17+00:00","og_image":[{"width":542,"height":290,"url":"https:\/\/catalonia.com.br\/wp-content\/uploads\/2023\/07\/Canto-Coral-Catalonia.png","type":"image\/png"}],"twitter_card":"summary_large_image","twitter_misc":{"Temps estimat de lectura":"3 minuts"},"schema":{"@context":"https:\/\/schema.org","@graph":[{"@type":"WebPage","@id":"https:\/\/catalonia.com.br\/canto-coral-catalonia\/","url":"https:\/\/catalonia.com.br\/canto-coral-catalonia\/","name":"Canto Coral Catalonia - 2007 - Associa\u00e7\u00e3o Cultural Catalonia","isPartOf":{"@id":"https:\/\/catalonia.com.br\/#website"},"primaryImageOfPage":{"@id":"https:\/\/catalonia.com.br\/canto-coral-catalonia\/#primaryimage"},"image":{"@id":"https:\/\/catalonia.com.br\/canto-coral-catalonia\/#primaryimage"},"thumbnailUrl":"https:\/\/catalonia.com.br\/wp-content\/uploads\/2023\/07\/Canto-Coral-Catalonia.png","datePublished":"2023-07-23T02:22:44+00:00","dateModified":"2023-07-23T02:23:17+00:00","breadcrumb":{"@id":"https:\/\/catalonia.com.br\/canto-coral-catalonia\/#breadcrumb"},"inLanguage":"ca","potentialAction":[{"@type":"ReadAction","target":["https:\/\/catalonia.com.br\/canto-coral-catalonia\/"]}]},{"@type":"ImageObject","inLanguage":"ca","@id":"https:\/\/catalonia.com.br\/canto-coral-catalonia\/#primaryimage","url":"https:\/\/catalonia.com.br\/wp-content\/uploads\/2023\/07\/Canto-Coral-Catalonia.png","contentUrl":"https:\/\/catalonia.com.br\/wp-content\/uploads\/2023\/07\/Canto-Coral-Catalonia.png","width":542,"height":290},{"@type":"BreadcrumbList","@id":"https:\/\/catalonia.com.br\/canto-coral-catalonia\/#breadcrumb","itemListElement":[{"@type":"ListItem","position":1,"name":"In\u00edcio","item":"https:\/\/catalonia.com.br\/"},{"@type":"ListItem","position":2,"name":"Canto Coral Catalonia &#8211; 2007"}]},{"@type":"WebSite","@id":"https:\/\/catalonia.com.br\/#website","url":"https:\/\/catalonia.com.br\/","name":"l'Associaci\u00f3 Cultural Catalonia","description":"","publisher":{"@id":"https:\/\/catalonia.com.br\/#organization"},"potentialAction":[{"@type":"SearchAction","target":{"@type":"EntryPoint","urlTemplate":"https:\/\/catalonia.com.br\/?s={search_term_string}"},"query-input":{"@type":"PropertyValueSpecification","valueRequired":true,"valueName":"search_term_string"}}],"inLanguage":"ca"},{"@type":"Organization","@id":"https:\/\/catalonia.com.br\/#organization","name":"l'Associaci\u00f3 Cultural Catalonia","url":"https:\/\/catalonia.com.br\/","logo":{"@type":"ImageObject","inLanguage":"ca","@id":"https:\/\/catalonia.com.br\/#\/schema\/logo\/image\/","url":"https:\/\/catalonia.com.br\/wp-content\/uploads\/2023\/06\/cropped-cropped-cropped-Catalonia-logotip-renovat-2.png","contentUrl":"https:\/\/catalonia.com.br\/wp-content\/uploads\/2023\/06\/cropped-cropped-cropped-Catalonia-logotip-renovat-2.png","width":313,"height":320,"caption":"Associa\u00e7\u00e3o Cultural Catalonia"},"image":{"@id":"https:\/\/catalonia.com.br\/#\/schema\/logo\/image\/"}}]}},"uagb_featured_image_src":{"full":["https:\/\/catalonia.com.br\/wp-content\/uploads\/2023\/07\/Canto-Coral-Catalonia.png",542,290,false],"thumbnail":["https:\/\/catalonia.com.br\/wp-content\/uploads\/2023\/07\/Canto-Coral-Catalonia.png",150,80,false],"medium":["https:\/\/catalonia.com.br\/wp-content\/uploads\/2023\/07\/Canto-Coral-Catalonia.png",300,161,false],"medium_large":["https:\/\/catalonia.com.br\/wp-content\/uploads\/2023\/07\/Canto-Coral-Catalonia.png",542,290,false],"large":["https:\/\/catalonia.com.br\/wp-content\/uploads\/2023\/07\/Canto-Coral-Catalonia.png",542,290,false],"1536x1536":["https:\/\/catalonia.com.br\/wp-content\/uploads\/2023\/07\/Canto-Coral-Catalonia.png",542,290,false],"2048x2048":["https:\/\/catalonia.com.br\/wp-content\/uploads\/2023\/07\/Canto-Coral-Catalonia.png",542,290,false],"trp-custom-language-flag":["https:\/\/catalonia.com.br\/wp-content\/uploads\/2023\/07\/Canto-Coral-Catalonia.png",18,10,false],"woocommerce_thumbnail":["https:\/\/catalonia.com.br\/wp-content\/uploads\/2023\/07\/Canto-Coral-Catalonia.png",300,161,false],"woocommerce_single":["https:\/\/catalonia.com.br\/wp-content\/uploads\/2023\/07\/Canto-Coral-Catalonia.png",542,290,false],"woocommerce_gallery_thumbnail":["https:\/\/catalonia.com.br\/wp-content\/uploads\/2023\/07\/Canto-Coral-Catalonia-100x100.png",100,100,true]},"uagb_author_info":{"display_name":"Associa\u00e7\u00e3o Cultural Catalonia","author_link":"https:\/\/catalonia.com.br\/ca\/author\/admincat\/"},"uagb_comment_info":0,"uagb_excerpt":"A Associa\u00e7\u00e3o Cultural Catalonia, com o prop\u00f3sito de divulgar o rico repert\u00f3rio de can\u00e7\u00f5es tradicionais catal\u00e3s, decidiu incluir em suas atividades a forma\u00e7\u00e3o de um grupo coral. Apesar de darmos \u00eanfase a esta modalidade, tamb\u00e9m s\u00e3o interpretadas pe\u00e7as cl\u00e1ssicas e populares em outras l\u00ednguas como o castelhano, o italiano e logicamente o portugu\u00eas. Desta forma,","_links":{"self":[{"href":"https:\/\/catalonia.com.br\/ca\/wp-json\/wp\/v2\/pages\/3331","targetHints":{"allow":["GET"]}}],"collection":[{"href":"https:\/\/catalonia.com.br\/ca\/wp-json\/wp\/v2\/pages"}],"about":[{"href":"https:\/\/catalonia.com.br\/ca\/wp-json\/wp\/v2\/types\/page"}],"author":[{"embeddable":true,"href":"https:\/\/catalonia.com.br\/ca\/wp-json\/wp\/v2\/users\/1"}],"replies":[{"embeddable":true,"href":"https:\/\/catalonia.com.br\/ca\/wp-json\/wp\/v2\/comments?post=3331"}],"version-history":[{"count":0,"href":"https:\/\/catalonia.com.br\/ca\/wp-json\/wp\/v2\/pages\/3331\/revisions"}],"wp:featuredmedia":[{"embeddable":true,"href":"https:\/\/catalonia.com.br\/ca\/wp-json\/wp\/v2\/media\/3268"}],"wp:attachment":[{"href":"https:\/\/catalonia.com.br\/ca\/wp-json\/wp\/v2\/media?parent=3331"}],"curies":[{"name":"wp","href":"https:\/\/api.w.org\/{rel}","templated":true}]}}