{"id":3325,"date":"2023-07-22T23:17:55","date_gmt":"2023-07-23T02:17:55","guid":{"rendered":"https:\/\/catalonia.com.br\/?page_id=3325"},"modified":"2023-07-22T23:17:55","modified_gmt":"2023-07-23T02:17:55","slug":"concerto-de-natal-catalonia-2005","status":"publish","type":"page","link":"https:\/\/catalonia.com.br\/ca\/concerto-de-natal-catalonia-2005\/","title":{"rendered":"Concerto de Natal Catalonia &#8211; 2005"},"content":{"rendered":"<p style=\"text-align: justify;\">No dia 13 de dezembro, a partir das 20h, o Catalonia apresentar\u00e1 o tradicional Concerto de Natal. Desta vez ser\u00e1 no Memorial da Am\u00e9rica Latina &#8211; Audit\u00f3rio Sim\u00f3n Bol\u00edvar &#8211; apresentando o tenor catal\u00e3o Jor di Quelart, a pianista Karin Uzun, ambos do elenco do Teatro Municipal de S\u00e3o Paulo , tendo como acompanhamento a Camerata Ars Musicalis, da cidade de Campinas, sob a reg\u00eancia do maestro Hermes Coelho.<\/p>\n<p style=\"text-align: justify;\">Ser\u00e3o apresentadas pe\u00e7as do cancioneiro da Catalunha, populares e natalinas e tamb\u00e9m obras cl\u00e1ssicas da \u00e9poca do Natal. A entrada \u00e9 gr\u00e1tis.<\/p>\n<p style=\"text-align: center;\"><img fetchpriority=\"high\" decoding=\"async\" class=\"wp-image-3327 aligncenter\" src=\"https:\/\/catalonia.com.br\/wp-content\/uploads\/2023\/07\/Concerto-de-Natal-Catalonia-2005-cartaz.png\" alt=\"\" width=\"482\" height=\"671\" \/><\/p>\n<p style=\"text-align: center;\"><img decoding=\"async\" class=\"wp-image-3326 aligncenter\" src=\"https:\/\/catalonia.com.br\/wp-content\/uploads\/2023\/07\/Concerto-de-Natal-Catalonia-2005-programa.png\" alt=\"\" width=\"547\" height=\"575\" \/><\/p>\n<p>&nbsp;<\/p>\n<p style=\"text-align: center;\">","protected":false},"excerpt":{"rendered":"<p>No dia 13 de dezembro, a partir das 20h, o Catalonia apresentar\u00e1 o tradicional Concerto de Natal. Desta vez ser\u00e1 no Memorial da Am\u00e9rica Latina &#8211; Audit\u00f3rio Sim\u00f3n Bol\u00edvar &#8211; apresentando o tenor catal\u00e3o Jor di Quelart, a pianista Karin Uzun, ambos do elenco do Teatro Municipal de S\u00e3o Paulo , tendo como acompanhamento a<\/p>","protected":false},"author":1,"featured_media":3279,"parent":0,"menu_order":0,"comment_status":"closed","ping_status":"closed","template":"","meta":{"_uag_custom_page_level_css":"","order-bump-settings":[],"_wpfnl_thankyou_order_overview":"on","_wpfnl_thankyou_order_details":"on","_wpfnl_thankyou_billing_details":"on","_wpfnl_thankyou_shipping_details":"on","site-sidebar-layout":"default","site-content-layout":"default","ast-site-content-layout":"","site-content-style":"default","site-sidebar-style":"default","ast-global-header-display":"","ast-banner-title-visibility":"","ast-main-header-display":"","ast-hfb-above-header-display":"","ast-hfb-below-header-display":"","ast-hfb-mobile-header-display":"","site-post-title":"","ast-breadcrumbs-content":"","ast-featured-img":"","footer-sml-layout":"","theme-transparent-header-meta":"default","adv-header-id-meta":"","stick-header-meta":"","header-above-stick-meta":"","header-main-stick-meta":"","header-below-stick-meta":"","astra-migrate-meta-layouts":"default","ast-page-background-enabled":"default","ast-page-background-meta":{"desktop":{"background-color":"","background-image":"","background-repeat":"repeat","background-position":"center center","background-size":"auto","background-attachment":"scroll","background-type":"","background-media":"","overlay-type":"","overlay-color":"","overlay-opacity":"","overlay-gradient":""},"tablet":{"background-color":"","background-image":"","background-repeat":"repeat","background-position":"center center","background-size":"auto","background-attachment":"scroll","background-type":"","background-media":"","overlay-type":"","overlay-color":"","overlay-opacity":"","overlay-gradient":""},"mobile":{"background-color":"","background-image":"","background-repeat":"repeat","background-position":"center center","background-size":"auto","background-attachment":"scroll","background-type":"","background-media":"","overlay-type":"","overlay-color":"","overlay-opacity":"","overlay-gradient":""}},"ast-content-background-meta":{"desktop":{"background-color":"var(--ast-global-color-5)","background-image":"","background-repeat":"repeat","background-position":"center center","background-size":"auto","background-attachment":"scroll","background-type":"","background-media":"","overlay-type":"","overlay-color":"","overlay-opacity":"","overlay-gradient":""},"tablet":{"background-color":"var(--ast-global-color-5)","background-image":"","background-repeat":"repeat","background-position":"center center","background-size":"auto","background-attachment":"scroll","background-type":"","background-media":"","overlay-type":"","overlay-color":"","overlay-opacity":"","overlay-gradient":""},"mobile":{"background-color":"var(--ast-global-color-5)","background-image":"","background-repeat":"repeat","background-position":"center center","background-size":"auto","background-attachment":"scroll","background-type":"","background-media":"","overlay-type":"","overlay-color":"","overlay-opacity":"","overlay-gradient":""}},"footnotes":""},"class_list":["post-3325","page","type-page","status-publish","has-post-thumbnail","hentry"],"yoast_head":"<!-- This site is optimized with the Yoast SEO plugin v27.2 - https:\/\/yoast.com\/product\/yoast-seo-wordpress\/ -->\n<title>Concerto de Natal Catalonia - 2005 - Associa\u00e7\u00e3o Cultural Catalonia<\/title>\n<meta name=\"robots\" content=\"index, follow, max-snippet:-1, max-image-preview:large, max-video-preview:-1\" \/>\n<link rel=\"canonical\" href=\"https:\/\/catalonia.com.br\/ca\/concerto-de-natal-catalonia-2005\/\" \/>\n<meta property=\"og:locale\" content=\"ca_ES\" \/>\n<meta property=\"og:type\" content=\"article\" \/>\n<meta property=\"og:title\" content=\"Concerto de Natal Catalonia - 2005 - Associa\u00e7\u00e3o Cultural Catalonia\" \/>\n<meta property=\"og:description\" content=\"No dia 13 de dezembro, a partir das 20h, o Catalonia apresentar\u00e1 o tradicional Concerto de Natal. Desta vez ser\u00e1 no Memorial da Am\u00e9rica Latina &#8211; Audit\u00f3rio Sim\u00f3n Bol\u00edvar &#8211; apresentando o tenor catal\u00e3o Jor di Quelart, a pianista Karin Uzun, ambos do elenco do Teatro Municipal de S\u00e3o Paulo , tendo como acompanhamento a\" \/>\n<meta property=\"og:url\" content=\"https:\/\/catalonia.com.br\/ca\/concerto-de-natal-catalonia-2005\/\" \/>\n<meta property=\"og:site_name\" content=\"Associa\u00e7\u00e3o Cultural Catalonia\" \/>\n<meta property=\"og:image\" content=\"https:\/\/catalonia.com.br\/wp-content\/uploads\/2023\/07\/Concerto-de-Natal-Catalonia-2005.png\" \/>\n\t<meta property=\"og:image:width\" content=\"923\" \/>\n\t<meta property=\"og:image:height\" content=\"421\" \/>\n\t<meta property=\"og:image:type\" content=\"image\/png\" \/>\n<meta name=\"twitter:card\" content=\"summary_large_image\" \/>\n<meta name=\"twitter:label1\" content=\"Temps estimat de lectura\" \/>\n\t<meta name=\"twitter:data1\" content=\"1 minut\" \/>\n<script type=\"application\/ld+json\" class=\"yoast-schema-graph\">{\"@context\":\"https:\/\/schema.org\",\"@graph\":[{\"@type\":\"WebPage\",\"@id\":\"https:\/\/catalonia.com.br\/concerto-de-natal-catalonia-2005\/\",\"url\":\"https:\/\/catalonia.com.br\/concerto-de-natal-catalonia-2005\/\",\"name\":\"Concerto de Natal Catalonia - 2005 - Associa\u00e7\u00e3o Cultural Catalonia\",\"isPartOf\":{\"@id\":\"https:\/\/catalonia.com.br\/#website\"},\"primaryImageOfPage\":{\"@id\":\"https:\/\/catalonia.com.br\/concerto-de-natal-catalonia-2005\/#primaryimage\"},\"image\":{\"@id\":\"https:\/\/catalonia.com.br\/concerto-de-natal-catalonia-2005\/#primaryimage\"},\"thumbnailUrl\":\"https:\/\/catalonia.com.br\/wp-content\/uploads\/2023\/07\/Concerto-de-Natal-Catalonia-2005.png\",\"datePublished\":\"2023-07-23T02:17:55+00:00\",\"breadcrumb\":{\"@id\":\"https:\/\/catalonia.com.br\/concerto-de-natal-catalonia-2005\/#breadcrumb\"},\"inLanguage\":\"ca\",\"potentialAction\":[{\"@type\":\"ReadAction\",\"target\":[\"https:\/\/catalonia.com.br\/concerto-de-natal-catalonia-2005\/\"]}]},{\"@type\":\"ImageObject\",\"inLanguage\":\"ca\",\"@id\":\"https:\/\/catalonia.com.br\/concerto-de-natal-catalonia-2005\/#primaryimage\",\"url\":\"https:\/\/catalonia.com.br\/wp-content\/uploads\/2023\/07\/Concerto-de-Natal-Catalonia-2005.png\",\"contentUrl\":\"https:\/\/catalonia.com.br\/wp-content\/uploads\/2023\/07\/Concerto-de-Natal-Catalonia-2005.png\",\"width\":923,\"height\":421},{\"@type\":\"BreadcrumbList\",\"@id\":\"https:\/\/catalonia.com.br\/concerto-de-natal-catalonia-2005\/#breadcrumb\",\"itemListElement\":[{\"@type\":\"ListItem\",\"position\":1,\"name\":\"In\u00edcio\",\"item\":\"https:\/\/catalonia.com.br\/\"},{\"@type\":\"ListItem\",\"position\":2,\"name\":\"Concerto de Natal Catalonia &#8211; 2005\"}]},{\"@type\":\"WebSite\",\"@id\":\"https:\/\/catalonia.com.br\/#website\",\"url\":\"https:\/\/catalonia.com.br\/\",\"name\":\"Associa\u00e7\u00e3o Cultural Catalonia\",\"description\":\"\",\"publisher\":{\"@id\":\"https:\/\/catalonia.com.br\/#organization\"},\"potentialAction\":[{\"@type\":\"SearchAction\",\"target\":{\"@type\":\"EntryPoint\",\"urlTemplate\":\"https:\/\/catalonia.com.br\/?s={search_term_string}\"},\"query-input\":{\"@type\":\"PropertyValueSpecification\",\"valueRequired\":true,\"valueName\":\"search_term_string\"}}],\"inLanguage\":\"ca\"},{\"@type\":\"Organization\",\"@id\":\"https:\/\/catalonia.com.br\/#organization\",\"name\":\"Associa\u00e7\u00e3o Cultural Catalonia\",\"url\":\"https:\/\/catalonia.com.br\/\",\"logo\":{\"@type\":\"ImageObject\",\"inLanguage\":\"ca\",\"@id\":\"https:\/\/catalonia.com.br\/#\/schema\/logo\/image\/\",\"url\":\"https:\/\/catalonia.com.br\/wp-content\/uploads\/2023\/06\/cropped-cropped-cropped-Catalonia-logotip-renovat-2.png\",\"contentUrl\":\"https:\/\/catalonia.com.br\/wp-content\/uploads\/2023\/06\/cropped-cropped-cropped-Catalonia-logotip-renovat-2.png\",\"width\":313,\"height\":320,\"caption\":\"Associa\u00e7\u00e3o Cultural Catalonia\"},\"image\":{\"@id\":\"https:\/\/catalonia.com.br\/#\/schema\/logo\/image\/\"}}]}<\/script>\n<!-- \/ Yoast SEO plugin. -->","yoast_head_json":{"title":"Concerto de Natal Catalonia - 2005 - Associa\u00e7\u00e3o Cultural Catalonia","robots":{"index":"index","follow":"follow","max-snippet":"max-snippet:-1","max-image-preview":"max-image-preview:large","max-video-preview":"max-video-preview:-1"},"canonical":"https:\/\/catalonia.com.br\/ca\/concerto-de-natal-catalonia-2005\/","og_locale":"ca_ES","og_type":"article","og_title":"Concerto de Natal Catalonia - 2005 - Associa\u00e7\u00e3o Cultural Catalonia","og_description":"No dia 13 de dezembro, a partir das 20h, o Catalonia apresentar\u00e1 o tradicional Concerto de Natal. Desta vez ser\u00e1 no Memorial da Am\u00e9rica Latina &#8211; Audit\u00f3rio Sim\u00f3n Bol\u00edvar &#8211; apresentando o tenor catal\u00e3o Jor di Quelart, a pianista Karin Uzun, ambos do elenco do Teatro Municipal de S\u00e3o Paulo , tendo como acompanhamento a","og_url":"https:\/\/catalonia.com.br\/ca\/concerto-de-natal-catalonia-2005\/","og_site_name":"Associa\u00e7\u00e3o Cultural Catalonia","og_image":[{"width":923,"height":421,"url":"https:\/\/catalonia.com.br\/wp-content\/uploads\/2023\/07\/Concerto-de-Natal-Catalonia-2005.png","type":"image\/png"}],"twitter_card":"summary_large_image","twitter_misc":{"Temps estimat de lectura":"1 minut"},"schema":{"@context":"https:\/\/schema.org","@graph":[{"@type":"WebPage","@id":"https:\/\/catalonia.com.br\/concerto-de-natal-catalonia-2005\/","url":"https:\/\/catalonia.com.br\/concerto-de-natal-catalonia-2005\/","name":"Concerto de Natal Catalonia - 2005 - Associa\u00e7\u00e3o Cultural Catalonia","isPartOf":{"@id":"https:\/\/catalonia.com.br\/#website"},"primaryImageOfPage":{"@id":"https:\/\/catalonia.com.br\/concerto-de-natal-catalonia-2005\/#primaryimage"},"image":{"@id":"https:\/\/catalonia.com.br\/concerto-de-natal-catalonia-2005\/#primaryimage"},"thumbnailUrl":"https:\/\/catalonia.com.br\/wp-content\/uploads\/2023\/07\/Concerto-de-Natal-Catalonia-2005.png","datePublished":"2023-07-23T02:17:55+00:00","breadcrumb":{"@id":"https:\/\/catalonia.com.br\/concerto-de-natal-catalonia-2005\/#breadcrumb"},"inLanguage":"ca","potentialAction":[{"@type":"ReadAction","target":["https:\/\/catalonia.com.br\/concerto-de-natal-catalonia-2005\/"]}]},{"@type":"ImageObject","inLanguage":"ca","@id":"https:\/\/catalonia.com.br\/concerto-de-natal-catalonia-2005\/#primaryimage","url":"https:\/\/catalonia.com.br\/wp-content\/uploads\/2023\/07\/Concerto-de-Natal-Catalonia-2005.png","contentUrl":"https:\/\/catalonia.com.br\/wp-content\/uploads\/2023\/07\/Concerto-de-Natal-Catalonia-2005.png","width":923,"height":421},{"@type":"BreadcrumbList","@id":"https:\/\/catalonia.com.br\/concerto-de-natal-catalonia-2005\/#breadcrumb","itemListElement":[{"@type":"ListItem","position":1,"name":"In\u00edcio","item":"https:\/\/catalonia.com.br\/"},{"@type":"ListItem","position":2,"name":"Concerto de Natal Catalonia &#8211; 2005"}]},{"@type":"WebSite","@id":"https:\/\/catalonia.com.br\/#website","url":"https:\/\/catalonia.com.br\/","name":"l'Associaci\u00f3 Cultural Catalonia","description":"","publisher":{"@id":"https:\/\/catalonia.com.br\/#organization"},"potentialAction":[{"@type":"SearchAction","target":{"@type":"EntryPoint","urlTemplate":"https:\/\/catalonia.com.br\/?s={search_term_string}"},"query-input":{"@type":"PropertyValueSpecification","valueRequired":true,"valueName":"search_term_string"}}],"inLanguage":"ca"},{"@type":"Organization","@id":"https:\/\/catalonia.com.br\/#organization","name":"l'Associaci\u00f3 Cultural Catalonia","url":"https:\/\/catalonia.com.br\/","logo":{"@type":"ImageObject","inLanguage":"ca","@id":"https:\/\/catalonia.com.br\/#\/schema\/logo\/image\/","url":"https:\/\/catalonia.com.br\/wp-content\/uploads\/2023\/06\/cropped-cropped-cropped-Catalonia-logotip-renovat-2.png","contentUrl":"https:\/\/catalonia.com.br\/wp-content\/uploads\/2023\/06\/cropped-cropped-cropped-Catalonia-logotip-renovat-2.png","width":313,"height":320,"caption":"Associa\u00e7\u00e3o Cultural Catalonia"},"image":{"@id":"https:\/\/catalonia.com.br\/#\/schema\/logo\/image\/"}}]}},"uagb_featured_image_src":{"full":["https:\/\/catalonia.com.br\/wp-content\/uploads\/2023\/07\/Concerto-de-Natal-Catalonia-2005.png",923,421,false],"thumbnail":["https:\/\/catalonia.com.br\/wp-content\/uploads\/2023\/07\/Concerto-de-Natal-Catalonia-2005.png",150,68,false],"medium":["https:\/\/catalonia.com.br\/wp-content\/uploads\/2023\/07\/Concerto-de-Natal-Catalonia-2005.png",300,137,false],"medium_large":["https:\/\/catalonia.com.br\/wp-content\/uploads\/2023\/07\/Concerto-de-Natal-Catalonia-2005.png",768,350,false],"large":["https:\/\/catalonia.com.br\/wp-content\/uploads\/2023\/07\/Concerto-de-Natal-Catalonia-2005.png",923,421,false],"1536x1536":["https:\/\/catalonia.com.br\/wp-content\/uploads\/2023\/07\/Concerto-de-Natal-Catalonia-2005.png",923,421,false],"2048x2048":["https:\/\/catalonia.com.br\/wp-content\/uploads\/2023\/07\/Concerto-de-Natal-Catalonia-2005.png",923,421,false],"trp-custom-language-flag":["https:\/\/catalonia.com.br\/wp-content\/uploads\/2023\/07\/Concerto-de-Natal-Catalonia-2005.png",18,8,false],"woocommerce_thumbnail":["https:\/\/catalonia.com.br\/wp-content\/uploads\/2023\/07\/Concerto-de-Natal-Catalonia-2005-300x300.png",300,300,true],"woocommerce_single":["https:\/\/catalonia.com.br\/wp-content\/uploads\/2023\/07\/Concerto-de-Natal-Catalonia-2005.png",600,274,false],"woocommerce_gallery_thumbnail":["https:\/\/catalonia.com.br\/wp-content\/uploads\/2023\/07\/Concerto-de-Natal-Catalonia-2005-100x100.png",100,100,true]},"uagb_author_info":{"display_name":"Associa\u00e7\u00e3o Cultural Catalonia","author_link":"https:\/\/catalonia.com.br\/ca\/author\/admincat\/"},"uagb_comment_info":0,"uagb_excerpt":"No dia 13 de dezembro, a partir das 20h, o Catalonia apresentar\u00e1 o tradicional Concerto de Natal. Desta vez ser\u00e1 no Memorial da Am\u00e9rica Latina &#8211; Audit\u00f3rio Sim\u00f3n Bol\u00edvar &#8211; apresentando o tenor catal\u00e3o Jor di Quelart, a pianista Karin Uzun, ambos do elenco do Teatro Municipal de S\u00e3o Paulo , tendo como acompanhamento a","_links":{"self":[{"href":"https:\/\/catalonia.com.br\/ca\/wp-json\/wp\/v2\/pages\/3325","targetHints":{"allow":["GET"]}}],"collection":[{"href":"https:\/\/catalonia.com.br\/ca\/wp-json\/wp\/v2\/pages"}],"about":[{"href":"https:\/\/catalonia.com.br\/ca\/wp-json\/wp\/v2\/types\/page"}],"author":[{"embeddable":true,"href":"https:\/\/catalonia.com.br\/ca\/wp-json\/wp\/v2\/users\/1"}],"replies":[{"embeddable":true,"href":"https:\/\/catalonia.com.br\/ca\/wp-json\/wp\/v2\/comments?post=3325"}],"version-history":[{"count":0,"href":"https:\/\/catalonia.com.br\/ca\/wp-json\/wp\/v2\/pages\/3325\/revisions"}],"wp:featuredmedia":[{"embeddable":true,"href":"https:\/\/catalonia.com.br\/ca\/wp-json\/wp\/v2\/media\/3279"}],"wp:attachment":[{"href":"https:\/\/catalonia.com.br\/ca\/wp-json\/wp\/v2\/media?parent=3325"}],"curies":[{"name":"wp","href":"https:\/\/api.w.org\/{rel}","templated":true}]}}