{"id":3320,"date":"2023-07-22T23:11:28","date_gmt":"2023-07-23T02:11:28","guid":{"rendered":"https:\/\/catalonia.com.br\/?page_id=3320"},"modified":"2023-07-27T20:20:31","modified_gmt":"2023-07-27T23:20:31","slug":"concerto-lirico-de-musica-catala","status":"publish","type":"page","link":"https:\/\/catalonia.com.br\/ca\/concerto-lirico-de-musica-catala\/","title":{"rendered":"Concerto l\u00edrico de m\u00fasica catal\u00e3"},"content":{"rendered":"<div data-elementor-type=\"wp-page\" data-elementor-id=\"3320\" class=\"elementor elementor-3320\">\n\t\t\t\t\t\t<section class=\"elementor-section elementor-top-section elementor-element elementor-element-13941603 elementor-section-boxed elementor-section-height-default elementor-section-height-default wpr-particle-no wpr-jarallax-no wpr-parallax-no wpr-sticky-section-no\" data-id=\"13941603\" data-element_type=\"section\" data-e-type=\"section\">\n\t\t\t\t\t\t<div class=\"elementor-container elementor-column-gap-default\">\n\t\t\t\t\t<div class=\"elementor-column elementor-col-100 elementor-top-column elementor-element elementor-element-75779deb\" data-id=\"75779deb\" data-element_type=\"column\" data-e-type=\"column\">\n\t\t\t<div class=\"elementor-widget-wrap elementor-element-populated\">\n\t\t\t\t\t\t<div class=\"elementor-element elementor-element-33bdcda4 elementor-widget elementor-widget-text-editor\" data-id=\"33bdcda4\" data-element_type=\"widget\" data-e-type=\"widget\" data-widget_type=\"text-editor.default\">\n\t\t\t\t<div class=\"elementor-widget-container\">\n\t\t\t\t\t\t\t\t\tNa sexta-feira, dia 17 de dezembro, o CATALONIA apresentou na Igreja do Beato Anchieta, P\u00e1teo do Collegio, uma audi\u00e7\u00e3o de Canto L\u00edrico com pe\u00e7as do cancioneiro popular catal\u00e3o, incluindo can\u00e7\u00f5es de Natal e trechos de Zarzuelas catal\u00e3s e espanholas.\r\n\r\nA fant\u00e1stica interpreta\u00e7\u00e3o ficou a cargo do tenor Jordi Quelart, da soprano M\u00f4nica Marangon e da pianista Karin Uzun. Foi um espet\u00e1culo emocionante que empolgou todos os presentes, principalmente aqueles que, por terem seus la\u00e7os ainda vinculados \u00e0 terra natal, passaram por momentos de rara beleza.\r\n<p style=\"text-align: center;\"><img fetchpriority=\"high\" decoding=\"async\" class=\"alignnone wp-image-3322\" src=\"https:\/\/catalonia.com.br\/wp-content\/uploads\/2023\/07\/Concerto-lirico-de-musica-catala-2004-programa.png\" alt=\"\" width=\"731\" height=\"520\" \/><\/p>\t\t\t\t\t\t\t\t<\/div>\n\t\t\t\t<\/div>\n\t\t\t\t\t<\/div>\n\t\t<\/div>\n\t\t\t\t\t<\/div>\n\t\t<\/section>\n\t\t\t\t<section class=\"elementor-section elementor-top-section elementor-element elementor-element-c443cee elementor-section-boxed elementor-section-height-default elementor-section-height-default wpr-particle-no wpr-jarallax-no wpr-parallax-no wpr-sticky-section-no\" data-id=\"c443cee\" data-element_type=\"section\" data-e-type=\"section\">\n\t\t\t\t\t\t<div class=\"elementor-container elementor-column-gap-default\">\n\t\t\t\t\t<div class=\"elementor-column elementor-col-100 elementor-top-column elementor-element elementor-element-4999a93\" data-id=\"4999a93\" data-element_type=\"column\" data-e-type=\"column\">\n\t\t\t<div class=\"elementor-widget-wrap elementor-element-populated\">\n\t\t\t\t\t\t<div class=\"elementor-element elementor-element-fd4fcb6 elementor-widget elementor-widget-shortcode\" data-id=\"fd4fcb6\" data-element_type=\"widget\" data-e-type=\"widget\" data-widget_type=\"shortcode.default\">\n\t\t\t\t<div class=\"elementor-widget-container\">\n\t\t\t\t\t\t\t<div class=\"elementor-shortcode\"><\/div>\n\t\t\t\t\t\t<\/div>\n\t\t\t\t<\/div>\n\t\t\t\t\t<\/div>\n\t\t<\/div>\n\t\t\t\t\t<\/div>\n\t\t<\/section>\n\t\t\t\t<\/div>","protected":false},"excerpt":{"rendered":"<p>Na sexta-feira, dia 17 de dezembro, o CATALONIA apresentou na Igreja do Beato Anchieta, P\u00e1teo do Collegio, uma audi\u00e7\u00e3o de Canto L\u00edrico com pe\u00e7as do cancioneiro popular catal\u00e3o, incluindo can\u00e7\u00f5es de Natal e trechos de Zarzuelas catal\u00e3s e espanholas. A fant\u00e1stica interpreta\u00e7\u00e3o ficou a cargo do tenor Jordi Quelart, da soprano M\u00f4nica Marangon e da<\/p>","protected":false},"author":1,"featured_media":3300,"parent":0,"menu_order":0,"comment_status":"closed","ping_status":"closed","template":"","meta":{"_uag_custom_page_level_css":"","order-bump-settings":[],"_wpfnl_thankyou_order_overview":"on","_wpfnl_thankyou_order_details":"on","_wpfnl_thankyou_billing_details":"on","_wpfnl_thankyou_shipping_details":"on","site-sidebar-layout":"default","site-content-layout":"default","ast-site-content-layout":"","site-content-style":"default","site-sidebar-style":"default","ast-global-header-display":"","ast-banner-title-visibility":"","ast-main-header-display":"","ast-hfb-above-header-display":"","ast-hfb-below-header-display":"","ast-hfb-mobile-header-display":"","site-post-title":"","ast-breadcrumbs-content":"","ast-featured-img":"","footer-sml-layout":"","theme-transparent-header-meta":"default","adv-header-id-meta":"","stick-header-meta":"","header-above-stick-meta":"","header-main-stick-meta":"","header-below-stick-meta":"","astra-migrate-meta-layouts":"default","ast-page-background-enabled":"default","ast-page-background-meta":{"desktop":{"background-color":"","background-image":"","background-repeat":"repeat","background-position":"center center","background-size":"auto","background-attachment":"scroll","background-type":"","background-media":"","overlay-type":"","overlay-color":"","overlay-opacity":"","overlay-gradient":""},"tablet":{"background-color":"","background-image":"","background-repeat":"repeat","background-position":"center center","background-size":"auto","background-attachment":"scroll","background-type":"","background-media":"","overlay-type":"","overlay-color":"","overlay-opacity":"","overlay-gradient":""},"mobile":{"background-color":"","background-image":"","background-repeat":"repeat","background-position":"center center","background-size":"auto","background-attachment":"scroll","background-type":"","background-media":"","overlay-type":"","overlay-color":"","overlay-opacity":"","overlay-gradient":""}},"ast-content-background-meta":{"desktop":{"background-color":"var(--ast-global-color-5)","background-image":"","background-repeat":"repeat","background-position":"center center","background-size":"auto","background-attachment":"scroll","background-type":"","background-media":"","overlay-type":"","overlay-color":"","overlay-opacity":"","overlay-gradient":""},"tablet":{"background-color":"var(--ast-global-color-5)","background-image":"","background-repeat":"repeat","background-position":"center center","background-size":"auto","background-attachment":"scroll","background-type":"","background-media":"","overlay-type":"","overlay-color":"","overlay-opacity":"","overlay-gradient":""},"mobile":{"background-color":"var(--ast-global-color-5)","background-image":"","background-repeat":"repeat","background-position":"center center","background-size":"auto","background-attachment":"scroll","background-type":"","background-media":"","overlay-type":"","overlay-color":"","overlay-opacity":"","overlay-gradient":""}},"footnotes":""},"class_list":["post-3320","page","type-page","status-publish","has-post-thumbnail","hentry"],"yoast_head":"<!-- This site is optimized with the Yoast SEO plugin v27.2 - https:\/\/yoast.com\/product\/yoast-seo-wordpress\/ -->\n<title>Concerto l\u00edrico de m\u00fasica catal\u00e3 - Associa\u00e7\u00e3o Cultural Catalonia<\/title>\n<meta name=\"robots\" content=\"index, follow, max-snippet:-1, max-image-preview:large, max-video-preview:-1\" \/>\n<link rel=\"canonical\" href=\"https:\/\/catalonia.com.br\/ca\/concerto-lirico-de-musica-catala\/\" \/>\n<meta property=\"og:locale\" content=\"ca_ES\" \/>\n<meta property=\"og:type\" content=\"article\" \/>\n<meta property=\"og:title\" content=\"Concerto l\u00edrico de m\u00fasica catal\u00e3 - Associa\u00e7\u00e3o Cultural Catalonia\" \/>\n<meta property=\"og:description\" content=\"Na sexta-feira, dia 17 de dezembro, o CATALONIA apresentou na Igreja do Beato Anchieta, P\u00e1teo do Collegio, uma audi\u00e7\u00e3o de Canto L\u00edrico com pe\u00e7as do cancioneiro popular catal\u00e3o, incluindo can\u00e7\u00f5es de Natal e trechos de Zarzuelas catal\u00e3s e espanholas. A fant\u00e1stica interpreta\u00e7\u00e3o ficou a cargo do tenor Jordi Quelart, da soprano M\u00f4nica Marangon e da\" \/>\n<meta property=\"og:url\" content=\"https:\/\/catalonia.com.br\/ca\/concerto-lirico-de-musica-catala\/\" \/>\n<meta property=\"og:site_name\" content=\"Associa\u00e7\u00e3o Cultural Catalonia\" \/>\n<meta property=\"article:modified_time\" content=\"2023-07-27T23:20:31+00:00\" \/>\n<meta property=\"og:image\" content=\"https:\/\/catalonia.com.br\/wp-content\/uploads\/2023\/07\/Concerto-lirico-de-musica-catala-2004.png\" \/>\n\t<meta property=\"og:image:width\" content=\"1369\" \/>\n\t<meta property=\"og:image:height\" content=\"793\" \/>\n\t<meta property=\"og:image:type\" content=\"image\/png\" \/>\n<meta name=\"twitter:card\" content=\"summary_large_image\" \/>\n<meta name=\"twitter:label1\" content=\"Temps estimat de lectura\" \/>\n\t<meta name=\"twitter:data1\" content=\"1 minut\" \/>\n<script type=\"application\/ld+json\" class=\"yoast-schema-graph\">{\"@context\":\"https:\/\/schema.org\",\"@graph\":[{\"@type\":\"WebPage\",\"@id\":\"https:\/\/catalonia.com.br\/concerto-lirico-de-musica-catala\/\",\"url\":\"https:\/\/catalonia.com.br\/concerto-lirico-de-musica-catala\/\",\"name\":\"Concerto l\u00edrico de m\u00fasica catal\u00e3 - Associa\u00e7\u00e3o Cultural Catalonia\",\"isPartOf\":{\"@id\":\"https:\/\/catalonia.com.br\/#website\"},\"primaryImageOfPage\":{\"@id\":\"https:\/\/catalonia.com.br\/concerto-lirico-de-musica-catala\/#primaryimage\"},\"image\":{\"@id\":\"https:\/\/catalonia.com.br\/concerto-lirico-de-musica-catala\/#primaryimage\"},\"thumbnailUrl\":\"https:\/\/catalonia.com.br\/wp-content\/uploads\/2023\/07\/Concerto-lirico-de-musica-catala-2004.png\",\"datePublished\":\"2023-07-23T02:11:28+00:00\",\"dateModified\":\"2023-07-27T23:20:31+00:00\",\"breadcrumb\":{\"@id\":\"https:\/\/catalonia.com.br\/concerto-lirico-de-musica-catala\/#breadcrumb\"},\"inLanguage\":\"ca\",\"potentialAction\":[{\"@type\":\"ReadAction\",\"target\":[\"https:\/\/catalonia.com.br\/concerto-lirico-de-musica-catala\/\"]}]},{\"@type\":\"ImageObject\",\"inLanguage\":\"ca\",\"@id\":\"https:\/\/catalonia.com.br\/concerto-lirico-de-musica-catala\/#primaryimage\",\"url\":\"https:\/\/catalonia.com.br\/wp-content\/uploads\/2023\/07\/Concerto-lirico-de-musica-catala-2004.png\",\"contentUrl\":\"https:\/\/catalonia.com.br\/wp-content\/uploads\/2023\/07\/Concerto-lirico-de-musica-catala-2004.png\",\"width\":1369,\"height\":793},{\"@type\":\"BreadcrumbList\",\"@id\":\"https:\/\/catalonia.com.br\/concerto-lirico-de-musica-catala\/#breadcrumb\",\"itemListElement\":[{\"@type\":\"ListItem\",\"position\":1,\"name\":\"In\u00edcio\",\"item\":\"https:\/\/catalonia.com.br\/\"},{\"@type\":\"ListItem\",\"position\":2,\"name\":\"Concerto l\u00edrico de m\u00fasica catal\u00e3\"}]},{\"@type\":\"WebSite\",\"@id\":\"https:\/\/catalonia.com.br\/#website\",\"url\":\"https:\/\/catalonia.com.br\/\",\"name\":\"Associa\u00e7\u00e3o Cultural Catalonia\",\"description\":\"\",\"publisher\":{\"@id\":\"https:\/\/catalonia.com.br\/#organization\"},\"potentialAction\":[{\"@type\":\"SearchAction\",\"target\":{\"@type\":\"EntryPoint\",\"urlTemplate\":\"https:\/\/catalonia.com.br\/?s={search_term_string}\"},\"query-input\":{\"@type\":\"PropertyValueSpecification\",\"valueRequired\":true,\"valueName\":\"search_term_string\"}}],\"inLanguage\":\"ca\"},{\"@type\":\"Organization\",\"@id\":\"https:\/\/catalonia.com.br\/#organization\",\"name\":\"Associa\u00e7\u00e3o Cultural Catalonia\",\"url\":\"https:\/\/catalonia.com.br\/\",\"logo\":{\"@type\":\"ImageObject\",\"inLanguage\":\"ca\",\"@id\":\"https:\/\/catalonia.com.br\/#\/schema\/logo\/image\/\",\"url\":\"https:\/\/catalonia.com.br\/wp-content\/uploads\/2023\/06\/cropped-cropped-cropped-Catalonia-logotip-renovat-2.png\",\"contentUrl\":\"https:\/\/catalonia.com.br\/wp-content\/uploads\/2023\/06\/cropped-cropped-cropped-Catalonia-logotip-renovat-2.png\",\"width\":313,\"height\":320,\"caption\":\"Associa\u00e7\u00e3o Cultural Catalonia\"},\"image\":{\"@id\":\"https:\/\/catalonia.com.br\/#\/schema\/logo\/image\/\"}}]}<\/script>\n<!-- \/ Yoast SEO plugin. -->","yoast_head_json":{"title":"Concerto l\u00edrico de m\u00fasica catal\u00e3 - Associa\u00e7\u00e3o Cultural Catalonia","robots":{"index":"index","follow":"follow","max-snippet":"max-snippet:-1","max-image-preview":"max-image-preview:large","max-video-preview":"max-video-preview:-1"},"canonical":"https:\/\/catalonia.com.br\/ca\/concerto-lirico-de-musica-catala\/","og_locale":"ca_ES","og_type":"article","og_title":"Concerto l\u00edrico de m\u00fasica catal\u00e3 - Associa\u00e7\u00e3o Cultural Catalonia","og_description":"Na sexta-feira, dia 17 de dezembro, o CATALONIA apresentou na Igreja do Beato Anchieta, P\u00e1teo do Collegio, uma audi\u00e7\u00e3o de Canto L\u00edrico com pe\u00e7as do cancioneiro popular catal\u00e3o, incluindo can\u00e7\u00f5es de Natal e trechos de Zarzuelas catal\u00e3s e espanholas. A fant\u00e1stica interpreta\u00e7\u00e3o ficou a cargo do tenor Jordi Quelart, da soprano M\u00f4nica Marangon e da","og_url":"https:\/\/catalonia.com.br\/ca\/concerto-lirico-de-musica-catala\/","og_site_name":"Associa\u00e7\u00e3o Cultural Catalonia","article_modified_time":"2023-07-27T23:20:31+00:00","og_image":[{"width":1369,"height":793,"url":"https:\/\/catalonia.com.br\/wp-content\/uploads\/2023\/07\/Concerto-lirico-de-musica-catala-2004.png","type":"image\/png"}],"twitter_card":"summary_large_image","twitter_misc":{"Temps estimat de lectura":"1 minut"},"schema":{"@context":"https:\/\/schema.org","@graph":[{"@type":"WebPage","@id":"https:\/\/catalonia.com.br\/concerto-lirico-de-musica-catala\/","url":"https:\/\/catalonia.com.br\/concerto-lirico-de-musica-catala\/","name":"Concerto l\u00edrico de m\u00fasica catal\u00e3 - Associa\u00e7\u00e3o Cultural Catalonia","isPartOf":{"@id":"https:\/\/catalonia.com.br\/#website"},"primaryImageOfPage":{"@id":"https:\/\/catalonia.com.br\/concerto-lirico-de-musica-catala\/#primaryimage"},"image":{"@id":"https:\/\/catalonia.com.br\/concerto-lirico-de-musica-catala\/#primaryimage"},"thumbnailUrl":"https:\/\/catalonia.com.br\/wp-content\/uploads\/2023\/07\/Concerto-lirico-de-musica-catala-2004.png","datePublished":"2023-07-23T02:11:28+00:00","dateModified":"2023-07-27T23:20:31+00:00","breadcrumb":{"@id":"https:\/\/catalonia.com.br\/concerto-lirico-de-musica-catala\/#breadcrumb"},"inLanguage":"ca","potentialAction":[{"@type":"ReadAction","target":["https:\/\/catalonia.com.br\/concerto-lirico-de-musica-catala\/"]}]},{"@type":"ImageObject","inLanguage":"ca","@id":"https:\/\/catalonia.com.br\/concerto-lirico-de-musica-catala\/#primaryimage","url":"https:\/\/catalonia.com.br\/wp-content\/uploads\/2023\/07\/Concerto-lirico-de-musica-catala-2004.png","contentUrl":"https:\/\/catalonia.com.br\/wp-content\/uploads\/2023\/07\/Concerto-lirico-de-musica-catala-2004.png","width":1369,"height":793},{"@type":"BreadcrumbList","@id":"https:\/\/catalonia.com.br\/concerto-lirico-de-musica-catala\/#breadcrumb","itemListElement":[{"@type":"ListItem","position":1,"name":"In\u00edcio","item":"https:\/\/catalonia.com.br\/"},{"@type":"ListItem","position":2,"name":"Concerto l\u00edrico de m\u00fasica catal\u00e3"}]},{"@type":"WebSite","@id":"https:\/\/catalonia.com.br\/#website","url":"https:\/\/catalonia.com.br\/","name":"l'Associaci\u00f3 Cultural Catalonia","description":"","publisher":{"@id":"https:\/\/catalonia.com.br\/#organization"},"potentialAction":[{"@type":"SearchAction","target":{"@type":"EntryPoint","urlTemplate":"https:\/\/catalonia.com.br\/?s={search_term_string}"},"query-input":{"@type":"PropertyValueSpecification","valueRequired":true,"valueName":"search_term_string"}}],"inLanguage":"ca"},{"@type":"Organization","@id":"https:\/\/catalonia.com.br\/#organization","name":"l'Associaci\u00f3 Cultural Catalonia","url":"https:\/\/catalonia.com.br\/","logo":{"@type":"ImageObject","inLanguage":"ca","@id":"https:\/\/catalonia.com.br\/#\/schema\/logo\/image\/","url":"https:\/\/catalonia.com.br\/wp-content\/uploads\/2023\/06\/cropped-cropped-cropped-Catalonia-logotip-renovat-2.png","contentUrl":"https:\/\/catalonia.com.br\/wp-content\/uploads\/2023\/06\/cropped-cropped-cropped-Catalonia-logotip-renovat-2.png","width":313,"height":320,"caption":"Associa\u00e7\u00e3o Cultural Catalonia"},"image":{"@id":"https:\/\/catalonia.com.br\/#\/schema\/logo\/image\/"}}]}},"uagb_featured_image_src":{"full":["https:\/\/catalonia.com.br\/wp-content\/uploads\/2023\/07\/Concerto-lirico-de-musica-catala-2004.png",1369,793,false],"thumbnail":["https:\/\/catalonia.com.br\/wp-content\/uploads\/2023\/07\/Concerto-lirico-de-musica-catala-2004.png",150,87,false],"medium":["https:\/\/catalonia.com.br\/wp-content\/uploads\/2023\/07\/Concerto-lirico-de-musica-catala-2004.png",300,174,false],"medium_large":["https:\/\/catalonia.com.br\/wp-content\/uploads\/2023\/07\/Concerto-lirico-de-musica-catala-2004.png",768,445,false],"large":["https:\/\/catalonia.com.br\/wp-content\/uploads\/2023\/07\/Concerto-lirico-de-musica-catala-2004.png",1024,593,false],"1536x1536":["https:\/\/catalonia.com.br\/wp-content\/uploads\/2023\/07\/Concerto-lirico-de-musica-catala-2004.png",1369,793,false],"2048x2048":["https:\/\/catalonia.com.br\/wp-content\/uploads\/2023\/07\/Concerto-lirico-de-musica-catala-2004.png",1369,793,false],"trp-custom-language-flag":["https:\/\/catalonia.com.br\/wp-content\/uploads\/2023\/07\/Concerto-lirico-de-musica-catala-2004.png",18,10,false],"woocommerce_thumbnail":["https:\/\/catalonia.com.br\/wp-content\/uploads\/2023\/07\/Concerto-lirico-de-musica-catala-2004-300x300.png",300,300,true],"woocommerce_single":["https:\/\/catalonia.com.br\/wp-content\/uploads\/2023\/07\/Concerto-lirico-de-musica-catala-2004.png",600,348,false],"woocommerce_gallery_thumbnail":["https:\/\/catalonia.com.br\/wp-content\/uploads\/2023\/07\/Concerto-lirico-de-musica-catala-2004-100x100.png",100,100,true]},"uagb_author_info":{"display_name":"Associa\u00e7\u00e3o Cultural Catalonia","author_link":"https:\/\/catalonia.com.br\/ca\/author\/admincat\/"},"uagb_comment_info":0,"uagb_excerpt":"Na sexta-feira, dia 17 de dezembro, o CATALONIA apresentou na Igreja do Beato Anchieta, P\u00e1teo do Collegio, uma audi\u00e7\u00e3o de Canto L\u00edrico com pe\u00e7as do cancioneiro popular catal\u00e3o, incluindo can\u00e7\u00f5es de Natal e trechos de Zarzuelas catal\u00e3s e espanholas. A fant\u00e1stica interpreta\u00e7\u00e3o ficou a cargo do tenor Jordi Quelart, da soprano M\u00f4nica Marangon e da","_links":{"self":[{"href":"https:\/\/catalonia.com.br\/ca\/wp-json\/wp\/v2\/pages\/3320","targetHints":{"allow":["GET"]}}],"collection":[{"href":"https:\/\/catalonia.com.br\/ca\/wp-json\/wp\/v2\/pages"}],"about":[{"href":"https:\/\/catalonia.com.br\/ca\/wp-json\/wp\/v2\/types\/page"}],"author":[{"embeddable":true,"href":"https:\/\/catalonia.com.br\/ca\/wp-json\/wp\/v2\/users\/1"}],"replies":[{"embeddable":true,"href":"https:\/\/catalonia.com.br\/ca\/wp-json\/wp\/v2\/comments?post=3320"}],"version-history":[{"count":0,"href":"https:\/\/catalonia.com.br\/ca\/wp-json\/wp\/v2\/pages\/3320\/revisions"}],"wp:featuredmedia":[{"embeddable":true,"href":"https:\/\/catalonia.com.br\/ca\/wp-json\/wp\/v2\/media\/3300"}],"wp:attachment":[{"href":"https:\/\/catalonia.com.br\/ca\/wp-json\/wp\/v2\/media?parent=3320"}],"curies":[{"name":"wp","href":"https:\/\/api.w.org\/{rel}","templated":true}]}}