{"id":3227,"date":"2023-07-18T00:05:26","date_gmt":"2023-07-18T03:05:26","guid":{"rendered":"https:\/\/catalonia.com.br\/?page_id=3227"},"modified":"2023-07-18T00:05:26","modified_gmt":"2023-07-18T03:05:26","slug":"exposicao-de-artistas-catalaes-no-conjunto-cultural-da-caixa-2006","status":"publish","type":"page","link":"https:\/\/catalonia.com.br\/ca\/exposicao-de-artistas-catalaes-no-conjunto-cultural-da-caixa-2006\/","title":{"rendered":"Exposi\u00e7\u00e3o de artistas catal\u00e3es no Conjunto Cultural da Caixa (2006)"},"content":{"rendered":"<p style=\"text-align: justify;\">O Conjunto Cultural da Caixa abrir\u00e1 no pr\u00f3ximo dia 3 de agosto, \u00e0s 19 horas, em seu espa\u00e7o nobre localizado na Pra\u00e7a da S\u00e9, 11, t\u00e9rreo, a mostra &#8220;L&#8217;Art Catal\u00e0 do Brasil&#8221;. A exposi\u00e7\u00e3o, que tem curadoria do cr\u00edtico de arte Enock Sacramento, re\u00fane obras dos seguintes artistas catal\u00e3es e descendentes de catal\u00e3es, que vivem no Brasil: David Dalmau, In\u00eas Zaragoza, Jos\u00e9 Zaragoza, Luis Bay\u00f3n, Margarita Farr\u00e9, Pascualet, Paulino Lazur, Pere Tort, Roberto Crivell\u00e9, Robbis Llobet, Roberto Ferro, Ines Hern\u00e1ndez e Tony de Castro.<\/p>\n<p style=\"text-align: justify;\">A mostra seguir\u00e1 em setembro para o Conjunto Cultural da Caixa do Rio de Janeiro e, na sequ\u00eancia, para o Conjunto Cultural da Caixa de Bras\u00edlia. No pr\u00f3ximo ano, redimensionada, ela ser\u00e1 montada em Barcelona e, finalmente, ir\u00e1 para Amposta, que em 2006 ser\u00e1 a Capital da Cultura Catal\u00e3. David Dalmau, Pascualet e Pere Tort expor\u00e3o pinturas. Tort, 88 anos, teve participa\u00e7\u00e3o destacada na arte espanhola dos anos 40, antes de transferir-se para o Brasil. Em Barcelona, criou o grupo de vanguarda &#8220;Els Blaus de Sarri\u00e0&#8221;, foi amigo do escultor Yepes e de Torres Garcia e exp\u00f4s com Puig, Pons, Cuixart e T\u00e0pies, dando origem ao movimento &#8220;Dau al Set&#8221;. Jos\u00e9 Zaragoza, mostrar\u00e1 t\u00e9cnicas mistas da s\u00e9rie &#8220;Chaves&#8221;. Sua filha In\u00eas Zaragoza apresentar\u00e1 seus mais recentes &#8220;Relic\u00e1rios&#8221;, realizados em Tiradentes, Minas Gerais, onde ela reside atualmente para estudar a imagin\u00e1ria mineira e a obra dos santeiros. Robbis Llobet, arquiteto e designer, expor\u00e1 projetos de produtos para a constru\u00e7\u00e3o civil, utilit\u00e1rios dom\u00e9sticos e equipamentos, como a prancha &#8220;Sea View&#8221;, com visor para observa\u00e7\u00e3o subaqu\u00e1tica, al\u00e9m de um projeto com o qual participou do Concurso UIA Barcelona, em 1996.<\/p>\n<p style=\"text-align: justify;\">Tamb\u00e9m arquitetos, Roberto Ferro e Ines Hern\u00e1ndez mostrar\u00e3o projetos do Centro Cultural de Diadema, que recebeu o primeiro pr\u00eamio em concurso p\u00fablico, mas n\u00e3o ainda n\u00e3o foi constru\u00eddo, do Col\u00e9gio Boni Consili, Col\u00e9gio COC Unidris, Escola Pinheiro, do edif\u00edcio de escrit\u00f3rios da Erickson do Brasil e do Hospital Em\u00edlio Ribas. Os escultores comparecem em maioria. Participar\u00e3o da mostra com obras tridimensionais Luis Bay\u00f3n, Margarita Farr\u00e9, Paulino Lazur, Roberto Crivell\u00e9 e Tony de Castro. Luis Bay\u00f3n expor\u00e1 esculturas em m\u00e1rmore, Margarita Farr\u00e9, esculturas em bronze, Paulino Lazur, obras em madeira e alum\u00ednio laminado e Roberto Crivell\u00e9, esculturas realizadas com metais diversos.<\/p>\n<p style=\"text-align: justify;\">Segundo <strong>M\u00e0rius Vendrell<\/strong>, presidente do Catalonia &#8211; Centro de Cultura Catal\u00e3 de S\u00e3o Paulo, entidade que idealizou e promove a mostra, \u201cessa exposi\u00e7\u00e3o \u00e9 uma centelha que certamente acender\u00e1 a chama de um proveitoso interc\u00e2mbio cultural entre o Brasil e a Catalunha&#8221;. A exposi\u00e7\u00e3o est\u00e1 patrocinada pela Caixa Econ\u00f4mica Federal e pela Generalitat de Catalunya (Gov\u00earno da Catalunha) e conta com o apoio da Embaixada da Espanha.<\/p>","protected":false},"excerpt":{"rendered":"<p>O Conjunto Cultural da Caixa abrir\u00e1 no pr\u00f3ximo dia 3 de agosto, \u00e0s 19 horas, em seu espa\u00e7o nobre localizado na Pra\u00e7a da S\u00e9, 11, t\u00e9rreo, a mostra &#8220;L&#8217;Art Catal\u00e0 do Brasil&#8221;. A exposi\u00e7\u00e3o, que tem curadoria do cr\u00edtico de arte Enock Sacramento, re\u00fane obras dos seguintes artistas catal\u00e3es e descendentes de catal\u00e3es, que vivem<\/p>","protected":false},"author":1,"featured_media":3231,"parent":0,"menu_order":0,"comment_status":"closed","ping_status":"closed","template":"","meta":{"_uag_custom_page_level_css":"","order-bump-settings":[],"_wpfnl_thankyou_order_overview":"on","_wpfnl_thankyou_order_details":"on","_wpfnl_thankyou_billing_details":"on","_wpfnl_thankyou_shipping_details":"on","site-sidebar-layout":"default","site-content-layout":"default","ast-site-content-layout":"","site-content-style":"default","site-sidebar-style":"default","ast-global-header-display":"","ast-banner-title-visibility":"","ast-main-header-display":"","ast-hfb-above-header-display":"","ast-hfb-below-header-display":"","ast-hfb-mobile-header-display":"","site-post-title":"","ast-breadcrumbs-content":"","ast-featured-img":"","footer-sml-layout":"","theme-transparent-header-meta":"default","adv-header-id-meta":"","stick-header-meta":"","header-above-stick-meta":"","header-main-stick-meta":"","header-below-stick-meta":"","astra-migrate-meta-layouts":"default","ast-page-background-enabled":"default","ast-page-background-meta":{"desktop":{"background-color":"","background-image":"","background-repeat":"repeat","background-position":"center center","background-size":"auto","background-attachment":"scroll","background-type":"","background-media":"","overlay-type":"","overlay-color":"","overlay-opacity":"","overlay-gradient":""},"tablet":{"background-color":"","background-image":"","background-repeat":"repeat","background-position":"center center","background-size":"auto","background-attachment":"scroll","background-type":"","background-media":"","overlay-type":"","overlay-color":"","overlay-opacity":"","overlay-gradient":""},"mobile":{"background-color":"","background-image":"","background-repeat":"repeat","background-position":"center center","background-size":"auto","background-attachment":"scroll","background-type":"","background-media":"","overlay-type":"","overlay-color":"","overlay-opacity":"","overlay-gradient":""}},"ast-content-background-meta":{"desktop":{"background-color":"var(--ast-global-color-5)","background-image":"","background-repeat":"repeat","background-position":"center center","background-size":"auto","background-attachment":"scroll","background-type":"","background-media":"","overlay-type":"","overlay-color":"","overlay-opacity":"","overlay-gradient":""},"tablet":{"background-color":"var(--ast-global-color-5)","background-image":"","background-repeat":"repeat","background-position":"center center","background-size":"auto","background-attachment":"scroll","background-type":"","background-media":"","overlay-type":"","overlay-color":"","overlay-opacity":"","overlay-gradient":""},"mobile":{"background-color":"var(--ast-global-color-5)","background-image":"","background-repeat":"repeat","background-position":"center center","background-size":"auto","background-attachment":"scroll","background-type":"","background-media":"","overlay-type":"","overlay-color":"","overlay-opacity":"","overlay-gradient":""}},"footnotes":""},"class_list":["post-3227","page","type-page","status-publish","has-post-thumbnail","hentry"],"yoast_head":"<!-- This site is optimized with the Yoast SEO plugin v27.2 - https:\/\/yoast.com\/product\/yoast-seo-wordpress\/ -->\n<title>Exposi\u00e7\u00e3o de artistas catal\u00e3es no Conjunto Cultural da Caixa (2006) - Associa\u00e7\u00e3o Cultural Catalonia<\/title>\n<meta name=\"robots\" content=\"index, follow, max-snippet:-1, max-image-preview:large, max-video-preview:-1\" \/>\n<link rel=\"canonical\" href=\"https:\/\/catalonia.com.br\/ca\/exposicao-de-artistas-catalaes-no-conjunto-cultural-da-caixa-2006\/\" \/>\n<meta property=\"og:locale\" content=\"ca_ES\" \/>\n<meta property=\"og:type\" content=\"article\" \/>\n<meta property=\"og:title\" content=\"Exposi\u00e7\u00e3o de artistas catal\u00e3es no Conjunto Cultural da Caixa (2006) - Associa\u00e7\u00e3o Cultural Catalonia\" \/>\n<meta property=\"og:description\" content=\"O Conjunto Cultural da Caixa abrir\u00e1 no pr\u00f3ximo dia 3 de agosto, \u00e0s 19 horas, em seu espa\u00e7o nobre localizado na Pra\u00e7a da S\u00e9, 11, t\u00e9rreo, a mostra &#8220;L&#8217;Art Catal\u00e0 do Brasil&#8221;. A exposi\u00e7\u00e3o, que tem curadoria do cr\u00edtico de arte Enock Sacramento, re\u00fane obras dos seguintes artistas catal\u00e3es e descendentes de catal\u00e3es, que vivem\" \/>\n<meta property=\"og:url\" content=\"https:\/\/catalonia.com.br\/ca\/exposicao-de-artistas-catalaes-no-conjunto-cultural-da-caixa-2006\/\" \/>\n<meta property=\"og:site_name\" content=\"Associa\u00e7\u00e3o Cultural Catalonia\" \/>\n<meta property=\"og:image\" content=\"https:\/\/catalonia.com.br\/wp-content\/uploads\/2023\/07\/Exposicao-de-artistas-catalaes-no-Conjunto-Cultural-da-Caixa-2006.png\" \/>\n\t<meta property=\"og:image:width\" content=\"207\" \/>\n\t<meta property=\"og:image:height\" content=\"108\" \/>\n\t<meta property=\"og:image:type\" content=\"image\/png\" \/>\n<meta name=\"twitter:card\" content=\"summary_large_image\" \/>\n<meta name=\"twitter:label1\" content=\"Temps estimat de lectura\" \/>\n\t<meta name=\"twitter:data1\" content=\"3 minuts\" \/>\n<script type=\"application\/ld+json\" class=\"yoast-schema-graph\">{\"@context\":\"https:\/\/schema.org\",\"@graph\":[{\"@type\":\"WebPage\",\"@id\":\"https:\/\/catalonia.com.br\/exposicao-de-artistas-catalaes-no-conjunto-cultural-da-caixa-2006\/\",\"url\":\"https:\/\/catalonia.com.br\/exposicao-de-artistas-catalaes-no-conjunto-cultural-da-caixa-2006\/\",\"name\":\"Exposi\u00e7\u00e3o de artistas catal\u00e3es no Conjunto Cultural da Caixa (2006) - Associa\u00e7\u00e3o Cultural Catalonia\",\"isPartOf\":{\"@id\":\"https:\/\/catalonia.com.br\/#website\"},\"primaryImageOfPage\":{\"@id\":\"https:\/\/catalonia.com.br\/exposicao-de-artistas-catalaes-no-conjunto-cultural-da-caixa-2006\/#primaryimage\"},\"image\":{\"@id\":\"https:\/\/catalonia.com.br\/exposicao-de-artistas-catalaes-no-conjunto-cultural-da-caixa-2006\/#primaryimage\"},\"thumbnailUrl\":\"https:\/\/catalonia.com.br\/wp-content\/uploads\/2023\/07\/Exposicao-de-artistas-catalaes-no-Conjunto-Cultural-da-Caixa-2006.png\",\"datePublished\":\"2023-07-18T03:05:26+00:00\",\"breadcrumb\":{\"@id\":\"https:\/\/catalonia.com.br\/exposicao-de-artistas-catalaes-no-conjunto-cultural-da-caixa-2006\/#breadcrumb\"},\"inLanguage\":\"ca\",\"potentialAction\":[{\"@type\":\"ReadAction\",\"target\":[\"https:\/\/catalonia.com.br\/exposicao-de-artistas-catalaes-no-conjunto-cultural-da-caixa-2006\/\"]}]},{\"@type\":\"ImageObject\",\"inLanguage\":\"ca\",\"@id\":\"https:\/\/catalonia.com.br\/exposicao-de-artistas-catalaes-no-conjunto-cultural-da-caixa-2006\/#primaryimage\",\"url\":\"https:\/\/catalonia.com.br\/wp-content\/uploads\/2023\/07\/Exposicao-de-artistas-catalaes-no-Conjunto-Cultural-da-Caixa-2006.png\",\"contentUrl\":\"https:\/\/catalonia.com.br\/wp-content\/uploads\/2023\/07\/Exposicao-de-artistas-catalaes-no-Conjunto-Cultural-da-Caixa-2006.png\",\"width\":207,\"height\":108,\"caption\":\"Exposi\u00e7\u00e3o de artistas catal\u00e3es no Conjunto Cultural da Caixa (2006)\"},{\"@type\":\"BreadcrumbList\",\"@id\":\"https:\/\/catalonia.com.br\/exposicao-de-artistas-catalaes-no-conjunto-cultural-da-caixa-2006\/#breadcrumb\",\"itemListElement\":[{\"@type\":\"ListItem\",\"position\":1,\"name\":\"In\u00edcio\",\"item\":\"https:\/\/catalonia.com.br\/\"},{\"@type\":\"ListItem\",\"position\":2,\"name\":\"Exposi\u00e7\u00e3o de artistas catal\u00e3es no Conjunto Cultural da Caixa (2006)\"}]},{\"@type\":\"WebSite\",\"@id\":\"https:\/\/catalonia.com.br\/#website\",\"url\":\"https:\/\/catalonia.com.br\/\",\"name\":\"Associa\u00e7\u00e3o Cultural Catalonia\",\"description\":\"\",\"publisher\":{\"@id\":\"https:\/\/catalonia.com.br\/#organization\"},\"potentialAction\":[{\"@type\":\"SearchAction\",\"target\":{\"@type\":\"EntryPoint\",\"urlTemplate\":\"https:\/\/catalonia.com.br\/?s={search_term_string}\"},\"query-input\":{\"@type\":\"PropertyValueSpecification\",\"valueRequired\":true,\"valueName\":\"search_term_string\"}}],\"inLanguage\":\"ca\"},{\"@type\":\"Organization\",\"@id\":\"https:\/\/catalonia.com.br\/#organization\",\"name\":\"Associa\u00e7\u00e3o Cultural Catalonia\",\"url\":\"https:\/\/catalonia.com.br\/\",\"logo\":{\"@type\":\"ImageObject\",\"inLanguage\":\"ca\",\"@id\":\"https:\/\/catalonia.com.br\/#\/schema\/logo\/image\/\",\"url\":\"https:\/\/catalonia.com.br\/wp-content\/uploads\/2023\/06\/cropped-cropped-cropped-Catalonia-logotip-renovat-2.png\",\"contentUrl\":\"https:\/\/catalonia.com.br\/wp-content\/uploads\/2023\/06\/cropped-cropped-cropped-Catalonia-logotip-renovat-2.png\",\"width\":313,\"height\":320,\"caption\":\"Associa\u00e7\u00e3o Cultural Catalonia\"},\"image\":{\"@id\":\"https:\/\/catalonia.com.br\/#\/schema\/logo\/image\/\"}}]}<\/script>\n<!-- \/ Yoast SEO plugin. -->","yoast_head_json":{"title":"Exposi\u00e7\u00e3o de artistas catal\u00e3es no Conjunto Cultural da Caixa (2006) - Associa\u00e7\u00e3o Cultural Catalonia","robots":{"index":"index","follow":"follow","max-snippet":"max-snippet:-1","max-image-preview":"max-image-preview:large","max-video-preview":"max-video-preview:-1"},"canonical":"https:\/\/catalonia.com.br\/ca\/exposicao-de-artistas-catalaes-no-conjunto-cultural-da-caixa-2006\/","og_locale":"ca_ES","og_type":"article","og_title":"Exposi\u00e7\u00e3o de artistas catal\u00e3es no Conjunto Cultural da Caixa (2006) - Associa\u00e7\u00e3o Cultural Catalonia","og_description":"O Conjunto Cultural da Caixa abrir\u00e1 no pr\u00f3ximo dia 3 de agosto, \u00e0s 19 horas, em seu espa\u00e7o nobre localizado na Pra\u00e7a da S\u00e9, 11, t\u00e9rreo, a mostra &#8220;L&#8217;Art Catal\u00e0 do Brasil&#8221;. A exposi\u00e7\u00e3o, que tem curadoria do cr\u00edtico de arte Enock Sacramento, re\u00fane obras dos seguintes artistas catal\u00e3es e descendentes de catal\u00e3es, que vivem","og_url":"https:\/\/catalonia.com.br\/ca\/exposicao-de-artistas-catalaes-no-conjunto-cultural-da-caixa-2006\/","og_site_name":"Associa\u00e7\u00e3o Cultural Catalonia","og_image":[{"width":207,"height":108,"url":"https:\/\/catalonia.com.br\/wp-content\/uploads\/2023\/07\/Exposicao-de-artistas-catalaes-no-Conjunto-Cultural-da-Caixa-2006.png","type":"image\/png"}],"twitter_card":"summary_large_image","twitter_misc":{"Temps estimat de lectura":"3 minuts"},"schema":{"@context":"https:\/\/schema.org","@graph":[{"@type":"WebPage","@id":"https:\/\/catalonia.com.br\/exposicao-de-artistas-catalaes-no-conjunto-cultural-da-caixa-2006\/","url":"https:\/\/catalonia.com.br\/exposicao-de-artistas-catalaes-no-conjunto-cultural-da-caixa-2006\/","name":"Exposi\u00e7\u00e3o de artistas catal\u00e3es no Conjunto Cultural da Caixa (2006) - Associa\u00e7\u00e3o Cultural Catalonia","isPartOf":{"@id":"https:\/\/catalonia.com.br\/#website"},"primaryImageOfPage":{"@id":"https:\/\/catalonia.com.br\/exposicao-de-artistas-catalaes-no-conjunto-cultural-da-caixa-2006\/#primaryimage"},"image":{"@id":"https:\/\/catalonia.com.br\/exposicao-de-artistas-catalaes-no-conjunto-cultural-da-caixa-2006\/#primaryimage"},"thumbnailUrl":"https:\/\/catalonia.com.br\/wp-content\/uploads\/2023\/07\/Exposicao-de-artistas-catalaes-no-Conjunto-Cultural-da-Caixa-2006.png","datePublished":"2023-07-18T03:05:26+00:00","breadcrumb":{"@id":"https:\/\/catalonia.com.br\/exposicao-de-artistas-catalaes-no-conjunto-cultural-da-caixa-2006\/#breadcrumb"},"inLanguage":"ca","potentialAction":[{"@type":"ReadAction","target":["https:\/\/catalonia.com.br\/exposicao-de-artistas-catalaes-no-conjunto-cultural-da-caixa-2006\/"]}]},{"@type":"ImageObject","inLanguage":"ca","@id":"https:\/\/catalonia.com.br\/exposicao-de-artistas-catalaes-no-conjunto-cultural-da-caixa-2006\/#primaryimage","url":"https:\/\/catalonia.com.br\/wp-content\/uploads\/2023\/07\/Exposicao-de-artistas-catalaes-no-Conjunto-Cultural-da-Caixa-2006.png","contentUrl":"https:\/\/catalonia.com.br\/wp-content\/uploads\/2023\/07\/Exposicao-de-artistas-catalaes-no-Conjunto-Cultural-da-Caixa-2006.png","width":207,"height":108,"caption":"Exposi\u00e7\u00e3o de artistas catal\u00e3es no Conjunto Cultural da Caixa (2006)"},{"@type":"BreadcrumbList","@id":"https:\/\/catalonia.com.br\/exposicao-de-artistas-catalaes-no-conjunto-cultural-da-caixa-2006\/#breadcrumb","itemListElement":[{"@type":"ListItem","position":1,"name":"In\u00edcio","item":"https:\/\/catalonia.com.br\/"},{"@type":"ListItem","position":2,"name":"Exposi\u00e7\u00e3o de artistas catal\u00e3es no Conjunto Cultural da Caixa (2006)"}]},{"@type":"WebSite","@id":"https:\/\/catalonia.com.br\/#website","url":"https:\/\/catalonia.com.br\/","name":"l'Associaci\u00f3 Cultural Catalonia","description":"","publisher":{"@id":"https:\/\/catalonia.com.br\/#organization"},"potentialAction":[{"@type":"SearchAction","target":{"@type":"EntryPoint","urlTemplate":"https:\/\/catalonia.com.br\/?s={search_term_string}"},"query-input":{"@type":"PropertyValueSpecification","valueRequired":true,"valueName":"search_term_string"}}],"inLanguage":"ca"},{"@type":"Organization","@id":"https:\/\/catalonia.com.br\/#organization","name":"l'Associaci\u00f3 Cultural Catalonia","url":"https:\/\/catalonia.com.br\/","logo":{"@type":"ImageObject","inLanguage":"ca","@id":"https:\/\/catalonia.com.br\/#\/schema\/logo\/image\/","url":"https:\/\/catalonia.com.br\/wp-content\/uploads\/2023\/06\/cropped-cropped-cropped-Catalonia-logotip-renovat-2.png","contentUrl":"https:\/\/catalonia.com.br\/wp-content\/uploads\/2023\/06\/cropped-cropped-cropped-Catalonia-logotip-renovat-2.png","width":313,"height":320,"caption":"Associa\u00e7\u00e3o Cultural Catalonia"},"image":{"@id":"https:\/\/catalonia.com.br\/#\/schema\/logo\/image\/"}}]}},"uagb_featured_image_src":{"full":["https:\/\/catalonia.com.br\/wp-content\/uploads\/2023\/07\/Exposicao-de-artistas-catalaes-no-Conjunto-Cultural-da-Caixa-2006.png",207,108,false],"thumbnail":["https:\/\/catalonia.com.br\/wp-content\/uploads\/2023\/07\/Exposicao-de-artistas-catalaes-no-Conjunto-Cultural-da-Caixa-2006.png",150,78,false],"medium":["https:\/\/catalonia.com.br\/wp-content\/uploads\/2023\/07\/Exposicao-de-artistas-catalaes-no-Conjunto-Cultural-da-Caixa-2006.png",207,108,false],"medium_large":["https:\/\/catalonia.com.br\/wp-content\/uploads\/2023\/07\/Exposicao-de-artistas-catalaes-no-Conjunto-Cultural-da-Caixa-2006.png",207,108,false],"large":["https:\/\/catalonia.com.br\/wp-content\/uploads\/2023\/07\/Exposicao-de-artistas-catalaes-no-Conjunto-Cultural-da-Caixa-2006.png",207,108,false],"1536x1536":["https:\/\/catalonia.com.br\/wp-content\/uploads\/2023\/07\/Exposicao-de-artistas-catalaes-no-Conjunto-Cultural-da-Caixa-2006.png",207,108,false],"2048x2048":["https:\/\/catalonia.com.br\/wp-content\/uploads\/2023\/07\/Exposicao-de-artistas-catalaes-no-Conjunto-Cultural-da-Caixa-2006.png",207,108,false],"trp-custom-language-flag":["https:\/\/catalonia.com.br\/wp-content\/uploads\/2023\/07\/Exposicao-de-artistas-catalaes-no-Conjunto-Cultural-da-Caixa-2006.png",18,9,false],"woocommerce_thumbnail":["https:\/\/catalonia.com.br\/wp-content\/uploads\/2023\/07\/Exposicao-de-artistas-catalaes-no-Conjunto-Cultural-da-Caixa-2006.png",207,108,false],"woocommerce_single":["https:\/\/catalonia.com.br\/wp-content\/uploads\/2023\/07\/Exposicao-de-artistas-catalaes-no-Conjunto-Cultural-da-Caixa-2006.png",207,108,false],"woocommerce_gallery_thumbnail":["https:\/\/catalonia.com.br\/wp-content\/uploads\/2023\/07\/Exposicao-de-artistas-catalaes-no-Conjunto-Cultural-da-Caixa-2006-100x100.png",100,100,true]},"uagb_author_info":{"display_name":"Associa\u00e7\u00e3o Cultural Catalonia","author_link":"https:\/\/catalonia.com.br\/ca\/author\/admincat\/"},"uagb_comment_info":0,"uagb_excerpt":"O Conjunto Cultural da Caixa abrir\u00e1 no pr\u00f3ximo dia 3 de agosto, \u00e0s 19 horas, em seu espa\u00e7o nobre localizado na Pra\u00e7a da S\u00e9, 11, t\u00e9rreo, a mostra &#8220;L&#8217;Art Catal\u00e0 do Brasil&#8221;. A exposi\u00e7\u00e3o, que tem curadoria do cr\u00edtico de arte Enock Sacramento, re\u00fane obras dos seguintes artistas catal\u00e3es e descendentes de catal\u00e3es, que vivem","_links":{"self":[{"href":"https:\/\/catalonia.com.br\/ca\/wp-json\/wp\/v2\/pages\/3227","targetHints":{"allow":["GET"]}}],"collection":[{"href":"https:\/\/catalonia.com.br\/ca\/wp-json\/wp\/v2\/pages"}],"about":[{"href":"https:\/\/catalonia.com.br\/ca\/wp-json\/wp\/v2\/types\/page"}],"author":[{"embeddable":true,"href":"https:\/\/catalonia.com.br\/ca\/wp-json\/wp\/v2\/users\/1"}],"replies":[{"embeddable":true,"href":"https:\/\/catalonia.com.br\/ca\/wp-json\/wp\/v2\/comments?post=3227"}],"version-history":[{"count":0,"href":"https:\/\/catalonia.com.br\/ca\/wp-json\/wp\/v2\/pages\/3227\/revisions"}],"wp:featuredmedia":[{"embeddable":true,"href":"https:\/\/catalonia.com.br\/ca\/wp-json\/wp\/v2\/media\/3231"}],"wp:attachment":[{"href":"https:\/\/catalonia.com.br\/ca\/wp-json\/wp\/v2\/media?parent=3227"}],"curies":[{"name":"wp","href":"https:\/\/api.w.org\/{rel}","templated":true}]}}