{"id":3216,"date":"2023-07-17T23:39:51","date_gmt":"2023-07-18T02:39:51","guid":{"rendered":"https:\/\/catalonia.com.br\/?page_id=3216"},"modified":"2023-07-17T23:39:51","modified_gmt":"2023-07-18T02:39:51","slug":"gaudi-uma-visao-poliedrica","status":"publish","type":"page","link":"https:\/\/catalonia.com.br\/ca\/gaudi-uma-visao-poliedrica\/","title":{"rendered":"Gaud\u00ed, uma vis\u00e3o poli\u00e9drica"},"content":{"rendered":"<p style=\"text-align: justify;\">Mostra fotogr\u00e1fica itinerante em comemora\u00e7\u00e3o aos 150 anos de nascimento do arquiteto catal\u00e3o Antoni Gaud\u00ed, celebrados no ano de 2002. A exposi\u00e7\u00e3o est\u00e1 composta por 52 fotografias (50 x 60 cm) realizadas por Manel Armengol, Toni Catany, Manel Esclusa, Marc Llimargas, Leopold Pom\u00e9s, Humberto Rivas e Rafel Vargas, recriando o universo de Gaud\u00ed com uma vis\u00e3o renovada.<\/p>\n<p style=\"text-align: justify;\">Nestas fotos h\u00e1 elementos como a imagina\u00e7\u00e3o, a poesia, ou o organicismo que caracterizam o poli\u00e9drico mundo gaudiniano. As fotos refletem tamb\u00e9m sete interpreta\u00e7\u00f5es diferentes, que v\u00e3o desde o desejo de captar a ess\u00eancia de Gaud\u00ed com objetividade, at\u00e9 a recria\u00e7\u00e3o subjetiva atrav\u00e9s dos recursos da linguagem fotogr\u00e1fica. O resultado \u00e9 uma vis\u00e3o do legado de Gaud\u00ed, como homenagem ao arquiteto na celebra\u00e7\u00e3o do sesquicenten\u00e1rio de seu nascimento e, ao mesmo tempo, uma mostra da espl\u00eandida situa\u00e7\u00e3o da cria\u00e7\u00e3o art\u00edstica contempor\u00e2nea na Catalunha.<\/p>\n<p style=\"text-align: justify;\">Ap\u00f3s apresentar-se em Roma, Mil\u00e3o, Munique, Tel-Aviv e Nova York, S\u00e3o Paulo recebeu a mostra fotogr\u00e1fica itinerante &#8220;Gaud\u00ed, uma vis\u00e3o poli\u00e9drica&#8221; no MuBE (Museu Brasileiro da Escultura), no per\u00edodo de 1 a 25 de julho de 2003.<\/p>","protected":false},"excerpt":{"rendered":"<p>Mostra fotogr\u00e1fica itinerante em comemora\u00e7\u00e3o aos 150 anos de nascimento do arquiteto catal\u00e3o Antoni Gaud\u00ed, celebrados no ano de 2002. A exposi\u00e7\u00e3o est\u00e1 composta por 52 fotografias (50 x 60 cm) realizadas por Manel Armengol, Toni Catany, Manel Esclusa, Marc Llimargas, Leopold Pom\u00e9s, Humberto Rivas e Rafel Vargas, recriando o universo de Gaud\u00ed com uma<\/p>","protected":false},"author":1,"featured_media":3218,"parent":0,"menu_order":0,"comment_status":"closed","ping_status":"closed","template":"","meta":{"_uag_custom_page_level_css":"","order-bump-settings":[],"_wpfnl_thankyou_order_overview":"on","_wpfnl_thankyou_order_details":"on","_wpfnl_thankyou_billing_details":"on","_wpfnl_thankyou_shipping_details":"on","site-sidebar-layout":"default","site-content-layout":"default","ast-site-content-layout":"","site-content-style":"default","site-sidebar-style":"default","ast-global-header-display":"","ast-banner-title-visibility":"","ast-main-header-display":"","ast-hfb-above-header-display":"","ast-hfb-below-header-display":"","ast-hfb-mobile-header-display":"","site-post-title":"","ast-breadcrumbs-content":"","ast-featured-img":"","footer-sml-layout":"","theme-transparent-header-meta":"default","adv-header-id-meta":"","stick-header-meta":"","header-above-stick-meta":"","header-main-stick-meta":"","header-below-stick-meta":"","astra-migrate-meta-layouts":"default","ast-page-background-enabled":"default","ast-page-background-meta":{"desktop":{"background-color":"","background-image":"","background-repeat":"repeat","background-position":"center center","background-size":"auto","background-attachment":"scroll","background-type":"","background-media":"","overlay-type":"","overlay-color":"","overlay-opacity":"","overlay-gradient":""},"tablet":{"background-color":"","background-image":"","background-repeat":"repeat","background-position":"center center","background-size":"auto","background-attachment":"scroll","background-type":"","background-media":"","overlay-type":"","overlay-color":"","overlay-opacity":"","overlay-gradient":""},"mobile":{"background-color":"","background-image":"","background-repeat":"repeat","background-position":"center center","background-size":"auto","background-attachment":"scroll","background-type":"","background-media":"","overlay-type":"","overlay-color":"","overlay-opacity":"","overlay-gradient":""}},"ast-content-background-meta":{"desktop":{"background-color":"var(--ast-global-color-5)","background-image":"","background-repeat":"repeat","background-position":"center center","background-size":"auto","background-attachment":"scroll","background-type":"","background-media":"","overlay-type":"","overlay-color":"","overlay-opacity":"","overlay-gradient":""},"tablet":{"background-color":"var(--ast-global-color-5)","background-image":"","background-repeat":"repeat","background-position":"center center","background-size":"auto","background-attachment":"scroll","background-type":"","background-media":"","overlay-type":"","overlay-color":"","overlay-opacity":"","overlay-gradient":""},"mobile":{"background-color":"var(--ast-global-color-5)","background-image":"","background-repeat":"repeat","background-position":"center center","background-size":"auto","background-attachment":"scroll","background-type":"","background-media":"","overlay-type":"","overlay-color":"","overlay-opacity":"","overlay-gradient":""}},"footnotes":""},"class_list":["post-3216","page","type-page","status-publish","has-post-thumbnail","hentry"],"yoast_head":"<!-- This site is optimized with the Yoast SEO plugin v27.2 - https:\/\/yoast.com\/product\/yoast-seo-wordpress\/ -->\n<title>Gaud\u00ed, uma vis\u00e3o poli\u00e9drica - Associa\u00e7\u00e3o Cultural Catalonia<\/title>\n<meta name=\"robots\" content=\"index, follow, max-snippet:-1, max-image-preview:large, max-video-preview:-1\" \/>\n<link rel=\"canonical\" href=\"https:\/\/catalonia.com.br\/ca\/gaudi-uma-visao-poliedrica\/\" \/>\n<meta property=\"og:locale\" content=\"ca_ES\" \/>\n<meta property=\"og:type\" content=\"article\" \/>\n<meta property=\"og:title\" content=\"Gaud\u00ed, uma vis\u00e3o poli\u00e9drica - Associa\u00e7\u00e3o Cultural Catalonia\" \/>\n<meta property=\"og:description\" content=\"Mostra fotogr\u00e1fica itinerante em comemora\u00e7\u00e3o aos 150 anos de nascimento do arquiteto catal\u00e3o Antoni Gaud\u00ed, celebrados no ano de 2002. A exposi\u00e7\u00e3o est\u00e1 composta por 52 fotografias (50 x 60 cm) realizadas por Manel Armengol, Toni Catany, Manel Esclusa, Marc Llimargas, Leopold Pom\u00e9s, Humberto Rivas e Rafel Vargas, recriando o universo de Gaud\u00ed com uma\" \/>\n<meta property=\"og:url\" content=\"https:\/\/catalonia.com.br\/ca\/gaudi-uma-visao-poliedrica\/\" \/>\n<meta property=\"og:site_name\" content=\"Associa\u00e7\u00e3o Cultural Catalonia\" \/>\n<meta property=\"og:image\" content=\"https:\/\/catalonia.com.br\/wp-content\/uploads\/2023\/07\/Gaudi-uma-visao-poliedrica.jpg\" \/>\n\t<meta property=\"og:image:width\" content=\"848\" \/>\n\t<meta property=\"og:image:height\" content=\"858\" \/>\n\t<meta property=\"og:image:type\" content=\"image\/jpeg\" \/>\n<meta name=\"twitter:card\" content=\"summary_large_image\" \/>\n<meta name=\"twitter:label1\" content=\"Temps estimat de lectura\" \/>\n\t<meta name=\"twitter:data1\" content=\"1 minut\" \/>\n<script type=\"application\/ld+json\" class=\"yoast-schema-graph\">{\"@context\":\"https:\/\/schema.org\",\"@graph\":[{\"@type\":\"WebPage\",\"@id\":\"https:\/\/catalonia.com.br\/gaudi-uma-visao-poliedrica\/\",\"url\":\"https:\/\/catalonia.com.br\/gaudi-uma-visao-poliedrica\/\",\"name\":\"Gaud\u00ed, uma vis\u00e3o poli\u00e9drica - Associa\u00e7\u00e3o Cultural Catalonia\",\"isPartOf\":{\"@id\":\"https:\/\/catalonia.com.br\/#website\"},\"primaryImageOfPage\":{\"@id\":\"https:\/\/catalonia.com.br\/gaudi-uma-visao-poliedrica\/#primaryimage\"},\"image\":{\"@id\":\"https:\/\/catalonia.com.br\/gaudi-uma-visao-poliedrica\/#primaryimage\"},\"thumbnailUrl\":\"https:\/\/catalonia.com.br\/wp-content\/uploads\/2023\/07\/Gaudi-uma-visao-poliedrica.jpg\",\"datePublished\":\"2023-07-18T02:39:51+00:00\",\"breadcrumb\":{\"@id\":\"https:\/\/catalonia.com.br\/gaudi-uma-visao-poliedrica\/#breadcrumb\"},\"inLanguage\":\"ca\",\"potentialAction\":[{\"@type\":\"ReadAction\",\"target\":[\"https:\/\/catalonia.com.br\/gaudi-uma-visao-poliedrica\/\"]}]},{\"@type\":\"ImageObject\",\"inLanguage\":\"ca\",\"@id\":\"https:\/\/catalonia.com.br\/gaudi-uma-visao-poliedrica\/#primaryimage\",\"url\":\"https:\/\/catalonia.com.br\/wp-content\/uploads\/2023\/07\/Gaudi-uma-visao-poliedrica.jpg\",\"contentUrl\":\"https:\/\/catalonia.com.br\/wp-content\/uploads\/2023\/07\/Gaudi-uma-visao-poliedrica.jpg\",\"width\":848,\"height\":858,\"caption\":\"Gaud\u00ed, uma vis\u00e3o poli\u00e9drica\"},{\"@type\":\"BreadcrumbList\",\"@id\":\"https:\/\/catalonia.com.br\/gaudi-uma-visao-poliedrica\/#breadcrumb\",\"itemListElement\":[{\"@type\":\"ListItem\",\"position\":1,\"name\":\"In\u00edcio\",\"item\":\"https:\/\/catalonia.com.br\/\"},{\"@type\":\"ListItem\",\"position\":2,\"name\":\"Gaud\u00ed, uma vis\u00e3o poli\u00e9drica\"}]},{\"@type\":\"WebSite\",\"@id\":\"https:\/\/catalonia.com.br\/#website\",\"url\":\"https:\/\/catalonia.com.br\/\",\"name\":\"Associa\u00e7\u00e3o Cultural Catalonia\",\"description\":\"\",\"publisher\":{\"@id\":\"https:\/\/catalonia.com.br\/#organization\"},\"potentialAction\":[{\"@type\":\"SearchAction\",\"target\":{\"@type\":\"EntryPoint\",\"urlTemplate\":\"https:\/\/catalonia.com.br\/?s={search_term_string}\"},\"query-input\":{\"@type\":\"PropertyValueSpecification\",\"valueRequired\":true,\"valueName\":\"search_term_string\"}}],\"inLanguage\":\"ca\"},{\"@type\":\"Organization\",\"@id\":\"https:\/\/catalonia.com.br\/#organization\",\"name\":\"Associa\u00e7\u00e3o Cultural Catalonia\",\"url\":\"https:\/\/catalonia.com.br\/\",\"logo\":{\"@type\":\"ImageObject\",\"inLanguage\":\"ca\",\"@id\":\"https:\/\/catalonia.com.br\/#\/schema\/logo\/image\/\",\"url\":\"https:\/\/catalonia.com.br\/wp-content\/uploads\/2023\/06\/cropped-cropped-cropped-Catalonia-logotip-renovat-2.png\",\"contentUrl\":\"https:\/\/catalonia.com.br\/wp-content\/uploads\/2023\/06\/cropped-cropped-cropped-Catalonia-logotip-renovat-2.png\",\"width\":313,\"height\":320,\"caption\":\"Associa\u00e7\u00e3o Cultural Catalonia\"},\"image\":{\"@id\":\"https:\/\/catalonia.com.br\/#\/schema\/logo\/image\/\"}}]}<\/script>\n<!-- \/ Yoast SEO plugin. -->","yoast_head_json":{"title":"Gaud\u00ed, uma vis\u00e3o poli\u00e9drica - Associa\u00e7\u00e3o Cultural Catalonia","robots":{"index":"index","follow":"follow","max-snippet":"max-snippet:-1","max-image-preview":"max-image-preview:large","max-video-preview":"max-video-preview:-1"},"canonical":"https:\/\/catalonia.com.br\/ca\/gaudi-uma-visao-poliedrica\/","og_locale":"ca_ES","og_type":"article","og_title":"Gaud\u00ed, uma vis\u00e3o poli\u00e9drica - Associa\u00e7\u00e3o Cultural Catalonia","og_description":"Mostra fotogr\u00e1fica itinerante em comemora\u00e7\u00e3o aos 150 anos de nascimento do arquiteto catal\u00e3o Antoni Gaud\u00ed, celebrados no ano de 2002. A exposi\u00e7\u00e3o est\u00e1 composta por 52 fotografias (50 x 60 cm) realizadas por Manel Armengol, Toni Catany, Manel Esclusa, Marc Llimargas, Leopold Pom\u00e9s, Humberto Rivas e Rafel Vargas, recriando o universo de Gaud\u00ed com uma","og_url":"https:\/\/catalonia.com.br\/ca\/gaudi-uma-visao-poliedrica\/","og_site_name":"Associa\u00e7\u00e3o Cultural Catalonia","og_image":[{"width":848,"height":858,"url":"https:\/\/catalonia.com.br\/wp-content\/uploads\/2023\/07\/Gaudi-uma-visao-poliedrica.jpg","type":"image\/jpeg"}],"twitter_card":"summary_large_image","twitter_misc":{"Temps estimat de lectura":"1 minut"},"schema":{"@context":"https:\/\/schema.org","@graph":[{"@type":"WebPage","@id":"https:\/\/catalonia.com.br\/gaudi-uma-visao-poliedrica\/","url":"https:\/\/catalonia.com.br\/gaudi-uma-visao-poliedrica\/","name":"Gaud\u00ed, uma vis\u00e3o poli\u00e9drica - Associa\u00e7\u00e3o Cultural Catalonia","isPartOf":{"@id":"https:\/\/catalonia.com.br\/#website"},"primaryImageOfPage":{"@id":"https:\/\/catalonia.com.br\/gaudi-uma-visao-poliedrica\/#primaryimage"},"image":{"@id":"https:\/\/catalonia.com.br\/gaudi-uma-visao-poliedrica\/#primaryimage"},"thumbnailUrl":"https:\/\/catalonia.com.br\/wp-content\/uploads\/2023\/07\/Gaudi-uma-visao-poliedrica.jpg","datePublished":"2023-07-18T02:39:51+00:00","breadcrumb":{"@id":"https:\/\/catalonia.com.br\/gaudi-uma-visao-poliedrica\/#breadcrumb"},"inLanguage":"ca","potentialAction":[{"@type":"ReadAction","target":["https:\/\/catalonia.com.br\/gaudi-uma-visao-poliedrica\/"]}]},{"@type":"ImageObject","inLanguage":"ca","@id":"https:\/\/catalonia.com.br\/gaudi-uma-visao-poliedrica\/#primaryimage","url":"https:\/\/catalonia.com.br\/wp-content\/uploads\/2023\/07\/Gaudi-uma-visao-poliedrica.jpg","contentUrl":"https:\/\/catalonia.com.br\/wp-content\/uploads\/2023\/07\/Gaudi-uma-visao-poliedrica.jpg","width":848,"height":858,"caption":"Gaud\u00ed, uma vis\u00e3o poli\u00e9drica"},{"@type":"BreadcrumbList","@id":"https:\/\/catalonia.com.br\/gaudi-uma-visao-poliedrica\/#breadcrumb","itemListElement":[{"@type":"ListItem","position":1,"name":"In\u00edcio","item":"https:\/\/catalonia.com.br\/"},{"@type":"ListItem","position":2,"name":"Gaud\u00ed, uma vis\u00e3o poli\u00e9drica"}]},{"@type":"WebSite","@id":"https:\/\/catalonia.com.br\/#website","url":"https:\/\/catalonia.com.br\/","name":"l'Associaci\u00f3 Cultural Catalonia","description":"","publisher":{"@id":"https:\/\/catalonia.com.br\/#organization"},"potentialAction":[{"@type":"SearchAction","target":{"@type":"EntryPoint","urlTemplate":"https:\/\/catalonia.com.br\/?s={search_term_string}"},"query-input":{"@type":"PropertyValueSpecification","valueRequired":true,"valueName":"search_term_string"}}],"inLanguage":"ca"},{"@type":"Organization","@id":"https:\/\/catalonia.com.br\/#organization","name":"l'Associaci\u00f3 Cultural Catalonia","url":"https:\/\/catalonia.com.br\/","logo":{"@type":"ImageObject","inLanguage":"ca","@id":"https:\/\/catalonia.com.br\/#\/schema\/logo\/image\/","url":"https:\/\/catalonia.com.br\/wp-content\/uploads\/2023\/06\/cropped-cropped-cropped-Catalonia-logotip-renovat-2.png","contentUrl":"https:\/\/catalonia.com.br\/wp-content\/uploads\/2023\/06\/cropped-cropped-cropped-Catalonia-logotip-renovat-2.png","width":313,"height":320,"caption":"Associa\u00e7\u00e3o Cultural Catalonia"},"image":{"@id":"https:\/\/catalonia.com.br\/#\/schema\/logo\/image\/"}}]}},"uagb_featured_image_src":{"full":["https:\/\/catalonia.com.br\/wp-content\/uploads\/2023\/07\/Gaudi-uma-visao-poliedrica.jpg",848,858,false],"thumbnail":["https:\/\/catalonia.com.br\/wp-content\/uploads\/2023\/07\/Gaudi-uma-visao-poliedrica.jpg",148,150,false],"medium":["https:\/\/catalonia.com.br\/wp-content\/uploads\/2023\/07\/Gaudi-uma-visao-poliedrica.jpg",297,300,false],"medium_large":["https:\/\/catalonia.com.br\/wp-content\/uploads\/2023\/07\/Gaudi-uma-visao-poliedrica.jpg",768,777,false],"large":["https:\/\/catalonia.com.br\/wp-content\/uploads\/2023\/07\/Gaudi-uma-visao-poliedrica.jpg",848,858,false],"1536x1536":["https:\/\/catalonia.com.br\/wp-content\/uploads\/2023\/07\/Gaudi-uma-visao-poliedrica.jpg",848,858,false],"2048x2048":["https:\/\/catalonia.com.br\/wp-content\/uploads\/2023\/07\/Gaudi-uma-visao-poliedrica.jpg",848,858,false],"trp-custom-language-flag":["https:\/\/catalonia.com.br\/wp-content\/uploads\/2023\/07\/Gaudi-uma-visao-poliedrica.jpg",12,12,false],"woocommerce_thumbnail":["https:\/\/catalonia.com.br\/wp-content\/uploads\/2023\/07\/Gaudi-uma-visao-poliedrica-300x300.jpg",300,300,true],"woocommerce_single":["https:\/\/catalonia.com.br\/wp-content\/uploads\/2023\/07\/Gaudi-uma-visao-poliedrica.jpg",600,607,false],"woocommerce_gallery_thumbnail":["https:\/\/catalonia.com.br\/wp-content\/uploads\/2023\/07\/Gaudi-uma-visao-poliedrica.jpg",100,100,false]},"uagb_author_info":{"display_name":"Associa\u00e7\u00e3o Cultural Catalonia","author_link":"https:\/\/catalonia.com.br\/ca\/author\/admincat\/"},"uagb_comment_info":0,"uagb_excerpt":"Mostra fotogr\u00e1fica itinerante em comemora\u00e7\u00e3o aos 150 anos de nascimento do arquiteto catal\u00e3o Antoni Gaud\u00ed, celebrados no ano de 2002. A exposi\u00e7\u00e3o est\u00e1 composta por 52 fotografias (50 x 60 cm) realizadas por Manel Armengol, Toni Catany, Manel Esclusa, Marc Llimargas, Leopold Pom\u00e9s, Humberto Rivas e Rafel Vargas, recriando o universo de Gaud\u00ed com uma","_links":{"self":[{"href":"https:\/\/catalonia.com.br\/ca\/wp-json\/wp\/v2\/pages\/3216","targetHints":{"allow":["GET"]}}],"collection":[{"href":"https:\/\/catalonia.com.br\/ca\/wp-json\/wp\/v2\/pages"}],"about":[{"href":"https:\/\/catalonia.com.br\/ca\/wp-json\/wp\/v2\/types\/page"}],"author":[{"embeddable":true,"href":"https:\/\/catalonia.com.br\/ca\/wp-json\/wp\/v2\/users\/1"}],"replies":[{"embeddable":true,"href":"https:\/\/catalonia.com.br\/ca\/wp-json\/wp\/v2\/comments?post=3216"}],"version-history":[{"count":0,"href":"https:\/\/catalonia.com.br\/ca\/wp-json\/wp\/v2\/pages\/3216\/revisions"}],"wp:featuredmedia":[{"embeddable":true,"href":"https:\/\/catalonia.com.br\/ca\/wp-json\/wp\/v2\/media\/3218"}],"wp:attachment":[{"href":"https:\/\/catalonia.com.br\/ca\/wp-json\/wp\/v2\/media?parent=3216"}],"curies":[{"name":"wp","href":"https:\/\/api.w.org\/{rel}","templated":true}]}}