{"id":3206,"date":"2023-07-17T23:28:17","date_gmt":"2023-07-18T02:28:17","guid":{"rendered":"https:\/\/catalonia.com.br\/?page_id=3206"},"modified":"2023-07-17T23:28:17","modified_gmt":"2023-07-18T02:28:17","slug":"o-perfil-de-um-povo-mostra-de-arquitetura-da-catalunha","status":"publish","type":"page","link":"https:\/\/catalonia.com.br\/ca\/o-perfil-de-um-povo-mostra-de-arquitetura-da-catalunha\/","title":{"rendered":"O perfil de um povo&#8221; &#8211; Mostra de Arquitetura da Catalunha"},"content":{"rendered":"<p style=\"text-align: justify;\">Apresenta\u00e7\u00e3o de uma retrospectiva hist\u00f3rica da arquitetura na Catalunha desde o Rom\u00e2nico at\u00e9 a \u00e9poca atual, por meio de textos explicativos e mais de 200 fotos. A mostra se comp\u00f5e de trinta cartazes de 1,20 x 0,90 m, fixados em quinze pain\u00e9is de 2,00 x 1,20 m, formando cinco conjuntos autoportantes, dupla face em forma de \u201cZ\u201d.<\/p>","protected":false},"excerpt":{"rendered":"<p>Apresenta\u00e7\u00e3o de uma retrospectiva hist\u00f3rica da arquitetura na Catalunha desde o Rom\u00e2nico at\u00e9 a \u00e9poca atual, por meio de textos explicativos e mais de 200 fotos. A mostra se comp\u00f5e de trinta cartazes de 1,20 x 0,90 m, fixados em quinze pain\u00e9is de 2,00 x 1,20 m, formando cinco conjuntos autoportantes, dupla face em forma<\/p>","protected":false},"author":1,"featured_media":3125,"parent":0,"menu_order":0,"comment_status":"closed","ping_status":"closed","template":"","meta":{"_uag_custom_page_level_css":"","order-bump-settings":[],"_wpfnl_thankyou_order_overview":"on","_wpfnl_thankyou_order_details":"on","_wpfnl_thankyou_billing_details":"on","_wpfnl_thankyou_shipping_details":"on","site-sidebar-layout":"default","site-content-layout":"default","ast-site-content-layout":"","site-content-style":"default","site-sidebar-style":"default","ast-global-header-display":"","ast-banner-title-visibility":"","ast-main-header-display":"","ast-hfb-above-header-display":"","ast-hfb-below-header-display":"","ast-hfb-mobile-header-display":"","site-post-title":"","ast-breadcrumbs-content":"","ast-featured-img":"","footer-sml-layout":"","theme-transparent-header-meta":"default","adv-header-id-meta":"","stick-header-meta":"","header-above-stick-meta":"","header-main-stick-meta":"","header-below-stick-meta":"","astra-migrate-meta-layouts":"default","ast-page-background-enabled":"default","ast-page-background-meta":{"desktop":{"background-color":"","background-image":"","background-repeat":"repeat","background-position":"center center","background-size":"auto","background-attachment":"scroll","background-type":"","background-media":"","overlay-type":"","overlay-color":"","overlay-opacity":"","overlay-gradient":""},"tablet":{"background-color":"","background-image":"","background-repeat":"repeat","background-position":"center center","background-size":"auto","background-attachment":"scroll","background-type":"","background-media":"","overlay-type":"","overlay-color":"","overlay-opacity":"","overlay-gradient":""},"mobile":{"background-color":"","background-image":"","background-repeat":"repeat","background-position":"center center","background-size":"auto","background-attachment":"scroll","background-type":"","background-media":"","overlay-type":"","overlay-color":"","overlay-opacity":"","overlay-gradient":""}},"ast-content-background-meta":{"desktop":{"background-color":"var(--ast-global-color-5)","background-image":"","background-repeat":"repeat","background-position":"center center","background-size":"auto","background-attachment":"scroll","background-type":"","background-media":"","overlay-type":"","overlay-color":"","overlay-opacity":"","overlay-gradient":""},"tablet":{"background-color":"var(--ast-global-color-5)","background-image":"","background-repeat":"repeat","background-position":"center center","background-size":"auto","background-attachment":"scroll","background-type":"","background-media":"","overlay-type":"","overlay-color":"","overlay-opacity":"","overlay-gradient":""},"mobile":{"background-color":"var(--ast-global-color-5)","background-image":"","background-repeat":"repeat","background-position":"center center","background-size":"auto","background-attachment":"scroll","background-type":"","background-media":"","overlay-type":"","overlay-color":"","overlay-opacity":"","overlay-gradient":""}},"footnotes":""},"class_list":["post-3206","page","type-page","status-publish","has-post-thumbnail","hentry"],"yoast_head":"<!-- This site is optimized with the Yoast SEO plugin v27.2 - https:\/\/yoast.com\/product\/yoast-seo-wordpress\/ -->\n<title>O perfil de um povo&quot; - Mostra de Arquitetura da Catalunha - Associa\u00e7\u00e3o Cultural Catalonia<\/title>\n<meta name=\"robots\" content=\"index, follow, max-snippet:-1, max-image-preview:large, max-video-preview:-1\" \/>\n<link rel=\"canonical\" href=\"https:\/\/catalonia.com.br\/ca\/o-perfil-de-um-povo-mostra-de-arquitetura-da-catalunha\/\" \/>\n<meta property=\"og:locale\" content=\"ca_ES\" \/>\n<meta property=\"og:type\" content=\"article\" \/>\n<meta property=\"og:title\" content=\"O perfil de um povo&quot; - Mostra de Arquitetura da Catalunha - Associa\u00e7\u00e3o Cultural Catalonia\" \/>\n<meta property=\"og:description\" content=\"Apresenta\u00e7\u00e3o de uma retrospectiva hist\u00f3rica da arquitetura na Catalunha desde o Rom\u00e2nico at\u00e9 a \u00e9poca atual, por meio de textos explicativos e mais de 200 fotos. A mostra se comp\u00f5e de trinta cartazes de 1,20 x 0,90 m, fixados em quinze pain\u00e9is de 2,00 x 1,20 m, formando cinco conjuntos autoportantes, dupla face em forma\" \/>\n<meta property=\"og:url\" content=\"https:\/\/catalonia.com.br\/ca\/o-perfil-de-um-povo-mostra-de-arquitetura-da-catalunha\/\" \/>\n<meta property=\"og:site_name\" content=\"Associa\u00e7\u00e3o Cultural Catalonia\" \/>\n<meta property=\"og:image\" content=\"https:\/\/catalonia.com.br\/wp-content\/uploads\/2023\/07\/O-perfil-de-um-povo-Mostra-de-Arquitetura-da-Catalunha.png\" \/>\n\t<meta property=\"og:image:width\" content=\"887\" \/>\n\t<meta property=\"og:image:height\" content=\"516\" \/>\n\t<meta property=\"og:image:type\" content=\"image\/png\" \/>\n<meta name=\"twitter:card\" content=\"summary_large_image\" \/>\n<meta name=\"twitter:label1\" content=\"Temps estimat de lectura\" \/>\n\t<meta name=\"twitter:data1\" content=\"1 minut\" \/>\n<script type=\"application\/ld+json\" class=\"yoast-schema-graph\">{\"@context\":\"https:\/\/schema.org\",\"@graph\":[{\"@type\":\"WebPage\",\"@id\":\"https:\/\/catalonia.com.br\/o-perfil-de-um-povo-mostra-de-arquitetura-da-catalunha\/\",\"url\":\"https:\/\/catalonia.com.br\/o-perfil-de-um-povo-mostra-de-arquitetura-da-catalunha\/\",\"name\":\"O perfil de um povo\\\" - Mostra de Arquitetura da Catalunha - Associa\u00e7\u00e3o Cultural Catalonia\",\"isPartOf\":{\"@id\":\"https:\/\/catalonia.com.br\/#website\"},\"primaryImageOfPage\":{\"@id\":\"https:\/\/catalonia.com.br\/o-perfil-de-um-povo-mostra-de-arquitetura-da-catalunha\/#primaryimage\"},\"image\":{\"@id\":\"https:\/\/catalonia.com.br\/o-perfil-de-um-povo-mostra-de-arquitetura-da-catalunha\/#primaryimage\"},\"thumbnailUrl\":\"https:\/\/catalonia.com.br\/wp-content\/uploads\/2023\/07\/O-perfil-de-um-povo-Mostra-de-Arquitetura-da-Catalunha.png\",\"datePublished\":\"2023-07-18T02:28:17+00:00\",\"breadcrumb\":{\"@id\":\"https:\/\/catalonia.com.br\/o-perfil-de-um-povo-mostra-de-arquitetura-da-catalunha\/#breadcrumb\"},\"inLanguage\":\"ca\",\"potentialAction\":[{\"@type\":\"ReadAction\",\"target\":[\"https:\/\/catalonia.com.br\/o-perfil-de-um-povo-mostra-de-arquitetura-da-catalunha\/\"]}]},{\"@type\":\"ImageObject\",\"inLanguage\":\"ca\",\"@id\":\"https:\/\/catalonia.com.br\/o-perfil-de-um-povo-mostra-de-arquitetura-da-catalunha\/#primaryimage\",\"url\":\"https:\/\/catalonia.com.br\/wp-content\/uploads\/2023\/07\/O-perfil-de-um-povo-Mostra-de-Arquitetura-da-Catalunha.png\",\"contentUrl\":\"https:\/\/catalonia.com.br\/wp-content\/uploads\/2023\/07\/O-perfil-de-um-povo-Mostra-de-Arquitetura-da-Catalunha.png\",\"width\":887,\"height\":516,\"caption\":\"O perfil de um povo - Mostra de Arquitetura da Catalunha\"},{\"@type\":\"BreadcrumbList\",\"@id\":\"https:\/\/catalonia.com.br\/o-perfil-de-um-povo-mostra-de-arquitetura-da-catalunha\/#breadcrumb\",\"itemListElement\":[{\"@type\":\"ListItem\",\"position\":1,\"name\":\"In\u00edcio\",\"item\":\"https:\/\/catalonia.com.br\/\"},{\"@type\":\"ListItem\",\"position\":2,\"name\":\"O perfil de um povo&#8221; &#8211; Mostra de Arquitetura da Catalunha\"}]},{\"@type\":\"WebSite\",\"@id\":\"https:\/\/catalonia.com.br\/#website\",\"url\":\"https:\/\/catalonia.com.br\/\",\"name\":\"Associa\u00e7\u00e3o Cultural Catalonia\",\"description\":\"\",\"publisher\":{\"@id\":\"https:\/\/catalonia.com.br\/#organization\"},\"potentialAction\":[{\"@type\":\"SearchAction\",\"target\":{\"@type\":\"EntryPoint\",\"urlTemplate\":\"https:\/\/catalonia.com.br\/?s={search_term_string}\"},\"query-input\":{\"@type\":\"PropertyValueSpecification\",\"valueRequired\":true,\"valueName\":\"search_term_string\"}}],\"inLanguage\":\"ca\"},{\"@type\":\"Organization\",\"@id\":\"https:\/\/catalonia.com.br\/#organization\",\"name\":\"Associa\u00e7\u00e3o Cultural Catalonia\",\"url\":\"https:\/\/catalonia.com.br\/\",\"logo\":{\"@type\":\"ImageObject\",\"inLanguage\":\"ca\",\"@id\":\"https:\/\/catalonia.com.br\/#\/schema\/logo\/image\/\",\"url\":\"https:\/\/catalonia.com.br\/wp-content\/uploads\/2023\/06\/cropped-cropped-cropped-Catalonia-logotip-renovat-2.png\",\"contentUrl\":\"https:\/\/catalonia.com.br\/wp-content\/uploads\/2023\/06\/cropped-cropped-cropped-Catalonia-logotip-renovat-2.png\",\"width\":313,\"height\":320,\"caption\":\"Associa\u00e7\u00e3o Cultural Catalonia\"},\"image\":{\"@id\":\"https:\/\/catalonia.com.br\/#\/schema\/logo\/image\/\"}}]}<\/script>\n<!-- \/ Yoast SEO plugin. -->","yoast_head_json":{"title":"O perfil de um povo\" - Mostra de Arquitetura da Catalunha - Associa\u00e7\u00e3o Cultural Catalonia","robots":{"index":"index","follow":"follow","max-snippet":"max-snippet:-1","max-image-preview":"max-image-preview:large","max-video-preview":"max-video-preview:-1"},"canonical":"https:\/\/catalonia.com.br\/ca\/o-perfil-de-um-povo-mostra-de-arquitetura-da-catalunha\/","og_locale":"ca_ES","og_type":"article","og_title":"O perfil de um povo\" - Mostra de Arquitetura da Catalunha - Associa\u00e7\u00e3o Cultural Catalonia","og_description":"Apresenta\u00e7\u00e3o de uma retrospectiva hist\u00f3rica da arquitetura na Catalunha desde o Rom\u00e2nico at\u00e9 a \u00e9poca atual, por meio de textos explicativos e mais de 200 fotos. A mostra se comp\u00f5e de trinta cartazes de 1,20 x 0,90 m, fixados em quinze pain\u00e9is de 2,00 x 1,20 m, formando cinco conjuntos autoportantes, dupla face em forma","og_url":"https:\/\/catalonia.com.br\/ca\/o-perfil-de-um-povo-mostra-de-arquitetura-da-catalunha\/","og_site_name":"Associa\u00e7\u00e3o Cultural Catalonia","og_image":[{"width":887,"height":516,"url":"https:\/\/catalonia.com.br\/wp-content\/uploads\/2023\/07\/O-perfil-de-um-povo-Mostra-de-Arquitetura-da-Catalunha.png","type":"image\/png"}],"twitter_card":"summary_large_image","twitter_misc":{"Temps estimat de lectura":"1 minut"},"schema":{"@context":"https:\/\/schema.org","@graph":[{"@type":"WebPage","@id":"https:\/\/catalonia.com.br\/o-perfil-de-um-povo-mostra-de-arquitetura-da-catalunha\/","url":"https:\/\/catalonia.com.br\/o-perfil-de-um-povo-mostra-de-arquitetura-da-catalunha\/","name":"O perfil de um povo\" - Mostra de Arquitetura da Catalunha - Associa\u00e7\u00e3o Cultural Catalonia","isPartOf":{"@id":"https:\/\/catalonia.com.br\/#website"},"primaryImageOfPage":{"@id":"https:\/\/catalonia.com.br\/o-perfil-de-um-povo-mostra-de-arquitetura-da-catalunha\/#primaryimage"},"image":{"@id":"https:\/\/catalonia.com.br\/o-perfil-de-um-povo-mostra-de-arquitetura-da-catalunha\/#primaryimage"},"thumbnailUrl":"https:\/\/catalonia.com.br\/wp-content\/uploads\/2023\/07\/O-perfil-de-um-povo-Mostra-de-Arquitetura-da-Catalunha.png","datePublished":"2023-07-18T02:28:17+00:00","breadcrumb":{"@id":"https:\/\/catalonia.com.br\/o-perfil-de-um-povo-mostra-de-arquitetura-da-catalunha\/#breadcrumb"},"inLanguage":"ca","potentialAction":[{"@type":"ReadAction","target":["https:\/\/catalonia.com.br\/o-perfil-de-um-povo-mostra-de-arquitetura-da-catalunha\/"]}]},{"@type":"ImageObject","inLanguage":"ca","@id":"https:\/\/catalonia.com.br\/o-perfil-de-um-povo-mostra-de-arquitetura-da-catalunha\/#primaryimage","url":"https:\/\/catalonia.com.br\/wp-content\/uploads\/2023\/07\/O-perfil-de-um-povo-Mostra-de-Arquitetura-da-Catalunha.png","contentUrl":"https:\/\/catalonia.com.br\/wp-content\/uploads\/2023\/07\/O-perfil-de-um-povo-Mostra-de-Arquitetura-da-Catalunha.png","width":887,"height":516,"caption":"O perfil de um povo - Mostra de Arquitetura da Catalunha"},{"@type":"BreadcrumbList","@id":"https:\/\/catalonia.com.br\/o-perfil-de-um-povo-mostra-de-arquitetura-da-catalunha\/#breadcrumb","itemListElement":[{"@type":"ListItem","position":1,"name":"In\u00edcio","item":"https:\/\/catalonia.com.br\/"},{"@type":"ListItem","position":2,"name":"O perfil de um povo&#8221; &#8211; Mostra de Arquitetura da Catalunha"}]},{"@type":"WebSite","@id":"https:\/\/catalonia.com.br\/#website","url":"https:\/\/catalonia.com.br\/","name":"l'Associaci\u00f3 Cultural Catalonia","description":"","publisher":{"@id":"https:\/\/catalonia.com.br\/#organization"},"potentialAction":[{"@type":"SearchAction","target":{"@type":"EntryPoint","urlTemplate":"https:\/\/catalonia.com.br\/?s={search_term_string}"},"query-input":{"@type":"PropertyValueSpecification","valueRequired":true,"valueName":"search_term_string"}}],"inLanguage":"ca"},{"@type":"Organization","@id":"https:\/\/catalonia.com.br\/#organization","name":"l'Associaci\u00f3 Cultural Catalonia","url":"https:\/\/catalonia.com.br\/","logo":{"@type":"ImageObject","inLanguage":"ca","@id":"https:\/\/catalonia.com.br\/#\/schema\/logo\/image\/","url":"https:\/\/catalonia.com.br\/wp-content\/uploads\/2023\/06\/cropped-cropped-cropped-Catalonia-logotip-renovat-2.png","contentUrl":"https:\/\/catalonia.com.br\/wp-content\/uploads\/2023\/06\/cropped-cropped-cropped-Catalonia-logotip-renovat-2.png","width":313,"height":320,"caption":"Associa\u00e7\u00e3o Cultural Catalonia"},"image":{"@id":"https:\/\/catalonia.com.br\/#\/schema\/logo\/image\/"}}]}},"uagb_featured_image_src":{"full":["https:\/\/catalonia.com.br\/wp-content\/uploads\/2023\/07\/O-perfil-de-um-povo-Mostra-de-Arquitetura-da-Catalunha.png",887,516,false],"thumbnail":["https:\/\/catalonia.com.br\/wp-content\/uploads\/2023\/07\/O-perfil-de-um-povo-Mostra-de-Arquitetura-da-Catalunha.png",150,87,false],"medium":["https:\/\/catalonia.com.br\/wp-content\/uploads\/2023\/07\/O-perfil-de-um-povo-Mostra-de-Arquitetura-da-Catalunha.png",300,175,false],"medium_large":["https:\/\/catalonia.com.br\/wp-content\/uploads\/2023\/07\/O-perfil-de-um-povo-Mostra-de-Arquitetura-da-Catalunha.png",768,447,false],"large":["https:\/\/catalonia.com.br\/wp-content\/uploads\/2023\/07\/O-perfil-de-um-povo-Mostra-de-Arquitetura-da-Catalunha.png",887,516,false],"1536x1536":["https:\/\/catalonia.com.br\/wp-content\/uploads\/2023\/07\/O-perfil-de-um-povo-Mostra-de-Arquitetura-da-Catalunha.png",887,516,false],"2048x2048":["https:\/\/catalonia.com.br\/wp-content\/uploads\/2023\/07\/O-perfil-de-um-povo-Mostra-de-Arquitetura-da-Catalunha.png",887,516,false],"trp-custom-language-flag":["https:\/\/catalonia.com.br\/wp-content\/uploads\/2023\/07\/O-perfil-de-um-povo-Mostra-de-Arquitetura-da-Catalunha.png",18,10,false],"woocommerce_thumbnail":["https:\/\/catalonia.com.br\/wp-content\/uploads\/2023\/07\/O-perfil-de-um-povo-Mostra-de-Arquitetura-da-Catalunha-300x300.png",300,300,true],"woocommerce_single":["https:\/\/catalonia.com.br\/wp-content\/uploads\/2023\/07\/O-perfil-de-um-povo-Mostra-de-Arquitetura-da-Catalunha.png",600,349,false],"woocommerce_gallery_thumbnail":["https:\/\/catalonia.com.br\/wp-content\/uploads\/2023\/07\/O-perfil-de-um-povo-Mostra-de-Arquitetura-da-Catalunha-100x100.png",100,100,true]},"uagb_author_info":{"display_name":"Associa\u00e7\u00e3o Cultural Catalonia","author_link":"https:\/\/catalonia.com.br\/ca\/author\/admincat\/"},"uagb_comment_info":0,"uagb_excerpt":"Apresenta\u00e7\u00e3o de uma retrospectiva hist\u00f3rica da arquitetura na Catalunha desde o Rom\u00e2nico at\u00e9 a \u00e9poca atual, por meio de textos explicativos e mais de 200 fotos. A mostra se comp\u00f5e de trinta cartazes de 1,20 x 0,90 m, fixados em quinze pain\u00e9is de 2,00 x 1,20 m, formando cinco conjuntos autoportantes, dupla face em forma","_links":{"self":[{"href":"https:\/\/catalonia.com.br\/ca\/wp-json\/wp\/v2\/pages\/3206","targetHints":{"allow":["GET"]}}],"collection":[{"href":"https:\/\/catalonia.com.br\/ca\/wp-json\/wp\/v2\/pages"}],"about":[{"href":"https:\/\/catalonia.com.br\/ca\/wp-json\/wp\/v2\/types\/page"}],"author":[{"embeddable":true,"href":"https:\/\/catalonia.com.br\/ca\/wp-json\/wp\/v2\/users\/1"}],"replies":[{"embeddable":true,"href":"https:\/\/catalonia.com.br\/ca\/wp-json\/wp\/v2\/comments?post=3206"}],"version-history":[{"count":0,"href":"https:\/\/catalonia.com.br\/ca\/wp-json\/wp\/v2\/pages\/3206\/revisions"}],"wp:featuredmedia":[{"embeddable":true,"href":"https:\/\/catalonia.com.br\/ca\/wp-json\/wp\/v2\/media\/3125"}],"wp:attachment":[{"href":"https:\/\/catalonia.com.br\/ca\/wp-json\/wp\/v2\/media?parent=3206"}],"curies":[{"name":"wp","href":"https:\/\/api.w.org\/{rel}","templated":true}]}}