{"version":"1.0","provider_name":"l'Associaci\u00f3 Cultural Catalonia","provider_url":"https:\/\/catalonia.com.br\/ca","author_name":"Associa\u00e7\u00e3o Cultural Catalonia","author_url":"https:\/\/catalonia.com.br\/ca\/author\/admincat\/","title":"Catalonia Parla - Associa\u00e7\u00e3o Cultural Catalonia","type":"rich","width":600,"height":338,"html":"<blockquote class=\"wp-embedded-content\" data-secret=\"9BYl7g0eag\"><a href=\"https:\/\/catalonia.com.br\/ca\/catalonia-parla\/\">Catalonia Parla<\/a><\/blockquote><iframe sandbox=\"allow-scripts\" security=\"restricted\" src=\"https:\/\/catalonia.com.br\/ca\/catalonia-parla\/embed\/#?secret=9BYl7g0eag\" width=\"600\" height=\"338\" title=\"&#8220;Catalonia Parla&#8221; &#8212; Associa\u00e7\u00e3o Cultural Catalonia\" data-secret=\"9BYl7g0eag\" frameborder=\"0\" marginwidth=\"0\" marginheight=\"0\" scrolling=\"no\" class=\"wp-embedded-content\"><\/iframe><script>\n\/*! This file is auto-generated *\/\n!function(d,l){\"use strict\";l.querySelector&&d.addEventListener&&\"undefined\"!=typeof URL&&(d.wp=d.wp||{},d.wp.receiveEmbedMessage||(d.wp.receiveEmbedMessage=function(e){var t=e.data;if((t||t.secret||t.message||t.value)&&!\/[^a-zA-Z0-9]\/.test(t.secret)){for(var s,r,n,a=l.querySelectorAll('iframe[data-secret=\"'+t.secret+'\"]'),o=l.querySelectorAll('blockquote[data-secret=\"'+t.secret+'\"]'),c=new RegExp(\"^https?:$\",\"i\"),i=0;i<o.length;i++)o[i].style.display=\"none\";for(i=0;i<a.length;i++)s=a[i],e.source===s.contentWindow&&(s.removeAttribute(\"style\"),\"height\"===t.message?(1e3<(r=parseInt(t.value,10))?r=1e3:~~r<200&&(r=200),s.height=r):\"link\"===t.message&&(r=new URL(s.getAttribute(\"src\")),n=new URL(t.value),c.test(n.protocol))&&n.host===r.host&&l.activeElement===s&&(d.top.location.href=t.value))}},d.addEventListener(\"message\",d.wp.receiveEmbedMessage,!1),l.addEventListener(\"DOMContentLoaded\",function(){for(var e,t,s=l.querySelectorAll(\"iframe.wp-embedded-content\"),r=0;r<s.length;r++)(t=(e=s[r]).getAttribute(\"data-secret\"))||(t=Math.random().toString(36).substring(2,12),e.src+=\"#?secret=\"+t,e.setAttribute(\"data-secret\",t)),e.contentWindow.postMessage({message:\"ready\",secret:t},\"*\")},!1)))}(window,document);\n\/\/# sourceURL=https:\/\/catalonia.com.br\/wp-includes\/js\/wp-embed.min.js\n<\/script>","description":"Catalonia Parla Programas de conversas e cursos O Grupo Catalonia Parla \u00e9 um projeto criado em 24 de agosto de 2022, inspirado nos programas de conversa \u201cXerrem Junts\u201d da CAL (Coordinadora d\u2019Associacions per la Llengua Catalana) e no programa \u201cParella Ling\u00fc\u00edstica\u201d do \u201cVoluntariat per la Llengua\u201d do CPNL (Consorci per la Normalitzaci\u00f3 Ling\u00fc\u00edstica). Criado por","thumbnail_url":"https:\/\/catalonia.com.br\/wp-content\/uploads\/2024\/09\/WhatsApp-Image-2024-09-02-at-12.09.14-PM-300x300.jpeg"}