{"id":4493,"date":"2024-08-16T17:07:57","date_gmt":"2024-08-16T20:07:57","guid":{"rendered":"https:\/\/catalonia.com.br\/?page_id=4493"},"modified":"2024-09-03T21:12:30","modified_gmt":"2024-09-04T00:12:30","slug":"memoria-2023-2024","status":"publish","type":"page","link":"https:\/\/catalonia.com.br\/ca\/memoria\/memoria-2023-2024\/","title":{"rendered":"Mem\u00f3ria 2023 \/ 2024"},"content":{"rendered":"<div data-elementor-type=\"wp-page\" data-elementor-id=\"4493\" class=\"elementor elementor-4493\">\n\t\t\t\t\t\t<section class=\"elementor-section elementor-top-section elementor-element elementor-element-0ie05be elementor-section-height-min-height elementor-section-boxed elementor-section-height-default elementor-section-items-middle wpr-particle-no wpr-jarallax-no wpr-parallax-no wpr-sticky-section-no elementor-invisible\" data-id=\"0ie05be\" data-element_type=\"section\" data-e-type=\"section\" data-settings=\"{&quot;background_background&quot;:&quot;classic&quot;,&quot;animation&quot;:&quot;fadeIn&quot;}\">\n\t\t\t\t\t\t\t<div class=\"elementor-background-overlay\"><\/div>\n\t\t\t\t\t\t\t<div class=\"elementor-container elementor-column-gap-no\">\n\t\t\t\t\t<div class=\"elementor-column elementor-col-100 elementor-top-column elementor-element elementor-element-aaad5b0\" data-id=\"aaad5b0\" data-element_type=\"column\" data-e-type=\"column\">\n\t\t\t<div class=\"elementor-widget-wrap\">\n\t\t\t\t\t\t\t<\/div>\n\t\t<\/div>\n\t\t\t\t\t<\/div>\n\t\t<\/section>\n\t\t\t\t<section class=\"elementor-section elementor-top-section elementor-element elementor-element-b0b3f95 elementor-section-boxed elementor-section-height-default elementor-section-height-default wpr-particle-no wpr-jarallax-no wpr-parallax-no wpr-sticky-section-no\" data-id=\"b0b3f95\" data-element_type=\"section\" data-e-type=\"section\" data-settings=\"{&quot;background_background&quot;:&quot;classic&quot;}\">\n\t\t\t\t\t\t<div class=\"elementor-container elementor-column-gap-default\">\n\t\t\t\t\t<div class=\"elementor-column elementor-col-100 elementor-top-column elementor-element elementor-element-e9eaf4e\" data-id=\"e9eaf4e\" data-element_type=\"column\" data-e-type=\"column\">\n\t\t\t<div class=\"elementor-widget-wrap elementor-element-populated\">\n\t\t\t\t\t\t<div class=\"elementor-element elementor-element-90ba35c elementor-widget elementor-widget-spacer\" data-id=\"90ba35c\" data-element_type=\"widget\" data-e-type=\"widget\" data-widget_type=\"spacer.default\">\n\t\t\t\t<div class=\"elementor-widget-container\">\n\t\t\t\t\t\t\t<div class=\"elementor-spacer\">\n\t\t\t<div class=\"elementor-spacer-inner\"><\/div>\n\t\t<\/div>\n\t\t\t\t\t\t<\/div>\n\t\t\t\t<\/div>\n\t\t\t\t<div class=\"elementor-element elementor-element-6c66b08 elementor-widget elementor-widget-heading\" data-id=\"6c66b08\" data-element_type=\"widget\" data-e-type=\"widget\" data-widget_type=\"heading.default\">\n\t\t\t\t<div class=\"elementor-widget-container\">\n\t\t\t\t\t<h1 class=\"elementor-heading-title elementor-size-default\">Mem\u00f3ria 2023 \/ 2024<\/h1>\t\t\t\t<\/div>\n\t\t\t\t<\/div>\n\t\t\t\t\t<\/div>\n\t\t<\/div>\n\t\t\t\t\t<\/div>\n\t\t<\/section>\n\t\t\t\t<section class=\"elementor-section elementor-top-section elementor-element elementor-element-cf4d000 elementor-section-boxed elementor-section-height-default elementor-section-height-default wpr-particle-no wpr-jarallax-no wpr-parallax-no wpr-sticky-section-no\" data-id=\"cf4d000\" data-element_type=\"section\" data-e-type=\"section\" data-settings=\"{&quot;background_background&quot;:&quot;classic&quot;}\">\n\t\t\t\t\t\t<div class=\"elementor-container elementor-column-gap-default\">\n\t\t\t\t\t<div class=\"elementor-column elementor-col-100 elementor-top-column elementor-element elementor-element-f75b486\" data-id=\"f75b486\" data-element_type=\"column\" data-e-type=\"column\">\n\t\t\t<div class=\"elementor-widget-wrap elementor-element-populated\">\n\t\t\t\t\t\t<div class=\"elementor-element elementor-element-8c9ecd8 elementor-widget elementor-widget-heading\" data-id=\"8c9ecd8\" data-element_type=\"widget\" data-e-type=\"widget\" data-widget_type=\"heading.default\">\n\t\t\t\t<div class=\"elementor-widget-container\">\n\t\t\t\t\t<h3 class=\"elementor-heading-title elementor-size-default\">Nova gest\u00e3o, novas mem\u00f3rias<\/h3>\t\t\t\t<\/div>\n\t\t\t\t<\/div>\n\t\t\t\t\t<\/div>\n\t\t<\/div>\n\t\t\t\t\t<\/div>\n\t\t<\/section>\n\t\t\t\t<section class=\"elementor-section elementor-top-section elementor-element elementor-element-351e56a elementor-section-boxed elementor-section-height-default elementor-section-height-default wpr-particle-no wpr-jarallax-no wpr-parallax-no wpr-sticky-section-no\" data-id=\"351e56a\" data-element_type=\"section\" data-e-type=\"section\" data-settings=\"{&quot;background_background&quot;:&quot;gradient&quot;}\">\n\t\t\t\t\t\t<div class=\"elementor-container elementor-column-gap-extended\">\n\t\t\t\t\t<div class=\"elementor-column elementor-col-100 elementor-top-column elementor-element elementor-element-9b5224b\" data-id=\"9b5224b\" data-element_type=\"column\" data-e-type=\"column\">\n\t\t\t<div class=\"elementor-widget-wrap elementor-element-populated\">\n\t\t\t\t\t\t<div class=\"elementor-element elementor-element-ead46e9 elementor-drop-cap-yes elementor-drop-cap-view-stacked elementor-widget elementor-widget-text-editor\" data-id=\"ead46e9\" data-element_type=\"widget\" data-e-type=\"widget\" data-settings=\"{&quot;drop_cap&quot;:&quot;yes&quot;}\" data-widget_type=\"text-editor.default\">\n\t\t\t\t<div class=\"elementor-widget-container\">\n\t\t\t\t\t\t\t\t\t<p>Em 25 de novembro de 2023, come\u00e7ou a atual gest\u00e3o do Catalonia. Nesta p\u00e1gina, disponibilizamos a lista das atividades organizadas e coorganizadas pela nossa entidade ao longo deste primeiro ciclo.<\/p>\n<p>O apoio de nossos associados \u00e9 imprescind\u00edvel para a organiza\u00e7\u00e3o dessas atividades. Conhe\u00e7a as <b><a href=\"https:\/\/catalonia.com.br\/ca\/associados\/\" target=\"_blank\" rel=\"noopener\"><span style=\"color: #993300;\">vantagens de se associar ao Catalonia<\/span><\/a><\/b>, e <b><i>ajude a fortalecer a presen\u00e7a da Catalunha no Brasil<\/i><\/b>.<\/p>\n<h5>Objectius<\/h5>\n<p class=\"translation-block\">Els nostres objectius s\u00f3n: <strong>difondre la hist\u00f2ria i la cultura de Catalunya<\/strong>; <strong>defensar i promoure l'ensenyament de la llengua catalana<\/strong>; <strong>preservar els vincles amb Catalunya i les seves institucions<\/strong>, actuant com a mitj\u00e0 per a la seva integraci\u00f3 amb el Brasil; <strong>ser un referent cultural de Catalunya al Brasil; promoure els intercanvis culturals i tur\u00edstics entre els dos territoris<\/strong>; i finalment,\n<strong>fomentar i mantenir l'intercanvi de relacions amb altres institucions, associacions i entitats representatives de Catalunya al m\u00f3n<\/strong>.<\/p>\t\t\t\t\t\t\t\t<\/div>\n\t\t\t\t<\/div>\n\t\t\t\t\t<\/div>\n\t\t<\/div>\n\t\t\t\t\t<\/div>\n\t\t<\/section>\n\t\t\t\t<section class=\"elementor-section elementor-top-section elementor-element elementor-element-8x1e3k4 elementor-section-boxed elementor-section-height-default elementor-section-height-default wpr-particle-no wpr-jarallax-no wpr-parallax-no wpr-sticky-section-no\" data-id=\"8x1e3k4\" data-element_type=\"section\" data-e-type=\"section\" data-settings=\"{&quot;background_background&quot;:&quot;classic&quot;}\">\n\t\t\t\t\t\t\t<div class=\"elementor-background-overlay\"><\/div>\n\t\t\t\t\t\t\t<div class=\"elementor-container elementor-column-gap-no\">\n\t\t\t\t\t<div class=\"elementor-column elementor-col-100 elementor-top-column elementor-element elementor-element-187f2ef\" data-id=\"187f2ef\" data-element_type=\"column\" data-e-type=\"column\">\n\t\t\t<div class=\"elementor-widget-wrap\">\n\t\t\t\t\t\t\t<\/div>\n\t\t<\/div>\n\t\t\t\t\t<\/div>\n\t\t<\/section>\n\t\t\t\t<section class=\"elementor-section elementor-top-section elementor-element elementor-element-d656fff elementor-section-boxed elementor-section-height-default elementor-section-height-default wpr-particle-no wpr-jarallax-no wpr-parallax-no wpr-sticky-section-no\" data-id=\"d656fff\" data-element_type=\"section\" data-e-type=\"section\">\n\t\t\t\t\t\t<div class=\"elementor-container elementor-column-gap-default\">\n\t\t\t\t\t<div class=\"elementor-column elementor-col-100 elementor-top-column elementor-element elementor-element-33746db\" data-id=\"33746db\" data-element_type=\"column\" data-e-type=\"column\">\n\t\t\t<div class=\"elementor-widget-wrap elementor-element-populated\">\n\t\t\t\t\t\t<div class=\"elementor-element elementor-element-c33be3c wpr-list-style-none elementor-widget elementor-widget-wpr-posts-timeline\" data-id=\"c33be3c\" data-element_type=\"widget\" data-e-type=\"widget\" data-settings=\"{&quot;animation_offset&quot;:150,&quot;aos_animation_duration&quot;:600}\" data-widget_type=\"wpr-posts-timeline.default\">\n\t\t\t\t<div class=\"elementor-widget-container\">\n\t\t\t\t\t\n\t\t<div class=\"wpr-wrapper wpr-vertical wpr-centered\">\n\t\t\t<div class=\"wpr-timeline-centered wpr-line wpr-both-sided-timeline\"><div class=\"wpr-middle-line\"><\/div><div class=\"wpr-timeline-fill\" data-layout=\"centered\"><\/div><article class=\"wpr-timeline-entry wpr-left-aligned elementor-repeater-item-325c0e1\" data-item-id=\"elementor-repeater-item-325c0e1\"><time class=\"wpr-extra-label\" data-aos=\"fade\" data-aos-left=\"\" data-aos-right=\"\" data-animation-offset=\"150\" data-animation-duration=\"600\"><span class=\"wpr-label\">2 de dezembro de 2023<\/span><span class=\"wpr-sub-label\">Evento gastron\u00f4mico<\/span><\/time><div class=\"wpr-timeline-entry-inner\"><div class=\"wpr-main-line-icon wpr-icon\"><i aria-hidden=\"true\" class=\"far fa-clock\"><\/i><\/div><div class=\"wpr-story-info-vertical wpr-data-wrap\"  data-aos=\"fade\" data-aos-left=\"\" data-aos-right=\"\" data-animation-offset=\"150\" data-animation-duration=\"600\"><div class=\"wpr-animation-wrap wpr-timeline-media\"><img fetchpriority=\"high\" decoding=\"async\" width=\"600\" height=\"400\" src=\"https:\/\/catalonia.com.br\/wp-content\/uploads\/2024\/08\/Evento-gastronomico-na-Botiga-Pirineus-Trobada-gastronomica-a-la-Botiga-Pirineus-2023.png\" class=\"attachment-medium_large size-medium_large\" alt=\"\" srcset=\"https:\/\/catalonia.com.br\/wp-content\/uploads\/2024\/08\/Evento-gastronomico-na-Botiga-Pirineus-Trobada-gastronomica-a-la-Botiga-Pirineus-2023.png 600w, https:\/\/catalonia.com.br\/wp-content\/uploads\/2024\/08\/Evento-gastronomico-na-Botiga-Pirineus-Trobada-gastronomica-a-la-Botiga-Pirineus-2023-300x200.png 300w, https:\/\/catalonia.com.br\/wp-content\/uploads\/2024\/08\/Evento-gastronomico-na-Botiga-Pirineus-Trobada-gastronomica-a-la-Botiga-Pirineus-2023-18x12.png 18w\" sizes=\"(max-width: 600px) 100vw, 600px\" \/><\/div><div class=\"wpr-timeline-content-wrapper\"><div class=\"wpr-content-wrapper\"><div class=\"wpr-title-wrap\"><a href=\"https:\/\/catalonia.com.br\/ca\/evento-gastronomico-na-botiga-pirineus-2023\/\" target=\"_blank\" rel=\"nofollow\"><span class=\"wpr-title\">Evento gastron\u00f4mico na Botiga Pirineus - 2023<\/span><\/a><\/div><\/div><\/div><\/div>\n\t\t\t\t\t\t<\/div>\n\t\t\t\t<\/article><article class=\"wpr-timeline-entry wpr-right-aligned elementor-repeater-item-92c5663\" data-item-id=\"elementor-repeater-item-92c5663\"><time class=\"wpr-extra-label\" data-aos=\"fade\" data-aos-left=\"\" data-aos-right=\"\" data-animation-offset=\"150\" data-animation-duration=\"600\"><span class=\"wpr-label\">2023 e 2024<\/span><span class=\"wpr-sub-label\">Aulas de catal\u00e3o<\/span><\/time><div class=\"wpr-timeline-entry-inner\"><div class=\"wpr-main-line-icon wpr-icon\"><i aria-hidden=\"true\" class=\"far fa-clock\"><\/i><\/div><div class=\"wpr-story-info-vertical wpr-data-wrap\"  data-aos=\"fade\" data-aos-left=\"\" data-aos-right=\"\" data-animation-offset=\"150\" data-animation-duration=\"600\"><div class=\"wpr-animation-wrap wpr-timeline-media\"><img decoding=\"async\" width=\"600\" height=\"400\" src=\"https:\/\/catalonia.com.br\/wp-content\/uploads\/2024\/08\/Aulas-de-catalao-Classes-de-catala-2023-2024.png\" class=\"attachment-medium_large size-medium_large\" alt=\"\" srcset=\"https:\/\/catalonia.com.br\/wp-content\/uploads\/2024\/08\/Aulas-de-catalao-Classes-de-catala-2023-2024.png 600w, https:\/\/catalonia.com.br\/wp-content\/uploads\/2024\/08\/Aulas-de-catalao-Classes-de-catala-2023-2024-300x200.png 300w, https:\/\/catalonia.com.br\/wp-content\/uploads\/2024\/08\/Aulas-de-catalao-Classes-de-catala-2023-2024-18x12.png 18w\" sizes=\"(max-width: 600px) 100vw, 600px\" \/><\/div><div class=\"wpr-timeline-content-wrapper\"><div class=\"wpr-content-wrapper\"><div class=\"wpr-title-wrap\"><a href=\"https:\/\/catalonia.com.br\/ca\/aulas-de-catalao-classes-de-catala-2023-2024\/\" target=\"_blank\" rel=\"nofollow\"><span class=\"wpr-title\">Aulas virtuais de l\u00edngua catal\u00e3<\/span><\/a><\/div><\/div><\/div><\/div>\n\t\t\t\t\t\t<\/div>\n\t\t\t\t<\/article><article class=\"wpr-timeline-entry wpr-left-aligned elementor-repeater-item-f58659c\" data-item-id=\"elementor-repeater-item-f58659c\"><time class=\"wpr-extra-label\" data-aos=\"fade\" data-aos-left=\"\" data-aos-right=\"\" data-animation-offset=\"150\" data-animation-duration=\"600\"><span class=\"wpr-label\">6 de mar\u00e7o de 2024<\/span><span class=\"wpr-sub-label\">Encontro institucional<\/span><\/time><div class=\"wpr-timeline-entry-inner\"><div class=\"wpr-main-line-icon wpr-icon\"><i aria-hidden=\"true\" class=\"far fa-clock\"><\/i><\/div><div class=\"wpr-story-info-vertical wpr-data-wrap\"  data-aos=\"fade\" data-aos-left=\"\" data-aos-right=\"\" data-animation-offset=\"150\" data-animation-duration=\"600\"><div class=\"wpr-animation-wrap wpr-timeline-media\"><img decoding=\"async\" width=\"600\" height=\"400\" src=\"https:\/\/catalonia.com.br\/wp-content\/uploads\/2024\/08\/Recebimento-a-delegada-do-governo-catalao-no-Brasil-Rebuda-a-la-delegada-de-la-Generalitat-de-Catalunya-al-Brasil.png\" class=\"attachment-full size-full\" alt=\"\" srcset=\"https:\/\/catalonia.com.br\/wp-content\/uploads\/2024\/08\/Recebimento-a-delegada-do-governo-catalao-no-Brasil-Rebuda-a-la-delegada-de-la-Generalitat-de-Catalunya-al-Brasil.png 600w, https:\/\/catalonia.com.br\/wp-content\/uploads\/2024\/08\/Recebimento-a-delegada-do-governo-catalao-no-Brasil-Rebuda-a-la-delegada-de-la-Generalitat-de-Catalunya-al-Brasil-300x200.png 300w, https:\/\/catalonia.com.br\/wp-content\/uploads\/2024\/08\/Recebimento-a-delegada-do-governo-catalao-no-Brasil-Rebuda-a-la-delegada-de-la-Generalitat-de-Catalunya-al-Brasil-18x12.png 18w\" sizes=\"(max-width: 600px) 100vw, 600px\" \/><\/div><div class=\"wpr-timeline-content-wrapper\"><div class=\"wpr-content-wrapper\"><div class=\"wpr-title-wrap\"><a href=\"https:\/\/catalonia.com.br\/ca\/recebimento-a-delegada-do-governo-catalao-no-brasil\/\" target=\"_blank\" rel=\"nofollow\"><span class=\"wpr-title\">Recebimento \u00e0 delegada do governo catal\u00e3o no Brasil<\/span><\/a><\/div><\/div><\/div><\/div>\n\t\t\t\t\t\t<\/div>\n\t\t\t\t<\/article><article class=\"wpr-timeline-entry wpr-right-aligned elementor-repeater-item-23a9058\" data-item-id=\"elementor-repeater-item-23a9058\"><time class=\"wpr-extra-label\" data-aos=\"fade\" data-aos-left=\"\" data-aos-right=\"\" data-animation-offset=\"150\" data-animation-duration=\"600\"><span class=\"wpr-label\">9 de mar\u00e7o de 2024<\/span><span class=\"wpr-sub-label\">Evento acad\u00eamico<\/span><\/time><div class=\"wpr-timeline-entry-inner\"><div class=\"wpr-main-line-icon wpr-icon\"><i aria-hidden=\"true\" class=\"far fa-clock\"><\/i><\/div><div class=\"wpr-story-info-vertical wpr-data-wrap\"  data-aos=\"fade\" data-aos-left=\"\" data-aos-right=\"\" data-animation-offset=\"150\" data-animation-duration=\"600\"><div class=\"wpr-animation-wrap wpr-timeline-media\"><img loading=\"lazy\" decoding=\"async\" width=\"600\" height=\"400\" src=\"https:\/\/catalonia.com.br\/wp-content\/uploads\/2024\/08\/Conferencia-sobre-A-Semana-Tragica-Conferencia-sobre-La-Setmana-Tragica.png\" class=\"attachment-full size-full\" alt=\"\" srcset=\"https:\/\/catalonia.com.br\/wp-content\/uploads\/2024\/08\/Conferencia-sobre-A-Semana-Tragica-Conferencia-sobre-La-Setmana-Tragica.png 600w, https:\/\/catalonia.com.br\/wp-content\/uploads\/2024\/08\/Conferencia-sobre-A-Semana-Tragica-Conferencia-sobre-La-Setmana-Tragica-300x200.png 300w, https:\/\/catalonia.com.br\/wp-content\/uploads\/2024\/08\/Conferencia-sobre-A-Semana-Tragica-Conferencia-sobre-La-Setmana-Tragica-18x12.png 18w\" sizes=\"(max-width: 600px) 100vw, 600px\" \/><\/div><div class=\"wpr-timeline-content-wrapper\"><div class=\"wpr-content-wrapper\"><div class=\"wpr-title-wrap\"><a href=\"https:\/\/catalonia.com.br\/ca\/conferencia-sobre-a-semana-tragica\/\" target=\"_blank\" rel=\"nofollow\"><span class=\"wpr-title\">Confer\u00eancia sobre A Semana Tr\u00e0gica<\/span><\/a><\/div><\/div><\/div><\/div>\n\t\t\t\t\t\t<\/div>\n\t\t\t\t<\/article><\/div>    \n\t\t\t<\/div>\t\t\t\t<\/div>\n\t\t\t\t<\/div>\n\t\t\t\t<div class=\"elementor-element elementor-element-a8910e8 wpr-list-style-none elementor-widget elementor-widget-wpr-posts-timeline\" data-id=\"a8910e8\" data-element_type=\"widget\" data-e-type=\"widget\" data-settings=\"{&quot;animation_offset&quot;:150,&quot;aos_animation_duration&quot;:600}\" data-widget_type=\"wpr-posts-timeline.default\">\n\t\t\t\t<div class=\"elementor-widget-container\">\n\t\t\t\t\t\n\t\t<div class=\"wpr-wrapper wpr-vertical wpr-centered\">\n\t\t\t<div class=\"wpr-timeline-centered wpr-line wpr-both-sided-timeline\"><div class=\"wpr-middle-line\"><\/div><div class=\"wpr-timeline-fill\" data-layout=\"centered\"><\/div><article class=\"wpr-timeline-entry wpr-left-aligned elementor-repeater-item-325c0e1\" data-item-id=\"elementor-repeater-item-325c0e1\"><time class=\"wpr-extra-label\" data-aos=\"fade\" data-aos-left=\"\" data-aos-right=\"\" data-animation-offset=\"150\" data-animation-duration=\"600\"><span class=\"wpr-label\">2023 \/ 2024<\/span><span class=\"wpr-sub-label\">Aulas de convesa\u00e7\u00e3o<\/span><\/time><div class=\"wpr-timeline-entry-inner\"><div class=\"wpr-main-line-icon wpr-icon\"><i aria-hidden=\"true\" class=\"far fa-clock\"><\/i><\/div><div class=\"wpr-story-info-vertical wpr-data-wrap\"  data-aos=\"fade\" data-aos-left=\"\" data-aos-right=\"\" data-animation-offset=\"150\" data-animation-duration=\"600\"><div class=\"wpr-animation-wrap wpr-timeline-media\"><img loading=\"lazy\" decoding=\"async\" width=\"600\" height=\"400\" src=\"https:\/\/catalonia.com.br\/wp-content\/uploads\/2024\/08\/Catalonia-Parla.png\" class=\"attachment-medium_large size-medium_large\" alt=\"\" srcset=\"https:\/\/catalonia.com.br\/wp-content\/uploads\/2024\/08\/Catalonia-Parla.png 600w, https:\/\/catalonia.com.br\/wp-content\/uploads\/2024\/08\/Catalonia-Parla-300x200.png 300w, https:\/\/catalonia.com.br\/wp-content\/uploads\/2024\/08\/Catalonia-Parla-18x12.png 18w\" sizes=\"(max-width: 600px) 100vw, 600px\" \/><\/div><div class=\"wpr-timeline-content-wrapper\"><div class=\"wpr-content-wrapper\"><div class=\"wpr-title-wrap\"><a href=\"https:\/\/catalonia.com.br\/ca\/catalonia-parla\/\" target=\"_blank\" rel=\"nofollow\"><span class=\"wpr-title\">Catalonia Parla<\/span><\/a><\/div><\/div><\/div><\/div>\n\t\t\t\t\t\t<\/div>\n\t\t\t\t<\/article><article class=\"wpr-timeline-entry wpr-right-aligned elementor-repeater-item-92c5663\" data-item-id=\"elementor-repeater-item-92c5663\"><time class=\"wpr-extra-label\" data-aos=\"fade\" data-aos-left=\"\" data-aos-right=\"\" data-animation-offset=\"150\" data-animation-duration=\"600\"><span class=\"wpr-label\">16 e 17 de mar\u00e7o de 2024<\/span><span class=\"wpr-sub-label\">Catalunha Exterior<\/span><\/time><div class=\"wpr-timeline-entry-inner\"><div class=\"wpr-main-line-icon wpr-icon\"><i aria-hidden=\"true\" class=\"far fa-clock\"><\/i><\/div><div class=\"wpr-story-info-vertical wpr-data-wrap\"  data-aos=\"fade\" data-aos-left=\"\" data-aos-right=\"\" data-animation-offset=\"150\" data-animation-duration=\"600\"><div class=\"wpr-animation-wrap wpr-timeline-media\"><img loading=\"lazy\" decoding=\"async\" width=\"600\" height=\"400\" src=\"https:\/\/catalonia.com.br\/wp-content\/uploads\/2024\/08\/Encontro-de-comunidades-catalas-na-Argentina-Trobada-de-casals-a-lArgentina.png\" class=\"attachment-medium_large size-medium_large\" alt=\"\" srcset=\"https:\/\/catalonia.com.br\/wp-content\/uploads\/2024\/08\/Encontro-de-comunidades-catalas-na-Argentina-Trobada-de-casals-a-lArgentina.png 600w, https:\/\/catalonia.com.br\/wp-content\/uploads\/2024\/08\/Encontro-de-comunidades-catalas-na-Argentina-Trobada-de-casals-a-lArgentina-300x200.png 300w, https:\/\/catalonia.com.br\/wp-content\/uploads\/2024\/08\/Encontro-de-comunidades-catalas-na-Argentina-Trobada-de-casals-a-lArgentina-18x12.png 18w\" sizes=\"(max-width: 600px) 100vw, 600px\" \/><\/div><div class=\"wpr-timeline-content-wrapper\"><div class=\"wpr-content-wrapper\"><div class=\"wpr-title-wrap\"><a href=\"https:\/\/catalonia.com.br\/ca\/encontro-de-comunidades-catalas-na-argentina\/\" target=\"_blank\" rel=\"nofollow\"><span class=\"wpr-title\">Encontro de comunidades catal\u00e3s na Argentina<\/span><\/a><\/div><\/div><\/div><\/div>\n\t\t\t\t\t\t<\/div>\n\t\t\t\t<\/article><article class=\"wpr-timeline-entry wpr-left-aligned elementor-repeater-item-f58659c\" data-item-id=\"elementor-repeater-item-f58659c\"><time class=\"wpr-extra-label\" data-aos=\"fade\" data-aos-left=\"\" data-aos-right=\"\" data-animation-offset=\"150\" data-animation-duration=\"600\"><span class=\"wpr-label\">23 de abril de 2024<\/span><span class=\"wpr-sub-label\">Dias comemorativos<\/span><\/time><div class=\"wpr-timeline-entry-inner\"><div class=\"wpr-main-line-icon wpr-icon\"><i aria-hidden=\"true\" class=\"far fa-clock\"><\/i><\/div><div class=\"wpr-story-info-vertical wpr-data-wrap\"  data-aos=\"fade\" data-aos-left=\"\" data-aos-right=\"\" data-animation-offset=\"150\" data-animation-duration=\"600\"><div class=\"wpr-animation-wrap wpr-timeline-media\"><img loading=\"lazy\" decoding=\"async\" width=\"600\" height=\"400\" src=\"https:\/\/catalonia.com.br\/wp-content\/uploads\/2024\/08\/Sao-Jorge-Sant-Jordi-2024.png\" class=\"attachment-full size-full\" alt=\"\" srcset=\"https:\/\/catalonia.com.br\/wp-content\/uploads\/2024\/08\/Sao-Jorge-Sant-Jordi-2024.png 600w, https:\/\/catalonia.com.br\/wp-content\/uploads\/2024\/08\/Sao-Jorge-Sant-Jordi-2024-300x200.png 300w, https:\/\/catalonia.com.br\/wp-content\/uploads\/2024\/08\/Sao-Jorge-Sant-Jordi-2024-18x12.png 18w\" sizes=\"(max-width: 600px) 100vw, 600px\" \/><\/div><div class=\"wpr-timeline-content-wrapper\"><div class=\"wpr-content-wrapper\"><div class=\"wpr-title-wrap\"><a href=\"https:\/\/catalonia.com.br\/ca\/sao-jorge-sant-jordi\/\" target=\"_blank\" rel=\"nofollow\"><span class=\"wpr-title\">Sant Jordi<\/span><\/a><\/div><\/div><\/div><\/div>\n\t\t\t\t\t\t<\/div>\n\t\t\t\t<\/article><article class=\"wpr-timeline-entry wpr-right-aligned elementor-repeater-item-23a9058\" data-item-id=\"elementor-repeater-item-23a9058\"><time class=\"wpr-extra-label\" data-aos=\"fade\" data-aos-left=\"\" data-aos-right=\"\" data-animation-offset=\"150\" data-animation-duration=\"600\"><span class=\"wpr-label\">20 e 27 de junho de 2024<\/span><span class=\"wpr-sub-label\">Aulas de catal\u00e3o<\/span><\/time><div class=\"wpr-timeline-entry-inner\"><div class=\"wpr-main-line-icon wpr-icon\"><i aria-hidden=\"true\" class=\"far fa-clock\"><\/i><\/div><div class=\"wpr-story-info-vertical wpr-data-wrap\"  data-aos=\"fade\" data-aos-left=\"\" data-aos-right=\"\" data-animation-offset=\"150\" data-animation-duration=\"600\"><div class=\"wpr-animation-wrap wpr-timeline-media\"><img loading=\"lazy\" decoding=\"async\" width=\"600\" height=\"400\" src=\"https:\/\/catalonia.com.br\/wp-content\/uploads\/2024\/08\/Oficinas-de-leitura-Tallers-de-lectura-1.png\" class=\"attachment-full size-full\" alt=\"\" srcset=\"https:\/\/catalonia.com.br\/wp-content\/uploads\/2024\/08\/Oficinas-de-leitura-Tallers-de-lectura-1.png 600w, https:\/\/catalonia.com.br\/wp-content\/uploads\/2024\/08\/Oficinas-de-leitura-Tallers-de-lectura-1-300x200.png 300w, https:\/\/catalonia.com.br\/wp-content\/uploads\/2024\/08\/Oficinas-de-leitura-Tallers-de-lectura-1-18x12.png 18w\" sizes=\"(max-width: 600px) 100vw, 600px\" \/><\/div><div class=\"wpr-timeline-content-wrapper\"><div class=\"wpr-content-wrapper\"><div class=\"wpr-title-wrap\"><a href=\"https:\/\/catalonia.com.br\/ca\/oficinas-de-leitura\/\" target=\"_blank\" rel=\"nofollow\"><span class=\"wpr-title\">Oficinas de leitura<\/span><\/a><\/div><\/div><\/div><\/div>\n\t\t\t\t\t\t<\/div>\n\t\t\t\t<\/article><\/div>    \n\t\t\t<\/div>\t\t\t\t<\/div>\n\t\t\t\t<\/div>\n\t\t\t\t<div class=\"elementor-element elementor-element-3307702 wpr-list-style-none elementor-widget elementor-widget-wpr-posts-timeline\" data-id=\"3307702\" data-element_type=\"widget\" data-e-type=\"widget\" data-settings=\"{&quot;animation_offset&quot;:150,&quot;aos_animation_duration&quot;:600}\" data-widget_type=\"wpr-posts-timeline.default\">\n\t\t\t\t<div class=\"elementor-widget-container\">\n\t\t\t\t\t\n\t\t<div class=\"wpr-wrapper wpr-vertical wpr-centered\">\n\t\t\t<div class=\"wpr-timeline-centered wpr-line wpr-both-sided-timeline\"><div class=\"wpr-middle-line\"><\/div><div class=\"wpr-timeline-fill\" data-layout=\"centered\"><\/div><article class=\"wpr-timeline-entry wpr-left-aligned elementor-repeater-item-325c0e1\" data-item-id=\"elementor-repeater-item-325c0e1\"><time class=\"wpr-extra-label\" data-aos=\"fade\" data-aos-left=\"\" data-aos-right=\"\" data-animation-offset=\"150\" data-animation-duration=\"600\"><span class=\"wpr-label\">24 de junho de 2024<\/span><span class=\"wpr-sub-label\">Dias comemorativos<\/span><\/time><div class=\"wpr-timeline-entry-inner\"><div class=\"wpr-main-line-icon wpr-icon\"><i aria-hidden=\"true\" class=\"far fa-clock\"><\/i><\/div><div class=\"wpr-story-info-vertical wpr-data-wrap\"  data-aos=\"fade\" data-aos-left=\"\" data-aos-right=\"\" data-animation-offset=\"150\" data-animation-duration=\"600\"><div class=\"wpr-animation-wrap wpr-timeline-media\"><img loading=\"lazy\" decoding=\"async\" width=\"600\" height=\"400\" src=\"https:\/\/catalonia.com.br\/wp-content\/uploads\/2024\/08\/Sao-Joao-Sant-Joan-2024.png\" class=\"attachment-medium_large size-medium_large\" alt=\"\" srcset=\"https:\/\/catalonia.com.br\/wp-content\/uploads\/2024\/08\/Sao-Joao-Sant-Joan-2024.png 600w, https:\/\/catalonia.com.br\/wp-content\/uploads\/2024\/08\/Sao-Joao-Sant-Joan-2024-300x200.png 300w, https:\/\/catalonia.com.br\/wp-content\/uploads\/2024\/08\/Sao-Joao-Sant-Joan-2024-18x12.png 18w\" sizes=\"(max-width: 600px) 100vw, 600px\" \/><\/div><div class=\"wpr-timeline-content-wrapper\"><div class=\"wpr-content-wrapper\"><div class=\"wpr-title-wrap\"><a href=\"https:\/\/catalonia.com.br\/ca\/sao-joao-sant-joan-2024\/\" target=\"_blank\" rel=\"nofollow\"><span class=\"wpr-title\">Sant Joan<\/span><\/a><\/div><\/div><\/div><\/div>\n\t\t\t\t\t\t<\/div>\n\t\t\t\t<\/article><article class=\"wpr-timeline-entry wpr-right-aligned elementor-repeater-item-92c5663\" data-item-id=\"elementor-repeater-item-92c5663\"><time class=\"wpr-extra-label\" data-aos=\"fade\" data-aos-left=\"\" data-aos-right=\"\" data-animation-offset=\"150\" data-animation-duration=\"600\"><span class=\"wpr-label\">2024<\/span><span class=\"wpr-sub-label\">Aulas de conversa\u00e7\u00e3o<\/span><\/time><div class=\"wpr-timeline-entry-inner\"><div class=\"wpr-main-line-icon wpr-icon\"><i aria-hidden=\"true\" class=\"far fa-clock\"><\/i><\/div><div class=\"wpr-story-info-vertical wpr-data-wrap\"  data-aos=\"fade\" data-aos-left=\"\" data-aos-right=\"\" data-animation-offset=\"150\" data-animation-duration=\"600\"><div class=\"wpr-animation-wrap wpr-timeline-media\"><img loading=\"lazy\" decoding=\"async\" width=\"600\" height=\"400\" src=\"https:\/\/catalonia.com.br\/wp-content\/uploads\/2024\/08\/Sessoes-literarias-Sessions-literaries.png\" class=\"attachment-medium_large size-medium_large\" alt=\"\" srcset=\"https:\/\/catalonia.com.br\/wp-content\/uploads\/2024\/08\/Sessoes-literarias-Sessions-literaries.png 600w, https:\/\/catalonia.com.br\/wp-content\/uploads\/2024\/08\/Sessoes-literarias-Sessions-literaries-300x200.png 300w, https:\/\/catalonia.com.br\/wp-content\/uploads\/2024\/08\/Sessoes-literarias-Sessions-literaries-18x12.png 18w\" sizes=\"(max-width: 600px) 100vw, 600px\" \/><\/div><div class=\"wpr-timeline-content-wrapper\"><div class=\"wpr-content-wrapper\"><div class=\"wpr-title-wrap\"><a href=\"https:\/\/catalonia.com.br\/ca\/sessoes-literarias\/\" target=\"_blank\" rel=\"nofollow\"><span class=\"wpr-title\">Sess\u00f5es liter\u00e1rias<\/span><\/a><\/div><\/div><\/div><\/div>\n\t\t\t\t\t\t<\/div>\n\t\t\t\t<\/article><article class=\"wpr-timeline-entry wpr-left-aligned elementor-repeater-item-f58659c\" data-item-id=\"elementor-repeater-item-f58659c\"><time class=\"wpr-extra-label\" data-aos=\"fade\" data-aos-left=\"\" data-aos-right=\"\" data-animation-offset=\"150\" data-animation-duration=\"600\"><span class=\"wpr-label\">Agosto e setembro de 2024<\/span><span class=\"wpr-sub-label\">Aulas de catal\u00e3o<\/span><\/time><div class=\"wpr-timeline-entry-inner\"><div class=\"wpr-main-line-icon wpr-icon\"><i aria-hidden=\"true\" class=\"far fa-clock\"><\/i><\/div><div class=\"wpr-story-info-vertical wpr-data-wrap\"  data-aos=\"fade\" data-aos-left=\"\" data-aos-right=\"\" data-animation-offset=\"150\" data-animation-duration=\"600\"><div class=\"wpr-animation-wrap wpr-timeline-media\"><img loading=\"lazy\" decoding=\"async\" width=\"600\" height=\"400\" src=\"https:\/\/catalonia.com.br\/wp-content\/uploads\/2024\/08\/Oficinas-de-redacao-Tallers-de-redaccio.png\" class=\"attachment-full size-full\" alt=\"\" srcset=\"https:\/\/catalonia.com.br\/wp-content\/uploads\/2024\/08\/Oficinas-de-redacao-Tallers-de-redaccio.png 600w, https:\/\/catalonia.com.br\/wp-content\/uploads\/2024\/08\/Oficinas-de-redacao-Tallers-de-redaccio-300x200.png 300w, https:\/\/catalonia.com.br\/wp-content\/uploads\/2024\/08\/Oficinas-de-redacao-Tallers-de-redaccio-18x12.png 18w\" sizes=\"(max-width: 600px) 100vw, 600px\" \/><\/div><div class=\"wpr-timeline-content-wrapper\"><div class=\"wpr-content-wrapper\"><div class=\"wpr-title-wrap\"><a href=\"https:\/\/catalonia.com.br\/ca\/oficinas-de-redacao\/\" target=\"_blank\" rel=\"nofollow\"><span class=\"wpr-title\">Oficinas de reda\u00e7\u00e3o<\/span><\/a><\/div><\/div><\/div><\/div>\n\t\t\t\t\t\t<\/div>\n\t\t\t\t<\/article><article class=\"wpr-timeline-entry wpr-right-aligned elementor-repeater-item-23a9058\" data-item-id=\"elementor-repeater-item-23a9058\"><time class=\"wpr-extra-label\" data-aos=\"fade\" data-aos-left=\"\" data-aos-right=\"\" data-animation-offset=\"150\" data-animation-duration=\"600\"><span class=\"wpr-label\">11 e 12 de setembro de 2024<\/span><span class=\"wpr-sub-label\">Dias comemorativos<\/span><\/time><div class=\"wpr-timeline-entry-inner\"><div class=\"wpr-main-line-icon wpr-icon\"><i aria-hidden=\"true\" class=\"far fa-clock\"><\/i><\/div><div class=\"wpr-story-info-vertical wpr-data-wrap\"  data-aos=\"fade\" data-aos-left=\"\" data-aos-right=\"\" data-animation-offset=\"150\" data-animation-duration=\"600\"><div class=\"wpr-animation-wrap wpr-timeline-media\"><img loading=\"lazy\" decoding=\"async\" width=\"600\" height=\"400\" src=\"https:\/\/catalonia.com.br\/wp-content\/uploads\/2024\/08\/Dia-Nacional-da-Catalunha-Diada-Nacional-de-Catalunya-2024.png\" class=\"attachment-full size-full\" alt=\"\" srcset=\"https:\/\/catalonia.com.br\/wp-content\/uploads\/2024\/08\/Dia-Nacional-da-Catalunha-Diada-Nacional-de-Catalunya-2024.png 600w, https:\/\/catalonia.com.br\/wp-content\/uploads\/2024\/08\/Dia-Nacional-da-Catalunha-Diada-Nacional-de-Catalunya-2024-300x200.png 300w, https:\/\/catalonia.com.br\/wp-content\/uploads\/2024\/08\/Dia-Nacional-da-Catalunha-Diada-Nacional-de-Catalunya-2024-18x12.png 18w\" sizes=\"(max-width: 600px) 100vw, 600px\" \/><\/div><div class=\"wpr-timeline-content-wrapper\"><div class=\"wpr-content-wrapper\"><div class=\"wpr-title-wrap\"><a href=\"https:\/\/catalonia.com.br\/ca\/dia-nacional-da-catalunha\/\" target=\"_blank\" rel=\"nofollow\"><span class=\"wpr-title\">Diada Nacional de Catalunya<\/span><\/a><\/div><\/div><\/div><\/div>\n\t\t\t\t\t\t<\/div>\n\t\t\t\t<\/article><\/div>    \n\t\t\t<\/div>\t\t\t\t<\/div>\n\t\t\t\t<\/div>\n\t\t\t\t<div class=\"elementor-element elementor-element-190866f wpr-list-style-none elementor-widget elementor-widget-wpr-posts-timeline\" data-id=\"190866f\" data-element_type=\"widget\" data-e-type=\"widget\" data-settings=\"{&quot;animation_offset&quot;:150,&quot;aos_animation_duration&quot;:600}\" data-widget_type=\"wpr-posts-timeline.default\">\n\t\t\t\t<div class=\"elementor-widget-container\">\n\t\t\t\t\t\n\t\t<div class=\"wpr-wrapper wpr-vertical wpr-centered\">\n\t\t\t<div class=\"wpr-timeline-centered wpr-line wpr-both-sided-timeline\"><div class=\"wpr-middle-line\"><\/div><div class=\"wpr-timeline-fill\" data-layout=\"centered\"><\/div><article class=\"wpr-timeline-entry wpr-left-aligned elementor-repeater-item-325c0e1\" data-item-id=\"elementor-repeater-item-325c0e1\"><time class=\"wpr-extra-label\" data-aos=\"fade\" data-aos-left=\"\" data-aos-right=\"\" data-animation-offset=\"150\" data-animation-duration=\"600\"><span class=\"wpr-label\">26 de setembro de 2024<\/span><span class=\"wpr-sub-label\">Cursos tem\u00e1ticos<\/span><\/time><div class=\"wpr-timeline-entry-inner\"><div class=\"wpr-main-line-icon wpr-icon\"><i aria-hidden=\"true\" class=\"far fa-clock\"><\/i><\/div><div class=\"wpr-story-info-vertical wpr-data-wrap\"  data-aos=\"fade\" data-aos-left=\"\" data-aos-right=\"\" data-animation-offset=\"150\" data-animation-duration=\"600\"><div class=\"wpr-animation-wrap wpr-timeline-media\"><img loading=\"lazy\" decoding=\"async\" width=\"600\" height=\"400\" src=\"https:\/\/catalonia.com.br\/wp-content\/uploads\/2024\/09\/Curs-\u2018Historia-da-Arte-na-Catalunha-Curso-\u2018Historia-de-lArt-a-Catalunya-2024.png\" class=\"attachment-medium_large size-medium_large\" alt=\"\" srcset=\"https:\/\/catalonia.com.br\/wp-content\/uploads\/2024\/09\/Curs-\u2018Historia-da-Arte-na-Catalunha-Curso-\u2018Historia-de-lArt-a-Catalunya-2024.png 600w, https:\/\/catalonia.com.br\/wp-content\/uploads\/2024\/09\/Curs-\u2018Historia-da-Arte-na-Catalunha-Curso-\u2018Historia-de-lArt-a-Catalunya-2024-300x200.png 300w, https:\/\/catalonia.com.br\/wp-content\/uploads\/2024\/09\/Curs-\u2018Historia-da-Arte-na-Catalunha-Curso-\u2018Historia-de-lArt-a-Catalunya-2024-18x12.png 18w\" sizes=\"(max-width: 600px) 100vw, 600px\" \/><\/div><div class=\"wpr-timeline-content-wrapper\"><div class=\"wpr-content-wrapper\"><div class=\"wpr-title-wrap\"><a href=\"https:\/\/catalonia.com.br\/ca\/curso-historia-de-lart-a-catalunya\/\" target=\"_blank\" rel=\"nofollow\"><span class=\"wpr-title\">Curso &#039;Hist\u00f3ria da Arte na Catalunha&#039;<\/span><\/a><\/div><\/div><\/div><\/div>\n\t\t\t\t\t\t<\/div>\n\t\t\t\t<\/article><\/div>    \n\t\t\t<\/div>\t\t\t\t<\/div>\n\t\t\t\t<\/div>\n\t\t\t\t\t<\/div>\n\t\t<\/div>\n\t\t\t\t\t<\/div>\n\t\t<\/section>\n\t\t\t\t<\/div>","protected":false},"excerpt":{"rendered":"<p>Mem\u00f3ria 2023 \/ 2024 Nova gest\u00e3o, novas mem\u00f3rias Em 25 de novembro de 2023, come\u00e7ou a atual gest\u00e3o do Catalonia. Nesta p\u00e1gina, disponibilizamos a lista das atividades organizadas e coorganizadas pela nossa entidade ao longo deste primeiro ciclo. O apoio de nossos associados \u00e9 imprescind\u00edvel para a organiza\u00e7\u00e3o dessas atividades. Conhe\u00e7a as vantagens de se<\/p>","protected":false},"author":1,"featured_media":0,"parent":3103,"menu_order":0,"comment_status":"closed","ping_status":"closed","template":"","meta":{"_uag_custom_page_level_css":"","order-bump-settings":[],"_wpfnl_thankyou_order_overview":"on","_wpfnl_thankyou_order_details":"on","_wpfnl_thankyou_billing_details":"on","_wpfnl_thankyou_shipping_details":"on","site-sidebar-layout":"no-sidebar","site-content-layout":"page-builder","ast-site-content-layout":"full-width-container","site-content-style":"unboxed","site-sidebar-style":"unboxed","ast-global-header-display":"","ast-banner-title-visibility":"","ast-main-header-display":"","ast-hfb-above-header-display":"","ast-hfb-below-header-display":"","ast-hfb-mobile-header-display":"","site-post-title":"disabled","ast-breadcrumbs-content":"","ast-featured-img":"disabled","footer-sml-layout":"","theme-transparent-header-meta":"default","adv-header-id-meta":"","stick-header-meta":"default","header-above-stick-meta":"","header-main-stick-meta":"","header-below-stick-meta":"","astra-migrate-meta-layouts":"set","ast-page-background-enabled":"default","ast-page-background-meta":{"desktop":{"background-color":"","background-image":"","background-repeat":"repeat","background-position":"center center","background-size":"auto","background-attachment":"scroll","background-type":"","background-media":"","overlay-type":"","overlay-color":"","overlay-opacity":"","overlay-gradient":""},"tablet":{"background-color":"","background-image":"","background-repeat":"repeat","background-position":"center center","background-size":"auto","background-attachment":"scroll","background-type":"","background-media":"","overlay-type":"","overlay-color":"","overlay-opacity":"","overlay-gradient":""},"mobile":{"background-color":"","background-image":"","background-repeat":"repeat","background-position":"center center","background-size":"auto","background-attachment":"scroll","background-type":"","background-media":"","overlay-type":"","overlay-color":"","overlay-opacity":"","overlay-gradient":""}},"ast-content-background-meta":{"desktop":{"background-color":"var(--ast-global-color-5)","background-image":"","background-repeat":"repeat","background-position":"center center","background-size":"auto","background-attachment":"scroll","background-type":"","background-media":"","overlay-type":"","overlay-color":"","overlay-opacity":"","overlay-gradient":""},"tablet":{"background-color":"var(--ast-global-color-5)","background-image":"","background-repeat":"repeat","background-position":"center center","background-size":"auto","background-attachment":"scroll","background-type":"","background-media":"","overlay-type":"","overlay-color":"","overlay-opacity":"","overlay-gradient":""},"mobile":{"background-color":"var(--ast-global-color-5)","background-image":"","background-repeat":"repeat","background-position":"center center","background-size":"auto","background-attachment":"scroll","background-type":"","background-media":"","overlay-type":"","overlay-color":"","overlay-opacity":"","overlay-gradient":""}},"footnotes":""},"class_list":["post-4493","page","type-page","status-publish","hentry"],"yoast_head":"<!-- This site is optimized with the Yoast SEO plugin v27.2 - https:\/\/yoast.com\/product\/yoast-seo-wordpress\/ -->\n<title>Mem\u00f3ria 2023 \/ 2024 - Associa\u00e7\u00e3o Cultural Catalonia<\/title>\n<meta name=\"robots\" content=\"index, follow, max-snippet:-1, max-image-preview:large, max-video-preview:-1\" \/>\n<link rel=\"canonical\" href=\"https:\/\/catalonia.com.br\/ca\/memoria\/memoria-2023-2024\/\" \/>\n<meta property=\"og:locale\" content=\"ca_ES\" \/>\n<meta property=\"og:type\" content=\"article\" \/>\n<meta property=\"og:title\" content=\"Mem\u00f3ria 2023 \/ 2024 - Associa\u00e7\u00e3o Cultural Catalonia\" \/>\n<meta property=\"og:description\" content=\"Mem\u00f3ria 2023 \/ 2024 Nova gest\u00e3o, novas mem\u00f3rias Em 25 de novembro de 2023, come\u00e7ou a atual gest\u00e3o do Catalonia. Nesta p\u00e1gina, disponibilizamos a lista das atividades organizadas e coorganizadas pela nossa entidade ao longo deste primeiro ciclo. O apoio de nossos associados \u00e9 imprescind\u00edvel para a organiza\u00e7\u00e3o dessas atividades. Conhe\u00e7a as vantagens de se\" \/>\n<meta property=\"og:url\" content=\"https:\/\/catalonia.com.br\/ca\/memoria\/memoria-2023-2024\/\" \/>\n<meta property=\"og:site_name\" content=\"Associa\u00e7\u00e3o Cultural Catalonia\" \/>\n<meta property=\"article:modified_time\" content=\"2024-09-04T00:12:30+00:00\" \/>\n<meta property=\"og:image\" content=\"https:\/\/catalonia.com.br\/wp-content\/uploads\/2024\/08\/Evento-gastronomico-na-Botiga-Pirineus-Trobada-gastronomica-a-la-Botiga-Pirineus-2023.png\" \/>\n<meta name=\"twitter:card\" content=\"summary_large_image\" \/>\n<meta name=\"twitter:label1\" content=\"Temps estimat de lectura\" \/>\n\t<meta name=\"twitter:data1\" content=\"5 minuts\" \/>\n<script type=\"application\/ld+json\" class=\"yoast-schema-graph\">{\"@context\":\"https:\/\/schema.org\",\"@graph\":[{\"@type\":\"WebPage\",\"@id\":\"https:\/\/catalonia.com.br\/memoria\/memoria-2023-2024\/\",\"url\":\"https:\/\/catalonia.com.br\/memoria\/memoria-2023-2024\/\",\"name\":\"Mem\u00f3ria 2023 \/ 2024 - Associa\u00e7\u00e3o Cultural Catalonia\",\"isPartOf\":{\"@id\":\"https:\/\/catalonia.com.br\/#website\"},\"primaryImageOfPage\":{\"@id\":\"https:\/\/catalonia.com.br\/memoria\/memoria-2023-2024\/#primaryimage\"},\"image\":{\"@id\":\"https:\/\/catalonia.com.br\/memoria\/memoria-2023-2024\/#primaryimage\"},\"thumbnailUrl\":\"https:\/\/catalonia.com.br\/wp-content\/uploads\/2024\/08\/Evento-gastronomico-na-Botiga-Pirineus-Trobada-gastronomica-a-la-Botiga-Pirineus-2023.png\",\"datePublished\":\"2024-08-16T20:07:57+00:00\",\"dateModified\":\"2024-09-04T00:12:30+00:00\",\"breadcrumb\":{\"@id\":\"https:\/\/catalonia.com.br\/memoria\/memoria-2023-2024\/#breadcrumb\"},\"inLanguage\":\"ca\",\"potentialAction\":[{\"@type\":\"ReadAction\",\"target\":[\"https:\/\/catalonia.com.br\/memoria\/memoria-2023-2024\/\"]}]},{\"@type\":\"ImageObject\",\"inLanguage\":\"ca\",\"@id\":\"https:\/\/catalonia.com.br\/memoria\/memoria-2023-2024\/#primaryimage\",\"url\":\"https:\/\/catalonia.com.br\/wp-content\/uploads\/2024\/08\/Evento-gastronomico-na-Botiga-Pirineus-Trobada-gastronomica-a-la-Botiga-Pirineus-2023.png\",\"contentUrl\":\"https:\/\/catalonia.com.br\/wp-content\/uploads\/2024\/08\/Evento-gastronomico-na-Botiga-Pirineus-Trobada-gastronomica-a-la-Botiga-Pirineus-2023.png\"},{\"@type\":\"BreadcrumbList\",\"@id\":\"https:\/\/catalonia.com.br\/memoria\/memoria-2023-2024\/#breadcrumb\",\"itemListElement\":[{\"@type\":\"ListItem\",\"position\":1,\"name\":\"In\u00edcio\",\"item\":\"https:\/\/catalonia.com.br\/\"},{\"@type\":\"ListItem\",\"position\":2,\"name\":\"Mem\u00f3ria\",\"item\":\"https:\/\/catalonia.com.br\/memoria\/\"},{\"@type\":\"ListItem\",\"position\":3,\"name\":\"Mem\u00f3ria 2023 \/ 2024\"}]},{\"@type\":\"WebSite\",\"@id\":\"https:\/\/catalonia.com.br\/#website\",\"url\":\"https:\/\/catalonia.com.br\/\",\"name\":\"Associa\u00e7\u00e3o Cultural Catalonia\",\"description\":\"\",\"publisher\":{\"@id\":\"https:\/\/catalonia.com.br\/#organization\"},\"potentialAction\":[{\"@type\":\"SearchAction\",\"target\":{\"@type\":\"EntryPoint\",\"urlTemplate\":\"https:\/\/catalonia.com.br\/?s={search_term_string}\"},\"query-input\":{\"@type\":\"PropertyValueSpecification\",\"valueRequired\":true,\"valueName\":\"search_term_string\"}}],\"inLanguage\":\"ca\"},{\"@type\":\"Organization\",\"@id\":\"https:\/\/catalonia.com.br\/#organization\",\"name\":\"Associa\u00e7\u00e3o Cultural Catalonia\",\"url\":\"https:\/\/catalonia.com.br\/\",\"logo\":{\"@type\":\"ImageObject\",\"inLanguage\":\"ca\",\"@id\":\"https:\/\/catalonia.com.br\/#\/schema\/logo\/image\/\",\"url\":\"https:\/\/catalonia.com.br\/wp-content\/uploads\/2023\/06\/cropped-cropped-cropped-Catalonia-logotip-renovat-2.png\",\"contentUrl\":\"https:\/\/catalonia.com.br\/wp-content\/uploads\/2023\/06\/cropped-cropped-cropped-Catalonia-logotip-renovat-2.png\",\"width\":313,\"height\":320,\"caption\":\"Associa\u00e7\u00e3o Cultural Catalonia\"},\"image\":{\"@id\":\"https:\/\/catalonia.com.br\/#\/schema\/logo\/image\/\"}}]}<\/script>\n<!-- \/ Yoast SEO plugin. -->","yoast_head_json":{"title":"Mem\u00f3ria 2023 \/ 2024 - Associa\u00e7\u00e3o Cultural Catalonia","robots":{"index":"index","follow":"follow","max-snippet":"max-snippet:-1","max-image-preview":"max-image-preview:large","max-video-preview":"max-video-preview:-1"},"canonical":"https:\/\/catalonia.com.br\/ca\/memoria\/memoria-2023-2024\/","og_locale":"ca_ES","og_type":"article","og_title":"Mem\u00f3ria 2023 \/ 2024 - Associa\u00e7\u00e3o Cultural Catalonia","og_description":"Mem\u00f3ria 2023 \/ 2024 Nova gest\u00e3o, novas mem\u00f3rias Em 25 de novembro de 2023, come\u00e7ou a atual gest\u00e3o do Catalonia. Nesta p\u00e1gina, disponibilizamos a lista das atividades organizadas e coorganizadas pela nossa entidade ao longo deste primeiro ciclo. O apoio de nossos associados \u00e9 imprescind\u00edvel para a organiza\u00e7\u00e3o dessas atividades. Conhe\u00e7a as vantagens de se","og_url":"https:\/\/catalonia.com.br\/ca\/memoria\/memoria-2023-2024\/","og_site_name":"Associa\u00e7\u00e3o Cultural Catalonia","article_modified_time":"2024-09-04T00:12:30+00:00","og_image":[{"url":"https:\/\/catalonia.com.br\/wp-content\/uploads\/2024\/08\/Evento-gastronomico-na-Botiga-Pirineus-Trobada-gastronomica-a-la-Botiga-Pirineus-2023.png","type":"","width":"","height":""}],"twitter_card":"summary_large_image","twitter_misc":{"Temps estimat de lectura":"5 minuts"},"schema":{"@context":"https:\/\/schema.org","@graph":[{"@type":"WebPage","@id":"https:\/\/catalonia.com.br\/memoria\/memoria-2023-2024\/","url":"https:\/\/catalonia.com.br\/memoria\/memoria-2023-2024\/","name":"Mem\u00f3ria 2023 \/ 2024 - Associa\u00e7\u00e3o Cultural Catalonia","isPartOf":{"@id":"https:\/\/catalonia.com.br\/#website"},"primaryImageOfPage":{"@id":"https:\/\/catalonia.com.br\/memoria\/memoria-2023-2024\/#primaryimage"},"image":{"@id":"https:\/\/catalonia.com.br\/memoria\/memoria-2023-2024\/#primaryimage"},"thumbnailUrl":"https:\/\/catalonia.com.br\/wp-content\/uploads\/2024\/08\/Evento-gastronomico-na-Botiga-Pirineus-Trobada-gastronomica-a-la-Botiga-Pirineus-2023.png","datePublished":"2024-08-16T20:07:57+00:00","dateModified":"2024-09-04T00:12:30+00:00","breadcrumb":{"@id":"https:\/\/catalonia.com.br\/memoria\/memoria-2023-2024\/#breadcrumb"},"inLanguage":"ca","potentialAction":[{"@type":"ReadAction","target":["https:\/\/catalonia.com.br\/memoria\/memoria-2023-2024\/"]}]},{"@type":"ImageObject","inLanguage":"ca","@id":"https:\/\/catalonia.com.br\/memoria\/memoria-2023-2024\/#primaryimage","url":"https:\/\/catalonia.com.br\/wp-content\/uploads\/2024\/08\/Evento-gastronomico-na-Botiga-Pirineus-Trobada-gastronomica-a-la-Botiga-Pirineus-2023.png","contentUrl":"https:\/\/catalonia.com.br\/wp-content\/uploads\/2024\/08\/Evento-gastronomico-na-Botiga-Pirineus-Trobada-gastronomica-a-la-Botiga-Pirineus-2023.png"},{"@type":"BreadcrumbList","@id":"https:\/\/catalonia.com.br\/memoria\/memoria-2023-2024\/#breadcrumb","itemListElement":[{"@type":"ListItem","position":1,"name":"In\u00edcio","item":"https:\/\/catalonia.com.br\/"},{"@type":"ListItem","position":2,"name":"Mem\u00f3ria","item":"https:\/\/catalonia.com.br\/memoria\/"},{"@type":"ListItem","position":3,"name":"Mem\u00f3ria 2023 \/ 2024"}]},{"@type":"WebSite","@id":"https:\/\/catalonia.com.br\/#website","url":"https:\/\/catalonia.com.br\/","name":"l'Associaci\u00f3 Cultural Catalonia","description":"","publisher":{"@id":"https:\/\/catalonia.com.br\/#organization"},"potentialAction":[{"@type":"SearchAction","target":{"@type":"EntryPoint","urlTemplate":"https:\/\/catalonia.com.br\/?s={search_term_string}"},"query-input":{"@type":"PropertyValueSpecification","valueRequired":true,"valueName":"search_term_string"}}],"inLanguage":"ca"},{"@type":"Organization","@id":"https:\/\/catalonia.com.br\/#organization","name":"l'Associaci\u00f3 Cultural Catalonia","url":"https:\/\/catalonia.com.br\/","logo":{"@type":"ImageObject","inLanguage":"ca","@id":"https:\/\/catalonia.com.br\/#\/schema\/logo\/image\/","url":"https:\/\/catalonia.com.br\/wp-content\/uploads\/2023\/06\/cropped-cropped-cropped-Catalonia-logotip-renovat-2.png","contentUrl":"https:\/\/catalonia.com.br\/wp-content\/uploads\/2023\/06\/cropped-cropped-cropped-Catalonia-logotip-renovat-2.png","width":313,"height":320,"caption":"Associa\u00e7\u00e3o Cultural Catalonia"},"image":{"@id":"https:\/\/catalonia.com.br\/#\/schema\/logo\/image\/"}}]}},"uagb_featured_image_src":{"full":false,"thumbnail":false,"medium":false,"medium_large":false,"large":false,"1536x1536":false,"2048x2048":false,"trp-custom-language-flag":false,"woocommerce_thumbnail":false,"woocommerce_single":false,"woocommerce_gallery_thumbnail":false},"uagb_author_info":{"display_name":"Associa\u00e7\u00e3o Cultural Catalonia","author_link":"https:\/\/catalonia.com.br\/ca\/author\/admincat\/"},"uagb_comment_info":0,"uagb_excerpt":"Mem\u00f3ria 2023 \/ 2024 Nova gest\u00e3o, novas mem\u00f3rias Em 25 de novembro de 2023, come\u00e7ou a atual gest\u00e3o do Catalonia. Nesta p\u00e1gina, disponibilizamos a lista das atividades organizadas e coorganizadas pela nossa entidade ao longo deste primeiro ciclo. O apoio de nossos associados \u00e9 imprescind\u00edvel para a organiza\u00e7\u00e3o dessas atividades. Conhe\u00e7a as vantagens de se","_links":{"self":[{"href":"https:\/\/catalonia.com.br\/ca\/wp-json\/wp\/v2\/pages\/4493","targetHints":{"allow":["GET"]}}],"collection":[{"href":"https:\/\/catalonia.com.br\/ca\/wp-json\/wp\/v2\/pages"}],"about":[{"href":"https:\/\/catalonia.com.br\/ca\/wp-json\/wp\/v2\/types\/page"}],"author":[{"embeddable":true,"href":"https:\/\/catalonia.com.br\/ca\/wp-json\/wp\/v2\/users\/1"}],"replies":[{"embeddable":true,"href":"https:\/\/catalonia.com.br\/ca\/wp-json\/wp\/v2\/comments?post=4493"}],"version-history":[{"count":0,"href":"https:\/\/catalonia.com.br\/ca\/wp-json\/wp\/v2\/pages\/4493\/revisions"}],"up":[{"embeddable":true,"href":"https:\/\/catalonia.com.br\/ca\/wp-json\/wp\/v2\/pages\/3103"}],"wp:attachment":[{"href":"https:\/\/catalonia.com.br\/ca\/wp-json\/wp\/v2\/media?parent=4493"}],"curies":[{"name":"wp","href":"https:\/\/api.w.org\/{rel}","templated":true}]}}