{"id":3245,"date":"2023-07-18T00:30:30","date_gmt":"2023-07-18T03:30:30","guid":{"rendered":"https:\/\/catalonia.com.br\/?page_id=3245"},"modified":"2023-07-28T02:01:06","modified_gmt":"2023-07-28T05:01:06","slug":"exposicoes","status":"publish","type":"page","link":"https:\/\/catalonia.com.br\/ca\/memoria\/exposicoes\/","title":{"rendered":"Exposi\u00e7\u00f5es"},"content":{"rendered":"<div data-elementor-type=\"wp-page\" data-elementor-id=\"3245\" class=\"elementor elementor-3245\">\n\t\t\t\t\t\t<section class=\"elementor-section elementor-top-section elementor-element elementor-element-0ie05be elementor-section-height-min-height elementor-section-boxed elementor-section-height-default elementor-section-items-middle wpr-particle-no wpr-jarallax-no wpr-parallax-no wpr-sticky-section-no elementor-invisible\" data-id=\"0ie05be\" data-element_type=\"section\" data-e-type=\"section\" data-settings=\"{&quot;background_background&quot;:&quot;classic&quot;,&quot;animation&quot;:&quot;fadeIn&quot;}\">\n\t\t\t\t\t\t\t<div class=\"elementor-background-overlay\"><\/div>\n\t\t\t\t\t\t\t<div class=\"elementor-container elementor-column-gap-no\">\n\t\t\t\t\t<div class=\"elementor-column elementor-col-100 elementor-top-column elementor-element elementor-element-aaad5b0\" data-id=\"aaad5b0\" data-element_type=\"column\" data-e-type=\"column\">\n\t\t\t<div class=\"elementor-widget-wrap\">\n\t\t\t\t\t\t\t<\/div>\n\t\t<\/div>\n\t\t\t\t\t<\/div>\n\t\t<\/section>\n\t\t\t\t<section class=\"elementor-section elementor-top-section elementor-element elementor-element-b0b3f95 elementor-section-boxed elementor-section-height-default elementor-section-height-default wpr-particle-no wpr-jarallax-no wpr-parallax-no wpr-sticky-section-no\" data-id=\"b0b3f95\" data-element_type=\"section\" data-e-type=\"section\" data-settings=\"{&quot;background_background&quot;:&quot;classic&quot;}\">\n\t\t\t\t\t\t<div class=\"elementor-container elementor-column-gap-default\">\n\t\t\t\t\t<div class=\"elementor-column elementor-col-100 elementor-top-column elementor-element elementor-element-e9eaf4e\" data-id=\"e9eaf4e\" data-element_type=\"column\" data-e-type=\"column\">\n\t\t\t<div class=\"elementor-widget-wrap elementor-element-populated\">\n\t\t\t\t\t\t<div class=\"elementor-element elementor-element-90ba35c elementor-widget elementor-widget-spacer\" data-id=\"90ba35c\" data-element_type=\"widget\" data-e-type=\"widget\" data-widget_type=\"spacer.default\">\n\t\t\t\t<div class=\"elementor-widget-container\">\n\t\t\t\t\t\t\t<div class=\"elementor-spacer\">\n\t\t\t<div class=\"elementor-spacer-inner\"><\/div>\n\t\t<\/div>\n\t\t\t\t\t\t<\/div>\n\t\t\t\t<\/div>\n\t\t\t\t<div class=\"elementor-element elementor-element-6c66b08 elementor-widget elementor-widget-heading\" data-id=\"6c66b08\" data-element_type=\"widget\" data-e-type=\"widget\" data-widget_type=\"heading.default\">\n\t\t\t\t<div class=\"elementor-widget-container\">\n\t\t\t\t\t<h1 class=\"elementor-heading-title elementor-size-default\">Exposi\u00e7\u00f5es<\/h1>\t\t\t\t<\/div>\n\t\t\t\t<\/div>\n\t\t\t\t\t<\/div>\n\t\t<\/div>\n\t\t\t\t\t<\/div>\n\t\t<\/section>\n\t\t\t\t<section class=\"elementor-section elementor-top-section elementor-element elementor-element-cf4d000 elementor-section-boxed elementor-section-height-default elementor-section-height-default wpr-particle-no wpr-jarallax-no wpr-parallax-no wpr-sticky-section-no\" data-id=\"cf4d000\" data-element_type=\"section\" data-e-type=\"section\" data-settings=\"{&quot;background_background&quot;:&quot;classic&quot;}\">\n\t\t\t\t\t\t<div class=\"elementor-container elementor-column-gap-default\">\n\t\t\t\t\t<div class=\"elementor-column elementor-col-100 elementor-top-column elementor-element elementor-element-f75b486\" data-id=\"f75b486\" data-element_type=\"column\" data-e-type=\"column\">\n\t\t\t<div class=\"elementor-widget-wrap elementor-element-populated\">\n\t\t\t\t\t\t<div class=\"elementor-element elementor-element-8c9ecd8 elementor-widget elementor-widget-heading\" data-id=\"8c9ecd8\" data-element_type=\"widget\" data-e-type=\"widget\" data-widget_type=\"heading.default\">\n\t\t\t\t<div class=\"elementor-widget-container\">\n\t\t\t\t\t<h3 class=\"elementor-heading-title elementor-size-default\">Sobre l'entitat<\/h3>\t\t\t\t<\/div>\n\t\t\t\t<\/div>\n\t\t\t\t\t<\/div>\n\t\t<\/div>\n\t\t\t\t\t<\/div>\n\t\t<\/section>\n\t\t\t\t<section class=\"elementor-section elementor-top-section elementor-element elementor-element-351e56a elementor-section-boxed elementor-section-height-default elementor-section-height-default wpr-particle-no wpr-jarallax-no wpr-parallax-no wpr-sticky-section-no\" data-id=\"351e56a\" data-element_type=\"section\" data-e-type=\"section\" data-settings=\"{&quot;background_background&quot;:&quot;gradient&quot;}\">\n\t\t\t\t\t\t<div class=\"elementor-container elementor-column-gap-extended\">\n\t\t\t\t\t<div class=\"elementor-column elementor-col-100 elementor-top-column elementor-element elementor-element-9b5224b\" data-id=\"9b5224b\" data-element_type=\"column\" data-e-type=\"column\">\n\t\t\t<div class=\"elementor-widget-wrap elementor-element-populated\">\n\t\t\t\t\t\t<div class=\"elementor-element elementor-element-ead46e9 elementor-drop-cap-yes elementor-drop-cap-view-stacked elementor-widget elementor-widget-text-editor\" data-id=\"ead46e9\" data-element_type=\"widget\" data-e-type=\"widget\" data-settings=\"{&quot;drop_cap&quot;:&quot;yes&quot;}\" data-widget_type=\"text-editor.default\">\n\t\t\t\t<div class=\"elementor-widget-container\">\n\t\t\t\t\t\t\t\t\t<div class=\"elementor-element elementor-element-ab8a389 elementor-view-default elementor-vertical-align-top elementor-widget elementor-widget-icon-box\" data-id=\"ab8a389\" data-element_type=\"widget\" data-widget_type=\"icon-box.default\"><div class=\"elementor-widget-container\"><div class=\"elementor-icon-box-wrapper\"><div class=\"elementor-icon-box-content\"><p class=\"elementor-icon-box-description\" style=\"text-align: justify;\">A Associa\u00e7\u00e3o Cultural Catalonia foi fundada em 9 de novembro de 1990. Atualmente, \u00e9 presidida por M\u00e0rius Vendrell. Entidade sem fins lucrativos, e fundada por imigrantes catal\u00e3es e seus descendentes, ainda \u00e9 a \u00fanica no Brasil dedicada ao ensino de l\u00edngua catal\u00e3.<\/p><\/div><\/div><\/div><\/div><div class=\"elementor-element elementor-element-0c942f4 elementor-widget elementor-widget-text-editor\" data-id=\"0c942f4\" data-element_type=\"widget\" data-widget_type=\"text-editor.default\"><div class=\"elementor-widget-container\"><p style=\"text-align: justify;\">Legalment establerta al Brasil, l'Associaci\u00f3 Cultural Catalonia t\u00e9 el reconeixement oficial de la Generalitat de Catalunya, d'acord amb la Llei 18\/96, del 27 de desembre del 1996, aprovada pel Parlament de Catalunya. <strong>reconhecimento oficial do Governo da Catalunha<\/strong> (<em>Generalitat de Catalunya<\/em>), de acordo com a Lei 18\/96 de 27 de dezembro de 1996, aprovada pelo <strong>Parlamento da Catalunha<\/strong>.<\/p><p style=\"text-align: justify;\">L'entitat est\u00e0 oberta a la participaci\u00f3 de totes les persones que vulguin mantenir vincles amb Catalunya, la seva llengua, la seva cultura i les seves institucions. <strong>v\u00ednculos com a Catalunha<\/strong>, sua l\u00edngua, sua cultura e suas institui\u00e7\u00f5es.<\/p><\/div><h3>Objectius<\/h3><p class=\"translation-block\">Els nostres objectius s\u00f3n: <strong>difondre la hist\u00f2ria i la cultura de Catalunya<\/strong>; <strong>defensar i promoure l'ensenyament de la llengua catalana<\/strong>; <strong>preservar els vincles amb Catalunya i les seves institucions<\/strong>, actuant com a mitj\u00e0 per a la seva integraci\u00f3 amb el Brasil; <strong>ser un referent cultural de Catalunya al Brasil; promoure els intercanvis culturals i tur\u00edstics entre els dos territoris<\/strong>; i finalment,\n<strong>fomentar i mantenir l'intercanvi de relacions amb altres institucions, associacions i entitats representatives de Catalunya al m\u00f3n<\/strong>.<\/p><\/div>\t\t\t\t\t\t\t\t<\/div>\n\t\t\t\t<\/div>\n\t\t\t\t\t<\/div>\n\t\t<\/div>\n\t\t\t\t\t<\/div>\n\t\t<\/section>\n\t\t\t\t<section class=\"elementor-section elementor-top-section elementor-element elementor-element-8x1e3k4 elementor-section-boxed elementor-section-height-default elementor-section-height-default wpr-particle-no wpr-jarallax-no wpr-parallax-no wpr-sticky-section-no\" data-id=\"8x1e3k4\" data-element_type=\"section\" data-e-type=\"section\" data-settings=\"{&quot;background_background&quot;:&quot;classic&quot;}\">\n\t\t\t\t\t\t\t<div class=\"elementor-background-overlay\"><\/div>\n\t\t\t\t\t\t\t<div class=\"elementor-container elementor-column-gap-no\">\n\t\t\t\t\t<div class=\"elementor-column elementor-col-100 elementor-top-column elementor-element elementor-element-4642f95\" data-id=\"4642f95\" data-element_type=\"column\" data-e-type=\"column\">\n\t\t\t<div class=\"elementor-widget-wrap\">\n\t\t\t\t\t\t\t<\/div>\n\t\t<\/div>\n\t\t\t\t\t<\/div>\n\t\t<\/section>\n\t\t\t\t<section class=\"elementor-section elementor-top-section elementor-element elementor-element-d656fff elementor-section-boxed elementor-section-height-default elementor-section-height-default wpr-particle-no wpr-jarallax-no wpr-parallax-no wpr-sticky-section-no\" data-id=\"d656fff\" data-element_type=\"section\" data-e-type=\"section\">\n\t\t\t\t\t\t<div class=\"elementor-container elementor-column-gap-default\">\n\t\t\t\t\t<div class=\"elementor-column elementor-col-100 elementor-top-column elementor-element elementor-element-33746db\" data-id=\"33746db\" data-element_type=\"column\" data-e-type=\"column\">\n\t\t\t<div class=\"elementor-widget-wrap elementor-element-populated\">\n\t\t\t\t\t\t<div class=\"elementor-element elementor-element-c33be3c wpr-list-style-none elementor-widget elementor-widget-wpr-posts-timeline\" data-id=\"c33be3c\" data-element_type=\"widget\" data-e-type=\"widget\" data-settings=\"{&quot;animation_offset&quot;:150,&quot;aos_animation_duration&quot;:600}\" data-widget_type=\"wpr-posts-timeline.default\">\n\t\t\t\t<div class=\"elementor-widget-container\">\n\t\t\t\t\t\n\t\t<div class=\"wpr-wrapper wpr-vertical wpr-centered\">\n\t\t\t<div class=\"wpr-timeline-centered wpr-line wpr-both-sided-timeline\"><div class=\"wpr-middle-line\"><\/div><div class=\"wpr-timeline-fill\" data-layout=\"centered\"><\/div><article class=\"wpr-timeline-entry wpr-left-aligned elementor-repeater-item-325c0e1\" data-item-id=\"elementor-repeater-item-325c0e1\"><time class=\"wpr-extra-label\" data-aos=\"fade\" data-aos-left=\"\" data-aos-right=\"\" data-animation-offset=\"150\" data-animation-duration=\"600\"><span class=\"wpr-label\">Janeiro de 2001<\/span><span class=\"wpr-sub-label\">Exposi\u00e7\u00e3o<\/span><\/time><div class=\"wpr-timeline-entry-inner\"><div class=\"wpr-main-line-icon wpr-icon\"><i aria-hidden=\"true\" class=\"far fa-clock\"><\/i><\/div><div class=\"wpr-story-info-vertical wpr-data-wrap\"  data-aos=\"fade\" data-aos-left=\"\" data-aos-right=\"\" data-animation-offset=\"150\" data-animation-duration=\"600\"><div class=\"wpr-animation-wrap wpr-timeline-media\"><img fetchpriority=\"high\" decoding=\"async\" width=\"600\" height=\"400\" src=\"https:\/\/catalonia.com.br\/wp-content\/uploads\/2023\/07\/O-perfil-de-um-povo-\u2013-Mostra-de-Arquitetura-da-Catalunha.png\" class=\"attachment-medium_large size-medium_large\" alt=\"O perfil de um povo\u201d \u2013 Mostra de Arquitetura da Catalunha\" srcset=\"https:\/\/catalonia.com.br\/wp-content\/uploads\/2023\/07\/O-perfil-de-um-povo-\u2013-Mostra-de-Arquitetura-da-Catalunha.png 600w, https:\/\/catalonia.com.br\/wp-content\/uploads\/2023\/07\/O-perfil-de-um-povo-\u2013-Mostra-de-Arquitetura-da-Catalunha-300x200.png 300w, https:\/\/catalonia.com.br\/wp-content\/uploads\/2023\/07\/O-perfil-de-um-povo-\u2013-Mostra-de-Arquitetura-da-Catalunha-18x12.png 18w\" sizes=\"(max-width: 600px) 100vw, 600px\" \/><\/div><div class=\"wpr-timeline-content-wrapper\"><div class=\"wpr-content-wrapper\"><div class=\"wpr-title-wrap\"><a href=\"https:\/\/catalonia.com.br\/ca\/o-perfil-de-um-povo-mostra-de-arquitetura-da-catalunha\/\" target=\"_blank\" rel=\"nofollow\"><span class=\"wpr-title\">O perfil de um povo - Mostra de Arquitetura da Catalunha<\/span><\/a><\/div><\/div><\/div><\/div>\n\t\t\t\t\t\t<\/div>\n\t\t\t\t<\/article><article class=\"wpr-timeline-entry wpr-right-aligned elementor-repeater-item-92c5663\" data-item-id=\"elementor-repeater-item-92c5663\"><time class=\"wpr-extra-label\" data-aos=\"fade\" data-aos-left=\"\" data-aos-right=\"\" data-animation-offset=\"150\" data-animation-duration=\"600\"><span class=\"wpr-label\">Julho de 2003<\/span><span class=\"wpr-sub-label\">Exposi\u00e7\u00e3o<\/span><\/time><div class=\"wpr-timeline-entry-inner\"><div class=\"wpr-main-line-icon wpr-icon\"><i aria-hidden=\"true\" class=\"far fa-clock\"><\/i><\/div><div class=\"wpr-story-info-vertical wpr-data-wrap\"  data-aos=\"fade\" data-aos-left=\"\" data-aos-right=\"\" data-animation-offset=\"150\" data-animation-duration=\"600\"><div class=\"wpr-animation-wrap wpr-timeline-media\"><img decoding=\"async\" width=\"600\" height=\"400\" src=\"https:\/\/catalonia.com.br\/wp-content\/uploads\/2023\/07\/Gaudi-uma-visao-poliedrica.png\" class=\"attachment-medium_large size-medium_large\" alt=\"\" srcset=\"https:\/\/catalonia.com.br\/wp-content\/uploads\/2023\/07\/Gaudi-uma-visao-poliedrica.png 600w, https:\/\/catalonia.com.br\/wp-content\/uploads\/2023\/07\/Gaudi-uma-visao-poliedrica-300x200.png 300w, https:\/\/catalonia.com.br\/wp-content\/uploads\/2023\/07\/Gaudi-uma-visao-poliedrica-18x12.png 18w\" sizes=\"(max-width: 600px) 100vw, 600px\" \/><\/div><div class=\"wpr-timeline-content-wrapper\"><div class=\"wpr-content-wrapper\"><div class=\"wpr-title-wrap\"><a href=\"https:\/\/catalonia.com.br\/ca\/gaudi-uma-visao-poliedrica\/\" target=\"_blank\" rel=\"nofollow\"><span class=\"wpr-title\">Gaud\u00ed, uma vis\u00e3o poli\u00e9drica<\/span><\/a><\/div><\/div><\/div><\/div>\n\t\t\t\t\t\t<\/div>\n\t\t\t\t<\/article><article class=\"wpr-timeline-entry wpr-left-aligned elementor-repeater-item-f58659c\" data-item-id=\"elementor-repeater-item-f58659c\"><time class=\"wpr-extra-label\" data-aos=\"fade\" data-aos-left=\"\" data-aos-right=\"\" data-animation-offset=\"150\" data-animation-duration=\"600\"><span class=\"wpr-label\">Agosto de 2006<\/span><span class=\"wpr-sub-label\">Exposi\u00e7\u00e3o<\/span><\/time><div class=\"wpr-timeline-entry-inner\"><div class=\"wpr-main-line-icon wpr-icon\"><i aria-hidden=\"true\" class=\"far fa-clock\"><\/i><\/div><div class=\"wpr-story-info-vertical wpr-data-wrap\"  data-aos=\"fade\" data-aos-left=\"\" data-aos-right=\"\" data-animation-offset=\"150\" data-animation-duration=\"600\"><div class=\"wpr-animation-wrap wpr-timeline-media\"><img decoding=\"async\" width=\"600\" height=\"400\" src=\"https:\/\/catalonia.com.br\/wp-content\/uploads\/2023\/07\/Exposicao-de-artistas-catalaes-no-Conjunto-Cultural-da-Caixa-2006-1.png\" class=\"attachment-full size-full\" alt=\"Exposi\u00e7\u00e3o de artistas catal\u00e3es no Conjunto Cultural da Caixa (2006)\" srcset=\"https:\/\/catalonia.com.br\/wp-content\/uploads\/2023\/07\/Exposicao-de-artistas-catalaes-no-Conjunto-Cultural-da-Caixa-2006-1.png 600w, https:\/\/catalonia.com.br\/wp-content\/uploads\/2023\/07\/Exposicao-de-artistas-catalaes-no-Conjunto-Cultural-da-Caixa-2006-1-300x200.png 300w, https:\/\/catalonia.com.br\/wp-content\/uploads\/2023\/07\/Exposicao-de-artistas-catalaes-no-Conjunto-Cultural-da-Caixa-2006-1-18x12.png 18w\" sizes=\"(max-width: 600px) 100vw, 600px\" \/><\/div><div class=\"wpr-timeline-content-wrapper\"><div class=\"wpr-content-wrapper\"><div class=\"wpr-title-wrap\"><a href=\"https:\/\/catalonia.com.br\/ca\/exposicao-de-artistas-catalaes-no-conjunto-cultural-da-caixa-2006\/\" target=\"_blank\" rel=\"nofollow\"><span class=\"wpr-title\">Exposi\u00e7\u00e3o de artistas catal\u00e3es no Conjunto Cultural da Caixa<\/span><\/a><\/div><\/div><\/div><\/div>\n\t\t\t\t\t\t<\/div>\n\t\t\t\t<\/article><\/div>    \n\t\t\t<\/div>\t\t\t\t<\/div>\n\t\t\t\t<\/div>\n\t\t\t\t\t<\/div>\n\t\t<\/div>\n\t\t\t\t\t<\/div>\n\t\t<\/section>\n\t\t\t\t<\/div>","protected":false},"excerpt":{"rendered":"<p>Exposi\u00e7\u00f5es Sobre a entidade A Associa\u00e7\u00e3o Cultural Catalonia foi fundada em 9 de novembro de 1990. Atualmente, \u00e9 presidida por M\u00e0rius Vendrell. Entidade sem fins lucrativos, e fundada por imigrantes catal\u00e3es e seus descendentes, ainda \u00e9 a \u00fanica no Brasil dedicada ao ensino de l\u00edngua catal\u00e3. Legalmente estabelecida no Brasil, a Associa\u00e7\u00e3o Cultural Catalonia tem<\/p>","protected":false},"author":1,"featured_media":0,"parent":3103,"menu_order":0,"comment_status":"closed","ping_status":"closed","template":"","meta":{"_uag_custom_page_level_css":"","order-bump-settings":[],"_wpfnl_thankyou_order_overview":"on","_wpfnl_thankyou_order_details":"on","_wpfnl_thankyou_billing_details":"on","_wpfnl_thankyou_shipping_details":"on","site-sidebar-layout":"no-sidebar","site-content-layout":"page-builder","ast-site-content-layout":"","site-content-style":"default","site-sidebar-style":"default","ast-global-header-display":"","ast-banner-title-visibility":"","ast-main-header-display":"","ast-hfb-above-header-display":"","ast-hfb-below-header-display":"","ast-hfb-mobile-header-display":"","site-post-title":"disabled","ast-breadcrumbs-content":"","ast-featured-img":"disabled","footer-sml-layout":"","theme-transparent-header-meta":"default","adv-header-id-meta":"","stick-header-meta":"","header-above-stick-meta":"","header-main-stick-meta":"","header-below-stick-meta":"","astra-migrate-meta-layouts":"default","ast-page-background-enabled":"default","ast-page-background-meta":{"desktop":{"background-color":"","background-image":"","background-repeat":"repeat","background-position":"center center","background-size":"auto","background-attachment":"scroll","background-type":"","background-media":"","overlay-type":"","overlay-color":"","overlay-opacity":"","overlay-gradient":""},"tablet":{"background-color":"","background-image":"","background-repeat":"repeat","background-position":"center center","background-size":"auto","background-attachment":"scroll","background-type":"","background-media":"","overlay-type":"","overlay-color":"","overlay-opacity":"","overlay-gradient":""},"mobile":{"background-color":"","background-image":"","background-repeat":"repeat","background-position":"center center","background-size":"auto","background-attachment":"scroll","background-type":"","background-media":"","overlay-type":"","overlay-color":"","overlay-opacity":"","overlay-gradient":""}},"ast-content-background-meta":{"desktop":{"background-color":"var(--ast-global-color-5)","background-image":"","background-repeat":"repeat","background-position":"center center","background-size":"auto","background-attachment":"scroll","background-type":"","background-media":"","overlay-type":"","overlay-color":"","overlay-opacity":"","overlay-gradient":""},"tablet":{"background-color":"var(--ast-global-color-5)","background-image":"","background-repeat":"repeat","background-position":"center center","background-size":"auto","background-attachment":"scroll","background-type":"","background-media":"","overlay-type":"","overlay-color":"","overlay-opacity":"","overlay-gradient":""},"mobile":{"background-color":"var(--ast-global-color-5)","background-image":"","background-repeat":"repeat","background-position":"center center","background-size":"auto","background-attachment":"scroll","background-type":"","background-media":"","overlay-type":"","overlay-color":"","overlay-opacity":"","overlay-gradient":""}},"footnotes":""},"class_list":["post-3245","page","type-page","status-publish","hentry"],"yoast_head":"<!-- This site is optimized with the Yoast SEO plugin v27.2 - https:\/\/yoast.com\/product\/yoast-seo-wordpress\/ -->\n<title>Exposi\u00e7\u00f5es - Associa\u00e7\u00e3o Cultural Catalonia<\/title>\n<meta name=\"robots\" content=\"index, follow, max-snippet:-1, max-image-preview:large, max-video-preview:-1\" \/>\n<link rel=\"canonical\" href=\"https:\/\/catalonia.com.br\/ca\/memoria\/exposicoes\/\" \/>\n<meta property=\"og:locale\" content=\"ca_ES\" \/>\n<meta property=\"og:type\" content=\"article\" \/>\n<meta property=\"og:title\" content=\"Exposi\u00e7\u00f5es - Associa\u00e7\u00e3o Cultural Catalonia\" \/>\n<meta property=\"og:description\" content=\"Exposi\u00e7\u00f5es Sobre a entidade A Associa\u00e7\u00e3o Cultural Catalonia foi fundada em 9 de novembro de 1990. Atualmente, \u00e9 presidida por M\u00e0rius Vendrell. Entidade sem fins lucrativos, e fundada por imigrantes catal\u00e3es e seus descendentes, ainda \u00e9 a \u00fanica no Brasil dedicada ao ensino de l\u00edngua catal\u00e3. Legalmente estabelecida no Brasil, a Associa\u00e7\u00e3o Cultural Catalonia tem\" \/>\n<meta property=\"og:url\" content=\"https:\/\/catalonia.com.br\/ca\/memoria\/exposicoes\/\" \/>\n<meta property=\"og:site_name\" content=\"Associa\u00e7\u00e3o Cultural Catalonia\" \/>\n<meta property=\"article:modified_time\" content=\"2023-07-28T05:01:06+00:00\" \/>\n<meta property=\"og:image\" content=\"https:\/\/catalonia.com.br\/wp-content\/uploads\/2023\/07\/Gaudi-uma-visao-poliedrica.png\" \/>\n<meta name=\"twitter:card\" content=\"summary_large_image\" \/>\n<meta name=\"twitter:label1\" content=\"Temps estimat de lectura\" \/>\n\t<meta name=\"twitter:data1\" content=\"3 minuts\" \/>\n<script type=\"application\/ld+json\" class=\"yoast-schema-graph\">{\"@context\":\"https:\/\/schema.org\",\"@graph\":[{\"@type\":\"WebPage\",\"@id\":\"https:\/\/catalonia.com.br\/memoria\/exposicoes\/\",\"url\":\"https:\/\/catalonia.com.br\/memoria\/exposicoes\/\",\"name\":\"Exposi\u00e7\u00f5es - Associa\u00e7\u00e3o Cultural Catalonia\",\"isPartOf\":{\"@id\":\"https:\/\/catalonia.com.br\/#website\"},\"primaryImageOfPage\":{\"@id\":\"https:\/\/catalonia.com.br\/memoria\/exposicoes\/#primaryimage\"},\"image\":{\"@id\":\"https:\/\/catalonia.com.br\/memoria\/exposicoes\/#primaryimage\"},\"thumbnailUrl\":\"https:\/\/catalonia.com.br\/wp-content\/uploads\/2023\/07\/Gaudi-uma-visao-poliedrica.png\",\"datePublished\":\"2023-07-18T03:30:30+00:00\",\"dateModified\":\"2023-07-28T05:01:06+00:00\",\"breadcrumb\":{\"@id\":\"https:\/\/catalonia.com.br\/memoria\/exposicoes\/#breadcrumb\"},\"inLanguage\":\"ca\",\"potentialAction\":[{\"@type\":\"ReadAction\",\"target\":[\"https:\/\/catalonia.com.br\/memoria\/exposicoes\/\"]}]},{\"@type\":\"ImageObject\",\"inLanguage\":\"ca\",\"@id\":\"https:\/\/catalonia.com.br\/memoria\/exposicoes\/#primaryimage\",\"url\":\"https:\/\/catalonia.com.br\/wp-content\/uploads\/2023\/07\/Gaudi-uma-visao-poliedrica.png\",\"contentUrl\":\"https:\/\/catalonia.com.br\/wp-content\/uploads\/2023\/07\/Gaudi-uma-visao-poliedrica.png\"},{\"@type\":\"BreadcrumbList\",\"@id\":\"https:\/\/catalonia.com.br\/memoria\/exposicoes\/#breadcrumb\",\"itemListElement\":[{\"@type\":\"ListItem\",\"position\":1,\"name\":\"In\u00edcio\",\"item\":\"https:\/\/catalonia.com.br\/\"},{\"@type\":\"ListItem\",\"position\":2,\"name\":\"Mem\u00f3ria\",\"item\":\"https:\/\/catalonia.com.br\/memoria\/\"},{\"@type\":\"ListItem\",\"position\":3,\"name\":\"Exposi\u00e7\u00f5es\"}]},{\"@type\":\"WebSite\",\"@id\":\"https:\/\/catalonia.com.br\/#website\",\"url\":\"https:\/\/catalonia.com.br\/\",\"name\":\"Associa\u00e7\u00e3o Cultural Catalonia\",\"description\":\"\",\"publisher\":{\"@id\":\"https:\/\/catalonia.com.br\/#organization\"},\"potentialAction\":[{\"@type\":\"SearchAction\",\"target\":{\"@type\":\"EntryPoint\",\"urlTemplate\":\"https:\/\/catalonia.com.br\/?s={search_term_string}\"},\"query-input\":{\"@type\":\"PropertyValueSpecification\",\"valueRequired\":true,\"valueName\":\"search_term_string\"}}],\"inLanguage\":\"ca\"},{\"@type\":\"Organization\",\"@id\":\"https:\/\/catalonia.com.br\/#organization\",\"name\":\"Associa\u00e7\u00e3o Cultural Catalonia\",\"url\":\"https:\/\/catalonia.com.br\/\",\"logo\":{\"@type\":\"ImageObject\",\"inLanguage\":\"ca\",\"@id\":\"https:\/\/catalonia.com.br\/#\/schema\/logo\/image\/\",\"url\":\"https:\/\/catalonia.com.br\/wp-content\/uploads\/2023\/06\/cropped-cropped-cropped-Catalonia-logotip-renovat-2.png\",\"contentUrl\":\"https:\/\/catalonia.com.br\/wp-content\/uploads\/2023\/06\/cropped-cropped-cropped-Catalonia-logotip-renovat-2.png\",\"width\":313,\"height\":320,\"caption\":\"Associa\u00e7\u00e3o Cultural Catalonia\"},\"image\":{\"@id\":\"https:\/\/catalonia.com.br\/#\/schema\/logo\/image\/\"}}]}<\/script>\n<!-- \/ Yoast SEO plugin. -->","yoast_head_json":{"title":"Exposi\u00e7\u00f5es - Associa\u00e7\u00e3o Cultural Catalonia","robots":{"index":"index","follow":"follow","max-snippet":"max-snippet:-1","max-image-preview":"max-image-preview:large","max-video-preview":"max-video-preview:-1"},"canonical":"https:\/\/catalonia.com.br\/ca\/memoria\/exposicoes\/","og_locale":"ca_ES","og_type":"article","og_title":"Exposi\u00e7\u00f5es - Associa\u00e7\u00e3o Cultural Catalonia","og_description":"Exposi\u00e7\u00f5es Sobre a entidade A Associa\u00e7\u00e3o Cultural Catalonia foi fundada em 9 de novembro de 1990. Atualmente, \u00e9 presidida por M\u00e0rius Vendrell. Entidade sem fins lucrativos, e fundada por imigrantes catal\u00e3es e seus descendentes, ainda \u00e9 a \u00fanica no Brasil dedicada ao ensino de l\u00edngua catal\u00e3. Legalmente estabelecida no Brasil, a Associa\u00e7\u00e3o Cultural Catalonia tem","og_url":"https:\/\/catalonia.com.br\/ca\/memoria\/exposicoes\/","og_site_name":"Associa\u00e7\u00e3o Cultural Catalonia","article_modified_time":"2023-07-28T05:01:06+00:00","og_image":[{"url":"https:\/\/catalonia.com.br\/wp-content\/uploads\/2023\/07\/Gaudi-uma-visao-poliedrica.png","type":"","width":"","height":""}],"twitter_card":"summary_large_image","twitter_misc":{"Temps estimat de lectura":"3 minuts"},"schema":{"@context":"https:\/\/schema.org","@graph":[{"@type":"WebPage","@id":"https:\/\/catalonia.com.br\/memoria\/exposicoes\/","url":"https:\/\/catalonia.com.br\/memoria\/exposicoes\/","name":"Exposi\u00e7\u00f5es - Associa\u00e7\u00e3o Cultural Catalonia","isPartOf":{"@id":"https:\/\/catalonia.com.br\/#website"},"primaryImageOfPage":{"@id":"https:\/\/catalonia.com.br\/memoria\/exposicoes\/#primaryimage"},"image":{"@id":"https:\/\/catalonia.com.br\/memoria\/exposicoes\/#primaryimage"},"thumbnailUrl":"https:\/\/catalonia.com.br\/wp-content\/uploads\/2023\/07\/Gaudi-uma-visao-poliedrica.png","datePublished":"2023-07-18T03:30:30+00:00","dateModified":"2023-07-28T05:01:06+00:00","breadcrumb":{"@id":"https:\/\/catalonia.com.br\/memoria\/exposicoes\/#breadcrumb"},"inLanguage":"ca","potentialAction":[{"@type":"ReadAction","target":["https:\/\/catalonia.com.br\/memoria\/exposicoes\/"]}]},{"@type":"ImageObject","inLanguage":"ca","@id":"https:\/\/catalonia.com.br\/memoria\/exposicoes\/#primaryimage","url":"https:\/\/catalonia.com.br\/wp-content\/uploads\/2023\/07\/Gaudi-uma-visao-poliedrica.png","contentUrl":"https:\/\/catalonia.com.br\/wp-content\/uploads\/2023\/07\/Gaudi-uma-visao-poliedrica.png"},{"@type":"BreadcrumbList","@id":"https:\/\/catalonia.com.br\/memoria\/exposicoes\/#breadcrumb","itemListElement":[{"@type":"ListItem","position":1,"name":"In\u00edcio","item":"https:\/\/catalonia.com.br\/"},{"@type":"ListItem","position":2,"name":"Mem\u00f3ria","item":"https:\/\/catalonia.com.br\/memoria\/"},{"@type":"ListItem","position":3,"name":"Exposi\u00e7\u00f5es"}]},{"@type":"WebSite","@id":"https:\/\/catalonia.com.br\/#website","url":"https:\/\/catalonia.com.br\/","name":"l'Associaci\u00f3 Cultural Catalonia","description":"","publisher":{"@id":"https:\/\/catalonia.com.br\/#organization"},"potentialAction":[{"@type":"SearchAction","target":{"@type":"EntryPoint","urlTemplate":"https:\/\/catalonia.com.br\/?s={search_term_string}"},"query-input":{"@type":"PropertyValueSpecification","valueRequired":true,"valueName":"search_term_string"}}],"inLanguage":"ca"},{"@type":"Organization","@id":"https:\/\/catalonia.com.br\/#organization","name":"l'Associaci\u00f3 Cultural Catalonia","url":"https:\/\/catalonia.com.br\/","logo":{"@type":"ImageObject","inLanguage":"ca","@id":"https:\/\/catalonia.com.br\/#\/schema\/logo\/image\/","url":"https:\/\/catalonia.com.br\/wp-content\/uploads\/2023\/06\/cropped-cropped-cropped-Catalonia-logotip-renovat-2.png","contentUrl":"https:\/\/catalonia.com.br\/wp-content\/uploads\/2023\/06\/cropped-cropped-cropped-Catalonia-logotip-renovat-2.png","width":313,"height":320,"caption":"Associa\u00e7\u00e3o Cultural Catalonia"},"image":{"@id":"https:\/\/catalonia.com.br\/#\/schema\/logo\/image\/"}}]}},"uagb_featured_image_src":{"full":false,"thumbnail":false,"medium":false,"medium_large":false,"large":false,"1536x1536":false,"2048x2048":false,"trp-custom-language-flag":false,"woocommerce_thumbnail":false,"woocommerce_single":false,"woocommerce_gallery_thumbnail":false},"uagb_author_info":{"display_name":"Associa\u00e7\u00e3o Cultural Catalonia","author_link":"https:\/\/catalonia.com.br\/ca\/author\/admincat\/"},"uagb_comment_info":0,"uagb_excerpt":"Exposi\u00e7\u00f5es Sobre a entidade A Associa\u00e7\u00e3o Cultural Catalonia foi fundada em 9 de novembro de 1990. Atualmente, \u00e9 presidida por M\u00e0rius Vendrell. Entidade sem fins lucrativos, e fundada por imigrantes catal\u00e3es e seus descendentes, ainda \u00e9 a \u00fanica no Brasil dedicada ao ensino de l\u00edngua catal\u00e3. Legalmente estabelecida no Brasil, a Associa\u00e7\u00e3o Cultural Catalonia tem","_links":{"self":[{"href":"https:\/\/catalonia.com.br\/ca\/wp-json\/wp\/v2\/pages\/3245","targetHints":{"allow":["GET"]}}],"collection":[{"href":"https:\/\/catalonia.com.br\/ca\/wp-json\/wp\/v2\/pages"}],"about":[{"href":"https:\/\/catalonia.com.br\/ca\/wp-json\/wp\/v2\/types\/page"}],"author":[{"embeddable":true,"href":"https:\/\/catalonia.com.br\/ca\/wp-json\/wp\/v2\/users\/1"}],"replies":[{"embeddable":true,"href":"https:\/\/catalonia.com.br\/ca\/wp-json\/wp\/v2\/comments?post=3245"}],"version-history":[{"count":0,"href":"https:\/\/catalonia.com.br\/ca\/wp-json\/wp\/v2\/pages\/3245\/revisions"}],"up":[{"embeddable":true,"href":"https:\/\/catalonia.com.br\/ca\/wp-json\/wp\/v2\/pages\/3103"}],"wp:attachment":[{"href":"https:\/\/catalonia.com.br\/ca\/wp-json\/wp\/v2\/media?parent=3245"}],"curies":[{"name":"wp","href":"https:\/\/api.w.org\/{rel}","templated":true}]}}