{"id":2946,"date":"2023-07-11T00:03:11","date_gmt":"2023-07-11T03:03:11","guid":{"rendered":"https:\/\/catalonia.com.br\/?page_id=2946"},"modified":"2023-07-23T00:23:00","modified_gmt":"2023-07-23T03:23:00","slug":"23-de-abril-o-dia-de-sant-jordi-do-livro-e-da-rosa","status":"publish","type":"page","link":"https:\/\/catalonia.com.br\/ca\/a-catalunha\/cultura-da-catalunha\/23-de-abril-o-dia-de-sant-jordi-do-livro-e-da-rosa\/","title":{"rendered":"23 de abril, o dia de Sant Jordi, do livro e da rosa"},"content":{"rendered":"<div data-elementor-type=\"wp-page\" data-elementor-id=\"2946\" class=\"elementor elementor-2946\">\n\t\t\t\t\t\t<section class=\"elementor-section elementor-top-section elementor-element elementor-element-0ie05be elementor-section-height-min-height elementor-section-boxed elementor-section-height-default elementor-section-items-middle wpr-particle-no wpr-jarallax-no wpr-parallax-no wpr-sticky-section-no elementor-invisible\" data-id=\"0ie05be\" data-element_type=\"section\" data-e-type=\"section\" data-settings=\"{&quot;background_background&quot;:&quot;classic&quot;,&quot;animation&quot;:&quot;fadeIn&quot;}\">\n\t\t\t\t\t\t\t<div class=\"elementor-background-overlay\"><\/div>\n\t\t\t\t\t\t\t<div class=\"elementor-container elementor-column-gap-no\">\n\t\t\t\t\t<div class=\"elementor-column elementor-col-100 elementor-top-column elementor-element elementor-element-aaad5b0\" data-id=\"aaad5b0\" data-element_type=\"column\" data-e-type=\"column\">\n\t\t\t<div class=\"elementor-widget-wrap\">\n\t\t\t\t\t\t\t<\/div>\n\t\t<\/div>\n\t\t\t\t\t<\/div>\n\t\t<\/section>\n\t\t\t\t<section class=\"elementor-section elementor-top-section elementor-element elementor-element-b0b3f95 elementor-section-boxed elementor-section-height-default elementor-section-height-default wpr-particle-no wpr-jarallax-no wpr-parallax-no wpr-sticky-section-no\" data-id=\"b0b3f95\" data-element_type=\"section\" data-e-type=\"section\" data-settings=\"{&quot;background_background&quot;:&quot;classic&quot;}\">\n\t\t\t\t\t\t<div class=\"elementor-container elementor-column-gap-default\">\n\t\t\t\t\t<div class=\"elementor-column elementor-col-100 elementor-top-column elementor-element elementor-element-e9eaf4e\" data-id=\"e9eaf4e\" data-element_type=\"column\" data-e-type=\"column\">\n\t\t\t<div class=\"elementor-widget-wrap elementor-element-populated\">\n\t\t\t\t\t\t<div class=\"elementor-element elementor-element-90ba35c elementor-widget elementor-widget-spacer\" data-id=\"90ba35c\" data-element_type=\"widget\" data-e-type=\"widget\" data-widget_type=\"spacer.default\">\n\t\t\t\t<div class=\"elementor-widget-container\">\n\t\t\t\t\t\t\t<div class=\"elementor-spacer\">\n\t\t\t<div class=\"elementor-spacer-inner\"><\/div>\n\t\t<\/div>\n\t\t\t\t\t\t<\/div>\n\t\t\t\t<\/div>\n\t\t\t\t<div class=\"elementor-element elementor-element-6c66b08 elementor-widget elementor-widget-heading\" data-id=\"6c66b08\" data-element_type=\"widget\" data-e-type=\"widget\" data-widget_type=\"heading.default\">\n\t\t\t\t<div class=\"elementor-widget-container\">\n\t\t\t\t\t<h1 class=\"elementor-heading-title elementor-size-default\">23 de abril, o dia de Sant Jordi, do livro e da rosa<\/h1>\t\t\t\t<\/div>\n\t\t\t\t<\/div>\n\t\t\t\t\t<\/div>\n\t\t<\/div>\n\t\t\t\t\t<\/div>\n\t\t<\/section>\n\t\t\t\t<section class=\"elementor-section elementor-top-section elementor-element elementor-element-cf4d000 elementor-section-boxed elementor-section-height-default elementor-section-height-default wpr-particle-no wpr-jarallax-no wpr-parallax-no wpr-sticky-section-no\" data-id=\"cf4d000\" data-element_type=\"section\" data-e-type=\"section\" data-settings=\"{&quot;background_background&quot;:&quot;classic&quot;}\">\n\t\t\t\t\t\t<div class=\"elementor-container elementor-column-gap-default\">\n\t\t\t\t\t<div class=\"elementor-column elementor-col-100 elementor-top-column elementor-element elementor-element-f75b486\" data-id=\"f75b486\" data-element_type=\"column\" data-e-type=\"column\">\n\t\t\t<div class=\"elementor-widget-wrap elementor-element-populated\">\n\t\t\t\t\t\t<div class=\"elementor-element elementor-element-8c9ecd8 elementor-widget elementor-widget-heading\" data-id=\"8c9ecd8\" data-element_type=\"widget\" data-e-type=\"widget\" data-widget_type=\"heading.default\">\n\t\t\t\t<div class=\"elementor-widget-container\">\n\t\t\t\t\t<h3 class=\"elementor-heading-title elementor-size-default\">Hist\u00f3ria, cultura e amor<\/h3>\t\t\t\t<\/div>\n\t\t\t\t<\/div>\n\t\t\t\t\t<\/div>\n\t\t<\/div>\n\t\t\t\t\t<\/div>\n\t\t<\/section>\n\t\t\t\t<section class=\"elementor-section elementor-top-section elementor-element elementor-element-351e56a elementor-section-boxed elementor-section-height-default elementor-section-height-default wpr-particle-no wpr-jarallax-no wpr-parallax-no wpr-sticky-section-no\" data-id=\"351e56a\" data-element_type=\"section\" data-e-type=\"section\" data-settings=\"{&quot;background_background&quot;:&quot;gradient&quot;}\">\n\t\t\t\t\t\t<div class=\"elementor-container elementor-column-gap-extended\">\n\t\t\t\t\t<div class=\"elementor-column elementor-col-100 elementor-top-column elementor-element elementor-element-9b5224b\" data-id=\"9b5224b\" data-element_type=\"column\" data-e-type=\"column\">\n\t\t\t<div class=\"elementor-widget-wrap elementor-element-populated\">\n\t\t\t\t\t\t<div class=\"elementor-element elementor-element-ead46e9 elementor-drop-cap-yes elementor-drop-cap-view-stacked elementor-widget elementor-widget-text-editor\" data-id=\"ead46e9\" data-element_type=\"widget\" data-e-type=\"widget\" data-settings=\"{&quot;drop_cap&quot;:&quot;yes&quot;}\" data-widget_type=\"text-editor.default\">\n\t\t\t\t<div class=\"elementor-widget-container\">\n\t\t\t\t\t\t\t\t\t<p style=\"text-align: justify;\">No dia de Sant Jordi (S\u00e3o Jorge), uma rosa e um livro. Esta tradi\u00e7\u00e3o, que combina o fato religioso, a rosa como s\u00edmbolo do amor e o livro como s\u00edmbolo da cultura, transformou o dia 23 de Abril na data mais comemorada, por todos os catal\u00e3es. Como todas as tradi\u00e7\u00f5es bem enraizadas, muitas vezes \u00e9 seguida e vivida pelo povo sem que se conhe\u00e7a a sua origem. Por isso, fazemos aqui uma aproxima\u00e7\u00e3o \u00e0s origens desta tradi\u00e7\u00e3o que todos os catal\u00e3es, dentro e fora da Catalunha, compartilhamos e comemoramos todos os anos.<\/p><h3>S\u00e3o Jorge: hist\u00f3ria e lenda<\/h3><p style=\"text-align: justify;\">No dia de S\u00e3o Jorge, uma rosa e um livro. Esta tradi\u00e7\u00e3o, que combina o fato religioso, a rosa como s\u00edmbolo do amor e o livro como s\u00edmbolo da cultura, transformou o dia 23 de abril na data mais comemorada, por todos os catal\u00e3es. Como todas as tradi\u00e7\u00f5es bem enraizadas, muitas vezes \u00e9 seguida e vivida pelo povo sem que se conhe\u00e7a a sua origem. Por isso, fazemos aqui uma aproxima\u00e7\u00e3o \u00e0s origens desta tradi\u00e7\u00e3o que todos os catal\u00e3es, dentro e fora da Catalunha, compartilhamos e comemoramos todos os anos.<\/p><p style=\"text-align: justify;\">Apesar da grande devo\u00e7\u00e3o que S\u00e3o Jorge despertou na Europa durante a Idade M\u00e9dia, como figura hist\u00f3rica sabe-se muito pouca coisa. Militar romano, crist\u00e3o, que foi martirizado por volta do ano 303 por n\u00e3o abdicar das suas cren\u00e7as. O nome Georgius quer dizer campon\u00eas, e talvez por isso a comemora\u00e7\u00e3o lit\u00fargica foi fixada em 23 de abril, em plena primavera no continente europeu. Isto tamb\u00e9m explicaria em parte que as tradi\u00e7\u00f5es populares tenham feito dele o protetor das colheitas. Esta liga\u00e7\u00e3o com a primavera e o seu patroc\u00ednio dos namorados tamb\u00e9m o relaciona diretamente com a Feira das Rosas que desde o s\u00e9culo XV se celebra na pra\u00e7a de Sant Jaume, onde est\u00e1 localizada a sede do Governo da Catalunha (Generalitat de Catalunya).<\/p><p style=\"text-align: justify;\">Em contraste com o pouco que se sabe sobre a hist\u00f3ria, a lenda de S\u00e3o Jorge est\u00e1 ampla e fortemente enraizada. Uma tradi\u00e7\u00e3o muito estendida na Idade M\u00e9dia explicava que o mart\u00edrio de S\u00e3o Jorge durou sete anos, diante de um tribunal formado por sete reis. Esta tradi\u00e7\u00e3o, que lhe atribui uma grande tenacidade por n\u00e3o abdicar de sua f\u00e9 durante sete anos de tortura, foi condenada at\u00e9 por Roma, mas justifica que o jovem cavaleiro fosse invocado como patrono pelos cavaleiros e pelo Imp\u00e9rio Bizantino. Naquela \u00e9poca, a sua ajuda era invocada para combater os infi\u00e9is e foi escolhido como patrono pela Ge\u00f3rgia, pela S\u00e9rvia, pela Inglaterra, pela Gr\u00e9cia, por Arag\u00e3o, pelos Pa\u00edses Catal\u00e3es e tamb\u00e9m por Portugal. Surgiram tamb\u00e9m lendas e tradi\u00e7\u00f5es sobre a sua ajuda aos ex\u00e9rcitos crist\u00e3os.<\/p><p style=\"text-align: justify;\">A lenda mais popular, escrita por Jaume de Vor\u00e0gine na <em>Llegenda \u00c0urea<\/em>, \u00e9 a que explica a vit\u00f3ria de S\u00e3o Jorge sobre o drag\u00e3o. Num pa\u00eds n\u00e3o determinado, chamado Silene, um drag\u00e3o aterrorizava os habitantes que, para acalm\u00e1-lo, ofereciam-lhe periodicamente um cordeiro e uma donzela escolhida por sorteio. Mas um dia a sorteada foi \u00e0 filha do rei; S\u00e3o Jorge venceu o drag\u00e3o e libertou a donzela. Ent\u00e3o o rei e todo o povo converteram-se \u00e0 f\u00e9 de Cristo. Desde o s\u00e9culo XIII, a imagem de S\u00e3o Jorge sobre um cavalo branco, libertando a donzela e vencendo o drag\u00e3o, \u00e9 a mais difundida de todas as lendas populares.<\/p><h3 style=\"text-align: justify;\">S\u00e3o Jorge na Catalunha<\/h3><p style=\"text-align: justify;\">A presen\u00e7a documental da devo\u00e7\u00e3o a S\u00e3o Jorge em terras catal\u00e3s remonta ao s\u00e9culo VIII: documentos da \u00e9poca falam de um sacerdote de Tarragona chamado Jorge que fugiu para a It\u00e1lia. J\u00e1 no s\u00e9culo X, um bispo de Vic tinha o nome de Jorge, e no s\u00e9culo XI o abade Oliba consagrou um altar dedicado ao santo no mosteiro de Ripoll. Encontram-se exemplos do culto a S\u00e3o Jorge, nesta \u00e9poca, na consagra\u00e7\u00e3o de capelas, altares e igrejas em diversos pontos da nossa terra. Os reis catal\u00e3es mostraram a sua devo\u00e7\u00e3o a S\u00e3o Jorge: Jaime I explica na sua Cr\u00f4nica que viram o santo ajudando os catal\u00e3es na conquista da cidade de Mallorca; Pedro o Cerimonioso fundou uma ordem de cavalaria sob a sua prote\u00e7\u00e3o; Afonso o Magn\u00e2nimo dedicou-lhe capelas nos seus reinos da Sardenha e N\u00e1poles.<\/p><p style=\"text-align: justify;\">Os reis e a Generalitat de Catalunya impulsionaram a celebra\u00e7\u00e3o da festa de S\u00e3o Jorge em todos os Pa\u00edses catal\u00e3es. Em Val\u00eancia, em 1343, j\u00e1 era uma festa popular; em 1407, Mallorca celebrava-a publicamente. Em 1436 a Generalitat da Catalunha prop\u00f4s, nas Cortes reunidas em Monts\u00f3, a celebra\u00e7\u00e3o oficial e obrigat\u00f3ria de S\u00e3o Jorge; em 1456, as Cortes reunidas na Catedral de Barcelona ditaram uma constitui\u00e7\u00e3o que ordenava a festa, inclu\u00edda no c\u00f3digo das Constitui\u00e7\u00f5es da Catalunha. As remodela\u00e7\u00f5es do Palau de la Generalitat ( sede do governo catal\u00e3o) feitas durante o s\u00e9culo XV s\u00e3o a prova mais clara da devo\u00e7\u00e3o impulsada pela Generalitat, ao colocar o medalh\u00e3o do santo presidindo a fachada g\u00f3tica e ao construir no interior a capela de S\u00e3o Jorge.<\/p><h3 style=\"text-align: justify;\">S\u00e3o Jorge: Dia do livro e da rosa<\/h3><p style=\"text-align: justify;\">\u00c9 muito dif\u00edcil definir a data exata que marcou o in\u00edcio da tradi\u00e7\u00e3o popular de oferecer rosas no dia de S\u00e3o Jorge. Deve ser muito antiga, j\u00e1 que, desde o s\u00e9culo XV h\u00e1 const\u00e2ncia da celebra\u00e7\u00e3o da Feira das Rosas no dia de S\u00e3o Jorge. Esta mesma antiguidade traz a tenta\u00e7\u00e3o de buscar uma rela\u00e7\u00e3o entre uma tradi\u00e7\u00e3o popular e o simbolismo do amor cort\u00eas que a rosa representa. Mais al\u00e9m das poss\u00edveis teorias que possam justificar a tradi\u00e7\u00e3o, o mais importante \u00e9 que se tenha mantido viva e seja um s\u00edmbolo indiscut\u00edvel da Catalunha.<\/p><p style=\"text-align: justify;\">Em 1926, a Espanha instaurou o dia 23 de abril como Dia do Livro, pois esta data coincide com a morte de Cervantes, imitando a Inglaterra que j\u00e1 o celebrava no mesmo dia porque tamb\u00e9m coincide com a morte de Shakespeare. A celebra\u00e7\u00e3o enraizou-se rapidamente em Barcelona e estendeu-se na Catalunha, mas o prop\u00f3sito oficial diluiu-se ao coincidir com o dia do Santo Padroeiro. Enquanto em outros lugares se mantinha de maneira muito escassa ou desaparecia, na Catalunha tornou-se um dos dias populares mais celebrados e, ao mesmo tempo, ajudou muito a potenciar a difus\u00e3o e a venda do livro catal\u00e3o.<\/p><p style=\"text-align: justify;\">Assim, na Catalunha o 23 de abril \u00e9 o dia de S\u00e3o Jorge, da rosa e do livro: o dia do Santo Padroeiro, do amor e da cultura. \u00c9, decididamente, um dia de civismo, de cultura e de respeito entre todas as pessoas que vivem na Catalunha e, por extens\u00e3o, todas as pessoas e todas as culturas do mundo.<\/p><h3 style=\"text-align: justify;\">23 de abril: Dia mundial do livro e dos direitos de autor<\/h3><p style=\"text-align: justify;\">A Confer\u00eancia geral da UNESCO, reunida em Paris, considerando que o livro foi historicamente o instrumento mais potente de difus\u00e3o dos conhecimentos, que todas as iniciativas para promover a difus\u00e3o do livro s\u00e3o um fator de enriquecimento cultural, que uma das formas mais eficazes de promo\u00e7\u00e3o do livro \u00e9 organizar todos os anos &#8220;O dia do livro&#8221;, e constatando que esta f\u00f3rmula ainda n\u00e3o fora adotada internacionalmente, em 15 de novembro de 1995, proclamou o dia 23 de abril &#8220;Dia mundial do livro e dos direitos de autor&#8221;.<\/p><p style=\"text-align: justify;\"><em>Texto elaborado por Pep Camps, da Unidade de Comunidades Catal\u00e3s do Exterior, da Generalitat de Catalunya. Mar\u00e7o <\/em><em>de 2003.<\/em><\/p><p style=\"text-align: justify;\"><strong><em>Fonte: dados hist\u00f3ricos extra\u00eddos do cart\u00e3o de boas festas de 1978, editado pela Funda\u00e7\u00e3o Jaime I.<\/em><\/strong><\/p>\t\t\t\t\t\t\t\t<\/div>\n\t\t\t\t<\/div>\n\t\t\t\t\t<\/div>\n\t\t<\/div>\n\t\t\t\t\t<\/div>\n\t\t<\/section>\n\t\t\t\t<\/div>","protected":false},"excerpt":{"rendered":"<p>23 de abril, o dia de Sant Jordi, do livro e da rosa Hist\u00f3ria, cultura e amor No dia de Sant Jordi (S\u00e3o Jorge), uma rosa e um livro. Esta tradi\u00e7\u00e3o, que combina o fato religioso, a rosa como s\u00edmbolo do amor e o livro como s\u00edmbolo da cultura, transformou o dia 23 de Abril<\/p>","protected":false},"author":1,"featured_media":0,"parent":2826,"menu_order":0,"comment_status":"closed","ping_status":"closed","template":"","meta":{"_uag_custom_page_level_css":"","order-bump-settings":[],"_wpfnl_thankyou_order_overview":"on","_wpfnl_thankyou_order_details":"on","_wpfnl_thankyou_billing_details":"on","_wpfnl_thankyou_shipping_details":"on","site-sidebar-layout":"no-sidebar","site-content-layout":"page-builder","ast-site-content-layout":"","site-content-style":"default","site-sidebar-style":"default","ast-global-header-display":"","ast-banner-title-visibility":"","ast-main-header-display":"","ast-hfb-above-header-display":"","ast-hfb-below-header-display":"","ast-hfb-mobile-header-display":"","site-post-title":"disabled","ast-breadcrumbs-content":"","ast-featured-img":"disabled","footer-sml-layout":"","theme-transparent-header-meta":"default","adv-header-id-meta":"","stick-header-meta":"","header-above-stick-meta":"","header-main-stick-meta":"","header-below-stick-meta":"","astra-migrate-meta-layouts":"default","ast-page-background-enabled":"default","ast-page-background-meta":{"desktop":{"background-color":"","background-image":"","background-repeat":"repeat","background-position":"center center","background-size":"auto","background-attachment":"scroll","background-type":"","background-media":"","overlay-type":"","overlay-color":"","overlay-opacity":"","overlay-gradient":""},"tablet":{"background-color":"","background-image":"","background-repeat":"repeat","background-position":"center center","background-size":"auto","background-attachment":"scroll","background-type":"","background-media":"","overlay-type":"","overlay-color":"","overlay-opacity":"","overlay-gradient":""},"mobile":{"background-color":"","background-image":"","background-repeat":"repeat","background-position":"center center","background-size":"auto","background-attachment":"scroll","background-type":"","background-media":"","overlay-type":"","overlay-color":"","overlay-opacity":"","overlay-gradient":""}},"ast-content-background-meta":{"desktop":{"background-color":"var(--ast-global-color-5)","background-image":"","background-repeat":"repeat","background-position":"center center","background-size":"auto","background-attachment":"scroll","background-type":"","background-media":"","overlay-type":"","overlay-color":"","overlay-opacity":"","overlay-gradient":""},"tablet":{"background-color":"var(--ast-global-color-5)","background-image":"","background-repeat":"repeat","background-position":"center center","background-size":"auto","background-attachment":"scroll","background-type":"","background-media":"","overlay-type":"","overlay-color":"","overlay-opacity":"","overlay-gradient":""},"mobile":{"background-color":"var(--ast-global-color-5)","background-image":"","background-repeat":"repeat","background-position":"center center","background-size":"auto","background-attachment":"scroll","background-type":"","background-media":"","overlay-type":"","overlay-color":"","overlay-opacity":"","overlay-gradient":""}},"footnotes":""},"class_list":["post-2946","page","type-page","status-publish","hentry"],"yoast_head":"<!-- This site is optimized with the Yoast SEO plugin v27.2 - https:\/\/yoast.com\/product\/yoast-seo-wordpress\/ -->\n<title>23 de abril, o dia de Sant Jordi, do livro e da rosa - Associa\u00e7\u00e3o Cultural Catalonia<\/title>\n<meta name=\"robots\" content=\"index, follow, max-snippet:-1, max-image-preview:large, max-video-preview:-1\" \/>\n<link rel=\"canonical\" href=\"https:\/\/catalonia.com.br\/ca\/a-catalunha\/cultura-da-catalunha\/23-de-abril-o-dia-de-sant-jordi-do-livro-e-da-rosa\/\" \/>\n<meta property=\"og:locale\" content=\"ca_ES\" \/>\n<meta property=\"og:type\" content=\"article\" \/>\n<meta property=\"og:title\" content=\"23 de abril, o dia de Sant Jordi, do livro e da rosa - Associa\u00e7\u00e3o Cultural Catalonia\" \/>\n<meta property=\"og:description\" content=\"23 de abril, o dia de Sant Jordi, do livro e da rosa Hist\u00f3ria, cultura e amor No dia de Sant Jordi (S\u00e3o Jorge), uma rosa e um livro. Esta tradi\u00e7\u00e3o, que combina o fato religioso, a rosa como s\u00edmbolo do amor e o livro como s\u00edmbolo da cultura, transformou o dia 23 de Abril\" \/>\n<meta property=\"og:url\" content=\"https:\/\/catalonia.com.br\/ca\/a-catalunha\/cultura-da-catalunha\/23-de-abril-o-dia-de-sant-jordi-do-livro-e-da-rosa\/\" \/>\n<meta property=\"og:site_name\" content=\"Associa\u00e7\u00e3o Cultural Catalonia\" \/>\n<meta property=\"article:modified_time\" content=\"2023-07-23T03:23:00+00:00\" \/>\n<meta name=\"twitter:card\" content=\"summary_large_image\" \/>\n<meta name=\"twitter:label1\" content=\"Temps estimat de lectura\" \/>\n\t<meta name=\"twitter:data1\" content=\"7 minuts\" \/>\n<script type=\"application\/ld+json\" class=\"yoast-schema-graph\">{\"@context\":\"https:\/\/schema.org\",\"@graph\":[{\"@type\":\"WebPage\",\"@id\":\"https:\/\/catalonia.com.br\/a-catalunha\/cultura-da-catalunha\/23-de-abril-o-dia-de-sant-jordi-do-livro-e-da-rosa\/\",\"url\":\"https:\/\/catalonia.com.br\/a-catalunha\/cultura-da-catalunha\/23-de-abril-o-dia-de-sant-jordi-do-livro-e-da-rosa\/\",\"name\":\"23 de abril, o dia de Sant Jordi, do livro e da rosa - Associa\u00e7\u00e3o Cultural Catalonia\",\"isPartOf\":{\"@id\":\"https:\/\/catalonia.com.br\/#website\"},\"datePublished\":\"2023-07-11T03:03:11+00:00\",\"dateModified\":\"2023-07-23T03:23:00+00:00\",\"breadcrumb\":{\"@id\":\"https:\/\/catalonia.com.br\/a-catalunha\/cultura-da-catalunha\/23-de-abril-o-dia-de-sant-jordi-do-livro-e-da-rosa\/#breadcrumb\"},\"inLanguage\":\"ca\",\"potentialAction\":[{\"@type\":\"ReadAction\",\"target\":[\"https:\/\/catalonia.com.br\/a-catalunha\/cultura-da-catalunha\/23-de-abril-o-dia-de-sant-jordi-do-livro-e-da-rosa\/\"]}]},{\"@type\":\"BreadcrumbList\",\"@id\":\"https:\/\/catalonia.com.br\/a-catalunha\/cultura-da-catalunha\/23-de-abril-o-dia-de-sant-jordi-do-livro-e-da-rosa\/#breadcrumb\",\"itemListElement\":[{\"@type\":\"ListItem\",\"position\":1,\"name\":\"In\u00edcio\",\"item\":\"https:\/\/catalonia.com.br\/\"},{\"@type\":\"ListItem\",\"position\":2,\"name\":\"A Catalunha\",\"item\":\"https:\/\/catalonia.com.br\/a-catalunha\/\"},{\"@type\":\"ListItem\",\"position\":3,\"name\":\"Cultura da Catalunha\",\"item\":\"https:\/\/catalonia.com.br\/a-catalunha\/cultura-da-catalunha\/\"},{\"@type\":\"ListItem\",\"position\":4,\"name\":\"23 de abril, o dia de Sant Jordi, do livro e da rosa\"}]},{\"@type\":\"WebSite\",\"@id\":\"https:\/\/catalonia.com.br\/#website\",\"url\":\"https:\/\/catalonia.com.br\/\",\"name\":\"Associa\u00e7\u00e3o Cultural Catalonia\",\"description\":\"\",\"publisher\":{\"@id\":\"https:\/\/catalonia.com.br\/#organization\"},\"potentialAction\":[{\"@type\":\"SearchAction\",\"target\":{\"@type\":\"EntryPoint\",\"urlTemplate\":\"https:\/\/catalonia.com.br\/?s={search_term_string}\"},\"query-input\":{\"@type\":\"PropertyValueSpecification\",\"valueRequired\":true,\"valueName\":\"search_term_string\"}}],\"inLanguage\":\"ca\"},{\"@type\":\"Organization\",\"@id\":\"https:\/\/catalonia.com.br\/#organization\",\"name\":\"Associa\u00e7\u00e3o Cultural Catalonia\",\"url\":\"https:\/\/catalonia.com.br\/\",\"logo\":{\"@type\":\"ImageObject\",\"inLanguage\":\"ca\",\"@id\":\"https:\/\/catalonia.com.br\/#\/schema\/logo\/image\/\",\"url\":\"https:\/\/catalonia.com.br\/wp-content\/uploads\/2023\/06\/cropped-cropped-cropped-Catalonia-logotip-renovat-2.png\",\"contentUrl\":\"https:\/\/catalonia.com.br\/wp-content\/uploads\/2023\/06\/cropped-cropped-cropped-Catalonia-logotip-renovat-2.png\",\"width\":313,\"height\":320,\"caption\":\"Associa\u00e7\u00e3o Cultural Catalonia\"},\"image\":{\"@id\":\"https:\/\/catalonia.com.br\/#\/schema\/logo\/image\/\"}}]}<\/script>\n<!-- \/ Yoast SEO plugin. -->","yoast_head_json":{"title":"23 de abril, o dia de Sant Jordi, do livro e da rosa - Associa\u00e7\u00e3o Cultural Catalonia","robots":{"index":"index","follow":"follow","max-snippet":"max-snippet:-1","max-image-preview":"max-image-preview:large","max-video-preview":"max-video-preview:-1"},"canonical":"https:\/\/catalonia.com.br\/ca\/a-catalunha\/cultura-da-catalunha\/23-de-abril-o-dia-de-sant-jordi-do-livro-e-da-rosa\/","og_locale":"ca_ES","og_type":"article","og_title":"23 de abril, o dia de Sant Jordi, do livro e da rosa - Associa\u00e7\u00e3o Cultural Catalonia","og_description":"23 de abril, o dia de Sant Jordi, do livro e da rosa Hist\u00f3ria, cultura e amor No dia de Sant Jordi (S\u00e3o Jorge), uma rosa e um livro. Esta tradi\u00e7\u00e3o, que combina o fato religioso, a rosa como s\u00edmbolo do amor e o livro como s\u00edmbolo da cultura, transformou o dia 23 de Abril","og_url":"https:\/\/catalonia.com.br\/ca\/a-catalunha\/cultura-da-catalunha\/23-de-abril-o-dia-de-sant-jordi-do-livro-e-da-rosa\/","og_site_name":"Associa\u00e7\u00e3o Cultural Catalonia","article_modified_time":"2023-07-23T03:23:00+00:00","twitter_card":"summary_large_image","twitter_misc":{"Temps estimat de lectura":"7 minuts"},"schema":{"@context":"https:\/\/schema.org","@graph":[{"@type":"WebPage","@id":"https:\/\/catalonia.com.br\/a-catalunha\/cultura-da-catalunha\/23-de-abril-o-dia-de-sant-jordi-do-livro-e-da-rosa\/","url":"https:\/\/catalonia.com.br\/a-catalunha\/cultura-da-catalunha\/23-de-abril-o-dia-de-sant-jordi-do-livro-e-da-rosa\/","name":"23 de abril, o dia de Sant Jordi, do livro e da rosa - Associa\u00e7\u00e3o Cultural Catalonia","isPartOf":{"@id":"https:\/\/catalonia.com.br\/#website"},"datePublished":"2023-07-11T03:03:11+00:00","dateModified":"2023-07-23T03:23:00+00:00","breadcrumb":{"@id":"https:\/\/catalonia.com.br\/a-catalunha\/cultura-da-catalunha\/23-de-abril-o-dia-de-sant-jordi-do-livro-e-da-rosa\/#breadcrumb"},"inLanguage":"ca","potentialAction":[{"@type":"ReadAction","target":["https:\/\/catalonia.com.br\/a-catalunha\/cultura-da-catalunha\/23-de-abril-o-dia-de-sant-jordi-do-livro-e-da-rosa\/"]}]},{"@type":"BreadcrumbList","@id":"https:\/\/catalonia.com.br\/a-catalunha\/cultura-da-catalunha\/23-de-abril-o-dia-de-sant-jordi-do-livro-e-da-rosa\/#breadcrumb","itemListElement":[{"@type":"ListItem","position":1,"name":"In\u00edcio","item":"https:\/\/catalonia.com.br\/"},{"@type":"ListItem","position":2,"name":"A Catalunha","item":"https:\/\/catalonia.com.br\/a-catalunha\/"},{"@type":"ListItem","position":3,"name":"Cultura da Catalunha","item":"https:\/\/catalonia.com.br\/a-catalunha\/cultura-da-catalunha\/"},{"@type":"ListItem","position":4,"name":"23 de abril, o dia de Sant Jordi, do livro e da rosa"}]},{"@type":"WebSite","@id":"https:\/\/catalonia.com.br\/#website","url":"https:\/\/catalonia.com.br\/","name":"l'Associaci\u00f3 Cultural Catalonia","description":"","publisher":{"@id":"https:\/\/catalonia.com.br\/#organization"},"potentialAction":[{"@type":"SearchAction","target":{"@type":"EntryPoint","urlTemplate":"https:\/\/catalonia.com.br\/?s={search_term_string}"},"query-input":{"@type":"PropertyValueSpecification","valueRequired":true,"valueName":"search_term_string"}}],"inLanguage":"ca"},{"@type":"Organization","@id":"https:\/\/catalonia.com.br\/#organization","name":"l'Associaci\u00f3 Cultural Catalonia","url":"https:\/\/catalonia.com.br\/","logo":{"@type":"ImageObject","inLanguage":"ca","@id":"https:\/\/catalonia.com.br\/#\/schema\/logo\/image\/","url":"https:\/\/catalonia.com.br\/wp-content\/uploads\/2023\/06\/cropped-cropped-cropped-Catalonia-logotip-renovat-2.png","contentUrl":"https:\/\/catalonia.com.br\/wp-content\/uploads\/2023\/06\/cropped-cropped-cropped-Catalonia-logotip-renovat-2.png","width":313,"height":320,"caption":"Associa\u00e7\u00e3o Cultural Catalonia"},"image":{"@id":"https:\/\/catalonia.com.br\/#\/schema\/logo\/image\/"}}]}},"uagb_featured_image_src":{"full":false,"thumbnail":false,"medium":false,"medium_large":false,"large":false,"1536x1536":false,"2048x2048":false,"trp-custom-language-flag":false,"woocommerce_thumbnail":false,"woocommerce_single":false,"woocommerce_gallery_thumbnail":false},"uagb_author_info":{"display_name":"Associa\u00e7\u00e3o Cultural Catalonia","author_link":"https:\/\/catalonia.com.br\/ca\/author\/admincat\/"},"uagb_comment_info":0,"uagb_excerpt":"23 de abril, o dia de Sant Jordi, do livro e da rosa Hist\u00f3ria, cultura e amor No dia de Sant Jordi (S\u00e3o Jorge), uma rosa e um livro. Esta tradi\u00e7\u00e3o, que combina o fato religioso, a rosa como s\u00edmbolo do amor e o livro como s\u00edmbolo da cultura, transformou o dia 23 de Abril","_links":{"self":[{"href":"https:\/\/catalonia.com.br\/ca\/wp-json\/wp\/v2\/pages\/2946","targetHints":{"allow":["GET"]}}],"collection":[{"href":"https:\/\/catalonia.com.br\/ca\/wp-json\/wp\/v2\/pages"}],"about":[{"href":"https:\/\/catalonia.com.br\/ca\/wp-json\/wp\/v2\/types\/page"}],"author":[{"embeddable":true,"href":"https:\/\/catalonia.com.br\/ca\/wp-json\/wp\/v2\/users\/1"}],"replies":[{"embeddable":true,"href":"https:\/\/catalonia.com.br\/ca\/wp-json\/wp\/v2\/comments?post=2946"}],"version-history":[{"count":0,"href":"https:\/\/catalonia.com.br\/ca\/wp-json\/wp\/v2\/pages\/2946\/revisions"}],"up":[{"embeddable":true,"href":"https:\/\/catalonia.com.br\/ca\/wp-json\/wp\/v2\/pages\/2826"}],"wp:attachment":[{"href":"https:\/\/catalonia.com.br\/ca\/wp-json\/wp\/v2\/media?parent=2946"}],"curies":[{"name":"wp","href":"https:\/\/api.w.org\/{rel}","templated":true}]}}