{"id":2916,"date":"2023-07-10T23:23:56","date_gmt":"2023-07-11T02:23:56","guid":{"rendered":"https:\/\/catalonia.com.br\/?page_id=2916"},"modified":"2023-07-23T00:21:49","modified_gmt":"2023-07-23T03:21:49","slug":"a-festa-de-sant-medir","status":"publish","type":"page","link":"https:\/\/catalonia.com.br\/ca\/a-catalunha\/cultura-da-catalunha\/a-festa-de-sant-medir\/","title":{"rendered":"A festa de Sant Medir"},"content":{"rendered":"<div data-elementor-type=\"wp-page\" data-elementor-id=\"2916\" class=\"elementor elementor-2916\">\n\t\t\t\t\t\t<section class=\"elementor-section elementor-top-section elementor-element elementor-element-0ie05be elementor-section-height-min-height elementor-section-boxed elementor-section-height-default elementor-section-items-middle wpr-particle-no wpr-jarallax-no wpr-parallax-no wpr-sticky-section-no elementor-invisible\" data-id=\"0ie05be\" data-element_type=\"section\" data-e-type=\"section\" data-settings=\"{&quot;background_background&quot;:&quot;classic&quot;,&quot;animation&quot;:&quot;fadeIn&quot;}\">\n\t\t\t\t\t\t\t<div class=\"elementor-background-overlay\"><\/div>\n\t\t\t\t\t\t\t<div class=\"elementor-container elementor-column-gap-no\">\n\t\t\t\t\t<div class=\"elementor-column elementor-col-100 elementor-top-column elementor-element elementor-element-aaad5b0\" data-id=\"aaad5b0\" data-element_type=\"column\" data-e-type=\"column\">\n\t\t\t<div class=\"elementor-widget-wrap\">\n\t\t\t\t\t\t\t<\/div>\n\t\t<\/div>\n\t\t\t\t\t<\/div>\n\t\t<\/section>\n\t\t\t\t<section class=\"elementor-section elementor-top-section elementor-element elementor-element-b0b3f95 elementor-section-boxed elementor-section-height-default elementor-section-height-default wpr-particle-no wpr-jarallax-no wpr-parallax-no wpr-sticky-section-no\" data-id=\"b0b3f95\" data-element_type=\"section\" data-e-type=\"section\" data-settings=\"{&quot;background_background&quot;:&quot;classic&quot;}\">\n\t\t\t\t\t\t<div class=\"elementor-container elementor-column-gap-default\">\n\t\t\t\t\t<div class=\"elementor-column elementor-col-100 elementor-top-column elementor-element elementor-element-e9eaf4e\" data-id=\"e9eaf4e\" data-element_type=\"column\" data-e-type=\"column\">\n\t\t\t<div class=\"elementor-widget-wrap elementor-element-populated\">\n\t\t\t\t\t\t<div class=\"elementor-element elementor-element-90ba35c elementor-widget elementor-widget-spacer\" data-id=\"90ba35c\" data-element_type=\"widget\" data-e-type=\"widget\" data-widget_type=\"spacer.default\">\n\t\t\t\t<div class=\"elementor-widget-container\">\n\t\t\t\t\t\t\t<div class=\"elementor-spacer\">\n\t\t\t<div class=\"elementor-spacer-inner\"><\/div>\n\t\t<\/div>\n\t\t\t\t\t\t<\/div>\n\t\t\t\t<\/div>\n\t\t\t\t<div class=\"elementor-element elementor-element-6c66b08 elementor-widget elementor-widget-heading\" data-id=\"6c66b08\" data-element_type=\"widget\" data-e-type=\"widget\" data-widget_type=\"heading.default\">\n\t\t\t\t<div class=\"elementor-widget-container\">\n\t\t\t\t\t<h1 class=\"elementor-heading-title elementor-size-default\">A festa de Sant Medir<\/h1>\t\t\t\t<\/div>\n\t\t\t\t<\/div>\n\t\t\t\t\t<\/div>\n\t\t<\/div>\n\t\t\t\t\t<\/div>\n\t\t<\/section>\n\t\t\t\t<section class=\"elementor-section elementor-top-section elementor-element elementor-element-cf4d000 elementor-section-boxed elementor-section-height-default elementor-section-height-default wpr-particle-no wpr-jarallax-no wpr-parallax-no wpr-sticky-section-no\" data-id=\"cf4d000\" data-element_type=\"section\" data-e-type=\"section\" data-settings=\"{&quot;background_background&quot;:&quot;classic&quot;}\">\n\t\t\t\t\t\t<div class=\"elementor-container elementor-column-gap-default\">\n\t\t\t\t\t<div class=\"elementor-column elementor-col-100 elementor-top-column elementor-element elementor-element-f75b486\" data-id=\"f75b486\" data-element_type=\"column\" data-e-type=\"column\">\n\t\t\t<div class=\"elementor-widget-wrap elementor-element-populated\">\n\t\t\t\t\t\t<div class=\"elementor-element elementor-element-8c9ecd8 elementor-widget elementor-widget-heading\" data-id=\"8c9ecd8\" data-element_type=\"widget\" data-e-type=\"widget\" data-widget_type=\"heading.default\">\n\t\t\t\t<div class=\"elementor-widget-container\">\n\t\t\t\t\t<h3 class=\"elementor-heading-title elementor-size-default\">Uma das mais tradicionais de Gr\u00e0cia<\/h3>\t\t\t\t<\/div>\n\t\t\t\t<\/div>\n\t\t\t\t\t<\/div>\n\t\t<\/div>\n\t\t\t\t\t<\/div>\n\t\t<\/section>\n\t\t\t\t<section class=\"elementor-section elementor-top-section elementor-element elementor-element-351e56a elementor-section-boxed elementor-section-height-default elementor-section-height-default wpr-particle-no wpr-jarallax-no wpr-parallax-no wpr-sticky-section-no\" data-id=\"351e56a\" data-element_type=\"section\" data-e-type=\"section\" data-settings=\"{&quot;background_background&quot;:&quot;gradient&quot;}\">\n\t\t\t\t\t\t<div class=\"elementor-container elementor-column-gap-extended\">\n\t\t\t\t\t<div class=\"elementor-column elementor-col-100 elementor-top-column elementor-element elementor-element-9b5224b\" data-id=\"9b5224b\" data-element_type=\"column\" data-e-type=\"column\">\n\t\t\t<div class=\"elementor-widget-wrap elementor-element-populated\">\n\t\t\t\t\t\t<div class=\"elementor-element elementor-element-ead46e9 elementor-drop-cap-yes elementor-drop-cap-view-stacked elementor-widget elementor-widget-text-editor\" data-id=\"ead46e9\" data-element_type=\"widget\" data-e-type=\"widget\" data-settings=\"{&quot;drop_cap&quot;:&quot;yes&quot;}\" data-widget_type=\"text-editor.default\">\n\t\t\t\t<div class=\"elementor-widget-container\">\n\t\t\t\t\t\t\t\t\t<p style=\"text-align: justify;\">Segundo a tradi\u00e7\u00e3o, Sant Medir viveu por volta do ano 303. Era campon\u00eas e vivia numa casa que ficava no in\u00edcio do caminho velho que ia de Barcelona ao Vall\u00e8s. Isso foi na \u00e9poca do dom\u00ednio romano do Imperador Diocleciano, que mantinha uma intensa persegui\u00e7\u00e3o aos crist\u00e3os. De acordo com a lenda, Santo Medir foi feito prisioneiro enquanto plantava favas, legume que crescia em abund\u00e2ncia na Catalunha.<\/p><p style=\"text-align: justify;\">No local onde Sant Medir possu\u00eda a sua casa, muitos anos depois foi constru\u00edda uma capela onde atualmente, s\u00e3o feitas Romarias. A hist\u00f3ria desta comemora\u00e7\u00e3o se inicia no ano de 1830, quando um padeiro da Vila de Gr\u00e0cia (hoje um bairro de Barcelona), satisfeito com a gra\u00e7a concedida, decidiu fazer uma peregrina\u00e7\u00e3o anual \u00e0 capela no dia de Sant Medir. Esta manifesta\u00e7\u00e3o de agradecimento crist\u00e3o converteu-se, hoje, em uma doce tradi\u00e7\u00e3o que re\u00fane muitas pessoas, com a participa\u00e7\u00e3o de grupos de Gr\u00e0cia e Sarri\u00e0 que utilizam diversos tipos de ve\u00edculos, especialmente carruagens e cavalos.<\/p><p style=\"text-align: justify;\">Durante a cavalgada, s\u00e3o distribu\u00eddos doces e balas ao p\u00fablico, da\u00ed o nome de &#8220;doce tradi\u00e7\u00e3o&#8221;. A cada ano, no dia 3 de mar\u00e7o, os Romeiros seguem o caminho at\u00e9 a capela de Sant Medir, que fica na Serra de Collserola, onde se realiza uma missa solene em homenagem ao santo. \u00c0 tarde, todos os grupos de Gr\u00e0cia, Sarri\u00e0 e Sants-La Bordeta se re\u00fanen num magn\u00edfico desfile na rua Gran de Gr\u00e0cia.<\/p>\t\t\t\t\t\t\t\t<\/div>\n\t\t\t\t<\/div>\n\t\t\t\t\t<\/div>\n\t\t<\/div>\n\t\t\t\t\t<\/div>\n\t\t<\/section>\n\t\t\t\t<\/div>","protected":false},"excerpt":{"rendered":"<p>A festa de Sant Medir Uma das mais tradicionais de Gr\u00e0cia Segundo a tradi\u00e7\u00e3o, Sant Medir viveu por volta do ano 303. Era campon\u00eas e vivia numa casa que ficava no in\u00edcio do caminho velho que ia de Barcelona ao Vall\u00e8s. Isso foi na \u00e9poca do dom\u00ednio romano do Imperador Diocleciano, que mantinha uma intensa<\/p>","protected":false},"author":1,"featured_media":0,"parent":2826,"menu_order":0,"comment_status":"closed","ping_status":"closed","template":"","meta":{"_uag_custom_page_level_css":"","order-bump-settings":[],"_wpfnl_thankyou_order_overview":"on","_wpfnl_thankyou_order_details":"on","_wpfnl_thankyou_billing_details":"on","_wpfnl_thankyou_shipping_details":"on","site-sidebar-layout":"no-sidebar","site-content-layout":"page-builder","ast-site-content-layout":"","site-content-style":"default","site-sidebar-style":"default","ast-global-header-display":"","ast-banner-title-visibility":"","ast-main-header-display":"","ast-hfb-above-header-display":"","ast-hfb-below-header-display":"","ast-hfb-mobile-header-display":"","site-post-title":"disabled","ast-breadcrumbs-content":"","ast-featured-img":"disabled","footer-sml-layout":"","theme-transparent-header-meta":"default","adv-header-id-meta":"","stick-header-meta":"","header-above-stick-meta":"","header-main-stick-meta":"","header-below-stick-meta":"","astra-migrate-meta-layouts":"default","ast-page-background-enabled":"default","ast-page-background-meta":{"desktop":{"background-color":"","background-image":"","background-repeat":"repeat","background-position":"center center","background-size":"auto","background-attachment":"scroll","background-type":"","background-media":"","overlay-type":"","overlay-color":"","overlay-opacity":"","overlay-gradient":""},"tablet":{"background-color":"","background-image":"","background-repeat":"repeat","background-position":"center center","background-size":"auto","background-attachment":"scroll","background-type":"","background-media":"","overlay-type":"","overlay-color":"","overlay-opacity":"","overlay-gradient":""},"mobile":{"background-color":"","background-image":"","background-repeat":"repeat","background-position":"center center","background-size":"auto","background-attachment":"scroll","background-type":"","background-media":"","overlay-type":"","overlay-color":"","overlay-opacity":"","overlay-gradient":""}},"ast-content-background-meta":{"desktop":{"background-color":"var(--ast-global-color-5)","background-image":"","background-repeat":"repeat","background-position":"center center","background-size":"auto","background-attachment":"scroll","background-type":"","background-media":"","overlay-type":"","overlay-color":"","overlay-opacity":"","overlay-gradient":""},"tablet":{"background-color":"var(--ast-global-color-5)","background-image":"","background-repeat":"repeat","background-position":"center center","background-size":"auto","background-attachment":"scroll","background-type":"","background-media":"","overlay-type":"","overlay-color":"","overlay-opacity":"","overlay-gradient":""},"mobile":{"background-color":"var(--ast-global-color-5)","background-image":"","background-repeat":"repeat","background-position":"center center","background-size":"auto","background-attachment":"scroll","background-type":"","background-media":"","overlay-type":"","overlay-color":"","overlay-opacity":"","overlay-gradient":""}},"footnotes":""},"class_list":["post-2916","page","type-page","status-publish","hentry"],"yoast_head":"<!-- This site is optimized with the Yoast SEO plugin v27.2 - https:\/\/yoast.com\/product\/yoast-seo-wordpress\/ -->\n<title>A festa de Sant Medir - Associa\u00e7\u00e3o Cultural Catalonia<\/title>\n<meta name=\"robots\" content=\"index, follow, max-snippet:-1, max-image-preview:large, max-video-preview:-1\" \/>\n<link rel=\"canonical\" href=\"https:\/\/catalonia.com.br\/ca\/a-catalunha\/cultura-da-catalunha\/a-festa-de-sant-medir\/\" \/>\n<meta property=\"og:locale\" content=\"ca_ES\" \/>\n<meta property=\"og:type\" content=\"article\" \/>\n<meta property=\"og:title\" content=\"A festa de Sant Medir - Associa\u00e7\u00e3o Cultural Catalonia\" \/>\n<meta property=\"og:description\" content=\"A festa de Sant Medir Uma das mais tradicionais de Gr\u00e0cia Segundo a tradi\u00e7\u00e3o, Sant Medir viveu por volta do ano 303. Era campon\u00eas e vivia numa casa que ficava no in\u00edcio do caminho velho que ia de Barcelona ao Vall\u00e8s. Isso foi na \u00e9poca do dom\u00ednio romano do Imperador Diocleciano, que mantinha uma intensa\" \/>\n<meta property=\"og:url\" content=\"https:\/\/catalonia.com.br\/ca\/a-catalunha\/cultura-da-catalunha\/a-festa-de-sant-medir\/\" \/>\n<meta property=\"og:site_name\" content=\"Associa\u00e7\u00e3o Cultural Catalonia\" \/>\n<meta property=\"article:modified_time\" content=\"2023-07-23T03:21:49+00:00\" \/>\n<meta name=\"twitter:card\" content=\"summary_large_image\" \/>\n<meta name=\"twitter:label1\" content=\"Temps estimat de lectura\" \/>\n\t<meta name=\"twitter:data1\" content=\"2 minuts\" \/>\n<script type=\"application\/ld+json\" class=\"yoast-schema-graph\">{\"@context\":\"https:\/\/schema.org\",\"@graph\":[{\"@type\":\"WebPage\",\"@id\":\"https:\/\/catalonia.com.br\/a-catalunha\/cultura-da-catalunha\/a-festa-de-sant-medir\/\",\"url\":\"https:\/\/catalonia.com.br\/a-catalunha\/cultura-da-catalunha\/a-festa-de-sant-medir\/\",\"name\":\"A festa de Sant Medir - Associa\u00e7\u00e3o Cultural Catalonia\",\"isPartOf\":{\"@id\":\"https:\/\/catalonia.com.br\/#website\"},\"datePublished\":\"2023-07-11T02:23:56+00:00\",\"dateModified\":\"2023-07-23T03:21:49+00:00\",\"breadcrumb\":{\"@id\":\"https:\/\/catalonia.com.br\/a-catalunha\/cultura-da-catalunha\/a-festa-de-sant-medir\/#breadcrumb\"},\"inLanguage\":\"ca\",\"potentialAction\":[{\"@type\":\"ReadAction\",\"target\":[\"https:\/\/catalonia.com.br\/a-catalunha\/cultura-da-catalunha\/a-festa-de-sant-medir\/\"]}]},{\"@type\":\"BreadcrumbList\",\"@id\":\"https:\/\/catalonia.com.br\/a-catalunha\/cultura-da-catalunha\/a-festa-de-sant-medir\/#breadcrumb\",\"itemListElement\":[{\"@type\":\"ListItem\",\"position\":1,\"name\":\"In\u00edcio\",\"item\":\"https:\/\/catalonia.com.br\/\"},{\"@type\":\"ListItem\",\"position\":2,\"name\":\"A Catalunha\",\"item\":\"https:\/\/catalonia.com.br\/a-catalunha\/\"},{\"@type\":\"ListItem\",\"position\":3,\"name\":\"Cultura da Catalunha\",\"item\":\"https:\/\/catalonia.com.br\/a-catalunha\/cultura-da-catalunha\/\"},{\"@type\":\"ListItem\",\"position\":4,\"name\":\"A festa de Sant Medir\"}]},{\"@type\":\"WebSite\",\"@id\":\"https:\/\/catalonia.com.br\/#website\",\"url\":\"https:\/\/catalonia.com.br\/\",\"name\":\"Associa\u00e7\u00e3o Cultural Catalonia\",\"description\":\"\",\"publisher\":{\"@id\":\"https:\/\/catalonia.com.br\/#organization\"},\"potentialAction\":[{\"@type\":\"SearchAction\",\"target\":{\"@type\":\"EntryPoint\",\"urlTemplate\":\"https:\/\/catalonia.com.br\/?s={search_term_string}\"},\"query-input\":{\"@type\":\"PropertyValueSpecification\",\"valueRequired\":true,\"valueName\":\"search_term_string\"}}],\"inLanguage\":\"ca\"},{\"@type\":\"Organization\",\"@id\":\"https:\/\/catalonia.com.br\/#organization\",\"name\":\"Associa\u00e7\u00e3o Cultural Catalonia\",\"url\":\"https:\/\/catalonia.com.br\/\",\"logo\":{\"@type\":\"ImageObject\",\"inLanguage\":\"ca\",\"@id\":\"https:\/\/catalonia.com.br\/#\/schema\/logo\/image\/\",\"url\":\"https:\/\/catalonia.com.br\/wp-content\/uploads\/2023\/06\/cropped-cropped-cropped-Catalonia-logotip-renovat-2.png\",\"contentUrl\":\"https:\/\/catalonia.com.br\/wp-content\/uploads\/2023\/06\/cropped-cropped-cropped-Catalonia-logotip-renovat-2.png\",\"width\":313,\"height\":320,\"caption\":\"Associa\u00e7\u00e3o Cultural Catalonia\"},\"image\":{\"@id\":\"https:\/\/catalonia.com.br\/#\/schema\/logo\/image\/\"}}]}<\/script>\n<!-- \/ Yoast SEO plugin. -->","yoast_head_json":{"title":"A festa de Sant Medir - Associa\u00e7\u00e3o Cultural Catalonia","robots":{"index":"index","follow":"follow","max-snippet":"max-snippet:-1","max-image-preview":"max-image-preview:large","max-video-preview":"max-video-preview:-1"},"canonical":"https:\/\/catalonia.com.br\/ca\/a-catalunha\/cultura-da-catalunha\/a-festa-de-sant-medir\/","og_locale":"ca_ES","og_type":"article","og_title":"A festa de Sant Medir - Associa\u00e7\u00e3o Cultural Catalonia","og_description":"A festa de Sant Medir Uma das mais tradicionais de Gr\u00e0cia Segundo a tradi\u00e7\u00e3o, Sant Medir viveu por volta do ano 303. Era campon\u00eas e vivia numa casa que ficava no in\u00edcio do caminho velho que ia de Barcelona ao Vall\u00e8s. Isso foi na \u00e9poca do dom\u00ednio romano do Imperador Diocleciano, que mantinha uma intensa","og_url":"https:\/\/catalonia.com.br\/ca\/a-catalunha\/cultura-da-catalunha\/a-festa-de-sant-medir\/","og_site_name":"Associa\u00e7\u00e3o Cultural Catalonia","article_modified_time":"2023-07-23T03:21:49+00:00","twitter_card":"summary_large_image","twitter_misc":{"Temps estimat de lectura":"2 minuts"},"schema":{"@context":"https:\/\/schema.org","@graph":[{"@type":"WebPage","@id":"https:\/\/catalonia.com.br\/a-catalunha\/cultura-da-catalunha\/a-festa-de-sant-medir\/","url":"https:\/\/catalonia.com.br\/a-catalunha\/cultura-da-catalunha\/a-festa-de-sant-medir\/","name":"A festa de Sant Medir - Associa\u00e7\u00e3o Cultural Catalonia","isPartOf":{"@id":"https:\/\/catalonia.com.br\/#website"},"datePublished":"2023-07-11T02:23:56+00:00","dateModified":"2023-07-23T03:21:49+00:00","breadcrumb":{"@id":"https:\/\/catalonia.com.br\/a-catalunha\/cultura-da-catalunha\/a-festa-de-sant-medir\/#breadcrumb"},"inLanguage":"ca","potentialAction":[{"@type":"ReadAction","target":["https:\/\/catalonia.com.br\/a-catalunha\/cultura-da-catalunha\/a-festa-de-sant-medir\/"]}]},{"@type":"BreadcrumbList","@id":"https:\/\/catalonia.com.br\/a-catalunha\/cultura-da-catalunha\/a-festa-de-sant-medir\/#breadcrumb","itemListElement":[{"@type":"ListItem","position":1,"name":"In\u00edcio","item":"https:\/\/catalonia.com.br\/"},{"@type":"ListItem","position":2,"name":"A Catalunha","item":"https:\/\/catalonia.com.br\/a-catalunha\/"},{"@type":"ListItem","position":3,"name":"Cultura da Catalunha","item":"https:\/\/catalonia.com.br\/a-catalunha\/cultura-da-catalunha\/"},{"@type":"ListItem","position":4,"name":"A festa de Sant Medir"}]},{"@type":"WebSite","@id":"https:\/\/catalonia.com.br\/#website","url":"https:\/\/catalonia.com.br\/","name":"l'Associaci\u00f3 Cultural Catalonia","description":"","publisher":{"@id":"https:\/\/catalonia.com.br\/#organization"},"potentialAction":[{"@type":"SearchAction","target":{"@type":"EntryPoint","urlTemplate":"https:\/\/catalonia.com.br\/?s={search_term_string}"},"query-input":{"@type":"PropertyValueSpecification","valueRequired":true,"valueName":"search_term_string"}}],"inLanguage":"ca"},{"@type":"Organization","@id":"https:\/\/catalonia.com.br\/#organization","name":"l'Associaci\u00f3 Cultural Catalonia","url":"https:\/\/catalonia.com.br\/","logo":{"@type":"ImageObject","inLanguage":"ca","@id":"https:\/\/catalonia.com.br\/#\/schema\/logo\/image\/","url":"https:\/\/catalonia.com.br\/wp-content\/uploads\/2023\/06\/cropped-cropped-cropped-Catalonia-logotip-renovat-2.png","contentUrl":"https:\/\/catalonia.com.br\/wp-content\/uploads\/2023\/06\/cropped-cropped-cropped-Catalonia-logotip-renovat-2.png","width":313,"height":320,"caption":"Associa\u00e7\u00e3o Cultural Catalonia"},"image":{"@id":"https:\/\/catalonia.com.br\/#\/schema\/logo\/image\/"}}]}},"uagb_featured_image_src":{"full":false,"thumbnail":false,"medium":false,"medium_large":false,"large":false,"1536x1536":false,"2048x2048":false,"trp-custom-language-flag":false,"woocommerce_thumbnail":false,"woocommerce_single":false,"woocommerce_gallery_thumbnail":false},"uagb_author_info":{"display_name":"Associa\u00e7\u00e3o Cultural Catalonia","author_link":"https:\/\/catalonia.com.br\/ca\/author\/admincat\/"},"uagb_comment_info":0,"uagb_excerpt":"A festa de Sant Medir Uma das mais tradicionais de Gr\u00e0cia Segundo a tradi\u00e7\u00e3o, Sant Medir viveu por volta do ano 303. Era campon\u00eas e vivia numa casa que ficava no in\u00edcio do caminho velho que ia de Barcelona ao Vall\u00e8s. Isso foi na \u00e9poca do dom\u00ednio romano do Imperador Diocleciano, que mantinha uma intensa","_links":{"self":[{"href":"https:\/\/catalonia.com.br\/ca\/wp-json\/wp\/v2\/pages\/2916","targetHints":{"allow":["GET"]}}],"collection":[{"href":"https:\/\/catalonia.com.br\/ca\/wp-json\/wp\/v2\/pages"}],"about":[{"href":"https:\/\/catalonia.com.br\/ca\/wp-json\/wp\/v2\/types\/page"}],"author":[{"embeddable":true,"href":"https:\/\/catalonia.com.br\/ca\/wp-json\/wp\/v2\/users\/1"}],"replies":[{"embeddable":true,"href":"https:\/\/catalonia.com.br\/ca\/wp-json\/wp\/v2\/comments?post=2916"}],"version-history":[{"count":0,"href":"https:\/\/catalonia.com.br\/ca\/wp-json\/wp\/v2\/pages\/2916\/revisions"}],"up":[{"embeddable":true,"href":"https:\/\/catalonia.com.br\/ca\/wp-json\/wp\/v2\/pages\/2826"}],"wp:attachment":[{"href":"https:\/\/catalonia.com.br\/ca\/wp-json\/wp\/v2\/media?parent=2916"}],"curies":[{"name":"wp","href":"https:\/\/api.w.org\/{rel}","templated":true}]}}