{"id":2537,"date":"2023-06-11T00:37:21","date_gmt":"2023-06-11T03:37:21","guid":{"rendered":"https:\/\/catalonia.com.br\/?page_id=2537"},"modified":"2023-07-28T01:18:55","modified_gmt":"2023-07-28T04:18:55","slug":"a-bandeira-da-catalunha","status":"publish","type":"page","link":"https:\/\/catalonia.com.br\/ca\/a-catalunha\/simbolos-da-catalunha\/a-bandeira-da-catalunha\/","title":{"rendered":"A bandeira da Catalunha"},"content":{"rendered":"<div data-elementor-type=\"wp-page\" data-elementor-id=\"2537\" class=\"elementor elementor-2537\">\n\t\t\t\t\t\t<section class=\"elementor-section elementor-top-section elementor-element elementor-element-0ie05be elementor-section-height-min-height elementor-section-boxed elementor-section-height-default elementor-section-items-middle wpr-particle-no wpr-jarallax-no wpr-parallax-no wpr-sticky-section-no elementor-invisible\" data-id=\"0ie05be\" data-element_type=\"section\" data-e-type=\"section\" data-settings=\"{&quot;background_background&quot;:&quot;classic&quot;,&quot;animation&quot;:&quot;fadeIn&quot;}\">\n\t\t\t\t\t\t\t<div class=\"elementor-background-overlay\"><\/div>\n\t\t\t\t\t\t\t<div class=\"elementor-container elementor-column-gap-no\">\n\t\t\t\t\t<div class=\"elementor-column elementor-col-100 elementor-top-column elementor-element elementor-element-aaad5b0\" data-id=\"aaad5b0\" data-element_type=\"column\" data-e-type=\"column\">\n\t\t\t<div class=\"elementor-widget-wrap\">\n\t\t\t\t\t\t\t<\/div>\n\t\t<\/div>\n\t\t\t\t\t<\/div>\n\t\t<\/section>\n\t\t\t\t<section class=\"elementor-section elementor-top-section elementor-element elementor-element-b0b3f95 elementor-section-boxed elementor-section-height-default elementor-section-height-default wpr-particle-no wpr-jarallax-no wpr-parallax-no wpr-sticky-section-no\" data-id=\"b0b3f95\" data-element_type=\"section\" data-e-type=\"section\" data-settings=\"{&quot;background_background&quot;:&quot;classic&quot;}\">\n\t\t\t\t\t\t<div class=\"elementor-container elementor-column-gap-default\">\n\t\t\t\t\t<div class=\"elementor-column elementor-col-100 elementor-top-column elementor-element elementor-element-e9eaf4e\" data-id=\"e9eaf4e\" data-element_type=\"column\" data-e-type=\"column\">\n\t\t\t<div class=\"elementor-widget-wrap elementor-element-populated\">\n\t\t\t\t\t\t<div class=\"elementor-element elementor-element-90ba35c elementor-widget elementor-widget-spacer\" data-id=\"90ba35c\" data-element_type=\"widget\" data-e-type=\"widget\" data-widget_type=\"spacer.default\">\n\t\t\t\t<div class=\"elementor-widget-container\">\n\t\t\t\t\t\t\t<div class=\"elementor-spacer\">\n\t\t\t<div class=\"elementor-spacer-inner\"><\/div>\n\t\t<\/div>\n\t\t\t\t\t\t<\/div>\n\t\t\t\t<\/div>\n\t\t\t\t<div class=\"elementor-element elementor-element-6c66b08 elementor-widget elementor-widget-heading\" data-id=\"6c66b08\" data-element_type=\"widget\" data-e-type=\"widget\" data-widget_type=\"heading.default\">\n\t\t\t\t<div class=\"elementor-widget-container\">\n\t\t\t\t\t<h1 class=\"elementor-heading-title elementor-size-default\">A bandeira da Catalunha<\/h1>\t\t\t\t<\/div>\n\t\t\t\t<\/div>\n\t\t\t\t\t<\/div>\n\t\t<\/div>\n\t\t\t\t\t<\/div>\n\t\t<\/section>\n\t\t\t\t<section class=\"elementor-section elementor-top-section elementor-element elementor-element-cf4d000 elementor-section-boxed elementor-section-height-default elementor-section-height-default wpr-particle-no wpr-jarallax-no wpr-parallax-no wpr-sticky-section-no\" data-id=\"cf4d000\" data-element_type=\"section\" data-e-type=\"section\" data-settings=\"{&quot;background_background&quot;:&quot;classic&quot;}\">\n\t\t\t\t\t\t<div class=\"elementor-container elementor-column-gap-default\">\n\t\t\t\t\t<div class=\"elementor-column elementor-col-100 elementor-top-column elementor-element elementor-element-f75b486\" data-id=\"f75b486\" data-element_type=\"column\" data-e-type=\"column\">\n\t\t\t<div class=\"elementor-widget-wrap elementor-element-populated\">\n\t\t\t\t\t\t<div class=\"elementor-element elementor-element-8c9ecd8 elementor-widget elementor-widget-heading\" data-id=\"8c9ecd8\" data-element_type=\"widget\" data-e-type=\"widget\" data-widget_type=\"heading.default\">\n\t\t\t\t<div class=\"elementor-widget-container\">\n\t\t\t\t\t<h3 class=\"elementor-heading-title elementor-size-default\">Uma das mais antigas da Europa<\/h3>\t\t\t\t<\/div>\n\t\t\t\t<\/div>\n\t\t\t\t\t<\/div>\n\t\t<\/div>\n\t\t\t\t\t<\/div>\n\t\t<\/section>\n\t\t\t\t<section class=\"elementor-section elementor-top-section elementor-element elementor-element-351e56a elementor-section-boxed elementor-section-height-default elementor-section-height-default wpr-particle-no wpr-jarallax-no wpr-parallax-no wpr-sticky-section-no\" data-id=\"351e56a\" data-element_type=\"section\" data-e-type=\"section\" data-settings=\"{&quot;background_background&quot;:&quot;gradient&quot;}\">\n\t\t\t\t\t\t<div class=\"elementor-container elementor-column-gap-extended\">\n\t\t\t\t\t<div class=\"elementor-column elementor-col-100 elementor-top-column elementor-element elementor-element-9b5224b\" data-id=\"9b5224b\" data-element_type=\"column\" data-e-type=\"column\">\n\t\t\t<div class=\"elementor-widget-wrap elementor-element-populated\">\n\t\t\t\t\t\t<div class=\"elementor-element elementor-element-ead46e9 elementor-drop-cap-yes elementor-drop-cap-view-stacked elementor-widget elementor-widget-text-editor\" data-id=\"ead46e9\" data-element_type=\"widget\" data-e-type=\"widget\" data-settings=\"{&quot;drop_cap&quot;:&quot;yes&quot;}\" data-widget_type=\"text-editor.default\">\n\t\t\t\t<div class=\"elementor-widget-container\">\n\t\t\t\t\t\t\t\t\t<p style=\"text-align: justify;\"><img fetchpriority=\"high\" decoding=\"async\" class=\"alignright wp-image-3705\" src=\"https:\/\/catalonia.com.br\/wp-content\/uploads\/2023\/07\/senyera1.jpg\" alt=\"\" width=\"400\" height=\"300\" srcset=\"https:\/\/catalonia.com.br\/wp-content\/uploads\/2023\/07\/senyera1.jpg 910w, https:\/\/catalonia.com.br\/wp-content\/uploads\/2023\/07\/senyera1-300x225.jpg 300w, https:\/\/catalonia.com.br\/wp-content\/uploads\/2023\/07\/senyera1-768x576.jpg 768w, https:\/\/catalonia.com.br\/wp-content\/uploads\/2023\/07\/senyera1-16x12.jpg 16w, https:\/\/catalonia.com.br\/wp-content\/uploads\/2023\/07\/senyera1-600x450.jpg 600w\" sizes=\"(max-width: 400px) 100vw, 400px\" \/>La <strong>bandeira da Catalunha<\/strong> \u00e9 das que s\u00e3o denominadas her\u00e1ldicas, originada da transla\u00e7\u00e3o do escudo dos condes de Barcelona para um tecido. Possivelmente a bandeira, pend\u00e3o ou estandarte dos condes foi anterior ao escudo. N\u00e3o h\u00e1 refer\u00eancia documental at\u00e9 o s\u00e9culo XIII,<br \/>mas <strong>\u00e9 uma das mais antigas da Europa<\/strong>.<\/p><p style=\"text-align: justify;\">A princ\u00edpio, as barras do escudo eram representadas na bandeira, ora verticalmente, ora horizontalmente. Esta \u00faltima disposi\u00e7\u00e3o foi a que acabou impondo-se e, atualmente, <strong>\u00e9 a bandeira oficial da na\u00e7\u00e3o catal\u00e3<\/strong>: listrada com cinco faixas amarelas e quatro vermelhas, todas da mesma espessura. Foi oficializada pelo Estatuto de Autonomia da Catalunha, lei org\u00e2nica do Estado Espanhol, de 1979.<\/p>\t\t\t\t\t\t\t\t<\/div>\n\t\t\t\t<\/div>\n\t\t\t\t\t<\/div>\n\t\t<\/div>\n\t\t\t\t\t<\/div>\n\t\t<\/section>\n\t\t\t\t<\/div>","protected":false},"excerpt":{"rendered":"<p>A bandeira da Catalunha Uma das mais antigas da Europa A bandeira da Catalunha \u00e9 das que s\u00e3o denominadas her\u00e1ldicas, originada da transla\u00e7\u00e3o do escudo dos condes de Barcelona para um tecido. Possivelmente a bandeira, pend\u00e3o ou estandarte dos condes foi anterior ao escudo. N\u00e3o h\u00e1 refer\u00eancia documental at\u00e9 o s\u00e9culo XIII,mas \u00e9 uma das<\/p>","protected":false},"author":1,"featured_media":0,"parent":2392,"menu_order":0,"comment_status":"closed","ping_status":"closed","template":"","meta":{"_uag_custom_page_level_css":"","order-bump-settings":[],"_wpfnl_thankyou_order_overview":"on","_wpfnl_thankyou_order_details":"on","_wpfnl_thankyou_billing_details":"on","_wpfnl_thankyou_shipping_details":"on","site-sidebar-layout":"no-sidebar","site-content-layout":"page-builder","ast-site-content-layout":"","site-content-style":"default","site-sidebar-style":"default","ast-global-header-display":"","ast-banner-title-visibility":"","ast-main-header-display":"","ast-hfb-above-header-display":"","ast-hfb-below-header-display":"","ast-hfb-mobile-header-display":"","site-post-title":"disabled","ast-breadcrumbs-content":"","ast-featured-img":"disabled","footer-sml-layout":"","theme-transparent-header-meta":"default","adv-header-id-meta":"","stick-header-meta":"","header-above-stick-meta":"","header-main-stick-meta":"","header-below-stick-meta":"","astra-migrate-meta-layouts":"default","ast-page-background-enabled":"default","ast-page-background-meta":{"desktop":{"background-color":"","background-image":"","background-repeat":"repeat","background-position":"center center","background-size":"auto","background-attachment":"scroll","background-type":"","background-media":"","overlay-type":"","overlay-color":"","overlay-opacity":"","overlay-gradient":""},"tablet":{"background-color":"","background-image":"","background-repeat":"repeat","background-position":"center center","background-size":"auto","background-attachment":"scroll","background-type":"","background-media":"","overlay-type":"","overlay-color":"","overlay-opacity":"","overlay-gradient":""},"mobile":{"background-color":"","background-image":"","background-repeat":"repeat","background-position":"center center","background-size":"auto","background-attachment":"scroll","background-type":"","background-media":"","overlay-type":"","overlay-color":"","overlay-opacity":"","overlay-gradient":""}},"ast-content-background-meta":{"desktop":{"background-color":"var(--ast-global-color-5)","background-image":"","background-repeat":"repeat","background-position":"center center","background-size":"auto","background-attachment":"scroll","background-type":"","background-media":"","overlay-type":"","overlay-color":"","overlay-opacity":"","overlay-gradient":""},"tablet":{"background-color":"var(--ast-global-color-5)","background-image":"","background-repeat":"repeat","background-position":"center center","background-size":"auto","background-attachment":"scroll","background-type":"","background-media":"","overlay-type":"","overlay-color":"","overlay-opacity":"","overlay-gradient":""},"mobile":{"background-color":"var(--ast-global-color-5)","background-image":"","background-repeat":"repeat","background-position":"center center","background-size":"auto","background-attachment":"scroll","background-type":"","background-media":"","overlay-type":"","overlay-color":"","overlay-opacity":"","overlay-gradient":""}},"footnotes":""},"class_list":["post-2537","page","type-page","status-publish","hentry"],"yoast_head":"<!-- This site is optimized with the Yoast SEO plugin v27.2 - https:\/\/yoast.com\/product\/yoast-seo-wordpress\/ -->\n<title>A bandeira da Catalunha - Associa\u00e7\u00e3o Cultural Catalonia<\/title>\n<meta name=\"robots\" content=\"index, follow, max-snippet:-1, max-image-preview:large, max-video-preview:-1\" \/>\n<link rel=\"canonical\" href=\"https:\/\/catalonia.com.br\/ca\/a-catalunha\/simbolos-da-catalunha\/a-bandeira-da-catalunha\/\" \/>\n<meta property=\"og:locale\" content=\"ca_ES\" \/>\n<meta property=\"og:type\" content=\"article\" \/>\n<meta property=\"og:title\" content=\"A bandeira da Catalunha - Associa\u00e7\u00e3o Cultural Catalonia\" \/>\n<meta property=\"og:description\" content=\"A bandeira da Catalunha Uma das mais antigas da Europa A bandeira da Catalunha \u00e9 das que s\u00e3o denominadas her\u00e1ldicas, originada da transla\u00e7\u00e3o do escudo dos condes de Barcelona para um tecido. Possivelmente a bandeira, pend\u00e3o ou estandarte dos condes foi anterior ao escudo. N\u00e3o h\u00e1 refer\u00eancia documental at\u00e9 o s\u00e9culo XIII,mas \u00e9 uma das\" \/>\n<meta property=\"og:url\" content=\"https:\/\/catalonia.com.br\/ca\/a-catalunha\/simbolos-da-catalunha\/a-bandeira-da-catalunha\/\" \/>\n<meta property=\"og:site_name\" content=\"Associa\u00e7\u00e3o Cultural Catalonia\" \/>\n<meta property=\"article:modified_time\" content=\"2023-07-28T04:18:55+00:00\" \/>\n<meta property=\"og:image\" content=\"https:\/\/catalonia.com.br\/wp-content\/uploads\/2023\/07\/senyera1.jpg\" \/>\n<meta name=\"twitter:card\" content=\"summary_large_image\" \/>\n<meta name=\"twitter:label1\" content=\"Temps estimat de lectura\" \/>\n\t<meta name=\"twitter:data1\" content=\"1 minut\" \/>\n<script type=\"application\/ld+json\" class=\"yoast-schema-graph\">{\"@context\":\"https:\/\/schema.org\",\"@graph\":[{\"@type\":\"WebPage\",\"@id\":\"https:\/\/catalonia.com.br\/a-catalunha\/simbolos-da-catalunha\/a-bandeira-da-catalunha\/\",\"url\":\"https:\/\/catalonia.com.br\/a-catalunha\/simbolos-da-catalunha\/a-bandeira-da-catalunha\/\",\"name\":\"A bandeira da Catalunha - Associa\u00e7\u00e3o Cultural Catalonia\",\"isPartOf\":{\"@id\":\"https:\/\/catalonia.com.br\/#website\"},\"primaryImageOfPage\":{\"@id\":\"https:\/\/catalonia.com.br\/a-catalunha\/simbolos-da-catalunha\/a-bandeira-da-catalunha\/#primaryimage\"},\"image\":{\"@id\":\"https:\/\/catalonia.com.br\/a-catalunha\/simbolos-da-catalunha\/a-bandeira-da-catalunha\/#primaryimage\"},\"thumbnailUrl\":\"https:\/\/catalonia.com.br\/wp-content\/uploads\/2023\/07\/senyera1.jpg\",\"datePublished\":\"2023-06-11T03:37:21+00:00\",\"dateModified\":\"2023-07-28T04:18:55+00:00\",\"breadcrumb\":{\"@id\":\"https:\/\/catalonia.com.br\/a-catalunha\/simbolos-da-catalunha\/a-bandeira-da-catalunha\/#breadcrumb\"},\"inLanguage\":\"ca\",\"potentialAction\":[{\"@type\":\"ReadAction\",\"target\":[\"https:\/\/catalonia.com.br\/a-catalunha\/simbolos-da-catalunha\/a-bandeira-da-catalunha\/\"]}]},{\"@type\":\"ImageObject\",\"inLanguage\":\"ca\",\"@id\":\"https:\/\/catalonia.com.br\/a-catalunha\/simbolos-da-catalunha\/a-bandeira-da-catalunha\/#primaryimage\",\"url\":\"https:\/\/catalonia.com.br\/wp-content\/uploads\/2023\/07\/senyera1.jpg\",\"contentUrl\":\"https:\/\/catalonia.com.br\/wp-content\/uploads\/2023\/07\/senyera1.jpg\"},{\"@type\":\"BreadcrumbList\",\"@id\":\"https:\/\/catalonia.com.br\/a-catalunha\/simbolos-da-catalunha\/a-bandeira-da-catalunha\/#breadcrumb\",\"itemListElement\":[{\"@type\":\"ListItem\",\"position\":1,\"name\":\"In\u00edcio\",\"item\":\"https:\/\/catalonia.com.br\/\"},{\"@type\":\"ListItem\",\"position\":2,\"name\":\"A Catalunha\",\"item\":\"https:\/\/catalonia.com.br\/a-catalunha\/\"},{\"@type\":\"ListItem\",\"position\":3,\"name\":\"S\u00edmbolos da Catalunha\",\"item\":\"https:\/\/catalonia.com.br\/a-catalunha\/simbolos-da-catalunha\/\"},{\"@type\":\"ListItem\",\"position\":4,\"name\":\"A bandeira da Catalunha\"}]},{\"@type\":\"WebSite\",\"@id\":\"https:\/\/catalonia.com.br\/#website\",\"url\":\"https:\/\/catalonia.com.br\/\",\"name\":\"Associa\u00e7\u00e3o Cultural Catalonia\",\"description\":\"\",\"publisher\":{\"@id\":\"https:\/\/catalonia.com.br\/#organization\"},\"potentialAction\":[{\"@type\":\"SearchAction\",\"target\":{\"@type\":\"EntryPoint\",\"urlTemplate\":\"https:\/\/catalonia.com.br\/?s={search_term_string}\"},\"query-input\":{\"@type\":\"PropertyValueSpecification\",\"valueRequired\":true,\"valueName\":\"search_term_string\"}}],\"inLanguage\":\"ca\"},{\"@type\":\"Organization\",\"@id\":\"https:\/\/catalonia.com.br\/#organization\",\"name\":\"Associa\u00e7\u00e3o Cultural Catalonia\",\"url\":\"https:\/\/catalonia.com.br\/\",\"logo\":{\"@type\":\"ImageObject\",\"inLanguage\":\"ca\",\"@id\":\"https:\/\/catalonia.com.br\/#\/schema\/logo\/image\/\",\"url\":\"https:\/\/catalonia.com.br\/wp-content\/uploads\/2023\/06\/cropped-cropped-cropped-Catalonia-logotip-renovat-2.png\",\"contentUrl\":\"https:\/\/catalonia.com.br\/wp-content\/uploads\/2023\/06\/cropped-cropped-cropped-Catalonia-logotip-renovat-2.png\",\"width\":313,\"height\":320,\"caption\":\"Associa\u00e7\u00e3o Cultural Catalonia\"},\"image\":{\"@id\":\"https:\/\/catalonia.com.br\/#\/schema\/logo\/image\/\"}}]}<\/script>\n<!-- \/ Yoast SEO plugin. -->","yoast_head_json":{"title":"A bandeira da Catalunha - Associa\u00e7\u00e3o Cultural Catalonia","robots":{"index":"index","follow":"follow","max-snippet":"max-snippet:-1","max-image-preview":"max-image-preview:large","max-video-preview":"max-video-preview:-1"},"canonical":"https:\/\/catalonia.com.br\/ca\/a-catalunha\/simbolos-da-catalunha\/a-bandeira-da-catalunha\/","og_locale":"ca_ES","og_type":"article","og_title":"A bandeira da Catalunha - Associa\u00e7\u00e3o Cultural Catalonia","og_description":"A bandeira da Catalunha Uma das mais antigas da Europa A bandeira da Catalunha \u00e9 das que s\u00e3o denominadas her\u00e1ldicas, originada da transla\u00e7\u00e3o do escudo dos condes de Barcelona para um tecido. Possivelmente a bandeira, pend\u00e3o ou estandarte dos condes foi anterior ao escudo. N\u00e3o h\u00e1 refer\u00eancia documental at\u00e9 o s\u00e9culo XIII,mas \u00e9 uma das","og_url":"https:\/\/catalonia.com.br\/ca\/a-catalunha\/simbolos-da-catalunha\/a-bandeira-da-catalunha\/","og_site_name":"Associa\u00e7\u00e3o Cultural Catalonia","article_modified_time":"2023-07-28T04:18:55+00:00","og_image":[{"url":"https:\/\/catalonia.com.br\/wp-content\/uploads\/2023\/07\/senyera1.jpg","type":"","width":"","height":""}],"twitter_card":"summary_large_image","twitter_misc":{"Temps estimat de lectura":"1 minut"},"schema":{"@context":"https:\/\/schema.org","@graph":[{"@type":"WebPage","@id":"https:\/\/catalonia.com.br\/a-catalunha\/simbolos-da-catalunha\/a-bandeira-da-catalunha\/","url":"https:\/\/catalonia.com.br\/a-catalunha\/simbolos-da-catalunha\/a-bandeira-da-catalunha\/","name":"A bandeira da Catalunha - Associa\u00e7\u00e3o Cultural Catalonia","isPartOf":{"@id":"https:\/\/catalonia.com.br\/#website"},"primaryImageOfPage":{"@id":"https:\/\/catalonia.com.br\/a-catalunha\/simbolos-da-catalunha\/a-bandeira-da-catalunha\/#primaryimage"},"image":{"@id":"https:\/\/catalonia.com.br\/a-catalunha\/simbolos-da-catalunha\/a-bandeira-da-catalunha\/#primaryimage"},"thumbnailUrl":"https:\/\/catalonia.com.br\/wp-content\/uploads\/2023\/07\/senyera1.jpg","datePublished":"2023-06-11T03:37:21+00:00","dateModified":"2023-07-28T04:18:55+00:00","breadcrumb":{"@id":"https:\/\/catalonia.com.br\/a-catalunha\/simbolos-da-catalunha\/a-bandeira-da-catalunha\/#breadcrumb"},"inLanguage":"ca","potentialAction":[{"@type":"ReadAction","target":["https:\/\/catalonia.com.br\/a-catalunha\/simbolos-da-catalunha\/a-bandeira-da-catalunha\/"]}]},{"@type":"ImageObject","inLanguage":"ca","@id":"https:\/\/catalonia.com.br\/a-catalunha\/simbolos-da-catalunha\/a-bandeira-da-catalunha\/#primaryimage","url":"https:\/\/catalonia.com.br\/wp-content\/uploads\/2023\/07\/senyera1.jpg","contentUrl":"https:\/\/catalonia.com.br\/wp-content\/uploads\/2023\/07\/senyera1.jpg"},{"@type":"BreadcrumbList","@id":"https:\/\/catalonia.com.br\/a-catalunha\/simbolos-da-catalunha\/a-bandeira-da-catalunha\/#breadcrumb","itemListElement":[{"@type":"ListItem","position":1,"name":"In\u00edcio","item":"https:\/\/catalonia.com.br\/"},{"@type":"ListItem","position":2,"name":"A Catalunha","item":"https:\/\/catalonia.com.br\/a-catalunha\/"},{"@type":"ListItem","position":3,"name":"S\u00edmbolos da Catalunha","item":"https:\/\/catalonia.com.br\/a-catalunha\/simbolos-da-catalunha\/"},{"@type":"ListItem","position":4,"name":"A bandeira da Catalunha"}]},{"@type":"WebSite","@id":"https:\/\/catalonia.com.br\/#website","url":"https:\/\/catalonia.com.br\/","name":"l'Associaci\u00f3 Cultural Catalonia","description":"","publisher":{"@id":"https:\/\/catalonia.com.br\/#organization"},"potentialAction":[{"@type":"SearchAction","target":{"@type":"EntryPoint","urlTemplate":"https:\/\/catalonia.com.br\/?s={search_term_string}"},"query-input":{"@type":"PropertyValueSpecification","valueRequired":true,"valueName":"search_term_string"}}],"inLanguage":"ca"},{"@type":"Organization","@id":"https:\/\/catalonia.com.br\/#organization","name":"l'Associaci\u00f3 Cultural Catalonia","url":"https:\/\/catalonia.com.br\/","logo":{"@type":"ImageObject","inLanguage":"ca","@id":"https:\/\/catalonia.com.br\/#\/schema\/logo\/image\/","url":"https:\/\/catalonia.com.br\/wp-content\/uploads\/2023\/06\/cropped-cropped-cropped-Catalonia-logotip-renovat-2.png","contentUrl":"https:\/\/catalonia.com.br\/wp-content\/uploads\/2023\/06\/cropped-cropped-cropped-Catalonia-logotip-renovat-2.png","width":313,"height":320,"caption":"Associa\u00e7\u00e3o Cultural Catalonia"},"image":{"@id":"https:\/\/catalonia.com.br\/#\/schema\/logo\/image\/"}}]}},"uagb_featured_image_src":{"full":false,"thumbnail":false,"medium":false,"medium_large":false,"large":false,"1536x1536":false,"2048x2048":false,"trp-custom-language-flag":false,"woocommerce_thumbnail":false,"woocommerce_single":false,"woocommerce_gallery_thumbnail":false},"uagb_author_info":{"display_name":"Associa\u00e7\u00e3o Cultural Catalonia","author_link":"https:\/\/catalonia.com.br\/ca\/author\/admincat\/"},"uagb_comment_info":0,"uagb_excerpt":"A bandeira da Catalunha Uma das mais antigas da Europa A bandeira da Catalunha \u00e9 das que s\u00e3o denominadas her\u00e1ldicas, originada da transla\u00e7\u00e3o do escudo dos condes de Barcelona para um tecido. Possivelmente a bandeira, pend\u00e3o ou estandarte dos condes foi anterior ao escudo. N\u00e3o h\u00e1 refer\u00eancia documental at\u00e9 o s\u00e9culo XIII,mas \u00e9 uma das","_links":{"self":[{"href":"https:\/\/catalonia.com.br\/ca\/wp-json\/wp\/v2\/pages\/2537","targetHints":{"allow":["GET"]}}],"collection":[{"href":"https:\/\/catalonia.com.br\/ca\/wp-json\/wp\/v2\/pages"}],"about":[{"href":"https:\/\/catalonia.com.br\/ca\/wp-json\/wp\/v2\/types\/page"}],"author":[{"embeddable":true,"href":"https:\/\/catalonia.com.br\/ca\/wp-json\/wp\/v2\/users\/1"}],"replies":[{"embeddable":true,"href":"https:\/\/catalonia.com.br\/ca\/wp-json\/wp\/v2\/comments?post=2537"}],"version-history":[{"count":0,"href":"https:\/\/catalonia.com.br\/ca\/wp-json\/wp\/v2\/pages\/2537\/revisions"}],"up":[{"embeddable":true,"href":"https:\/\/catalonia.com.br\/ca\/wp-json\/wp\/v2\/pages\/2392"}],"wp:attachment":[{"href":"https:\/\/catalonia.com.br\/ca\/wp-json\/wp\/v2\/media?parent=2537"}],"curies":[{"name":"wp","href":"https:\/\/api.w.org\/{rel}","templated":true}]}}