{"id":2423,"date":"2023-06-10T22:20:31","date_gmt":"2023-06-11T01:20:31","guid":{"rendered":"https:\/\/catalonia.com.br\/?page_id=2423"},"modified":"2023-07-23T00:15:00","modified_gmt":"2023-07-23T03:15:00","slug":"o-hino-nacional-da-catalunha","status":"publish","type":"page","link":"https:\/\/catalonia.com.br\/ca\/a-catalunha\/simbolos-da-catalunha\/o-hino-nacional-da-catalunha\/","title":{"rendered":"O hino nacional da Catalunha"},"content":{"rendered":"<div data-elementor-type=\"wp-page\" data-elementor-id=\"2423\" class=\"elementor elementor-2423\">\n\t\t\t\t\t\t<section class=\"elementor-section elementor-top-section elementor-element elementor-element-0ie05be elementor-section-height-min-height elementor-section-boxed elementor-section-height-default elementor-section-items-middle wpr-particle-no wpr-jarallax-no wpr-parallax-no wpr-sticky-section-no elementor-invisible\" data-id=\"0ie05be\" data-element_type=\"section\" data-e-type=\"section\" data-settings=\"{&quot;background_background&quot;:&quot;classic&quot;,&quot;animation&quot;:&quot;fadeIn&quot;}\">\n\t\t\t\t\t\t\t<div class=\"elementor-background-overlay\"><\/div>\n\t\t\t\t\t\t\t<div class=\"elementor-container elementor-column-gap-no\">\n\t\t\t\t\t<div class=\"elementor-column elementor-col-100 elementor-top-column elementor-element elementor-element-aaad5b0\" data-id=\"aaad5b0\" data-element_type=\"column\" data-e-type=\"column\">\n\t\t\t<div class=\"elementor-widget-wrap\">\n\t\t\t\t\t\t\t<\/div>\n\t\t<\/div>\n\t\t\t\t\t<\/div>\n\t\t<\/section>\n\t\t\t\t<section class=\"elementor-section elementor-top-section elementor-element elementor-element-b0b3f95 elementor-section-boxed elementor-section-height-default elementor-section-height-default wpr-particle-no wpr-jarallax-no wpr-parallax-no wpr-sticky-section-no\" data-id=\"b0b3f95\" data-element_type=\"section\" data-e-type=\"section\" data-settings=\"{&quot;background_background&quot;:&quot;classic&quot;}\">\n\t\t\t\t\t\t<div class=\"elementor-container elementor-column-gap-default\">\n\t\t\t\t\t<div class=\"elementor-column elementor-col-100 elementor-top-column elementor-element elementor-element-e9eaf4e\" data-id=\"e9eaf4e\" data-element_type=\"column\" data-e-type=\"column\">\n\t\t\t<div class=\"elementor-widget-wrap elementor-element-populated\">\n\t\t\t\t\t\t<div class=\"elementor-element elementor-element-90ba35c elementor-widget elementor-widget-spacer\" data-id=\"90ba35c\" data-element_type=\"widget\" data-e-type=\"widget\" data-widget_type=\"spacer.default\">\n\t\t\t\t<div class=\"elementor-widget-container\">\n\t\t\t\t\t\t\t<div class=\"elementor-spacer\">\n\t\t\t<div class=\"elementor-spacer-inner\"><\/div>\n\t\t<\/div>\n\t\t\t\t\t\t<\/div>\n\t\t\t\t<\/div>\n\t\t\t\t<div class=\"elementor-element elementor-element-6c66b08 elementor-widget elementor-widget-heading\" data-id=\"6c66b08\" data-element_type=\"widget\" data-e-type=\"widget\" data-widget_type=\"heading.default\">\n\t\t\t\t<div class=\"elementor-widget-container\">\n\t\t\t\t\t<h1 class=\"elementor-heading-title elementor-size-default\">O hino nacional da Catalunha<\/h1>\t\t\t\t<\/div>\n\t\t\t\t<\/div>\n\t\t\t\t\t<\/div>\n\t\t<\/div>\n\t\t\t\t\t<\/div>\n\t\t<\/section>\n\t\t\t\t<section class=\"elementor-section elementor-top-section elementor-element elementor-element-cf4d000 elementor-section-boxed elementor-section-height-default elementor-section-height-default wpr-particle-no wpr-jarallax-no wpr-parallax-no wpr-sticky-section-no\" data-id=\"cf4d000\" data-element_type=\"section\" data-e-type=\"section\" data-settings=\"{&quot;background_background&quot;:&quot;classic&quot;}\">\n\t\t\t\t\t\t<div class=\"elementor-container elementor-column-gap-default\">\n\t\t\t\t\t<div class=\"elementor-column elementor-col-100 elementor-top-column elementor-element elementor-element-f75b486\" data-id=\"f75b486\" data-element_type=\"column\" data-e-type=\"column\">\n\t\t\t<div class=\"elementor-widget-wrap elementor-element-populated\">\n\t\t\t\t\t\t<div class=\"elementor-element elementor-element-8c9ecd8 elementor-widget elementor-widget-heading\" data-id=\"8c9ecd8\" data-element_type=\"widget\" data-e-type=\"widget\" data-widget_type=\"heading.default\">\n\t\t\t\t<div class=\"elementor-widget-container\">\n\t\t\t\t\t<h3 class=\"elementor-heading-title elementor-size-default\">\"Catalunha, triunfante, voltar\u00e1 a ser rica e plena...\"<\/h3>\t\t\t\t<\/div>\n\t\t\t\t<\/div>\n\t\t\t\t\t<\/div>\n\t\t<\/div>\n\t\t\t\t\t<\/div>\n\t\t<\/section>\n\t\t\t\t<section class=\"elementor-section elementor-top-section elementor-element elementor-element-351e56a elementor-section-boxed elementor-section-height-default elementor-section-height-default wpr-particle-no wpr-jarallax-no wpr-parallax-no wpr-sticky-section-no\" data-id=\"351e56a\" data-element_type=\"section\" data-e-type=\"section\" data-settings=\"{&quot;background_background&quot;:&quot;gradient&quot;}\">\n\t\t\t\t\t\t<div class=\"elementor-container elementor-column-gap-extended\">\n\t\t\t\t\t<div class=\"elementor-column elementor-col-100 elementor-top-column elementor-element elementor-element-9b5224b\" data-id=\"9b5224b\" data-element_type=\"column\" data-e-type=\"column\">\n\t\t\t<div class=\"elementor-widget-wrap elementor-element-populated\">\n\t\t\t\t\t\t<div class=\"elementor-element elementor-element-ead46e9 elementor-drop-cap-yes elementor-drop-cap-view-stacked elementor-widget elementor-widget-text-editor\" data-id=\"ead46e9\" data-element_type=\"widget\" data-e-type=\"widget\" data-settings=\"{&quot;drop_cap&quot;:&quot;yes&quot;}\" data-widget_type=\"text-editor.default\">\n\t\t\t\t<div class=\"elementor-widget-container\">\n\t\t\t\t\t\t\t\t\t<p style=\"text-align: justify;\"><strong><em>Els Segadors<\/em><\/strong> \u00e9 o hino nacional da Catalunha desde o final do s\u00e9culo XIX. A letra atual \u00e9 de autoria de <strong>Emili Guanyavents i Jan\u00e9<\/strong>, e data de 1899. Utiliza elementos da tradi\u00e7\u00e3o oral que j\u00e1 havia recolhido anteriormente o escritor e fil\u00f3sofo Manuel Mil\u00e0 i Fontanals em 1882. A m\u00fasica foi composta por Francesc Ali\u00f3, no ano de 1892, adaptando a melodia de uma can\u00e7\u00e3o popular j\u00e1 existente. \u00c9 necess\u00e1rio ent\u00e3o ver sob esse hino, uma can\u00e7\u00e3o primitiva nascida na ocasi\u00e3o dos fatos hist\u00f3ricos de 1640: a guerra dos catal\u00e3es contra o rei Felipe IV, na qual os camponeses protagonizaram epis\u00f3dios importantes.<\/p><p style=\"text-align: justify;\">O hino tem as caracter\u00edsticas de um chamamento inflamado em defesa da liberdade da terra. Solene e forte, une vontades a favor da sobreviv\u00eancia de um povo que proclama a sua realidade nacional. De acordo com a lei do Parlamento da Catalunha de 25 de fevereiro de 1993, &#8220;<em>Els Segadors<\/em>&#8221; foi declarado o hino nacional da Catalunha. O registro oficial sonoro foi realizado e divulgado no ano de 1994.<\/p><h4 style=\"text-align: justify;\">Letra do Hino Nacional da Catalunha<\/h4><p style=\"text-align: justify;\"><em>Catalunya, triomfant,<\/em><br \/><em>tornar\u00e0 a ser rica i plena!<\/em><br \/><em>Endarrera aquesta gent<\/em><br \/><em>tan ufana i tan superba!<\/em><\/p><p style=\"text-align: justify;\"><em>Bon cop de fal\u00e7!<\/em><br \/><em>Bon cop de fal\u00e7, defensors de la terra!<\/em><br \/><em>Bon cop de fal\u00e7!<\/em><\/p><p style=\"text-align: justify;\"><em>Ara \u00e9s hora, segadors!<\/em><br \/><em>Ara \u00e9s hora d&#8217;estar alerta!<\/em><br \/><em>Per quan vingui un altre juny<\/em><br \/><em>esmolem ben b\u00e9 les eines!<\/em><\/p><p style=\"text-align: justify;\"><em>Bon cop de fal\u00e7!<\/em><br \/><em>Bon cop de fal\u00e7, defensors de la terra!<\/em><br \/><em>Bon cop de fal\u00e7!<\/em><\/p><p style=\"text-align: justify;\"><em>Que tremoli l&#8217;enemic<\/em><br \/><em>en veient la nostra en senya:<\/em><br \/><em>com fem caure espigues d&#8217;or,<\/em><br \/><em>quan conv\u00e9 seguem cadenes!<\/em><\/p><p style=\"text-align: justify;\"><em>Bon cop de fal\u00e7!<\/em><br \/><em>Bon cop de fal\u00e7, defensors de la terra!<\/em><br \/><em>Bon cop de fal\u00e7!<\/em><\/p>\t\t\t\t\t\t\t\t<\/div>\n\t\t\t\t<\/div>\n\t\t\t\t<div class=\"elementor-element elementor-element-911904b elementor-widget elementor-widget-slide-compact-player\" data-id=\"911904b\" data-element_type=\"widget\" data-e-type=\"widget\" data-widget_type=\"slide-compact-player.default\">\n\t\t\t\t<div class=\"elementor-widget-container\">\n\t\t\t\t\t\r\n\t\t<div class=\"swp_music_player compact-player\" id=\"mpfe_69f2acd8a288f\" data-autoplay=\"no\" data-playmode=\"repeat\" data-stopplaylistend=\"yes\" data-stopsongend=\"no\" data-repeatmode=\"unset\" data-pfs=\"no\">\r\n\t\t\t<div class=\"swp-compact-player\">\r\n\t\t\t\t<div class=\"swp-compact-cover\">\r\n\t\t\t\t\t<div class=\"swp-compact-cover-container\"><\/div>\r\n\t\t\t\t\t<div class=\"compact-cover-overlay album_left_overlay lc_swp_overlay\"><\/div>\r\n\t\t\t\t<\/div>\r\n\r\n\t\t\t\t<div class=\"swp-compact-player-info\">\r\n\t\t\t\t\t<div class=\"compact-info-overlay album_right_overlay lc_swp_overlay\"><\/div>\r\n\t\t\t\t\t<div class=\"compact-info-content\">\r\n\t\t\t\t\t\t<div class=\"compact-info-top mpfe_clearfix\">\r\n\t\t\t\t\t\t\t<div class=\"compact-song-details\">\r\n\t\t\t\t\t\t\t\t<div class=\"current_song_name compact-song-name\"><\/div>\r\n\t\t\t\t\t\t\t\t<div class=\"current_album_name compact-album-name\"><\/div>\r\n\t\t\t\t\t\t\t<\/div>\r\n\t\t\t\t\t\t\t<div class=\"compact-play-pause\">\r\n\t\t\t\t\t\t\t\t<span class=\"compact-play-container\">\r\n\t\t\t\t\t\t\t\t\t<i class=\"fas fa-play player_play compact_play compact-playpause\"><\/i>\r\n\t\t\t\t\t\t\t\t<\/span>\r\n\t\t\t\t\t\t\t\t<span class=\"compact-pause-container\">\r\n\t\t\t\t\t\t\t\t\t<i class=\"fas fa-pause player_pause compact_pause compact-playpause display_none\"><\/i>\r\n\t\t\t\t\t\t\t\t<\/span>\r\n\t\t\t\t\t\t\t<\/div>\r\n\t\t\t\t\t\t<\/div>\r\n\r\n\t\t\t\t\t\t<div class=\"smc_player_progress_bar compact-progress-bar\">\r\n\t\t\t\t\t\t\t<div class=\"player_time_slider_base compact-player-slider-base ltr_direction\"><\/div>\r\n\t\t\t\t\t\t\t<div class=\"player_time_slider compact-player-slider\"><\/div>\r\n\t\t\t\t\t\t<\/div>\r\n\r\n\t\t\t\t\t\t<div class=\"compact-info-bottom mpfe_clearfix\">\r\n\t\t\t\t\t\t\t<div class=\"compact-timeline\">\r\n\t\t\t\t\t\t\t\t<span class=\"song_current_progress compact_current_progress\">0:00<\/span>\r\n\t\t\t\t\t\t\t\t<span class=\"player_duration_sep compact_duration_sep\">&#47;<\/span>\r\n\t\t\t\t\t\t\t\t<span class=\"song_duration compact_song_duration\">0:00<\/span>\r\n\t\t\t\t\t\t\t<\/div>\r\n\r\n\t\t\t\t\t\t\t\r\n\t\t\t\t\t\t\t<div class=\"compact-controls\">\r\n\t\t\t\t\t\t\t\t\r\n\t\t\t\t\t\t\t\t\t\t\t\t\t\t\t\t\t\t\t\t\t\t\t\t<i class=\"fas fa-step-backward mpfe-compact-bottom-player-icon\"><\/i>\r\n\t\t\t\t\t\t\t\t<i class=\"fas fa-step-forward mpfe-compact-bottom-player-icon\"><\/i>\r\n\t\t\t\t\t\t\t\t\t\t\t\t\t\t\t\t\t\t\t\t\t\t\t\t\r\n\r\n\r\n\t\t\t\t\t\t\t\t\t\t\t\t\t\t\t<\/div>\r\n\t\t\t\t\t\t<\/div>\r\n\t\t\t\t\t<\/div>\r\n\t\t\t\t<\/div>\r\n\t\t\t<\/div>\r\n\r\n\t\t\t\r\n\t\t\t<div class=\"swp-compact-playlist swp-playlist-under\">\r\n\t\t\t\t\t\t\t\t<div class=\"swp-compact-playlist-inner-container swp-playlist-under-inner-container\">\r\n\t\t\t\t\t<div class=\"swp-compact-playlist-inner\">\r\n\t\t\t\t\t\t\t<div class=\"swp_music_player_entry compact-player-entry mpfe_clearfix\" data-mediafile=\"https:\/\/catalonia.com.br\/wp-content\/uploads\/2023\/06\/Els_Segadors_-_Himne_Nacional_de_Catalunya.mp3\">\r\n\t\t\t<span class=\"swp_song_details player_entry_left compact_player_entry_left\">\r\n\t\t\t\t<span class=\"play_icon compact_player_playlist_under_play\">\r\n\t\t\t\t\t<i class=\"fas fa-play before_song compact_bs compact_bs_play\"><\/i>\r\n\t\t\t\t\t<i class=\"fas fa-pause before_song compact_bs compact_bs_pause display_none\"><\/i>\r\n\t\t\t\t<\/span>\r\n\t\t\t\t<span class=\"player_song_name transition3\" data-albumname=\"Emili Guanyavents i Jan\u00e9\">\r\n\t\t\t\t\tEls Segadors\t\t\t\t<\/span>\r\n\t\t\t\t\t\t\t<\/span>\r\n\r\n\t\t\t<span class=\"entry_duration mpfe_fix_lh\"><\/span>\t\t\r\n\r\n\t\t\t<span class=\"song_buy_icons compact_buy_icons transition3 mpfe_clearfix mobile_visibility_hide\">\r\n\t\t\t\t\t\t\t\t\t\t\t\t\t\t\t\t\t\t\t<\/span>\r\n\r\n\t\t\t\t\t<\/div>\r\n\r\n\t\t\t\t\t\t\t<\/div>\r\n\t\t\t\t<\/div>\r\n\t\t\t<\/div>\r\n\t\t<\/div>\r\n\r\n\t\t\t\t\t\t<\/div>\n\t\t\t\t<\/div>\n\t\t\t\t\t<\/div>\n\t\t<\/div>\n\t\t\t\t\t<\/div>\n\t\t<\/section>\n\t\t\t\t<\/div>","protected":false},"excerpt":{"rendered":"<p>O hino nacional da Catalunha &#8220;Catalunha, triunfante, voltar\u00e1 a ser rica e plena&#8230;&#8221; Els Segadors \u00e9 o hino nacional da Catalunha desde o final do s\u00e9culo XIX. A letra atual \u00e9 de autoria de Emili Guanyavents i Jan\u00e9, e data de 1899. Utiliza elementos da tradi\u00e7\u00e3o oral que j\u00e1 havia recolhido anteriormente o escritor e<\/p>","protected":false},"author":1,"featured_media":0,"parent":2392,"menu_order":0,"comment_status":"closed","ping_status":"closed","template":"","meta":{"_uag_custom_page_level_css":"","order-bump-settings":[],"_wpfnl_thankyou_order_overview":"on","_wpfnl_thankyou_order_details":"on","_wpfnl_thankyou_billing_details":"on","_wpfnl_thankyou_shipping_details":"on","site-sidebar-layout":"no-sidebar","site-content-layout":"page-builder","ast-site-content-layout":"","site-content-style":"default","site-sidebar-style":"default","ast-global-header-display":"","ast-banner-title-visibility":"","ast-main-header-display":"","ast-hfb-above-header-display":"","ast-hfb-below-header-display":"","ast-hfb-mobile-header-display":"","site-post-title":"disabled","ast-breadcrumbs-content":"","ast-featured-img":"disabled","footer-sml-layout":"","theme-transparent-header-meta":"default","adv-header-id-meta":"","stick-header-meta":"","header-above-stick-meta":"","header-main-stick-meta":"","header-below-stick-meta":"","astra-migrate-meta-layouts":"default","ast-page-background-enabled":"default","ast-page-background-meta":{"desktop":{"background-color":"","background-image":"","background-repeat":"repeat","background-position":"center center","background-size":"auto","background-attachment":"scroll","background-type":"","background-media":"","overlay-type":"","overlay-color":"","overlay-opacity":"","overlay-gradient":""},"tablet":{"background-color":"","background-image":"","background-repeat":"repeat","background-position":"center center","background-size":"auto","background-attachment":"scroll","background-type":"","background-media":"","overlay-type":"","overlay-color":"","overlay-opacity":"","overlay-gradient":""},"mobile":{"background-color":"","background-image":"","background-repeat":"repeat","background-position":"center center","background-size":"auto","background-attachment":"scroll","background-type":"","background-media":"","overlay-type":"","overlay-color":"","overlay-opacity":"","overlay-gradient":""}},"ast-content-background-meta":{"desktop":{"background-color":"var(--ast-global-color-5)","background-image":"","background-repeat":"repeat","background-position":"center center","background-size":"auto","background-attachment":"scroll","background-type":"","background-media":"","overlay-type":"","overlay-color":"","overlay-opacity":"","overlay-gradient":""},"tablet":{"background-color":"var(--ast-global-color-5)","background-image":"","background-repeat":"repeat","background-position":"center center","background-size":"auto","background-attachment":"scroll","background-type":"","background-media":"","overlay-type":"","overlay-color":"","overlay-opacity":"","overlay-gradient":""},"mobile":{"background-color":"var(--ast-global-color-5)","background-image":"","background-repeat":"repeat","background-position":"center center","background-size":"auto","background-attachment":"scroll","background-type":"","background-media":"","overlay-type":"","overlay-color":"","overlay-opacity":"","overlay-gradient":""}},"footnotes":""},"class_list":["post-2423","page","type-page","status-publish","hentry"],"yoast_head":"<!-- This site is optimized with the Yoast SEO plugin v27.2 - https:\/\/yoast.com\/product\/yoast-seo-wordpress\/ -->\n<title>O hino nacional da Catalunha - Associa\u00e7\u00e3o Cultural Catalonia<\/title>\n<meta name=\"robots\" content=\"index, follow, max-snippet:-1, max-image-preview:large, max-video-preview:-1\" \/>\n<link rel=\"canonical\" href=\"https:\/\/catalonia.com.br\/ca\/a-catalunha\/simbolos-da-catalunha\/o-hino-nacional-da-catalunha\/\" \/>\n<meta property=\"og:locale\" content=\"ca_ES\" \/>\n<meta property=\"og:type\" content=\"article\" \/>\n<meta property=\"og:title\" content=\"O hino nacional da Catalunha - Associa\u00e7\u00e3o Cultural Catalonia\" \/>\n<meta property=\"og:description\" content=\"O hino nacional da Catalunha &#8220;Catalunha, triunfante, voltar\u00e1 a ser rica e plena&#8230;&#8221; Els Segadors \u00e9 o hino nacional da Catalunha desde o final do s\u00e9culo XIX. A letra atual \u00e9 de autoria de Emili Guanyavents i Jan\u00e9, e data de 1899. Utiliza elementos da tradi\u00e7\u00e3o oral que j\u00e1 havia recolhido anteriormente o escritor e\" \/>\n<meta property=\"og:url\" content=\"https:\/\/catalonia.com.br\/ca\/a-catalunha\/simbolos-da-catalunha\/o-hino-nacional-da-catalunha\/\" \/>\n<meta property=\"og:site_name\" content=\"Associa\u00e7\u00e3o Cultural Catalonia\" \/>\n<meta property=\"article:modified_time\" content=\"2023-07-23T03:15:00+00:00\" \/>\n<meta name=\"twitter:card\" content=\"summary_large_image\" \/>\n<meta name=\"twitter:label1\" content=\"Temps estimat de lectura\" \/>\n\t<meta name=\"twitter:data1\" content=\"2 minuts\" \/>\n<script type=\"application\/ld+json\" class=\"yoast-schema-graph\">{\"@context\":\"https:\/\/schema.org\",\"@graph\":[{\"@type\":\"WebPage\",\"@id\":\"https:\/\/catalonia.com.br\/a-catalunha\/simbolos-da-catalunha\/o-hino-nacional-da-catalunha\/\",\"url\":\"https:\/\/catalonia.com.br\/a-catalunha\/simbolos-da-catalunha\/o-hino-nacional-da-catalunha\/\",\"name\":\"O hino nacional da Catalunha - Associa\u00e7\u00e3o Cultural Catalonia\",\"isPartOf\":{\"@id\":\"https:\/\/catalonia.com.br\/#website\"},\"datePublished\":\"2023-06-11T01:20:31+00:00\",\"dateModified\":\"2023-07-23T03:15:00+00:00\",\"breadcrumb\":{\"@id\":\"https:\/\/catalonia.com.br\/a-catalunha\/simbolos-da-catalunha\/o-hino-nacional-da-catalunha\/#breadcrumb\"},\"inLanguage\":\"ca\",\"potentialAction\":[{\"@type\":\"ReadAction\",\"target\":[\"https:\/\/catalonia.com.br\/a-catalunha\/simbolos-da-catalunha\/o-hino-nacional-da-catalunha\/\"]}]},{\"@type\":\"BreadcrumbList\",\"@id\":\"https:\/\/catalonia.com.br\/a-catalunha\/simbolos-da-catalunha\/o-hino-nacional-da-catalunha\/#breadcrumb\",\"itemListElement\":[{\"@type\":\"ListItem\",\"position\":1,\"name\":\"In\u00edcio\",\"item\":\"https:\/\/catalonia.com.br\/\"},{\"@type\":\"ListItem\",\"position\":2,\"name\":\"A Catalunha\",\"item\":\"https:\/\/catalonia.com.br\/a-catalunha\/\"},{\"@type\":\"ListItem\",\"position\":3,\"name\":\"S\u00edmbolos da Catalunha\",\"item\":\"https:\/\/catalonia.com.br\/a-catalunha\/simbolos-da-catalunha\/\"},{\"@type\":\"ListItem\",\"position\":4,\"name\":\"O hino nacional da Catalunha\"}]},{\"@type\":\"WebSite\",\"@id\":\"https:\/\/catalonia.com.br\/#website\",\"url\":\"https:\/\/catalonia.com.br\/\",\"name\":\"Associa\u00e7\u00e3o Cultural Catalonia\",\"description\":\"\",\"publisher\":{\"@id\":\"https:\/\/catalonia.com.br\/#organization\"},\"potentialAction\":[{\"@type\":\"SearchAction\",\"target\":{\"@type\":\"EntryPoint\",\"urlTemplate\":\"https:\/\/catalonia.com.br\/?s={search_term_string}\"},\"query-input\":{\"@type\":\"PropertyValueSpecification\",\"valueRequired\":true,\"valueName\":\"search_term_string\"}}],\"inLanguage\":\"ca\"},{\"@type\":\"Organization\",\"@id\":\"https:\/\/catalonia.com.br\/#organization\",\"name\":\"Associa\u00e7\u00e3o Cultural Catalonia\",\"url\":\"https:\/\/catalonia.com.br\/\",\"logo\":{\"@type\":\"ImageObject\",\"inLanguage\":\"ca\",\"@id\":\"https:\/\/catalonia.com.br\/#\/schema\/logo\/image\/\",\"url\":\"https:\/\/catalonia.com.br\/wp-content\/uploads\/2023\/06\/cropped-cropped-cropped-Catalonia-logotip-renovat-2.png\",\"contentUrl\":\"https:\/\/catalonia.com.br\/wp-content\/uploads\/2023\/06\/cropped-cropped-cropped-Catalonia-logotip-renovat-2.png\",\"width\":313,\"height\":320,\"caption\":\"Associa\u00e7\u00e3o Cultural Catalonia\"},\"image\":{\"@id\":\"https:\/\/catalonia.com.br\/#\/schema\/logo\/image\/\"}}]}<\/script>\n<!-- \/ Yoast SEO plugin. -->","yoast_head_json":{"title":"O hino nacional da Catalunha - Associa\u00e7\u00e3o Cultural Catalonia","robots":{"index":"index","follow":"follow","max-snippet":"max-snippet:-1","max-image-preview":"max-image-preview:large","max-video-preview":"max-video-preview:-1"},"canonical":"https:\/\/catalonia.com.br\/ca\/a-catalunha\/simbolos-da-catalunha\/o-hino-nacional-da-catalunha\/","og_locale":"ca_ES","og_type":"article","og_title":"O hino nacional da Catalunha - Associa\u00e7\u00e3o Cultural Catalonia","og_description":"O hino nacional da Catalunha &#8220;Catalunha, triunfante, voltar\u00e1 a ser rica e plena&#8230;&#8221; Els Segadors \u00e9 o hino nacional da Catalunha desde o final do s\u00e9culo XIX. A letra atual \u00e9 de autoria de Emili Guanyavents i Jan\u00e9, e data de 1899. Utiliza elementos da tradi\u00e7\u00e3o oral que j\u00e1 havia recolhido anteriormente o escritor e","og_url":"https:\/\/catalonia.com.br\/ca\/a-catalunha\/simbolos-da-catalunha\/o-hino-nacional-da-catalunha\/","og_site_name":"Associa\u00e7\u00e3o Cultural Catalonia","article_modified_time":"2023-07-23T03:15:00+00:00","twitter_card":"summary_large_image","twitter_misc":{"Temps estimat de lectura":"2 minuts"},"schema":{"@context":"https:\/\/schema.org","@graph":[{"@type":"WebPage","@id":"https:\/\/catalonia.com.br\/a-catalunha\/simbolos-da-catalunha\/o-hino-nacional-da-catalunha\/","url":"https:\/\/catalonia.com.br\/a-catalunha\/simbolos-da-catalunha\/o-hino-nacional-da-catalunha\/","name":"O hino nacional da Catalunha - Associa\u00e7\u00e3o Cultural Catalonia","isPartOf":{"@id":"https:\/\/catalonia.com.br\/#website"},"datePublished":"2023-06-11T01:20:31+00:00","dateModified":"2023-07-23T03:15:00+00:00","breadcrumb":{"@id":"https:\/\/catalonia.com.br\/a-catalunha\/simbolos-da-catalunha\/o-hino-nacional-da-catalunha\/#breadcrumb"},"inLanguage":"ca","potentialAction":[{"@type":"ReadAction","target":["https:\/\/catalonia.com.br\/a-catalunha\/simbolos-da-catalunha\/o-hino-nacional-da-catalunha\/"]}]},{"@type":"BreadcrumbList","@id":"https:\/\/catalonia.com.br\/a-catalunha\/simbolos-da-catalunha\/o-hino-nacional-da-catalunha\/#breadcrumb","itemListElement":[{"@type":"ListItem","position":1,"name":"In\u00edcio","item":"https:\/\/catalonia.com.br\/"},{"@type":"ListItem","position":2,"name":"A Catalunha","item":"https:\/\/catalonia.com.br\/a-catalunha\/"},{"@type":"ListItem","position":3,"name":"S\u00edmbolos da Catalunha","item":"https:\/\/catalonia.com.br\/a-catalunha\/simbolos-da-catalunha\/"},{"@type":"ListItem","position":4,"name":"O hino nacional da Catalunha"}]},{"@type":"WebSite","@id":"https:\/\/catalonia.com.br\/#website","url":"https:\/\/catalonia.com.br\/","name":"l'Associaci\u00f3 Cultural Catalonia","description":"","publisher":{"@id":"https:\/\/catalonia.com.br\/#organization"},"potentialAction":[{"@type":"SearchAction","target":{"@type":"EntryPoint","urlTemplate":"https:\/\/catalonia.com.br\/?s={search_term_string}"},"query-input":{"@type":"PropertyValueSpecification","valueRequired":true,"valueName":"search_term_string"}}],"inLanguage":"ca"},{"@type":"Organization","@id":"https:\/\/catalonia.com.br\/#organization","name":"l'Associaci\u00f3 Cultural Catalonia","url":"https:\/\/catalonia.com.br\/","logo":{"@type":"ImageObject","inLanguage":"ca","@id":"https:\/\/catalonia.com.br\/#\/schema\/logo\/image\/","url":"https:\/\/catalonia.com.br\/wp-content\/uploads\/2023\/06\/cropped-cropped-cropped-Catalonia-logotip-renovat-2.png","contentUrl":"https:\/\/catalonia.com.br\/wp-content\/uploads\/2023\/06\/cropped-cropped-cropped-Catalonia-logotip-renovat-2.png","width":313,"height":320,"caption":"Associa\u00e7\u00e3o Cultural Catalonia"},"image":{"@id":"https:\/\/catalonia.com.br\/#\/schema\/logo\/image\/"}}]}},"uagb_featured_image_src":{"full":false,"thumbnail":false,"medium":false,"medium_large":false,"large":false,"1536x1536":false,"2048x2048":false,"trp-custom-language-flag":false,"woocommerce_thumbnail":false,"woocommerce_single":false,"woocommerce_gallery_thumbnail":false},"uagb_author_info":{"display_name":"Associa\u00e7\u00e3o Cultural Catalonia","author_link":"https:\/\/catalonia.com.br\/ca\/author\/admincat\/"},"uagb_comment_info":0,"uagb_excerpt":"O hino nacional da Catalunha &#8220;Catalunha, triunfante, voltar\u00e1 a ser rica e plena&#8230;&#8221; Els Segadors \u00e9 o hino nacional da Catalunha desde o final do s\u00e9culo XIX. A letra atual \u00e9 de autoria de Emili Guanyavents i Jan\u00e9, e data de 1899. Utiliza elementos da tradi\u00e7\u00e3o oral que j\u00e1 havia recolhido anteriormente o escritor e","_links":{"self":[{"href":"https:\/\/catalonia.com.br\/ca\/wp-json\/wp\/v2\/pages\/2423","targetHints":{"allow":["GET"]}}],"collection":[{"href":"https:\/\/catalonia.com.br\/ca\/wp-json\/wp\/v2\/pages"}],"about":[{"href":"https:\/\/catalonia.com.br\/ca\/wp-json\/wp\/v2\/types\/page"}],"author":[{"embeddable":true,"href":"https:\/\/catalonia.com.br\/ca\/wp-json\/wp\/v2\/users\/1"}],"replies":[{"embeddable":true,"href":"https:\/\/catalonia.com.br\/ca\/wp-json\/wp\/v2\/comments?post=2423"}],"version-history":[{"count":0,"href":"https:\/\/catalonia.com.br\/ca\/wp-json\/wp\/v2\/pages\/2423\/revisions"}],"up":[{"embeddable":true,"href":"https:\/\/catalonia.com.br\/ca\/wp-json\/wp\/v2\/pages\/2392"}],"wp:attachment":[{"href":"https:\/\/catalonia.com.br\/ca\/wp-json\/wp\/v2\/media?parent=2423"}],"curies":[{"name":"wp","href":"https:\/\/api.w.org\/{rel}","templated":true}]}}