{"id":2367,"date":"2023-06-10T21:20:20","date_gmt":"2023-06-11T00:20:20","guid":{"rendered":"https:\/\/catalonia.com.br\/?page_id=2367"},"modified":"2023-07-23T00:09:31","modified_gmt":"2023-07-23T03:09:31","slug":"a-segunda-generalitat-moderna-restabelecida-nos-anos-1977-1980","status":"publish","type":"page","link":"https:\/\/catalonia.com.br\/ca\/a-catalunha\/historia-da-catalunha\/a-segunda-generalitat-moderna-restabelecida-nos-anos-1977-1980\/","title":{"rendered":"A Segunda Generalitat Moderna restabelecida nos anos 1977-1980"},"content":{"rendered":"<div data-elementor-type=\"wp-page\" data-elementor-id=\"2367\" class=\"elementor elementor-2367\">\n\t\t\t\t\t\t<section class=\"elementor-section elementor-top-section elementor-element elementor-element-0ie05be elementor-section-height-min-height elementor-section-boxed elementor-section-height-default elementor-section-items-middle wpr-particle-no wpr-jarallax-no wpr-parallax-no wpr-sticky-section-no elementor-invisible\" data-id=\"0ie05be\" data-element_type=\"section\" data-e-type=\"section\" data-settings=\"{&quot;background_background&quot;:&quot;classic&quot;,&quot;animation&quot;:&quot;fadeIn&quot;}\">\n\t\t\t\t\t\t\t<div class=\"elementor-background-overlay\"><\/div>\n\t\t\t\t\t\t\t<div class=\"elementor-container elementor-column-gap-no\">\n\t\t\t\t\t<div class=\"elementor-column elementor-col-100 elementor-top-column elementor-element elementor-element-aaad5b0\" data-id=\"aaad5b0\" data-element_type=\"column\" data-e-type=\"column\">\n\t\t\t<div class=\"elementor-widget-wrap\">\n\t\t\t\t\t\t\t<\/div>\n\t\t<\/div>\n\t\t\t\t\t<\/div>\n\t\t<\/section>\n\t\t\t\t<section class=\"elementor-section elementor-top-section elementor-element elementor-element-b0b3f95 elementor-section-boxed elementor-section-height-default elementor-section-height-default wpr-particle-no wpr-jarallax-no wpr-parallax-no wpr-sticky-section-no\" data-id=\"b0b3f95\" data-element_type=\"section\" data-e-type=\"section\" data-settings=\"{&quot;background_background&quot;:&quot;classic&quot;}\">\n\t\t\t\t\t\t<div class=\"elementor-container elementor-column-gap-default\">\n\t\t\t\t\t<div class=\"elementor-column elementor-col-100 elementor-top-column elementor-element elementor-element-e9eaf4e\" data-id=\"e9eaf4e\" data-element_type=\"column\" data-e-type=\"column\">\n\t\t\t<div class=\"elementor-widget-wrap elementor-element-populated\">\n\t\t\t\t\t\t<div class=\"elementor-element elementor-element-90ba35c elementor-widget elementor-widget-spacer\" data-id=\"90ba35c\" data-element_type=\"widget\" data-e-type=\"widget\" data-widget_type=\"spacer.default\">\n\t\t\t\t<div class=\"elementor-widget-container\">\n\t\t\t\t\t\t\t<div class=\"elementor-spacer\">\n\t\t\t<div class=\"elementor-spacer-inner\"><\/div>\n\t\t<\/div>\n\t\t\t\t\t\t<\/div>\n\t\t\t\t<\/div>\n\t\t\t\t<div class=\"elementor-element elementor-element-6c66b08 elementor-widget elementor-widget-heading\" data-id=\"6c66b08\" data-element_type=\"widget\" data-e-type=\"widget\" data-widget_type=\"heading.default\">\n\t\t\t\t<div class=\"elementor-widget-container\">\n\t\t\t\t\t<h1 class=\"elementor-heading-title elementor-size-default\">A Segunda Generalitat Moderna restabelecida nos anos 1977-1980<\/h1>\t\t\t\t<\/div>\n\t\t\t\t<\/div>\n\t\t\t\t\t<\/div>\n\t\t<\/div>\n\t\t\t\t\t<\/div>\n\t\t<\/section>\n\t\t\t\t<section class=\"elementor-section elementor-top-section elementor-element elementor-element-cf4d000 elementor-section-boxed elementor-section-height-default elementor-section-height-default wpr-particle-no wpr-jarallax-no wpr-parallax-no wpr-sticky-section-no\" data-id=\"cf4d000\" data-element_type=\"section\" data-e-type=\"section\" data-settings=\"{&quot;background_background&quot;:&quot;classic&quot;}\">\n\t\t\t\t\t\t<div class=\"elementor-container elementor-column-gap-default\">\n\t\t\t\t\t<div class=\"elementor-column elementor-col-100 elementor-top-column elementor-element elementor-element-f75b486\" data-id=\"f75b486\" data-element_type=\"column\" data-e-type=\"column\">\n\t\t\t<div class=\"elementor-widget-wrap elementor-element-populated\">\n\t\t\t\t\t\t<div class=\"elementor-element elementor-element-8c9ecd8 elementor-widget elementor-widget-heading\" data-id=\"8c9ecd8\" data-element_type=\"widget\" data-e-type=\"widget\" data-widget_type=\"heading.default\">\n\t\t\t\t<div class=\"elementor-widget-container\">\n\t\t\t\t\t<h3 class=\"elementor-heading-title elementor-size-default\">O Estatuto de Autonomia da Catalunha<\/h3>\t\t\t\t<\/div>\n\t\t\t\t<\/div>\n\t\t\t\t\t<\/div>\n\t\t<\/div>\n\t\t\t\t\t<\/div>\n\t\t<\/section>\n\t\t\t\t<section class=\"elementor-section elementor-top-section elementor-element elementor-element-351e56a elementor-section-boxed elementor-section-height-default elementor-section-height-default wpr-particle-no wpr-jarallax-no wpr-parallax-no wpr-sticky-section-no\" data-id=\"351e56a\" data-element_type=\"section\" data-e-type=\"section\" data-settings=\"{&quot;background_background&quot;:&quot;gradient&quot;}\">\n\t\t\t\t\t\t<div class=\"elementor-container elementor-column-gap-extended\">\n\t\t\t\t\t<div class=\"elementor-column elementor-col-100 elementor-top-column elementor-element elementor-element-9b5224b\" data-id=\"9b5224b\" data-element_type=\"column\" data-e-type=\"column\">\n\t\t\t<div class=\"elementor-widget-wrap elementor-element-populated\">\n\t\t\t\t\t\t<div class=\"elementor-element elementor-element-ead46e9 elementor-drop-cap-yes elementor-drop-cap-view-stacked elementor-widget elementor-widget-text-editor\" data-id=\"ead46e9\" data-element_type=\"widget\" data-e-type=\"widget\" data-settings=\"{&quot;drop_cap&quot;:&quot;yes&quot;}\" data-widget_type=\"text-editor.default\">\n\t\t\t\t<div class=\"elementor-widget-container\">\n\t\t\t\t\t\t\t\t\t<p style=\"text-align: justify;\">Com a morte do general Franco, no ano de 1975, e a proclama\u00e7\u00e3o de Juan Carlos I como rei da Espanha, seguiu-se \u00e0 legaliza\u00e7\u00e3o dos partidos pol\u00edticos e a convoca\u00e7\u00e3o das primeiras elei\u00e7\u00f5es legislativas espanholas, realizadas em 15 de junho de 1977. Abria-se assim, o caminho para a democracia. Na Catalunha, os partidos que venceram as elei\u00e7\u00f5es foram aqueles que inclu\u00edram em seu programa o restabelecimento da Generalitat e o retorno de seu presidente exilado. Desta forma ficava caracterizado o desejo de continuar com a institui\u00e7\u00e3o, mantida simbolicamente no ex\u00edlio. Por este motivo, em 29 de setembro do mesmo ano, um decreto real restabelecia a Generalitat da Catalunha e Josep Tarradellas era reconhecido como seu presidente, o que o fez retornar ao seu pa\u00eds ap\u00f3s um ex\u00edlio de 40 anos. Logo em seguida, uma comiss\u00e3o designada pela assembleia de parlamentares catal\u00e3es (eleitos em junho de 1977) iniciava a reda\u00e7\u00e3o do projeto do Estatuto de Autonomia, conhecido como Estatuto de Sau, devido ao local onde foi redigido. Em dezembro de 1978, o rei Juan Carlos sancionava a Constitui\u00e7\u00e3o espanhola perante as Cortes Gerais. Um ano ap\u00f3s, em 18 de dezembro de 1979, sancionava tamb\u00e9m o Estatuto de Autonomia da Catalunha, aprovado inicialmente pelas Cortes espanholas e depois por um <strong>referendo<\/strong> promulgado na Catalunha em outubro de 1979. Esse estatuto, segundo seu pre\u00e2mbulo, &#8220;\u00e9 a express\u00e3o da identidade coletiva da Catalunha e define as suas institui\u00e7\u00f5es e rela\u00e7\u00f5es com o Estado num contexto de livre solidariedade entre as outras nacionalidades e regi\u00f5es&#8221;.<\/p><p style=\"text-align: justify;\">Assim, a Generalitat se configurava como &#8220;a institui\u00e7\u00e3o na qual se organiza politicamente o autogoverno da Catalunha&#8221;. Uma data hist\u00f3rica da democracia catal\u00e3 \u00e9 20 de mar\u00e7o de 1980, dia em que se realizaram as segundas elei\u00e7\u00f5es legislativas para a constitui\u00e7\u00e3o do novo Parlamento da Catalunha (as primeiras haviam sido realizadas quarenta e oito anos antes, em 20 de novembro de 1932). Em 10 de abril foi constitu\u00eddo o Parlamento e seus deputados elegeram Heribert Barrera como Presidente da C\u00e2mara restaurada e Jordi Pujol i Soley o 115\u00ba Presidente da Generalitat hist\u00f3rica.<\/p><h4 style=\"text-align: justify;\">Presidente Jordi Pujol (1930 &#8211; )<\/h4><p style=\"text-align: justify;\">Ainda jovem participou de grupos militantes de forma\u00e7\u00e3o crist\u00e3 e nacionalista. Foi promotor de in\u00fameras iniciativas para a reconstru\u00e7\u00e3o cultural, econ\u00f4mica e pol\u00edtica da Catalunha durante a ditadura franquista. Foi julgado e preso por causa de sua luta pelas liberdades democr\u00e1ticas. Em 1974 fundou o partido Converg\u00e8ncia Democr\u00e0tica de Catalunya (CDC). Foi eleito para o Congresso de Deputados de Madrid nas primeiras elei\u00e7\u00f5es democr\u00e1ticas de 1977 e formou parte do Governo de uni\u00e3o da Generalitat do presidente Josep Tarradellas. Em 1980, seu partido, o CDC, em coliga\u00e7\u00e3o com a Uni\u00e3o Democr\u00e1tica de Catalunha (UDC), venceu as primeiras elei\u00e7\u00f5es para o Parlamento da Catalunha, o qual elegeu-o Presidente da Generalitat. Em 1984 e 1988 ganhou novamente as elei\u00e7\u00f5es por maioria absoluta. Em 1992 revalidou seu mandato pela quarta vez. Venceu tamb\u00e9m as elei\u00e7\u00f5es antecipadas de 1995, por maioria simples, e as de 1999. Com a derrota nas elei\u00e7\u00f5es de 2003, encerrou um longo per\u00edodo de 23 anos como presidente da Generalitat.<\/p>\t\t\t\t\t\t\t\t<\/div>\n\t\t\t\t<\/div>\n\t\t\t\t\t<\/div>\n\t\t<\/div>\n\t\t\t\t\t<\/div>\n\t\t<\/section>\n\t\t\t\t<\/div>","protected":false},"excerpt":{"rendered":"<p>A Segunda Generalitat Moderna restabelecida nos anos 1977-1980 O Estatuto de Autonomia da Catalunha Com a morte do general Franco, no ano de 1975, e a proclama\u00e7\u00e3o de Juan Carlos I como rei da Espanha, seguiu-se \u00e0 legaliza\u00e7\u00e3o dos partidos pol\u00edticos e a convoca\u00e7\u00e3o das primeiras elei\u00e7\u00f5es legislativas espanholas, realizadas em 15 de junho de<\/p>","protected":false},"author":1,"featured_media":0,"parent":2033,"menu_order":0,"comment_status":"closed","ping_status":"closed","template":"","meta":{"_uag_custom_page_level_css":"","order-bump-settings":[],"_wpfnl_thankyou_order_overview":"on","_wpfnl_thankyou_order_details":"on","_wpfnl_thankyou_billing_details":"on","_wpfnl_thankyou_shipping_details":"on","site-sidebar-layout":"no-sidebar","site-content-layout":"page-builder","ast-site-content-layout":"","site-content-style":"default","site-sidebar-style":"default","ast-global-header-display":"","ast-banner-title-visibility":"","ast-main-header-display":"","ast-hfb-above-header-display":"","ast-hfb-below-header-display":"","ast-hfb-mobile-header-display":"","site-post-title":"disabled","ast-breadcrumbs-content":"","ast-featured-img":"disabled","footer-sml-layout":"","theme-transparent-header-meta":"default","adv-header-id-meta":"","stick-header-meta":"","header-above-stick-meta":"","header-main-stick-meta":"","header-below-stick-meta":"","astra-migrate-meta-layouts":"default","ast-page-background-enabled":"default","ast-page-background-meta":{"desktop":{"background-color":"","background-image":"","background-repeat":"repeat","background-position":"center center","background-size":"auto","background-attachment":"scroll","background-type":"","background-media":"","overlay-type":"","overlay-color":"","overlay-opacity":"","overlay-gradient":""},"tablet":{"background-color":"","background-image":"","background-repeat":"repeat","background-position":"center center","background-size":"auto","background-attachment":"scroll","background-type":"","background-media":"","overlay-type":"","overlay-color":"","overlay-opacity":"","overlay-gradient":""},"mobile":{"background-color":"","background-image":"","background-repeat":"repeat","background-position":"center center","background-size":"auto","background-attachment":"scroll","background-type":"","background-media":"","overlay-type":"","overlay-color":"","overlay-opacity":"","overlay-gradient":""}},"ast-content-background-meta":{"desktop":{"background-color":"var(--ast-global-color-5)","background-image":"","background-repeat":"repeat","background-position":"center center","background-size":"auto","background-attachment":"scroll","background-type":"","background-media":"","overlay-type":"","overlay-color":"","overlay-opacity":"","overlay-gradient":""},"tablet":{"background-color":"var(--ast-global-color-5)","background-image":"","background-repeat":"repeat","background-position":"center center","background-size":"auto","background-attachment":"scroll","background-type":"","background-media":"","overlay-type":"","overlay-color":"","overlay-opacity":"","overlay-gradient":""},"mobile":{"background-color":"var(--ast-global-color-5)","background-image":"","background-repeat":"repeat","background-position":"center center","background-size":"auto","background-attachment":"scroll","background-type":"","background-media":"","overlay-type":"","overlay-color":"","overlay-opacity":"","overlay-gradient":""}},"footnotes":""},"class_list":["post-2367","page","type-page","status-publish","hentry"],"yoast_head":"<!-- This site is optimized with the Yoast SEO plugin v27.2 - https:\/\/yoast.com\/product\/yoast-seo-wordpress\/ -->\n<title>A Segunda Generalitat Moderna restabelecida nos anos 1977-1980 - Associa\u00e7\u00e3o Cultural Catalonia<\/title>\n<meta name=\"robots\" content=\"index, follow, max-snippet:-1, max-image-preview:large, max-video-preview:-1\" \/>\n<link rel=\"canonical\" href=\"https:\/\/catalonia.com.br\/ca\/a-catalunha\/historia-da-catalunha\/a-segunda-generalitat-moderna-restabelecida-nos-anos-1977-1980\/\" \/>\n<meta property=\"og:locale\" content=\"ca_ES\" \/>\n<meta property=\"og:type\" content=\"article\" \/>\n<meta property=\"og:title\" content=\"A Segunda Generalitat Moderna restabelecida nos anos 1977-1980 - Associa\u00e7\u00e3o Cultural Catalonia\" \/>\n<meta property=\"og:description\" content=\"A Segunda Generalitat Moderna restabelecida nos anos 1977-1980 O Estatuto de Autonomia da Catalunha Com a morte do general Franco, no ano de 1975, e a proclama\u00e7\u00e3o de Juan Carlos I como rei da Espanha, seguiu-se \u00e0 legaliza\u00e7\u00e3o dos partidos pol\u00edticos e a convoca\u00e7\u00e3o das primeiras elei\u00e7\u00f5es legislativas espanholas, realizadas em 15 de junho de\" \/>\n<meta property=\"og:url\" content=\"https:\/\/catalonia.com.br\/ca\/a-catalunha\/historia-da-catalunha\/a-segunda-generalitat-moderna-restabelecida-nos-anos-1977-1980\/\" \/>\n<meta property=\"og:site_name\" content=\"Associa\u00e7\u00e3o Cultural Catalonia\" \/>\n<meta property=\"article:modified_time\" content=\"2023-07-23T03:09:31+00:00\" \/>\n<meta name=\"twitter:card\" content=\"summary_large_image\" \/>\n<meta name=\"twitter:label1\" content=\"Temps estimat de lectura\" \/>\n\t<meta name=\"twitter:data1\" content=\"3 minuts\" \/>\n<script type=\"application\/ld+json\" class=\"yoast-schema-graph\">{\"@context\":\"https:\/\/schema.org\",\"@graph\":[{\"@type\":\"WebPage\",\"@id\":\"https:\/\/catalonia.com.br\/a-catalunha\/historia-da-catalunha\/a-segunda-generalitat-moderna-restabelecida-nos-anos-1977-1980\/\",\"url\":\"https:\/\/catalonia.com.br\/a-catalunha\/historia-da-catalunha\/a-segunda-generalitat-moderna-restabelecida-nos-anos-1977-1980\/\",\"name\":\"A Segunda Generalitat Moderna restabelecida nos anos 1977-1980 - Associa\u00e7\u00e3o Cultural Catalonia\",\"isPartOf\":{\"@id\":\"https:\/\/catalonia.com.br\/#website\"},\"datePublished\":\"2023-06-11T00:20:20+00:00\",\"dateModified\":\"2023-07-23T03:09:31+00:00\",\"breadcrumb\":{\"@id\":\"https:\/\/catalonia.com.br\/a-catalunha\/historia-da-catalunha\/a-segunda-generalitat-moderna-restabelecida-nos-anos-1977-1980\/#breadcrumb\"},\"inLanguage\":\"ca\",\"potentialAction\":[{\"@type\":\"ReadAction\",\"target\":[\"https:\/\/catalonia.com.br\/a-catalunha\/historia-da-catalunha\/a-segunda-generalitat-moderna-restabelecida-nos-anos-1977-1980\/\"]}]},{\"@type\":\"BreadcrumbList\",\"@id\":\"https:\/\/catalonia.com.br\/a-catalunha\/historia-da-catalunha\/a-segunda-generalitat-moderna-restabelecida-nos-anos-1977-1980\/#breadcrumb\",\"itemListElement\":[{\"@type\":\"ListItem\",\"position\":1,\"name\":\"In\u00edcio\",\"item\":\"https:\/\/catalonia.com.br\/\"},{\"@type\":\"ListItem\",\"position\":2,\"name\":\"A Catalunha\",\"item\":\"https:\/\/catalonia.com.br\/a-catalunha\/\"},{\"@type\":\"ListItem\",\"position\":3,\"name\":\"Hist\u00f3ria da Catalunha\",\"item\":\"https:\/\/catalonia.com.br\/a-catalunha\/historia-da-catalunha\/\"},{\"@type\":\"ListItem\",\"position\":4,\"name\":\"A Segunda Generalitat Moderna restabelecida nos anos 1977-1980\"}]},{\"@type\":\"WebSite\",\"@id\":\"https:\/\/catalonia.com.br\/#website\",\"url\":\"https:\/\/catalonia.com.br\/\",\"name\":\"Associa\u00e7\u00e3o Cultural Catalonia\",\"description\":\"\",\"publisher\":{\"@id\":\"https:\/\/catalonia.com.br\/#organization\"},\"potentialAction\":[{\"@type\":\"SearchAction\",\"target\":{\"@type\":\"EntryPoint\",\"urlTemplate\":\"https:\/\/catalonia.com.br\/?s={search_term_string}\"},\"query-input\":{\"@type\":\"PropertyValueSpecification\",\"valueRequired\":true,\"valueName\":\"search_term_string\"}}],\"inLanguage\":\"ca\"},{\"@type\":\"Organization\",\"@id\":\"https:\/\/catalonia.com.br\/#organization\",\"name\":\"Associa\u00e7\u00e3o Cultural Catalonia\",\"url\":\"https:\/\/catalonia.com.br\/\",\"logo\":{\"@type\":\"ImageObject\",\"inLanguage\":\"ca\",\"@id\":\"https:\/\/catalonia.com.br\/#\/schema\/logo\/image\/\",\"url\":\"https:\/\/catalonia.com.br\/wp-content\/uploads\/2023\/06\/cropped-cropped-cropped-Catalonia-logotip-renovat-2.png\",\"contentUrl\":\"https:\/\/catalonia.com.br\/wp-content\/uploads\/2023\/06\/cropped-cropped-cropped-Catalonia-logotip-renovat-2.png\",\"width\":313,\"height\":320,\"caption\":\"Associa\u00e7\u00e3o Cultural Catalonia\"},\"image\":{\"@id\":\"https:\/\/catalonia.com.br\/#\/schema\/logo\/image\/\"}}]}<\/script>\n<!-- \/ Yoast SEO plugin. -->","yoast_head_json":{"title":"A Segunda Generalitat Moderna restabelecida nos anos 1977-1980 - Associa\u00e7\u00e3o Cultural Catalonia","robots":{"index":"index","follow":"follow","max-snippet":"max-snippet:-1","max-image-preview":"max-image-preview:large","max-video-preview":"max-video-preview:-1"},"canonical":"https:\/\/catalonia.com.br\/ca\/a-catalunha\/historia-da-catalunha\/a-segunda-generalitat-moderna-restabelecida-nos-anos-1977-1980\/","og_locale":"ca_ES","og_type":"article","og_title":"A Segunda Generalitat Moderna restabelecida nos anos 1977-1980 - Associa\u00e7\u00e3o Cultural Catalonia","og_description":"A Segunda Generalitat Moderna restabelecida nos anos 1977-1980 O Estatuto de Autonomia da Catalunha Com a morte do general Franco, no ano de 1975, e a proclama\u00e7\u00e3o de Juan Carlos I como rei da Espanha, seguiu-se \u00e0 legaliza\u00e7\u00e3o dos partidos pol\u00edticos e a convoca\u00e7\u00e3o das primeiras elei\u00e7\u00f5es legislativas espanholas, realizadas em 15 de junho de","og_url":"https:\/\/catalonia.com.br\/ca\/a-catalunha\/historia-da-catalunha\/a-segunda-generalitat-moderna-restabelecida-nos-anos-1977-1980\/","og_site_name":"Associa\u00e7\u00e3o Cultural Catalonia","article_modified_time":"2023-07-23T03:09:31+00:00","twitter_card":"summary_large_image","twitter_misc":{"Temps estimat de lectura":"3 minuts"},"schema":{"@context":"https:\/\/schema.org","@graph":[{"@type":"WebPage","@id":"https:\/\/catalonia.com.br\/a-catalunha\/historia-da-catalunha\/a-segunda-generalitat-moderna-restabelecida-nos-anos-1977-1980\/","url":"https:\/\/catalonia.com.br\/a-catalunha\/historia-da-catalunha\/a-segunda-generalitat-moderna-restabelecida-nos-anos-1977-1980\/","name":"A Segunda Generalitat Moderna restabelecida nos anos 1977-1980 - Associa\u00e7\u00e3o Cultural Catalonia","isPartOf":{"@id":"https:\/\/catalonia.com.br\/#website"},"datePublished":"2023-06-11T00:20:20+00:00","dateModified":"2023-07-23T03:09:31+00:00","breadcrumb":{"@id":"https:\/\/catalonia.com.br\/a-catalunha\/historia-da-catalunha\/a-segunda-generalitat-moderna-restabelecida-nos-anos-1977-1980\/#breadcrumb"},"inLanguage":"ca","potentialAction":[{"@type":"ReadAction","target":["https:\/\/catalonia.com.br\/a-catalunha\/historia-da-catalunha\/a-segunda-generalitat-moderna-restabelecida-nos-anos-1977-1980\/"]}]},{"@type":"BreadcrumbList","@id":"https:\/\/catalonia.com.br\/a-catalunha\/historia-da-catalunha\/a-segunda-generalitat-moderna-restabelecida-nos-anos-1977-1980\/#breadcrumb","itemListElement":[{"@type":"ListItem","position":1,"name":"In\u00edcio","item":"https:\/\/catalonia.com.br\/"},{"@type":"ListItem","position":2,"name":"A Catalunha","item":"https:\/\/catalonia.com.br\/a-catalunha\/"},{"@type":"ListItem","position":3,"name":"Hist\u00f3ria da Catalunha","item":"https:\/\/catalonia.com.br\/a-catalunha\/historia-da-catalunha\/"},{"@type":"ListItem","position":4,"name":"A Segunda Generalitat Moderna restabelecida nos anos 1977-1980"}]},{"@type":"WebSite","@id":"https:\/\/catalonia.com.br\/#website","url":"https:\/\/catalonia.com.br\/","name":"l'Associaci\u00f3 Cultural Catalonia","description":"","publisher":{"@id":"https:\/\/catalonia.com.br\/#organization"},"potentialAction":[{"@type":"SearchAction","target":{"@type":"EntryPoint","urlTemplate":"https:\/\/catalonia.com.br\/?s={search_term_string}"},"query-input":{"@type":"PropertyValueSpecification","valueRequired":true,"valueName":"search_term_string"}}],"inLanguage":"ca"},{"@type":"Organization","@id":"https:\/\/catalonia.com.br\/#organization","name":"l'Associaci\u00f3 Cultural Catalonia","url":"https:\/\/catalonia.com.br\/","logo":{"@type":"ImageObject","inLanguage":"ca","@id":"https:\/\/catalonia.com.br\/#\/schema\/logo\/image\/","url":"https:\/\/catalonia.com.br\/wp-content\/uploads\/2023\/06\/cropped-cropped-cropped-Catalonia-logotip-renovat-2.png","contentUrl":"https:\/\/catalonia.com.br\/wp-content\/uploads\/2023\/06\/cropped-cropped-cropped-Catalonia-logotip-renovat-2.png","width":313,"height":320,"caption":"Associa\u00e7\u00e3o Cultural Catalonia"},"image":{"@id":"https:\/\/catalonia.com.br\/#\/schema\/logo\/image\/"}}]}},"uagb_featured_image_src":{"full":false,"thumbnail":false,"medium":false,"medium_large":false,"large":false,"1536x1536":false,"2048x2048":false,"trp-custom-language-flag":false,"woocommerce_thumbnail":false,"woocommerce_single":false,"woocommerce_gallery_thumbnail":false},"uagb_author_info":{"display_name":"Associa\u00e7\u00e3o Cultural Catalonia","author_link":"https:\/\/catalonia.com.br\/ca\/author\/admincat\/"},"uagb_comment_info":0,"uagb_excerpt":"A Segunda Generalitat Moderna restabelecida nos anos 1977-1980 O Estatuto de Autonomia da Catalunha Com a morte do general Franco, no ano de 1975, e a proclama\u00e7\u00e3o de Juan Carlos I como rei da Espanha, seguiu-se \u00e0 legaliza\u00e7\u00e3o dos partidos pol\u00edticos e a convoca\u00e7\u00e3o das primeiras elei\u00e7\u00f5es legislativas espanholas, realizadas em 15 de junho de","_links":{"self":[{"href":"https:\/\/catalonia.com.br\/ca\/wp-json\/wp\/v2\/pages\/2367","targetHints":{"allow":["GET"]}}],"collection":[{"href":"https:\/\/catalonia.com.br\/ca\/wp-json\/wp\/v2\/pages"}],"about":[{"href":"https:\/\/catalonia.com.br\/ca\/wp-json\/wp\/v2\/types\/page"}],"author":[{"embeddable":true,"href":"https:\/\/catalonia.com.br\/ca\/wp-json\/wp\/v2\/users\/1"}],"replies":[{"embeddable":true,"href":"https:\/\/catalonia.com.br\/ca\/wp-json\/wp\/v2\/comments?post=2367"}],"version-history":[{"count":0,"href":"https:\/\/catalonia.com.br\/ca\/wp-json\/wp\/v2\/pages\/2367\/revisions"}],"up":[{"embeddable":true,"href":"https:\/\/catalonia.com.br\/ca\/wp-json\/wp\/v2\/pages\/2033"}],"wp:attachment":[{"href":"https:\/\/catalonia.com.br\/ca\/wp-json\/wp\/v2\/media?parent=2367"}],"curies":[{"name":"wp","href":"https:\/\/api.w.org\/{rel}","templated":true}]}}