{"id":2330,"date":"2023-06-10T20:58:38","date_gmt":"2023-06-10T23:58:38","guid":{"rendered":"https:\/\/catalonia.com.br\/?page_id=2330"},"modified":"2023-07-23T00:09:05","modified_gmt":"2023-07-23T03:09:05","slug":"a-generalitat-de-catalunya-no-exilio","status":"publish","type":"page","link":"https:\/\/catalonia.com.br\/ca\/a-catalunha\/historia-da-catalunha\/a-generalitat-de-catalunya-no-exilio\/","title":{"rendered":"A Generalitat de Catalunya no ex\u00edlio (1939-1977)"},"content":{"rendered":"<div data-elementor-type=\"wp-page\" data-elementor-id=\"2330\" class=\"elementor elementor-2330\">\n\t\t\t\t\t\t<section class=\"elementor-section elementor-top-section elementor-element elementor-element-0ie05be elementor-section-height-min-height elementor-section-boxed elementor-section-height-default elementor-section-items-middle wpr-particle-no wpr-jarallax-no wpr-parallax-no wpr-sticky-section-no elementor-invisible\" data-id=\"0ie05be\" data-element_type=\"section\" data-e-type=\"section\" data-settings=\"{&quot;background_background&quot;:&quot;classic&quot;,&quot;animation&quot;:&quot;fadeIn&quot;}\">\n\t\t\t\t\t\t\t<div class=\"elementor-background-overlay\"><\/div>\n\t\t\t\t\t\t\t<div class=\"elementor-container elementor-column-gap-no\">\n\t\t\t\t\t<div class=\"elementor-column elementor-col-100 elementor-top-column elementor-element elementor-element-aaad5b0\" data-id=\"aaad5b0\" data-element_type=\"column\" data-e-type=\"column\">\n\t\t\t<div class=\"elementor-widget-wrap\">\n\t\t\t\t\t\t\t<\/div>\n\t\t<\/div>\n\t\t\t\t\t<\/div>\n\t\t<\/section>\n\t\t\t\t<section class=\"elementor-section elementor-top-section elementor-element elementor-element-b0b3f95 elementor-section-boxed elementor-section-height-default elementor-section-height-default wpr-particle-no wpr-jarallax-no wpr-parallax-no wpr-sticky-section-no\" data-id=\"b0b3f95\" data-element_type=\"section\" data-e-type=\"section\" data-settings=\"{&quot;background_background&quot;:&quot;classic&quot;}\">\n\t\t\t\t\t\t<div class=\"elementor-container elementor-column-gap-default\">\n\t\t\t\t\t<div class=\"elementor-column elementor-col-100 elementor-top-column elementor-element elementor-element-e9eaf4e\" data-id=\"e9eaf4e\" data-element_type=\"column\" data-e-type=\"column\">\n\t\t\t<div class=\"elementor-widget-wrap elementor-element-populated\">\n\t\t\t\t\t\t<div class=\"elementor-element elementor-element-90ba35c elementor-widget elementor-widget-spacer\" data-id=\"90ba35c\" data-element_type=\"widget\" data-e-type=\"widget\" data-widget_type=\"spacer.default\">\n\t\t\t\t<div class=\"elementor-widget-container\">\n\t\t\t\t\t\t\t<div class=\"elementor-spacer\">\n\t\t\t<div class=\"elementor-spacer-inner\"><\/div>\n\t\t<\/div>\n\t\t\t\t\t\t<\/div>\n\t\t\t\t<\/div>\n\t\t\t\t<div class=\"elementor-element elementor-element-6c66b08 elementor-widget elementor-widget-heading\" data-id=\"6c66b08\" data-element_type=\"widget\" data-e-type=\"widget\" data-widget_type=\"heading.default\">\n\t\t\t\t<div class=\"elementor-widget-container\">\n\t\t\t\t\t<h1 class=\"elementor-heading-title elementor-size-default\">A Primera Generalitat de Catalunya da \u00e9poca moderna (1931-1939)<\/h1>\t\t\t\t<\/div>\n\t\t\t\t<\/div>\n\t\t\t\t\t<\/div>\n\t\t<\/div>\n\t\t\t\t\t<\/div>\n\t\t<\/section>\n\t\t\t\t<section class=\"elementor-section elementor-top-section elementor-element elementor-element-cf4d000 elementor-section-boxed elementor-section-height-default elementor-section-height-default wpr-particle-no wpr-jarallax-no wpr-parallax-no wpr-sticky-section-no\" data-id=\"cf4d000\" data-element_type=\"section\" data-e-type=\"section\" data-settings=\"{&quot;background_background&quot;:&quot;classic&quot;}\">\n\t\t\t\t\t\t<div class=\"elementor-container elementor-column-gap-default\">\n\t\t\t\t\t<div class=\"elementor-column elementor-col-100 elementor-top-column elementor-element elementor-element-f75b486\" data-id=\"f75b486\" data-element_type=\"column\" data-e-type=\"column\">\n\t\t\t<div class=\"elementor-widget-wrap elementor-element-populated\">\n\t\t\t\t\t\t<div class=\"elementor-element elementor-element-8c9ecd8 elementor-widget elementor-widget-heading\" data-id=\"8c9ecd8\" data-element_type=\"widget\" data-e-type=\"widget\" data-widget_type=\"heading.default\">\n\t\t\t\t<div class=\"elementor-widget-container\">\n\t\t\t\t\t<h3 class=\"elementor-heading-title elementor-size-default\">Os presidentes da nova era pol\u00edtica catal\u00e3<\/h3>\t\t\t\t<\/div>\n\t\t\t\t<\/div>\n\t\t\t\t\t<\/div>\n\t\t<\/div>\n\t\t\t\t\t<\/div>\n\t\t<\/section>\n\t\t\t\t<section class=\"elementor-section elementor-top-section elementor-element elementor-element-351e56a elementor-section-boxed elementor-section-height-default elementor-section-height-default wpr-particle-no wpr-jarallax-no wpr-parallax-no wpr-sticky-section-no\" data-id=\"351e56a\" data-element_type=\"section\" data-e-type=\"section\" data-settings=\"{&quot;background_background&quot;:&quot;gradient&quot;}\">\n\t\t\t\t\t\t<div class=\"elementor-container elementor-column-gap-extended\">\n\t\t\t\t\t<div class=\"elementor-column elementor-col-100 elementor-top-column elementor-element elementor-element-9b5224b\" data-id=\"9b5224b\" data-element_type=\"column\" data-e-type=\"column\">\n\t\t\t<div class=\"elementor-widget-wrap elementor-element-populated\">\n\t\t\t\t\t\t<div class=\"elementor-element elementor-element-ead46e9 elementor-drop-cap-yes elementor-drop-cap-view-stacked elementor-widget elementor-widget-text-editor\" data-id=\"ead46e9\" data-element_type=\"widget\" data-e-type=\"widget\" data-settings=\"{&quot;drop_cap&quot;:&quot;yes&quot;}\" data-widget_type=\"text-editor.default\">\n\t\t\t\t<div class=\"elementor-widget-container\">\n\t\t\t\t\t\t\t\t\t<p style=\"text-align: justify;\">O resultado das elei\u00e7\u00f5es de 12 de abril de 1931 deu uma vit\u00f3ria esmagadora ao prestigioso l\u00edder da Esquerra Republicana de Catalunya (ERC), Francesc Maci\u00e0, que proclamou em 14 de abril a Rep\u00fablica Catal\u00e3 dentro de uma Federa\u00e7\u00e3o de povos ib\u00e9ricos. Ap\u00f3s algumas horas, a Segunda Rep\u00fablica Espanhola era proclamada em Madri. As negocia\u00e7\u00f5es entre os dois novos poderes, de Madri e Barcelona, permitiram que, em 17 de abril, houvesse o restabelecimento provis\u00f3rio da Generalitat de Catalunha, com Francesc Maci\u00e0 como primeiro presidente da institui\u00e7\u00e3o.<\/p><h4 style=\"text-align: justify;\">Presidente Francesc Maci\u00e0 (1859-1933)<\/h4><p style=\"text-align: justify;\">Em 28 de abril, por meio de decretos do Presidente Maci\u00e0, estruturava-se a Generalitat provis\u00f3ria, nomeando-se o seu primeiro Governo, com a maioria de Esquerra Republicana de Catalunya. A Generalitat ficava integrada por um Conselho ou governo provis\u00f3rio, por uma Assembl\u00e9ia ou C\u00e2mara de Deputados provis\u00f3ria (quarenta e cinco deputados eleitos pelos \u201c<em>regidors<\/em>\u201d (vereadores) de todos os munic\u00edpios catal\u00e3es) e por comiss\u00e1rios delegados pelo governo, encarregados dos servi\u00e7os das desaparecidas c\u00e2maras de deputados provinciais catal\u00e3s.<\/p><p style=\"text-align: justify;\">Um dos primeiros atos de governo do Presidente Maci\u00e0 foi dissolver essas corpora\u00e7\u00f5es provinciais que n\u00e3o respondiam a uma organiza\u00e7\u00e3o territorial aut\u00f3ctone. Assim, iniciava-se um novo cap\u00edtulo hist\u00f3rico, por\u00e9m n\u00e3o estaria isento de grandes dificuldades. Ainda que o per\u00edodo hist\u00f3rico correspondente fosse breve (1931-1939) e apesar da suspens\u00e3o do Estatuto de Autonomia, desde outubro de 1934 at\u00e9 fevereiro de 1936, foi suficiente para estabelecer as bases sobre as quais ainda hoje estrutura-se o poder pol\u00edtico na Catalunha. Cabia \u00e0 Assembleia Provis\u00f3ria a responsabilidade da elabora\u00e7\u00e3o do projeto de Estatuto de Autonomia, que, uma vez submetido ao plebiscito, foi apresentado para ratifica\u00e7\u00e3o das Cortes da Rep\u00fablica. Esta ratifica\u00e7\u00e3o n\u00e3o ocorreu: as cortes modificaram o seu conte\u00fado limitando as compet\u00eancias dispon\u00edveis. Em 9 de setembro de 1932, as Cortes aprovaram o Estatuto de Autonomia e, ap\u00f3s algumas semanas, foram realizadas elei\u00e7\u00f5es para o Parlamento da Catalunha, o qual constitui-se em 6 de dezembro de 1932, com Llu\u00eds Companys como primeiro presidente da c\u00e2mara legislativa.<\/p><p style=\"text-align: justify;\">A Generalitat ficou constitu\u00edda pelo Parlamento, o Presidente da Generalitat e o Governo. Pouco depois, al\u00e9m dos poderes executivo e legislativo, a Catalunha assumiu poderes judiciais com a cria\u00e7\u00e3o do \u201cTribunal de Cassaci\u00f3\u201d (1934). Novos poderes executivos, incluindo os da Ordem P\u00fablica, foram tamb\u00e9m assumidos em janeiro de 1934 pelo governo da Generalitat ao desaparecer da estrutura pol\u00edtica a figura dos governadores civis, que representavam o governo espanhol na Catalunha. Por\u00e9m, esta nova organiza\u00e7\u00e3o do poder na Catalunha e a cess\u00e3o \u00e0 Generalitat de compet\u00eancias de governo, n\u00e3o equivalia, contudo, a uma devolu\u00e7\u00e3o da soberania anterior \u00e0 aboli\u00e7\u00e3o da Generalitat por Felipe V. No dia de Natal de 1933 morria o presidente Maci\u00e0, o primeiro restaurador da Generalitat, ent\u00e3o o Parlamento da Catalunha elegia, como seu sucessor a Llu\u00eds Companys.<\/p><h4 style=\"text-align: justify;\">Presidente Llu\u00eds Companys (1882-1940)<\/h4><p style=\"text-align: justify;\">Sob o mandato de Llu\u00eds Companys (1933-1940), segundo presidente da Generalitat contempor\u00e2nea, foi quando o Parlamento da Catalunha conheceu a etapa mais din\u00e2mica da sua atividade legislativa. Criou-se o \u201cTribunal de Cassaci\u00f3\u201d, foi aprovada a Lei municipal e outras numerosas leis e disposi\u00e7\u00f5es de governo em mat\u00e9ria de Finan\u00e7as, Justi\u00e7a, Trabalho, Cooperativas, Agricultura, Ensino, Cultura, Sa\u00fade, Direito Civil, etc. Em 6 de outubro de 1934, considerando que a Rep\u00fablica e a autonomia da Catalunha estavam amea\u00e7adas, o presidente Llu\u00eds Companys enfrentou-se asperamente com o governo Central e proclamou o Estado Catal\u00e3o dentro da Rep\u00fablica Federal espanhola. O movimento foi esmagado pelo ex\u00e9rcito. O Estatuto de autonomia foi suspenso e o governo da Catalunha assim como muitos outros cidad\u00e3os, investidos de autoridade ou n\u00e3o foram aprisionados e condenados a longas penas. Em fevereiro de 1936, as elei\u00e7\u00f5es gerais tiraram do pres\u00eddio o governo da Catalunha e a Generalitat reassumiu suas fun\u00e7\u00f5es. Em 18 de julho de 1936, o General Franco se rebela contra a Rep\u00fablica. Era o golpe de estado e o in\u00edcio da guerra civil espanhola. Na Catalunha, o povo e a for\u00e7a p\u00fablica comandada pela Generalitat neutralizaram a revolta dos militares. Contudo, o levante militar provocou uma explos\u00e3o revolucion\u00e1ria criada anteriormente, sobretudo pelo anarco-sindicalismo da CNT-FAI, que originou fortes tens\u00f5es com o Governo da Generalitat at\u00e9 o final de 1936, quando se integraram conselheiros de ideologia anarquista. A experi\u00eancia seria curta. Em maio de 1937, a CNT-FAI perdeu a hegemonia em benef\u00edcio dos comunistas e do partido do Governo, Esquerra Republicana da Catalunya. Durante o primeiro per\u00edodo da guerra civil, o Governo da Generalitat assumiu plenos poderes para enfrentar a situa\u00e7\u00e3o, o que possibilitou tomar as decis\u00f5es necess\u00e1rias para a defesa das institui\u00e7\u00f5es da Catalunha. Assim, foram prorrogadas a legislatura e a presid\u00eancia de Llu\u00eds Companys, diante da impossibilidade de convocar elei\u00e7\u00f5es legislativas. No final de 1937 o Governo de Madrid recuperou o poder sobre a Catalunha que havia cedido com o Estatuto de Autonomia de 1932, concretamente a ordem p\u00fablica. Na Catalunha as lutas internas de car\u00e1ter s\u00f3cio-pol\u00edtico repercutiram, mais uma vez negativamente, na autonomia pol\u00edtica do pa\u00eds.<\/p>\t\t\t\t\t\t\t\t<\/div>\n\t\t\t\t<\/div>\n\t\t\t\t\t<\/div>\n\t\t<\/div>\n\t\t\t\t\t<\/div>\n\t\t<\/section>\n\t\t\t\t<\/div>","protected":false},"excerpt":{"rendered":"<p>A Primera Generalitat de Catalunya da \u00e9poca moderna (1931-1939) Os presidentes da nova era pol\u00edtica catal\u00e3 O resultado das elei\u00e7\u00f5es de 12 de abril de 1931 deu uma vit\u00f3ria esmagadora ao prestigioso l\u00edder da Esquerra Republicana de Catalunya (ERC), Francesc Maci\u00e0, que proclamou em 14 de abril a Rep\u00fablica Catal\u00e3 dentro de uma Federa\u00e7\u00e3o de<\/p>","protected":false},"author":1,"featured_media":0,"parent":2033,"menu_order":0,"comment_status":"closed","ping_status":"closed","template":"","meta":{"_uag_custom_page_level_css":"","order-bump-settings":[],"_wpfnl_thankyou_order_overview":"on","_wpfnl_thankyou_order_details":"on","_wpfnl_thankyou_billing_details":"on","_wpfnl_thankyou_shipping_details":"on","site-sidebar-layout":"no-sidebar","site-content-layout":"page-builder","ast-site-content-layout":"","site-content-style":"default","site-sidebar-style":"default","ast-global-header-display":"","ast-banner-title-visibility":"","ast-main-header-display":"","ast-hfb-above-header-display":"","ast-hfb-below-header-display":"","ast-hfb-mobile-header-display":"","site-post-title":"disabled","ast-breadcrumbs-content":"","ast-featured-img":"disabled","footer-sml-layout":"","theme-transparent-header-meta":"default","adv-header-id-meta":"","stick-header-meta":"","header-above-stick-meta":"","header-main-stick-meta":"","header-below-stick-meta":"","astra-migrate-meta-layouts":"default","ast-page-background-enabled":"default","ast-page-background-meta":{"desktop":{"background-color":"","background-image":"","background-repeat":"repeat","background-position":"center center","background-size":"auto","background-attachment":"scroll","background-type":"","background-media":"","overlay-type":"","overlay-color":"","overlay-opacity":"","overlay-gradient":""},"tablet":{"background-color":"","background-image":"","background-repeat":"repeat","background-position":"center center","background-size":"auto","background-attachment":"scroll","background-type":"","background-media":"","overlay-type":"","overlay-color":"","overlay-opacity":"","overlay-gradient":""},"mobile":{"background-color":"","background-image":"","background-repeat":"repeat","background-position":"center center","background-size":"auto","background-attachment":"scroll","background-type":"","background-media":"","overlay-type":"","overlay-color":"","overlay-opacity":"","overlay-gradient":""}},"ast-content-background-meta":{"desktop":{"background-color":"var(--ast-global-color-5)","background-image":"","background-repeat":"repeat","background-position":"center center","background-size":"auto","background-attachment":"scroll","background-type":"","background-media":"","overlay-type":"","overlay-color":"","overlay-opacity":"","overlay-gradient":""},"tablet":{"background-color":"var(--ast-global-color-5)","background-image":"","background-repeat":"repeat","background-position":"center center","background-size":"auto","background-attachment":"scroll","background-type":"","background-media":"","overlay-type":"","overlay-color":"","overlay-opacity":"","overlay-gradient":""},"mobile":{"background-color":"var(--ast-global-color-5)","background-image":"","background-repeat":"repeat","background-position":"center center","background-size":"auto","background-attachment":"scroll","background-type":"","background-media":"","overlay-type":"","overlay-color":"","overlay-opacity":"","overlay-gradient":""}},"footnotes":""},"class_list":["post-2330","page","type-page","status-publish","hentry"],"yoast_head":"<!-- This site is optimized with the Yoast SEO plugin v27.2 - https:\/\/yoast.com\/product\/yoast-seo-wordpress\/ -->\n<title>A Generalitat de Catalunya no ex\u00edlio (1939-1977) - Associa\u00e7\u00e3o Cultural Catalonia<\/title>\n<meta name=\"robots\" content=\"index, follow, max-snippet:-1, max-image-preview:large, max-video-preview:-1\" \/>\n<link rel=\"canonical\" href=\"https:\/\/catalonia.com.br\/ca\/a-catalunha\/historia-da-catalunha\/a-generalitat-de-catalunya-no-exilio\/\" \/>\n<meta property=\"og:locale\" content=\"ca_ES\" \/>\n<meta property=\"og:type\" content=\"article\" \/>\n<meta property=\"og:title\" content=\"A Generalitat de Catalunya no ex\u00edlio (1939-1977) - Associa\u00e7\u00e3o Cultural Catalonia\" \/>\n<meta property=\"og:description\" content=\"A Primera Generalitat de Catalunya da \u00e9poca moderna (1931-1939) Os presidentes da nova era pol\u00edtica catal\u00e3 O resultado das elei\u00e7\u00f5es de 12 de abril de 1931 deu uma vit\u00f3ria esmagadora ao prestigioso l\u00edder da Esquerra Republicana de Catalunya (ERC), Francesc Maci\u00e0, que proclamou em 14 de abril a Rep\u00fablica Catal\u00e3 dentro de uma Federa\u00e7\u00e3o de\" \/>\n<meta property=\"og:url\" content=\"https:\/\/catalonia.com.br\/ca\/a-catalunha\/historia-da-catalunha\/a-generalitat-de-catalunya-no-exilio\/\" \/>\n<meta property=\"og:site_name\" content=\"Associa\u00e7\u00e3o Cultural Catalonia\" \/>\n<meta property=\"article:modified_time\" content=\"2023-07-23T03:09:05+00:00\" \/>\n<meta name=\"twitter:card\" content=\"summary_large_image\" \/>\n<meta name=\"twitter:label1\" content=\"Temps estimat de lectura\" \/>\n\t<meta name=\"twitter:data1\" content=\"5 minuts\" \/>\n<script type=\"application\/ld+json\" class=\"yoast-schema-graph\">{\"@context\":\"https:\/\/schema.org\",\"@graph\":[{\"@type\":\"WebPage\",\"@id\":\"https:\/\/catalonia.com.br\/a-catalunha\/historia-da-catalunha\/a-generalitat-de-catalunya-no-exilio\/\",\"url\":\"https:\/\/catalonia.com.br\/a-catalunha\/historia-da-catalunha\/a-generalitat-de-catalunya-no-exilio\/\",\"name\":\"A Generalitat de Catalunya no ex\u00edlio (1939-1977) - Associa\u00e7\u00e3o Cultural Catalonia\",\"isPartOf\":{\"@id\":\"https:\/\/catalonia.com.br\/#website\"},\"datePublished\":\"2023-06-10T23:58:38+00:00\",\"dateModified\":\"2023-07-23T03:09:05+00:00\",\"breadcrumb\":{\"@id\":\"https:\/\/catalonia.com.br\/a-catalunha\/historia-da-catalunha\/a-generalitat-de-catalunya-no-exilio\/#breadcrumb\"},\"inLanguage\":\"ca\",\"potentialAction\":[{\"@type\":\"ReadAction\",\"target\":[\"https:\/\/catalonia.com.br\/a-catalunha\/historia-da-catalunha\/a-generalitat-de-catalunya-no-exilio\/\"]}]},{\"@type\":\"BreadcrumbList\",\"@id\":\"https:\/\/catalonia.com.br\/a-catalunha\/historia-da-catalunha\/a-generalitat-de-catalunya-no-exilio\/#breadcrumb\",\"itemListElement\":[{\"@type\":\"ListItem\",\"position\":1,\"name\":\"In\u00edcio\",\"item\":\"https:\/\/catalonia.com.br\/\"},{\"@type\":\"ListItem\",\"position\":2,\"name\":\"A Catalunha\",\"item\":\"https:\/\/catalonia.com.br\/a-catalunha\/\"},{\"@type\":\"ListItem\",\"position\":3,\"name\":\"Hist\u00f3ria da Catalunha\",\"item\":\"https:\/\/catalonia.com.br\/a-catalunha\/historia-da-catalunha\/\"},{\"@type\":\"ListItem\",\"position\":4,\"name\":\"A Generalitat de Catalunya no ex\u00edlio (1939-1977)\"}]},{\"@type\":\"WebSite\",\"@id\":\"https:\/\/catalonia.com.br\/#website\",\"url\":\"https:\/\/catalonia.com.br\/\",\"name\":\"Associa\u00e7\u00e3o Cultural Catalonia\",\"description\":\"\",\"publisher\":{\"@id\":\"https:\/\/catalonia.com.br\/#organization\"},\"potentialAction\":[{\"@type\":\"SearchAction\",\"target\":{\"@type\":\"EntryPoint\",\"urlTemplate\":\"https:\/\/catalonia.com.br\/?s={search_term_string}\"},\"query-input\":{\"@type\":\"PropertyValueSpecification\",\"valueRequired\":true,\"valueName\":\"search_term_string\"}}],\"inLanguage\":\"ca\"},{\"@type\":\"Organization\",\"@id\":\"https:\/\/catalonia.com.br\/#organization\",\"name\":\"Associa\u00e7\u00e3o Cultural Catalonia\",\"url\":\"https:\/\/catalonia.com.br\/\",\"logo\":{\"@type\":\"ImageObject\",\"inLanguage\":\"ca\",\"@id\":\"https:\/\/catalonia.com.br\/#\/schema\/logo\/image\/\",\"url\":\"https:\/\/catalonia.com.br\/wp-content\/uploads\/2023\/06\/cropped-cropped-cropped-Catalonia-logotip-renovat-2.png\",\"contentUrl\":\"https:\/\/catalonia.com.br\/wp-content\/uploads\/2023\/06\/cropped-cropped-cropped-Catalonia-logotip-renovat-2.png\",\"width\":313,\"height\":320,\"caption\":\"Associa\u00e7\u00e3o Cultural Catalonia\"},\"image\":{\"@id\":\"https:\/\/catalonia.com.br\/#\/schema\/logo\/image\/\"}}]}<\/script>\n<!-- \/ Yoast SEO plugin. -->","yoast_head_json":{"title":"A Generalitat de Catalunya no ex\u00edlio (1939-1977) - Associa\u00e7\u00e3o Cultural Catalonia","robots":{"index":"index","follow":"follow","max-snippet":"max-snippet:-1","max-image-preview":"max-image-preview:large","max-video-preview":"max-video-preview:-1"},"canonical":"https:\/\/catalonia.com.br\/ca\/a-catalunha\/historia-da-catalunha\/a-generalitat-de-catalunya-no-exilio\/","og_locale":"ca_ES","og_type":"article","og_title":"A Generalitat de Catalunya no ex\u00edlio (1939-1977) - Associa\u00e7\u00e3o Cultural Catalonia","og_description":"A Primera Generalitat de Catalunya da \u00e9poca moderna (1931-1939) Os presidentes da nova era pol\u00edtica catal\u00e3 O resultado das elei\u00e7\u00f5es de 12 de abril de 1931 deu uma vit\u00f3ria esmagadora ao prestigioso l\u00edder da Esquerra Republicana de Catalunya (ERC), Francesc Maci\u00e0, que proclamou em 14 de abril a Rep\u00fablica Catal\u00e3 dentro de uma Federa\u00e7\u00e3o de","og_url":"https:\/\/catalonia.com.br\/ca\/a-catalunha\/historia-da-catalunha\/a-generalitat-de-catalunya-no-exilio\/","og_site_name":"Associa\u00e7\u00e3o Cultural Catalonia","article_modified_time":"2023-07-23T03:09:05+00:00","twitter_card":"summary_large_image","twitter_misc":{"Temps estimat de lectura":"5 minuts"},"schema":{"@context":"https:\/\/schema.org","@graph":[{"@type":"WebPage","@id":"https:\/\/catalonia.com.br\/a-catalunha\/historia-da-catalunha\/a-generalitat-de-catalunya-no-exilio\/","url":"https:\/\/catalonia.com.br\/a-catalunha\/historia-da-catalunha\/a-generalitat-de-catalunya-no-exilio\/","name":"A Generalitat de Catalunya no ex\u00edlio (1939-1977) - Associa\u00e7\u00e3o Cultural Catalonia","isPartOf":{"@id":"https:\/\/catalonia.com.br\/#website"},"datePublished":"2023-06-10T23:58:38+00:00","dateModified":"2023-07-23T03:09:05+00:00","breadcrumb":{"@id":"https:\/\/catalonia.com.br\/a-catalunha\/historia-da-catalunha\/a-generalitat-de-catalunya-no-exilio\/#breadcrumb"},"inLanguage":"ca","potentialAction":[{"@type":"ReadAction","target":["https:\/\/catalonia.com.br\/a-catalunha\/historia-da-catalunha\/a-generalitat-de-catalunya-no-exilio\/"]}]},{"@type":"BreadcrumbList","@id":"https:\/\/catalonia.com.br\/a-catalunha\/historia-da-catalunha\/a-generalitat-de-catalunya-no-exilio\/#breadcrumb","itemListElement":[{"@type":"ListItem","position":1,"name":"In\u00edcio","item":"https:\/\/catalonia.com.br\/"},{"@type":"ListItem","position":2,"name":"A Catalunha","item":"https:\/\/catalonia.com.br\/a-catalunha\/"},{"@type":"ListItem","position":3,"name":"Hist\u00f3ria da Catalunha","item":"https:\/\/catalonia.com.br\/a-catalunha\/historia-da-catalunha\/"},{"@type":"ListItem","position":4,"name":"A Generalitat de Catalunya no ex\u00edlio (1939-1977)"}]},{"@type":"WebSite","@id":"https:\/\/catalonia.com.br\/#website","url":"https:\/\/catalonia.com.br\/","name":"l'Associaci\u00f3 Cultural Catalonia","description":"","publisher":{"@id":"https:\/\/catalonia.com.br\/#organization"},"potentialAction":[{"@type":"SearchAction","target":{"@type":"EntryPoint","urlTemplate":"https:\/\/catalonia.com.br\/?s={search_term_string}"},"query-input":{"@type":"PropertyValueSpecification","valueRequired":true,"valueName":"search_term_string"}}],"inLanguage":"ca"},{"@type":"Organization","@id":"https:\/\/catalonia.com.br\/#organization","name":"l'Associaci\u00f3 Cultural Catalonia","url":"https:\/\/catalonia.com.br\/","logo":{"@type":"ImageObject","inLanguage":"ca","@id":"https:\/\/catalonia.com.br\/#\/schema\/logo\/image\/","url":"https:\/\/catalonia.com.br\/wp-content\/uploads\/2023\/06\/cropped-cropped-cropped-Catalonia-logotip-renovat-2.png","contentUrl":"https:\/\/catalonia.com.br\/wp-content\/uploads\/2023\/06\/cropped-cropped-cropped-Catalonia-logotip-renovat-2.png","width":313,"height":320,"caption":"Associa\u00e7\u00e3o Cultural Catalonia"},"image":{"@id":"https:\/\/catalonia.com.br\/#\/schema\/logo\/image\/"}}]}},"uagb_featured_image_src":{"full":false,"thumbnail":false,"medium":false,"medium_large":false,"large":false,"1536x1536":false,"2048x2048":false,"trp-custom-language-flag":false,"woocommerce_thumbnail":false,"woocommerce_single":false,"woocommerce_gallery_thumbnail":false},"uagb_author_info":{"display_name":"Associa\u00e7\u00e3o Cultural Catalonia","author_link":"https:\/\/catalonia.com.br\/ca\/author\/admincat\/"},"uagb_comment_info":0,"uagb_excerpt":"A Primera Generalitat de Catalunya da \u00e9poca moderna (1931-1939) Os presidentes da nova era pol\u00edtica catal\u00e3 O resultado das elei\u00e7\u00f5es de 12 de abril de 1931 deu uma vit\u00f3ria esmagadora ao prestigioso l\u00edder da Esquerra Republicana de Catalunya (ERC), Francesc Maci\u00e0, que proclamou em 14 de abril a Rep\u00fablica Catal\u00e3 dentro de uma Federa\u00e7\u00e3o de","_links":{"self":[{"href":"https:\/\/catalonia.com.br\/ca\/wp-json\/wp\/v2\/pages\/2330","targetHints":{"allow":["GET"]}}],"collection":[{"href":"https:\/\/catalonia.com.br\/ca\/wp-json\/wp\/v2\/pages"}],"about":[{"href":"https:\/\/catalonia.com.br\/ca\/wp-json\/wp\/v2\/types\/page"}],"author":[{"embeddable":true,"href":"https:\/\/catalonia.com.br\/ca\/wp-json\/wp\/v2\/users\/1"}],"replies":[{"embeddable":true,"href":"https:\/\/catalonia.com.br\/ca\/wp-json\/wp\/v2\/comments?post=2330"}],"version-history":[{"count":0,"href":"https:\/\/catalonia.com.br\/ca\/wp-json\/wp\/v2\/pages\/2330\/revisions"}],"up":[{"embeddable":true,"href":"https:\/\/catalonia.com.br\/ca\/wp-json\/wp\/v2\/pages\/2033"}],"wp:attachment":[{"href":"https:\/\/catalonia.com.br\/ca\/wp-json\/wp\/v2\/media?parent=2330"}],"curies":[{"name":"wp","href":"https:\/\/api.w.org\/{rel}","templated":true}]}}