{"id":2297,"date":"2023-06-10T20:32:38","date_gmt":"2023-06-10T23:32:38","guid":{"rendered":"https:\/\/catalonia.com.br\/?page_id=2297"},"modified":"2023-07-23T00:08:58","modified_gmt":"2023-07-23T03:08:58","slug":"a-primeira-generalitat-de-catalunya-da-epoca-moderna-1931-1939","status":"publish","type":"page","link":"https:\/\/catalonia.com.br\/ca\/a-catalunha\/historia-da-catalunha\/a-primeira-generalitat-de-catalunya-da-epoca-moderna-1931-1939\/","title":{"rendered":"A Primeira Generalitat de Catalunya da \u00e9poca moderna (1931-1939)"},"content":{"rendered":"<div data-elementor-type=\"wp-page\" data-elementor-id=\"2297\" class=\"elementor elementor-2297\">\n\t\t\t\t\t\t<section class=\"elementor-section elementor-top-section elementor-element elementor-element-0ie05be elementor-section-height-min-height elementor-section-boxed elementor-section-height-default elementor-section-items-middle wpr-particle-no wpr-jarallax-no wpr-parallax-no wpr-sticky-section-no elementor-invisible\" data-id=\"0ie05be\" data-element_type=\"section\" data-e-type=\"section\" data-settings=\"{&quot;background_background&quot;:&quot;classic&quot;,&quot;animation&quot;:&quot;fadeIn&quot;}\">\n\t\t\t\t\t\t\t<div class=\"elementor-background-overlay\"><\/div>\n\t\t\t\t\t\t\t<div class=\"elementor-container elementor-column-gap-no\">\n\t\t\t\t\t<div class=\"elementor-column elementor-col-100 elementor-top-column elementor-element elementor-element-aaad5b0\" data-id=\"aaad5b0\" data-element_type=\"column\" data-e-type=\"column\">\n\t\t\t<div class=\"elementor-widget-wrap\">\n\t\t\t\t\t\t\t<\/div>\n\t\t<\/div>\n\t\t\t\t\t<\/div>\n\t\t<\/section>\n\t\t\t\t<section class=\"elementor-section elementor-top-section elementor-element elementor-element-b0b3f95 elementor-section-boxed elementor-section-height-default elementor-section-height-default wpr-particle-no wpr-jarallax-no wpr-parallax-no wpr-sticky-section-no\" data-id=\"b0b3f95\" data-element_type=\"section\" data-e-type=\"section\" data-settings=\"{&quot;background_background&quot;:&quot;classic&quot;}\">\n\t\t\t\t\t\t<div class=\"elementor-container elementor-column-gap-default\">\n\t\t\t\t\t<div class=\"elementor-column elementor-col-100 elementor-top-column elementor-element elementor-element-e9eaf4e\" data-id=\"e9eaf4e\" data-element_type=\"column\" data-e-type=\"column\">\n\t\t\t<div class=\"elementor-widget-wrap elementor-element-populated\">\n\t\t\t\t\t\t<div class=\"elementor-element elementor-element-90ba35c elementor-widget elementor-widget-spacer\" data-id=\"90ba35c\" data-element_type=\"widget\" data-e-type=\"widget\" data-widget_type=\"spacer.default\">\n\t\t\t\t<div class=\"elementor-widget-container\">\n\t\t\t\t\t\t\t<div class=\"elementor-spacer\">\n\t\t\t<div class=\"elementor-spacer-inner\"><\/div>\n\t\t<\/div>\n\t\t\t\t\t\t<\/div>\n\t\t\t\t<\/div>\n\t\t\t\t<div class=\"elementor-element elementor-element-6c66b08 elementor-widget elementor-widget-heading\" data-id=\"6c66b08\" data-element_type=\"widget\" data-e-type=\"widget\" data-widget_type=\"heading.default\">\n\t\t\t\t<div class=\"elementor-widget-container\">\n\t\t\t\t\t<h1 class=\"elementor-heading-title elementor-size-default\">A Generalitat de Catalunya no ex\u00edlio (1939-1977)<\/h1>\t\t\t\t<\/div>\n\t\t\t\t<\/div>\n\t\t\t\t\t<\/div>\n\t\t<\/div>\n\t\t\t\t\t<\/div>\n\t\t<\/section>\n\t\t\t\t<section class=\"elementor-section elementor-top-section elementor-element elementor-element-cf4d000 elementor-section-boxed elementor-section-height-default elementor-section-height-default wpr-particle-no wpr-jarallax-no wpr-parallax-no wpr-sticky-section-no\" data-id=\"cf4d000\" data-element_type=\"section\" data-e-type=\"section\" data-settings=\"{&quot;background_background&quot;:&quot;classic&quot;}\">\n\t\t\t\t\t\t<div class=\"elementor-container elementor-column-gap-default\">\n\t\t\t\t\t<div class=\"elementor-column elementor-col-100 elementor-top-column elementor-element elementor-element-f75b486\" data-id=\"f75b486\" data-element_type=\"column\" data-e-type=\"column\">\n\t\t\t<div class=\"elementor-widget-wrap elementor-element-populated\">\n\t\t\t\t\t\t<div class=\"elementor-element elementor-element-8c9ecd8 elementor-widget elementor-widget-heading\" data-id=\"8c9ecd8\" data-element_type=\"widget\" data-e-type=\"widget\" data-widget_type=\"heading.default\">\n\t\t\t\t<div class=\"elementor-widget-container\">\n\t\t\t\t\t<h3 class=\"elementor-heading-title elementor-size-default\">38 anos de presid\u00eancia catal\u00e3 no ex\u00edlio<\/h3>\t\t\t\t<\/div>\n\t\t\t\t<\/div>\n\t\t\t\t\t<\/div>\n\t\t<\/div>\n\t\t\t\t\t<\/div>\n\t\t<\/section>\n\t\t\t\t<section class=\"elementor-section elementor-top-section elementor-element elementor-element-351e56a elementor-section-boxed elementor-section-height-default elementor-section-height-default wpr-particle-no wpr-jarallax-no wpr-parallax-no wpr-sticky-section-no\" data-id=\"351e56a\" data-element_type=\"section\" data-e-type=\"section\" data-settings=\"{&quot;background_background&quot;:&quot;gradient&quot;}\">\n\t\t\t\t\t\t<div class=\"elementor-container elementor-column-gap-extended\">\n\t\t\t\t\t<div class=\"elementor-column elementor-col-100 elementor-top-column elementor-element elementor-element-9b5224b\" data-id=\"9b5224b\" data-element_type=\"column\" data-e-type=\"column\">\n\t\t\t<div class=\"elementor-widget-wrap elementor-element-populated\">\n\t\t\t\t\t\t<div class=\"elementor-element elementor-element-ead46e9 elementor-drop-cap-yes elementor-drop-cap-view-stacked elementor-widget elementor-widget-text-editor\" data-id=\"ead46e9\" data-element_type=\"widget\" data-e-type=\"widget\" data-settings=\"{&quot;drop_cap&quot;:&quot;yes&quot;}\" data-widget_type=\"text-editor.default\">\n\t\t\t\t<div class=\"elementor-widget-container\">\n\t\t\t\t\t\t\t\t\t<p style=\"text-align: justify;\">Ainda n\u00e3o terminara a guerra e o general Franco aboliu a Generalitat (1938) da mesma forma que o fez Felipe V (1716). Sua dissolu\u00e7\u00e3o em 1939 levou o Governo Catal\u00e3o, os membros do Parlamento e milhares de cidad\u00e3os ao ex\u00edlio. Por solicita\u00e7\u00e3o das autoridades franquistas de Madri, o presidente da Catalunha, Llu\u00eds Companys, foi detido em agosto de 1940 na cidade francesa de La Baule, por tr\u00eas agentes da GESTAPO, pol\u00edcia militar alem\u00e3, e entregue ao Governo de Franco. Julgado no castelo de Montjuic em Barcelona por um tribunal militar foi condenado a morte e fuzilado em 15 de outubro de 1940.<\/p><h4 style=\"text-align: justify;\">Presidente Josep Irla (1876-1958)<\/h4><p style=\"text-align: justify;\">Como os seus antecessores, foi deputado nas Cortes e no Parlamento da Catalunha (1932) pela Esquerra Republicana de Catalunya. Foi o \u00faltimo Presidente do Parlamento antes da sua dissolu\u00e7\u00e3o pelo general Franco. Ap\u00f3s a execu\u00e7\u00e3o de Companys e encontrando-se no ex\u00edlio, Josep Irla assumiu a Presid\u00eancia da Generalitat conforme o previsto na legisla\u00e7\u00e3o catal\u00e3. Formou um governo de personalidades no ex\u00edlio e nomeou Josep Tarradellas como Primeiro Conselheiro (ministro) do Governo. Demitiu-se em maio de 1954 e morreu no ex\u00edlio (Fran\u00e7a) em 1958. Visto a impossibilidade de que o Parlamento pudesse reunir-se naquelas circunst\u00e2ncias de dispers\u00e3o, Josep Irla, que havia sido eleito Presidente do Parlamento em outubro de 1938, assumiu interinamente a Presid\u00eancia da Generalitat no ex\u00edlio at\u00e9 sua demiss\u00e3o em 7 de maio de 1954.<\/p><p style=\"text-align: justify;\">A necessidade de garantir a continuidade da Presid\u00eancia da Generalitat em um a situa\u00e7\u00e3o que impedia o funcionamento normal das institui\u00e7\u00f5es da Catalunha, levou a elei\u00e7\u00e3o de um novo presidente, mediante uma reuni\u00e3o dos deputados do Parlamento realizada em 7 de agosto de 1954 na embaixada espanhola do M\u00e9xico, pa\u00eds que n\u00e3o havia reconhecido o regime pol\u00edtico da Espanha franquista, instaurado em 1939. Foi eleito, ent\u00e3o, Presidente da Generalitat, Josep Tarradellas, a quem Josep Irla j\u00e1 havia delegado suas fun\u00e7\u00f5es executivas no ano de 1952 e que, em 1937 havia sido Primeiro Conselheiro (ministro) do Governo Catal\u00e3o e Conselheiro (ministro) das Finan\u00e7as. Tarradellas passou a ser o representante do Governo Catal\u00e3o no ex\u00edlio e foi reconhecido como tal pelas for\u00e7as pol\u00edticas catal\u00e3s.<\/p><h4 style=\"text-align: justify;\">Presidente Josep Tarradellas (1899-1988)<\/h4><p style=\"text-align: justify;\">Quando jovem, foi militante em diversas organiza\u00e7\u00f5es de esquerda e nacionalistas. Em 1931 foi secret\u00e1rio-geral da Esquerra Republicana de Catalunya. Deputado nas Cortes Constituintes espanholas em 1931, foi tamb\u00e9m Ministro de Governo e da Sa\u00fade durante a presid\u00eancia de Francesc Maci\u00e0. Durante a guerra civil (1936-1939), foi Ministro de Servi\u00e7os P\u00fablicos, Economia, Finan\u00e7as e Cultura. Exilado na Fran\u00e7a e ap\u00f3s a demiss\u00e3o do presidente Josep Irla em 1954 foi eleito, na Embaixada da Rep\u00fablica Espanhola no M\u00e9xico, como Presidente da Generalitat no ex\u00edlio. Ap\u00f3s a morte do general Franco em 1975, Tarradellas foi chamado a Madri em 1977 pelo Presidente do governo espanhol, Adolfo Su\u00e1rez (onde tamb\u00e9m foi recebido pelo rei), para negociar, de acordo com as for\u00e7as pol\u00edticas da Catalunha, o restabelecimento da Generalitat, o que se concretizou em outubro do mesmo ano. Recebido solenemente em Barcelona, constituiu um governo de unidade nacional. Tarradellas havia mantido a institui\u00e7\u00e3o no ex\u00edlio e representava a continuidade hist\u00f3rica da Generalitat. Foi o \u00fanico governante da \u00e9poca da Rep\u00fablica Espanhola (1931-1939), que retornou para exercer fun\u00e7\u00f5es de governo na democracia reinstaurada. Terminou o seu mandato com as elei\u00e7\u00f5es do Parlamento da Catalunha em mar\u00e7o de 1980. Em abril o Parlamento elegia Presidente da Generalitat, <strong>Jordi Pujol<\/strong>.<\/p>\t\t\t\t\t\t\t\t<\/div>\n\t\t\t\t<\/div>\n\t\t\t\t\t<\/div>\n\t\t<\/div>\n\t\t\t\t\t<\/div>\n\t\t<\/section>\n\t\t\t\t<\/div>","protected":false},"excerpt":{"rendered":"<p>A Generalitat de Catalunya no ex\u00edlio (1939-1977) 38 anos de presid\u00eancia catal\u00e3 no ex\u00edlio Ainda n\u00e3o terminara a guerra e o general Franco aboliu a Generalitat (1938) da mesma forma que o fez Felipe V (1716). Sua dissolu\u00e7\u00e3o em 1939 levou o Governo Catal\u00e3o, os membros do Parlamento e milhares de cidad\u00e3os ao ex\u00edlio. Por<\/p>","protected":false},"author":1,"featured_media":0,"parent":2033,"menu_order":0,"comment_status":"closed","ping_status":"closed","template":"","meta":{"_uag_custom_page_level_css":"","order-bump-settings":[],"_wpfnl_thankyou_order_overview":"on","_wpfnl_thankyou_order_details":"on","_wpfnl_thankyou_billing_details":"on","_wpfnl_thankyou_shipping_details":"on","site-sidebar-layout":"no-sidebar","site-content-layout":"page-builder","ast-site-content-layout":"","site-content-style":"default","site-sidebar-style":"default","ast-global-header-display":"","ast-banner-title-visibility":"","ast-main-header-display":"","ast-hfb-above-header-display":"","ast-hfb-below-header-display":"","ast-hfb-mobile-header-display":"","site-post-title":"disabled","ast-breadcrumbs-content":"","ast-featured-img":"disabled","footer-sml-layout":"","theme-transparent-header-meta":"default","adv-header-id-meta":"","stick-header-meta":"","header-above-stick-meta":"","header-main-stick-meta":"","header-below-stick-meta":"","astra-migrate-meta-layouts":"default","ast-page-background-enabled":"default","ast-page-background-meta":{"desktop":{"background-color":"","background-image":"","background-repeat":"repeat","background-position":"center center","background-size":"auto","background-attachment":"scroll","background-type":"","background-media":"","overlay-type":"","overlay-color":"","overlay-opacity":"","overlay-gradient":""},"tablet":{"background-color":"","background-image":"","background-repeat":"repeat","background-position":"center center","background-size":"auto","background-attachment":"scroll","background-type":"","background-media":"","overlay-type":"","overlay-color":"","overlay-opacity":"","overlay-gradient":""},"mobile":{"background-color":"","background-image":"","background-repeat":"repeat","background-position":"center center","background-size":"auto","background-attachment":"scroll","background-type":"","background-media":"","overlay-type":"","overlay-color":"","overlay-opacity":"","overlay-gradient":""}},"ast-content-background-meta":{"desktop":{"background-color":"var(--ast-global-color-5)","background-image":"","background-repeat":"repeat","background-position":"center center","background-size":"auto","background-attachment":"scroll","background-type":"","background-media":"","overlay-type":"","overlay-color":"","overlay-opacity":"","overlay-gradient":""},"tablet":{"background-color":"var(--ast-global-color-5)","background-image":"","background-repeat":"repeat","background-position":"center center","background-size":"auto","background-attachment":"scroll","background-type":"","background-media":"","overlay-type":"","overlay-color":"","overlay-opacity":"","overlay-gradient":""},"mobile":{"background-color":"var(--ast-global-color-5)","background-image":"","background-repeat":"repeat","background-position":"center center","background-size":"auto","background-attachment":"scroll","background-type":"","background-media":"","overlay-type":"","overlay-color":"","overlay-opacity":"","overlay-gradient":""}},"footnotes":""},"class_list":["post-2297","page","type-page","status-publish","hentry"],"yoast_head":"<!-- This site is optimized with the Yoast SEO plugin v27.2 - https:\/\/yoast.com\/product\/yoast-seo-wordpress\/ -->\n<title>A Primeira Generalitat de Catalunya da \u00e9poca moderna (1931-1939) - Associa\u00e7\u00e3o Cultural Catalonia<\/title>\n<meta name=\"robots\" content=\"index, follow, max-snippet:-1, max-image-preview:large, max-video-preview:-1\" \/>\n<link rel=\"canonical\" href=\"https:\/\/catalonia.com.br\/ca\/a-catalunha\/historia-da-catalunha\/a-primeira-generalitat-de-catalunya-da-epoca-moderna-1931-1939\/\" \/>\n<meta property=\"og:locale\" content=\"ca_ES\" \/>\n<meta property=\"og:type\" content=\"article\" \/>\n<meta property=\"og:title\" content=\"A Primeira Generalitat de Catalunya da \u00e9poca moderna (1931-1939) - Associa\u00e7\u00e3o Cultural Catalonia\" \/>\n<meta property=\"og:description\" content=\"A Generalitat de Catalunya no ex\u00edlio (1939-1977) 38 anos de presid\u00eancia catal\u00e3 no ex\u00edlio Ainda n\u00e3o terminara a guerra e o general Franco aboliu a Generalitat (1938) da mesma forma que o fez Felipe V (1716). Sua dissolu\u00e7\u00e3o em 1939 levou o Governo Catal\u00e3o, os membros do Parlamento e milhares de cidad\u00e3os ao ex\u00edlio. Por\" \/>\n<meta property=\"og:url\" content=\"https:\/\/catalonia.com.br\/ca\/a-catalunha\/historia-da-catalunha\/a-primeira-generalitat-de-catalunya-da-epoca-moderna-1931-1939\/\" \/>\n<meta property=\"og:site_name\" content=\"Associa\u00e7\u00e3o Cultural Catalonia\" \/>\n<meta property=\"article:modified_time\" content=\"2023-07-23T03:08:58+00:00\" \/>\n<meta name=\"twitter:card\" content=\"summary_large_image\" \/>\n<meta name=\"twitter:label1\" content=\"Temps estimat de lectura\" \/>\n\t<meta name=\"twitter:data1\" content=\"4 minuts\" \/>\n<script type=\"application\/ld+json\" class=\"yoast-schema-graph\">{\"@context\":\"https:\/\/schema.org\",\"@graph\":[{\"@type\":\"WebPage\",\"@id\":\"https:\/\/catalonia.com.br\/a-catalunha\/historia-da-catalunha\/a-primeira-generalitat-de-catalunya-da-epoca-moderna-1931-1939\/\",\"url\":\"https:\/\/catalonia.com.br\/a-catalunha\/historia-da-catalunha\/a-primeira-generalitat-de-catalunya-da-epoca-moderna-1931-1939\/\",\"name\":\"A Primeira Generalitat de Catalunya da \u00e9poca moderna (1931-1939) - Associa\u00e7\u00e3o Cultural Catalonia\",\"isPartOf\":{\"@id\":\"https:\/\/catalonia.com.br\/#website\"},\"datePublished\":\"2023-06-10T23:32:38+00:00\",\"dateModified\":\"2023-07-23T03:08:58+00:00\",\"breadcrumb\":{\"@id\":\"https:\/\/catalonia.com.br\/a-catalunha\/historia-da-catalunha\/a-primeira-generalitat-de-catalunya-da-epoca-moderna-1931-1939\/#breadcrumb\"},\"inLanguage\":\"ca\",\"potentialAction\":[{\"@type\":\"ReadAction\",\"target\":[\"https:\/\/catalonia.com.br\/a-catalunha\/historia-da-catalunha\/a-primeira-generalitat-de-catalunya-da-epoca-moderna-1931-1939\/\"]}]},{\"@type\":\"BreadcrumbList\",\"@id\":\"https:\/\/catalonia.com.br\/a-catalunha\/historia-da-catalunha\/a-primeira-generalitat-de-catalunya-da-epoca-moderna-1931-1939\/#breadcrumb\",\"itemListElement\":[{\"@type\":\"ListItem\",\"position\":1,\"name\":\"In\u00edcio\",\"item\":\"https:\/\/catalonia.com.br\/\"},{\"@type\":\"ListItem\",\"position\":2,\"name\":\"A Catalunha\",\"item\":\"https:\/\/catalonia.com.br\/a-catalunha\/\"},{\"@type\":\"ListItem\",\"position\":3,\"name\":\"Hist\u00f3ria da Catalunha\",\"item\":\"https:\/\/catalonia.com.br\/a-catalunha\/historia-da-catalunha\/\"},{\"@type\":\"ListItem\",\"position\":4,\"name\":\"A Primeira Generalitat de Catalunya da \u00e9poca moderna (1931-1939)\"}]},{\"@type\":\"WebSite\",\"@id\":\"https:\/\/catalonia.com.br\/#website\",\"url\":\"https:\/\/catalonia.com.br\/\",\"name\":\"Associa\u00e7\u00e3o Cultural Catalonia\",\"description\":\"\",\"publisher\":{\"@id\":\"https:\/\/catalonia.com.br\/#organization\"},\"potentialAction\":[{\"@type\":\"SearchAction\",\"target\":{\"@type\":\"EntryPoint\",\"urlTemplate\":\"https:\/\/catalonia.com.br\/?s={search_term_string}\"},\"query-input\":{\"@type\":\"PropertyValueSpecification\",\"valueRequired\":true,\"valueName\":\"search_term_string\"}}],\"inLanguage\":\"ca\"},{\"@type\":\"Organization\",\"@id\":\"https:\/\/catalonia.com.br\/#organization\",\"name\":\"Associa\u00e7\u00e3o Cultural Catalonia\",\"url\":\"https:\/\/catalonia.com.br\/\",\"logo\":{\"@type\":\"ImageObject\",\"inLanguage\":\"ca\",\"@id\":\"https:\/\/catalonia.com.br\/#\/schema\/logo\/image\/\",\"url\":\"https:\/\/catalonia.com.br\/wp-content\/uploads\/2023\/06\/cropped-cropped-cropped-Catalonia-logotip-renovat-2.png\",\"contentUrl\":\"https:\/\/catalonia.com.br\/wp-content\/uploads\/2023\/06\/cropped-cropped-cropped-Catalonia-logotip-renovat-2.png\",\"width\":313,\"height\":320,\"caption\":\"Associa\u00e7\u00e3o Cultural Catalonia\"},\"image\":{\"@id\":\"https:\/\/catalonia.com.br\/#\/schema\/logo\/image\/\"}}]}<\/script>\n<!-- \/ Yoast SEO plugin. -->","yoast_head_json":{"title":"A Primeira Generalitat de Catalunya da \u00e9poca moderna (1931-1939) - Associa\u00e7\u00e3o Cultural Catalonia","robots":{"index":"index","follow":"follow","max-snippet":"max-snippet:-1","max-image-preview":"max-image-preview:large","max-video-preview":"max-video-preview:-1"},"canonical":"https:\/\/catalonia.com.br\/ca\/a-catalunha\/historia-da-catalunha\/a-primeira-generalitat-de-catalunya-da-epoca-moderna-1931-1939\/","og_locale":"ca_ES","og_type":"article","og_title":"A Primeira Generalitat de Catalunya da \u00e9poca moderna (1931-1939) - Associa\u00e7\u00e3o Cultural Catalonia","og_description":"A Generalitat de Catalunya no ex\u00edlio (1939-1977) 38 anos de presid\u00eancia catal\u00e3 no ex\u00edlio Ainda n\u00e3o terminara a guerra e o general Franco aboliu a Generalitat (1938) da mesma forma que o fez Felipe V (1716). Sua dissolu\u00e7\u00e3o em 1939 levou o Governo Catal\u00e3o, os membros do Parlamento e milhares de cidad\u00e3os ao ex\u00edlio. Por","og_url":"https:\/\/catalonia.com.br\/ca\/a-catalunha\/historia-da-catalunha\/a-primeira-generalitat-de-catalunya-da-epoca-moderna-1931-1939\/","og_site_name":"Associa\u00e7\u00e3o Cultural Catalonia","article_modified_time":"2023-07-23T03:08:58+00:00","twitter_card":"summary_large_image","twitter_misc":{"Temps estimat de lectura":"4 minuts"},"schema":{"@context":"https:\/\/schema.org","@graph":[{"@type":"WebPage","@id":"https:\/\/catalonia.com.br\/a-catalunha\/historia-da-catalunha\/a-primeira-generalitat-de-catalunya-da-epoca-moderna-1931-1939\/","url":"https:\/\/catalonia.com.br\/a-catalunha\/historia-da-catalunha\/a-primeira-generalitat-de-catalunya-da-epoca-moderna-1931-1939\/","name":"A Primeira Generalitat de Catalunya da \u00e9poca moderna (1931-1939) - Associa\u00e7\u00e3o Cultural Catalonia","isPartOf":{"@id":"https:\/\/catalonia.com.br\/#website"},"datePublished":"2023-06-10T23:32:38+00:00","dateModified":"2023-07-23T03:08:58+00:00","breadcrumb":{"@id":"https:\/\/catalonia.com.br\/a-catalunha\/historia-da-catalunha\/a-primeira-generalitat-de-catalunya-da-epoca-moderna-1931-1939\/#breadcrumb"},"inLanguage":"ca","potentialAction":[{"@type":"ReadAction","target":["https:\/\/catalonia.com.br\/a-catalunha\/historia-da-catalunha\/a-primeira-generalitat-de-catalunya-da-epoca-moderna-1931-1939\/"]}]},{"@type":"BreadcrumbList","@id":"https:\/\/catalonia.com.br\/a-catalunha\/historia-da-catalunha\/a-primeira-generalitat-de-catalunya-da-epoca-moderna-1931-1939\/#breadcrumb","itemListElement":[{"@type":"ListItem","position":1,"name":"In\u00edcio","item":"https:\/\/catalonia.com.br\/"},{"@type":"ListItem","position":2,"name":"A Catalunha","item":"https:\/\/catalonia.com.br\/a-catalunha\/"},{"@type":"ListItem","position":3,"name":"Hist\u00f3ria da Catalunha","item":"https:\/\/catalonia.com.br\/a-catalunha\/historia-da-catalunha\/"},{"@type":"ListItem","position":4,"name":"A Primeira Generalitat de Catalunya da \u00e9poca moderna (1931-1939)"}]},{"@type":"WebSite","@id":"https:\/\/catalonia.com.br\/#website","url":"https:\/\/catalonia.com.br\/","name":"l'Associaci\u00f3 Cultural Catalonia","description":"","publisher":{"@id":"https:\/\/catalonia.com.br\/#organization"},"potentialAction":[{"@type":"SearchAction","target":{"@type":"EntryPoint","urlTemplate":"https:\/\/catalonia.com.br\/?s={search_term_string}"},"query-input":{"@type":"PropertyValueSpecification","valueRequired":true,"valueName":"search_term_string"}}],"inLanguage":"ca"},{"@type":"Organization","@id":"https:\/\/catalonia.com.br\/#organization","name":"l'Associaci\u00f3 Cultural Catalonia","url":"https:\/\/catalonia.com.br\/","logo":{"@type":"ImageObject","inLanguage":"ca","@id":"https:\/\/catalonia.com.br\/#\/schema\/logo\/image\/","url":"https:\/\/catalonia.com.br\/wp-content\/uploads\/2023\/06\/cropped-cropped-cropped-Catalonia-logotip-renovat-2.png","contentUrl":"https:\/\/catalonia.com.br\/wp-content\/uploads\/2023\/06\/cropped-cropped-cropped-Catalonia-logotip-renovat-2.png","width":313,"height":320,"caption":"Associa\u00e7\u00e3o Cultural Catalonia"},"image":{"@id":"https:\/\/catalonia.com.br\/#\/schema\/logo\/image\/"}}]}},"uagb_featured_image_src":{"full":false,"thumbnail":false,"medium":false,"medium_large":false,"large":false,"1536x1536":false,"2048x2048":false,"trp-custom-language-flag":false,"woocommerce_thumbnail":false,"woocommerce_single":false,"woocommerce_gallery_thumbnail":false},"uagb_author_info":{"display_name":"Associa\u00e7\u00e3o Cultural Catalonia","author_link":"https:\/\/catalonia.com.br\/ca\/author\/admincat\/"},"uagb_comment_info":0,"uagb_excerpt":"A Generalitat de Catalunya no ex\u00edlio (1939-1977) 38 anos de presid\u00eancia catal\u00e3 no ex\u00edlio Ainda n\u00e3o terminara a guerra e o general Franco aboliu a Generalitat (1938) da mesma forma que o fez Felipe V (1716). Sua dissolu\u00e7\u00e3o em 1939 levou o Governo Catal\u00e3o, os membros do Parlamento e milhares de cidad\u00e3os ao ex\u00edlio. Por","_links":{"self":[{"href":"https:\/\/catalonia.com.br\/ca\/wp-json\/wp\/v2\/pages\/2297","targetHints":{"allow":["GET"]}}],"collection":[{"href":"https:\/\/catalonia.com.br\/ca\/wp-json\/wp\/v2\/pages"}],"about":[{"href":"https:\/\/catalonia.com.br\/ca\/wp-json\/wp\/v2\/types\/page"}],"author":[{"embeddable":true,"href":"https:\/\/catalonia.com.br\/ca\/wp-json\/wp\/v2\/users\/1"}],"replies":[{"embeddable":true,"href":"https:\/\/catalonia.com.br\/ca\/wp-json\/wp\/v2\/comments?post=2297"}],"version-history":[{"count":0,"href":"https:\/\/catalonia.com.br\/ca\/wp-json\/wp\/v2\/pages\/2297\/revisions"}],"up":[{"embeddable":true,"href":"https:\/\/catalonia.com.br\/ca\/wp-json\/wp\/v2\/pages\/2033"}],"wp:attachment":[{"href":"https:\/\/catalonia.com.br\/ca\/wp-json\/wp\/v2\/media?parent=2297"}],"curies":[{"name":"wp","href":"https:\/\/api.w.org\/{rel}","templated":true}]}}