{"id":2261,"date":"2023-06-10T20:07:05","date_gmt":"2023-06-10T23:07:05","guid":{"rendered":"https:\/\/catalonia.com.br\/?page_id=2261"},"modified":"2023-07-23T00:05:38","modified_gmt":"2023-07-23T03:05:38","slug":"a-recuperacao-do-autogoverno-sec-xix-xx","status":"publish","type":"page","link":"https:\/\/catalonia.com.br\/ca\/a-catalunha\/historia-da-catalunha\/a-recuperacao-do-autogoverno-sec-xix-xx\/","title":{"rendered":"A recupera\u00e7\u00e3o do autogoverno (sec. XIX-XX)"},"content":{"rendered":"<div data-elementor-type=\"wp-page\" data-elementor-id=\"2261\" class=\"elementor elementor-2261\">\n\t\t\t\t\t\t<section class=\"elementor-section elementor-top-section elementor-element elementor-element-0ie05be elementor-section-height-min-height elementor-section-boxed elementor-section-height-default elementor-section-items-middle wpr-particle-no wpr-jarallax-no wpr-parallax-no wpr-sticky-section-no elementor-invisible\" data-id=\"0ie05be\" data-element_type=\"section\" data-e-type=\"section\" data-settings=\"{&quot;background_background&quot;:&quot;classic&quot;,&quot;animation&quot;:&quot;fadeIn&quot;}\">\n\t\t\t\t\t\t\t<div class=\"elementor-background-overlay\"><\/div>\n\t\t\t\t\t\t\t<div class=\"elementor-container elementor-column-gap-no\">\n\t\t\t\t\t<div class=\"elementor-column elementor-col-100 elementor-top-column elementor-element elementor-element-aaad5b0\" data-id=\"aaad5b0\" data-element_type=\"column\" data-e-type=\"column\">\n\t\t\t<div class=\"elementor-widget-wrap\">\n\t\t\t\t\t\t\t<\/div>\n\t\t<\/div>\n\t\t\t\t\t<\/div>\n\t\t<\/section>\n\t\t\t\t<section class=\"elementor-section elementor-top-section elementor-element elementor-element-b0b3f95 elementor-section-boxed elementor-section-height-default elementor-section-height-default wpr-particle-no wpr-jarallax-no wpr-parallax-no wpr-sticky-section-no\" data-id=\"b0b3f95\" data-element_type=\"section\" data-e-type=\"section\" data-settings=\"{&quot;background_background&quot;:&quot;classic&quot;}\">\n\t\t\t\t\t\t<div class=\"elementor-container elementor-column-gap-default\">\n\t\t\t\t\t<div class=\"elementor-column elementor-col-100 elementor-top-column elementor-element elementor-element-e9eaf4e\" data-id=\"e9eaf4e\" data-element_type=\"column\" data-e-type=\"column\">\n\t\t\t<div class=\"elementor-widget-wrap elementor-element-populated\">\n\t\t\t\t\t\t<div class=\"elementor-element elementor-element-90ba35c elementor-widget elementor-widget-spacer\" data-id=\"90ba35c\" data-element_type=\"widget\" data-e-type=\"widget\" data-widget_type=\"spacer.default\">\n\t\t\t\t<div class=\"elementor-widget-container\">\n\t\t\t\t\t\t\t<div class=\"elementor-spacer\">\n\t\t\t<div class=\"elementor-spacer-inner\"><\/div>\n\t\t<\/div>\n\t\t\t\t\t\t<\/div>\n\t\t\t\t<\/div>\n\t\t\t\t<div class=\"elementor-element elementor-element-6c66b08 elementor-widget elementor-widget-heading\" data-id=\"6c66b08\" data-element_type=\"widget\" data-e-type=\"widget\" data-widget_type=\"heading.default\">\n\t\t\t\t<div class=\"elementor-widget-container\">\n\t\t\t\t\t<h1 class=\"elementor-heading-title elementor-size-default\">A recupera\u00e7\u00e3o do autogoverno (sec. XIX-XX)<\/h1>\t\t\t\t<\/div>\n\t\t\t\t<\/div>\n\t\t\t\t\t<\/div>\n\t\t<\/div>\n\t\t\t\t\t<\/div>\n\t\t<\/section>\n\t\t\t\t<section class=\"elementor-section elementor-top-section elementor-element elementor-element-cf4d000 elementor-section-boxed elementor-section-height-default elementor-section-height-default wpr-particle-no wpr-jarallax-no wpr-parallax-no wpr-sticky-section-no\" data-id=\"cf4d000\" data-element_type=\"section\" data-e-type=\"section\" data-settings=\"{&quot;background_background&quot;:&quot;classic&quot;}\">\n\t\t\t\t\t\t<div class=\"elementor-container elementor-column-gap-default\">\n\t\t\t\t\t<div class=\"elementor-column elementor-col-100 elementor-top-column elementor-element elementor-element-f75b486\" data-id=\"f75b486\" data-element_type=\"column\" data-e-type=\"column\">\n\t\t\t<div class=\"elementor-widget-wrap elementor-element-populated\">\n\t\t\t\t\t\t<div class=\"elementor-element elementor-element-8c9ecd8 elementor-widget elementor-widget-heading\" data-id=\"8c9ecd8\" data-element_type=\"widget\" data-e-type=\"widget\" data-widget_type=\"heading.default\">\n\t\t\t\t<div class=\"elementor-widget-container\">\n\t\t\t\t\t<h3 class=\"elementor-heading-title elementor-size-default\">Uma nova era para o catalanismo<\/h3>\t\t\t\t<\/div>\n\t\t\t\t<\/div>\n\t\t\t\t\t<\/div>\n\t\t<\/div>\n\t\t\t\t\t<\/div>\n\t\t<\/section>\n\t\t\t\t<section class=\"elementor-section elementor-top-section elementor-element elementor-element-351e56a elementor-section-boxed elementor-section-height-default elementor-section-height-default wpr-particle-no wpr-jarallax-no wpr-parallax-no wpr-sticky-section-no\" data-id=\"351e56a\" data-element_type=\"section\" data-e-type=\"section\" data-settings=\"{&quot;background_background&quot;:&quot;gradient&quot;}\">\n\t\t\t\t\t\t<div class=\"elementor-container elementor-column-gap-extended\">\n\t\t\t\t\t<div class=\"elementor-column elementor-col-100 elementor-top-column elementor-element elementor-element-9b5224b\" data-id=\"9b5224b\" data-element_type=\"column\" data-e-type=\"column\">\n\t\t\t<div class=\"elementor-widget-wrap elementor-element-populated\">\n\t\t\t\t\t\t<div class=\"elementor-element elementor-element-ead46e9 elementor-drop-cap-yes elementor-drop-cap-view-stacked elementor-widget elementor-widget-text-editor\" data-id=\"ead46e9\" data-element_type=\"widget\" data-e-type=\"widget\" data-settings=\"{&quot;drop_cap&quot;:&quot;yes&quot;}\" data-widget_type=\"text-editor.default\">\n\t\t\t\t<div class=\"elementor-widget-container\">\n\t\t\t\t\t\t\t\t\t<p style=\"text-align: justify;\">A a\u00e7\u00e3o mais decidida e diretamente pol\u00edtica, do ponto de vista da recupera\u00e7\u00e3o efetiva do poder pol\u00edtico perdido com a aboli\u00e7\u00e3o da Generalitat por Felipe V, foi a \u201cAssembl\u00e9ia Constitutiva de la Uni\u00f3 Catalanista\u201d no ano de 1892, que formulou as \u201cBases per la Constituci\u00f3 regional catalana\u201d ou \u201cBases de Manresa\u201d nelas s\u00e3o reclamadas: As \u201cCorts Catalanas\u201d um \u00f3rg\u00e3o de poder executivo aut\u00f4nomo, e o restabelecimento da \u201cAudi\u00e8ncia de Catalunya\u201d como um \u00f3rg\u00e3o de poder judicial, a ordem p\u00fablica e o ensino sob o controle aut\u00f3ctone e ainda a oficialidade do catal\u00e3o como \u00fanica l\u00edngua pr\u00f3pria do pa\u00eds.<\/p><p style=\"text-align: justify;\">O princ\u00edpio b\u00e1sico inspirador das Bases \u00e9 que \u201c a Catalunha ser\u00e1 soberana do seu governo interior\u201d. Na virada do s\u00e9culo, o catalanismo pol\u00edtico coincidiu com um renascimento cultural, art\u00edstico e liter\u00e1rio importante. A Catalunha sa\u00eda de uma etapa de crise e prostra\u00e7\u00e3o. Com a revolu\u00e7\u00e3o industrial e o dinamismo da sua sociedade, agora muito vinculada com a Europa, convertia-se no motor econ\u00f4mico da pen\u00ednsula. O catalanismo obteve uma primeira vertebra\u00e7\u00e3o unit\u00e1ria no ano de 1906 com a cria\u00e7\u00e3o da \u201cSolidariedade Catalana\u201d, movimento autonomista no qual participavam a Liga Regionalista, a Uni\u00e3o Republicana, a uni\u00e3o Catalanista, os nacionalistas republicanos, os federais, os carlistas e ainda os independentes. Este movimento surgiu como um protesto devido \u00e0 repress\u00e3o militar contra \u00f3rg\u00e3os da imprensa catal\u00e3 da \u00e9poca e tamb\u00e9m como oposi\u00e7\u00e3o \u00e0 proposta de uma lei de jurisdi\u00e7\u00e3o do governo central, claramente anti-democr\u00e1tica e anti-autonomista. No ano seguinte as elei\u00e7\u00f5es nas Cortes deram uma vit\u00f3ria estrondosa aos candidatos da \u201cSolidarietat Catalana\u201d. Os dois personagens mais representativos da \u201cSolidarietat Catalana\u201d: Enric Prat de la Riba (1870-1917) e Francesc Camb\u00f3 (1876-1947), destacaram-se na pol\u00edtica catal\u00e3 no in\u00edcio do s\u00e9culo XX. O primeiro imprimiu na nacionalidade catal\u00e3 (1906) uma justificativa filos\u00f3fica do nacionalismo catal\u00e3o com tend\u00eancia \u00e0 constitui\u00e7\u00e3o de um Estado catal\u00e3o dentro de uma Federa\u00e7\u00e3o espanhola, e foi ele o criador da \u201cMancomunitat de Catalunya\u201d.<\/p><p style=\"text-align: justify;\">A \u201cMancomunitat\u201d, constitu\u00edda no ano de 1914, baseada na uni\u00e3o das Deputa\u00e7\u00f5es Provinciais Catal\u00e3s, representou o reconhecimento da unidade territorial da Catalunha. Era constitu\u00edda por uma assembl\u00e9ia que englobava os noventa e seis deputados da Catalunha nas Cortes espanholas e pelo Conselho formado por oito conselheiros e o Presidente, Prat de la Riba. A sua a\u00e7\u00e3o pol\u00edtica regeu-se pelo consenso entre as diversas orienta\u00e7\u00f5es presentes, fossem elas catalanistas ou n\u00e3o. Ap\u00f3s a morte de Prat foi presidida por Puig i Cadafalch. Sem outro or\u00e7amento que o acumulado pelas quatro Deputa\u00e7\u00f5es provinciais, com Prat, a \u201cMancomunitat\u201d impulsionou o Instituto de Estudos Catal\u00e3es. A Biblioteca de Catalunha, a Escola de Bibliotec\u00e1rias, a Escola de Agricultura e a Escola do Trabalho, entre diversos organismos. Teve um trabalho de destaque nas obras p\u00fablicas, principalmente naquelas dedicadas \u00e0 comunica\u00e7\u00e3o, destacando-se \u00e0 expans\u00e3o da rede telef\u00f4nica, a assist\u00eancia social e a prepara\u00e7\u00e3o t\u00e9cnica dos funcion\u00e1rios e de diretores pr\u00f3prios. No decorrer de 1918-1919 impulsionou uma campanha em prol do Estatuto de Autonomia. A \u201cMancomunitat\u201d foi abolida em 1925, pela ditadura do general Primo de Rivera (1923-1930).<\/p><h4 style=\"text-align: justify;\">Enric Prat de la Riba i Sarr\u00e0 (Castellter\u00e7ol 1879-1917)<\/h4><p style=\"text-align: justify;\">Homem de partido, de governo e de doutrina. Pol\u00edtico. Em 1887 Ingressou no Centro Escolar Catalanista, de onde saiu uma das primeiras defini\u00e7\u00f5es nacionalistas do catalanismo. Teve cargos de responsabilidade dentro da Uni\u00e3o Catalanista. Como mobilizador catalanista, elaborou manifestos da Uni\u00e3o, entre os quais destaca-se o \u201cMissatge al Rei dels Hel.lens\u201d ou Mensagem ao Rei dos Gregos (1897). Como divulgador e pensador catalanista escreveu: &#8220;Comp\u00eandio da doutrina catalanista&#8221;, &#8220;Comp\u00eandio da Hist\u00f3ria da Catalunha&#8221; e impulsionou o di\u00e1rio \u201cLa Renaixensa\u201d A partir de 1899 impulsionou uma corrente catalanista pol\u00edtica, primeira mente no Centro Nacional Catal\u00e3o e logo a seguir na Liga Regionalista. Em 1907 presidiu a Deputa\u00e7\u00e3o de Barcelona e redigiu o Programa da Solidariedade Catal\u00e3 (programa de T\u00edvoli). Depois de constitu\u00edda a \u201cMancomunitat de Catalunya\u201d, impulsionou, desde a sua presid\u00eancia, a normaliza\u00e7\u00e3o da cultura catal\u00e3, a constru\u00e7\u00e3o de infraestruturas e a cria\u00e7\u00e3o de institui\u00e7\u00f5es de ensino especializado, junto com os governos unit\u00e1rios que mantinham a continuidade da obra. Seu pensamento encontra-se sintetizado na \u201cLa Nacionalitat Catalana\u201d (1906).<\/p><h4 style=\"text-align: justify;\">Josep Puig i Cadafalch (Matar\u00f3 1869-Barcelona 1956)<\/h4><p style=\"text-align: justify;\">Presidiu a \u201cMancomunitat de Catalunya\u201d entre os anos de 1917 e 1924. Arquiteto, historiador de arte e pol\u00edtico. Sua obra mais conhecida \u00e9 a \u201cCasa de les Punxes\u201d (1903-1905). Especialista em arte rom\u00e2nico, e famoso internacionalmente foi tamb\u00e9m o promotor das escava\u00e7\u00f5es de Amp\u00farias. Iniciou seu hist\u00f3rico catalanista como membro do Centro Escolar Catalanista em 1886. Fez parte da Liga de Catalunha, Uni\u00e3o Catalanista e Liga Regionalista, da qual foi membro na Comiss\u00e3o de A\u00e7\u00e3o Pol\u00edtica. Deputado pela Solidariedade Catal\u00e3, foi um colaborador ativo de Enric Prat de la Riba na Deputa\u00e7\u00e3o de Barcelona: Junta de museus. Instituto de Estudos Catal\u00e3es etc. Com o falecimento de Prat em 1917, passou a ocupar seu lugar na \u201cMancomunitat\u201d at\u00e9 que a Ditadura de Primo de Rivera apropriou-se da institui\u00e7\u00e3o. Nos anos 1918-1919, durante a sua presid\u00eancia, teve lugar a grande campanha pr\u00f3-autonomia que mexeu com toda a Catalunha. No decorrer da segunda rep\u00fablica, sua atividade pol\u00edtica viu-se extremamente reduzida. Exilado, com motivo da Guerra Civil, voltou a presidir o Instituto de Estudos Catal\u00e3es na etapa mais dura da persegui\u00e7\u00e3o anticatal\u00e3 do general Franco.<\/p><h4 style=\"text-align: justify;\">Sala de leitura geral da Biblioteca da Catalunha<\/h4><p style=\"text-align: justify;\">Criada no ano de 1907 para ser a biblioteca do Instituto de Estudos Catal\u00e3es, foi aberta ao p\u00fablico, na \u00e9poca da \u201cMancomunitat\u201d (1914) com sede no Pal\u00e1cio da Generalitat. Em 1929, sendo propriedade da P refeitura de Barcelona, passou a ocupar os edif\u00edcios do antigo Hospital da Santa Cruz, um conjunto do s\u00e9culo XV. Atualmente, ocupa uma superf\u00edcie total de 8.820 m\u00b2, e tem um acervo aproximado de um milh\u00e3o de exemplares. A queda da ditadura de Primo de Rivera, arrastou consigo a monarquia, que caiu como resultado das elei\u00e7\u00f5es municipais do 12 de abril de 1931, que deram a vit\u00f3ria \u00e0s for\u00e7as republicanas. Na Catalunha estas for\u00e7as coordenaram-se em mar\u00e7o de 1930 com vistas \u00e0 instaura\u00e7\u00e3o de uma rep\u00fablica federativa (Manifesto da Intelig\u00eancia Republicana) que implicava na devolu\u00e7\u00e3o \u00e0 Catalunha de um poder real de governo em seu territ\u00f3rio. Em 17 de agosto de 1930 reuniam-se em Sant Sebasti\u00e0 os representantes republicanos de todo o Estado para pactuar a instaura\u00e7\u00e3o da Rep\u00fablica. Os representantes republicanos catal\u00e3es fizeram-se presentes em Sant Sebasti\u00e0 colocando como condi\u00e7\u00e3o para o pacto o reconhecimento das aspira\u00e7\u00f5es catal\u00e3s de autogoverno. A solu\u00e7\u00e3o jur\u00eddica aceita no pacto de Sant Sebasti\u00e0 foi que Catalunha manifestaria a sua vontade num Estatuto de Autonomia referendado pelo povo e submetido \u00e0 aprova\u00e7\u00e3o das Cortes constituintes na parte referente \u00e0 delimita\u00e7\u00e3o de atribui\u00e7\u00f5es entre o poder central e o governo aut\u00f4nomo da Catalunha.<\/p>\t\t\t\t\t\t\t\t<\/div>\n\t\t\t\t<\/div>\n\t\t\t\t\t<\/div>\n\t\t<\/div>\n\t\t\t\t\t<\/div>\n\t\t<\/section>\n\t\t\t\t<\/div>","protected":false},"excerpt":{"rendered":"<p>A recupera\u00e7\u00e3o do autogoverno (sec. XIX-XX) Uma nova era para o catalanismo A a\u00e7\u00e3o mais decidida e diretamente pol\u00edtica, do ponto de vista da recupera\u00e7\u00e3o efetiva do poder pol\u00edtico perdido com a aboli\u00e7\u00e3o da Generalitat por Felipe V, foi a \u201cAssembl\u00e9ia Constitutiva de la Uni\u00f3 Catalanista\u201d no ano de 1892, que formulou as \u201cBases per<\/p>","protected":false},"author":1,"featured_media":0,"parent":2033,"menu_order":0,"comment_status":"closed","ping_status":"closed","template":"","meta":{"_uag_custom_page_level_css":"","order-bump-settings":[],"_wpfnl_thankyou_order_overview":"on","_wpfnl_thankyou_order_details":"on","_wpfnl_thankyou_billing_details":"on","_wpfnl_thankyou_shipping_details":"on","site-sidebar-layout":"no-sidebar","site-content-layout":"page-builder","ast-site-content-layout":"","site-content-style":"default","site-sidebar-style":"default","ast-global-header-display":"","ast-banner-title-visibility":"","ast-main-header-display":"","ast-hfb-above-header-display":"","ast-hfb-below-header-display":"","ast-hfb-mobile-header-display":"","site-post-title":"disabled","ast-breadcrumbs-content":"","ast-featured-img":"disabled","footer-sml-layout":"","theme-transparent-header-meta":"default","adv-header-id-meta":"","stick-header-meta":"","header-above-stick-meta":"","header-main-stick-meta":"","header-below-stick-meta":"","astra-migrate-meta-layouts":"default","ast-page-background-enabled":"default","ast-page-background-meta":{"desktop":{"background-color":"","background-image":"","background-repeat":"repeat","background-position":"center center","background-size":"auto","background-attachment":"scroll","background-type":"","background-media":"","overlay-type":"","overlay-color":"","overlay-opacity":"","overlay-gradient":""},"tablet":{"background-color":"","background-image":"","background-repeat":"repeat","background-position":"center center","background-size":"auto","background-attachment":"scroll","background-type":"","background-media":"","overlay-type":"","overlay-color":"","overlay-opacity":"","overlay-gradient":""},"mobile":{"background-color":"","background-image":"","background-repeat":"repeat","background-position":"center center","background-size":"auto","background-attachment":"scroll","background-type":"","background-media":"","overlay-type":"","overlay-color":"","overlay-opacity":"","overlay-gradient":""}},"ast-content-background-meta":{"desktop":{"background-color":"var(--ast-global-color-5)","background-image":"","background-repeat":"repeat","background-position":"center center","background-size":"auto","background-attachment":"scroll","background-type":"","background-media":"","overlay-type":"","overlay-color":"","overlay-opacity":"","overlay-gradient":""},"tablet":{"background-color":"var(--ast-global-color-5)","background-image":"","background-repeat":"repeat","background-position":"center center","background-size":"auto","background-attachment":"scroll","background-type":"","background-media":"","overlay-type":"","overlay-color":"","overlay-opacity":"","overlay-gradient":""},"mobile":{"background-color":"var(--ast-global-color-5)","background-image":"","background-repeat":"repeat","background-position":"center center","background-size":"auto","background-attachment":"scroll","background-type":"","background-media":"","overlay-type":"","overlay-color":"","overlay-opacity":"","overlay-gradient":""}},"footnotes":""},"class_list":["post-2261","page","type-page","status-publish","hentry"],"yoast_head":"<!-- This site is optimized with the Yoast SEO plugin v27.2 - https:\/\/yoast.com\/product\/yoast-seo-wordpress\/ -->\n<title>A recupera\u00e7\u00e3o do autogoverno (sec. XIX-XX) - Associa\u00e7\u00e3o Cultural Catalonia<\/title>\n<meta name=\"robots\" content=\"index, follow, max-snippet:-1, max-image-preview:large, max-video-preview:-1\" \/>\n<link rel=\"canonical\" href=\"https:\/\/catalonia.com.br\/ca\/a-catalunha\/historia-da-catalunha\/a-recuperacao-do-autogoverno-sec-xix-xx\/\" \/>\n<meta property=\"og:locale\" content=\"ca_ES\" \/>\n<meta property=\"og:type\" content=\"article\" \/>\n<meta property=\"og:title\" content=\"A recupera\u00e7\u00e3o do autogoverno (sec. XIX-XX) - Associa\u00e7\u00e3o Cultural Catalonia\" \/>\n<meta property=\"og:description\" content=\"A recupera\u00e7\u00e3o do autogoverno (sec. XIX-XX) Uma nova era para o catalanismo A a\u00e7\u00e3o mais decidida e diretamente pol\u00edtica, do ponto de vista da recupera\u00e7\u00e3o efetiva do poder pol\u00edtico perdido com a aboli\u00e7\u00e3o da Generalitat por Felipe V, foi a \u201cAssembl\u00e9ia Constitutiva de la Uni\u00f3 Catalanista\u201d no ano de 1892, que formulou as \u201cBases per\" \/>\n<meta property=\"og:url\" content=\"https:\/\/catalonia.com.br\/ca\/a-catalunha\/historia-da-catalunha\/a-recuperacao-do-autogoverno-sec-xix-xx\/\" \/>\n<meta property=\"og:site_name\" content=\"Associa\u00e7\u00e3o Cultural Catalonia\" \/>\n<meta property=\"article:modified_time\" content=\"2023-07-23T03:05:38+00:00\" \/>\n<meta name=\"twitter:card\" content=\"summary_large_image\" \/>\n<meta name=\"twitter:label1\" content=\"Temps estimat de lectura\" \/>\n\t<meta name=\"twitter:data1\" content=\"7 minuts\" \/>\n<script type=\"application\/ld+json\" class=\"yoast-schema-graph\">{\"@context\":\"https:\/\/schema.org\",\"@graph\":[{\"@type\":\"WebPage\",\"@id\":\"https:\/\/catalonia.com.br\/a-catalunha\/historia-da-catalunha\/a-recuperacao-do-autogoverno-sec-xix-xx\/\",\"url\":\"https:\/\/catalonia.com.br\/a-catalunha\/historia-da-catalunha\/a-recuperacao-do-autogoverno-sec-xix-xx\/\",\"name\":\"A recupera\u00e7\u00e3o do autogoverno (sec. XIX-XX) - Associa\u00e7\u00e3o Cultural Catalonia\",\"isPartOf\":{\"@id\":\"https:\/\/catalonia.com.br\/#website\"},\"datePublished\":\"2023-06-10T23:07:05+00:00\",\"dateModified\":\"2023-07-23T03:05:38+00:00\",\"breadcrumb\":{\"@id\":\"https:\/\/catalonia.com.br\/a-catalunha\/historia-da-catalunha\/a-recuperacao-do-autogoverno-sec-xix-xx\/#breadcrumb\"},\"inLanguage\":\"ca\",\"potentialAction\":[{\"@type\":\"ReadAction\",\"target\":[\"https:\/\/catalonia.com.br\/a-catalunha\/historia-da-catalunha\/a-recuperacao-do-autogoverno-sec-xix-xx\/\"]}]},{\"@type\":\"BreadcrumbList\",\"@id\":\"https:\/\/catalonia.com.br\/a-catalunha\/historia-da-catalunha\/a-recuperacao-do-autogoverno-sec-xix-xx\/#breadcrumb\",\"itemListElement\":[{\"@type\":\"ListItem\",\"position\":1,\"name\":\"In\u00edcio\",\"item\":\"https:\/\/catalonia.com.br\/\"},{\"@type\":\"ListItem\",\"position\":2,\"name\":\"A Catalunha\",\"item\":\"https:\/\/catalonia.com.br\/a-catalunha\/\"},{\"@type\":\"ListItem\",\"position\":3,\"name\":\"Hist\u00f3ria da Catalunha\",\"item\":\"https:\/\/catalonia.com.br\/a-catalunha\/historia-da-catalunha\/\"},{\"@type\":\"ListItem\",\"position\":4,\"name\":\"A recupera\u00e7\u00e3o do autogoverno (sec. XIX-XX)\"}]},{\"@type\":\"WebSite\",\"@id\":\"https:\/\/catalonia.com.br\/#website\",\"url\":\"https:\/\/catalonia.com.br\/\",\"name\":\"Associa\u00e7\u00e3o Cultural Catalonia\",\"description\":\"\",\"publisher\":{\"@id\":\"https:\/\/catalonia.com.br\/#organization\"},\"potentialAction\":[{\"@type\":\"SearchAction\",\"target\":{\"@type\":\"EntryPoint\",\"urlTemplate\":\"https:\/\/catalonia.com.br\/?s={search_term_string}\"},\"query-input\":{\"@type\":\"PropertyValueSpecification\",\"valueRequired\":true,\"valueName\":\"search_term_string\"}}],\"inLanguage\":\"ca\"},{\"@type\":\"Organization\",\"@id\":\"https:\/\/catalonia.com.br\/#organization\",\"name\":\"Associa\u00e7\u00e3o Cultural Catalonia\",\"url\":\"https:\/\/catalonia.com.br\/\",\"logo\":{\"@type\":\"ImageObject\",\"inLanguage\":\"ca\",\"@id\":\"https:\/\/catalonia.com.br\/#\/schema\/logo\/image\/\",\"url\":\"https:\/\/catalonia.com.br\/wp-content\/uploads\/2023\/06\/cropped-cropped-cropped-Catalonia-logotip-renovat-2.png\",\"contentUrl\":\"https:\/\/catalonia.com.br\/wp-content\/uploads\/2023\/06\/cropped-cropped-cropped-Catalonia-logotip-renovat-2.png\",\"width\":313,\"height\":320,\"caption\":\"Associa\u00e7\u00e3o Cultural Catalonia\"},\"image\":{\"@id\":\"https:\/\/catalonia.com.br\/#\/schema\/logo\/image\/\"}}]}<\/script>\n<!-- \/ Yoast SEO plugin. -->","yoast_head_json":{"title":"A recupera\u00e7\u00e3o do autogoverno (sec. XIX-XX) - Associa\u00e7\u00e3o Cultural Catalonia","robots":{"index":"index","follow":"follow","max-snippet":"max-snippet:-1","max-image-preview":"max-image-preview:large","max-video-preview":"max-video-preview:-1"},"canonical":"https:\/\/catalonia.com.br\/ca\/a-catalunha\/historia-da-catalunha\/a-recuperacao-do-autogoverno-sec-xix-xx\/","og_locale":"ca_ES","og_type":"article","og_title":"A recupera\u00e7\u00e3o do autogoverno (sec. XIX-XX) - Associa\u00e7\u00e3o Cultural Catalonia","og_description":"A recupera\u00e7\u00e3o do autogoverno (sec. XIX-XX) Uma nova era para o catalanismo A a\u00e7\u00e3o mais decidida e diretamente pol\u00edtica, do ponto de vista da recupera\u00e7\u00e3o efetiva do poder pol\u00edtico perdido com a aboli\u00e7\u00e3o da Generalitat por Felipe V, foi a \u201cAssembl\u00e9ia Constitutiva de la Uni\u00f3 Catalanista\u201d no ano de 1892, que formulou as \u201cBases per","og_url":"https:\/\/catalonia.com.br\/ca\/a-catalunha\/historia-da-catalunha\/a-recuperacao-do-autogoverno-sec-xix-xx\/","og_site_name":"Associa\u00e7\u00e3o Cultural Catalonia","article_modified_time":"2023-07-23T03:05:38+00:00","twitter_card":"summary_large_image","twitter_misc":{"Temps estimat de lectura":"7 minuts"},"schema":{"@context":"https:\/\/schema.org","@graph":[{"@type":"WebPage","@id":"https:\/\/catalonia.com.br\/a-catalunha\/historia-da-catalunha\/a-recuperacao-do-autogoverno-sec-xix-xx\/","url":"https:\/\/catalonia.com.br\/a-catalunha\/historia-da-catalunha\/a-recuperacao-do-autogoverno-sec-xix-xx\/","name":"A recupera\u00e7\u00e3o do autogoverno (sec. XIX-XX) - Associa\u00e7\u00e3o Cultural Catalonia","isPartOf":{"@id":"https:\/\/catalonia.com.br\/#website"},"datePublished":"2023-06-10T23:07:05+00:00","dateModified":"2023-07-23T03:05:38+00:00","breadcrumb":{"@id":"https:\/\/catalonia.com.br\/a-catalunha\/historia-da-catalunha\/a-recuperacao-do-autogoverno-sec-xix-xx\/#breadcrumb"},"inLanguage":"ca","potentialAction":[{"@type":"ReadAction","target":["https:\/\/catalonia.com.br\/a-catalunha\/historia-da-catalunha\/a-recuperacao-do-autogoverno-sec-xix-xx\/"]}]},{"@type":"BreadcrumbList","@id":"https:\/\/catalonia.com.br\/a-catalunha\/historia-da-catalunha\/a-recuperacao-do-autogoverno-sec-xix-xx\/#breadcrumb","itemListElement":[{"@type":"ListItem","position":1,"name":"In\u00edcio","item":"https:\/\/catalonia.com.br\/"},{"@type":"ListItem","position":2,"name":"A Catalunha","item":"https:\/\/catalonia.com.br\/a-catalunha\/"},{"@type":"ListItem","position":3,"name":"Hist\u00f3ria da Catalunha","item":"https:\/\/catalonia.com.br\/a-catalunha\/historia-da-catalunha\/"},{"@type":"ListItem","position":4,"name":"A recupera\u00e7\u00e3o do autogoverno (sec. XIX-XX)"}]},{"@type":"WebSite","@id":"https:\/\/catalonia.com.br\/#website","url":"https:\/\/catalonia.com.br\/","name":"l'Associaci\u00f3 Cultural Catalonia","description":"","publisher":{"@id":"https:\/\/catalonia.com.br\/#organization"},"potentialAction":[{"@type":"SearchAction","target":{"@type":"EntryPoint","urlTemplate":"https:\/\/catalonia.com.br\/?s={search_term_string}"},"query-input":{"@type":"PropertyValueSpecification","valueRequired":true,"valueName":"search_term_string"}}],"inLanguage":"ca"},{"@type":"Organization","@id":"https:\/\/catalonia.com.br\/#organization","name":"l'Associaci\u00f3 Cultural Catalonia","url":"https:\/\/catalonia.com.br\/","logo":{"@type":"ImageObject","inLanguage":"ca","@id":"https:\/\/catalonia.com.br\/#\/schema\/logo\/image\/","url":"https:\/\/catalonia.com.br\/wp-content\/uploads\/2023\/06\/cropped-cropped-cropped-Catalonia-logotip-renovat-2.png","contentUrl":"https:\/\/catalonia.com.br\/wp-content\/uploads\/2023\/06\/cropped-cropped-cropped-Catalonia-logotip-renovat-2.png","width":313,"height":320,"caption":"Associa\u00e7\u00e3o Cultural Catalonia"},"image":{"@id":"https:\/\/catalonia.com.br\/#\/schema\/logo\/image\/"}}]}},"uagb_featured_image_src":{"full":false,"thumbnail":false,"medium":false,"medium_large":false,"large":false,"1536x1536":false,"2048x2048":false,"trp-custom-language-flag":false,"woocommerce_thumbnail":false,"woocommerce_single":false,"woocommerce_gallery_thumbnail":false},"uagb_author_info":{"display_name":"Associa\u00e7\u00e3o Cultural Catalonia","author_link":"https:\/\/catalonia.com.br\/ca\/author\/admincat\/"},"uagb_comment_info":0,"uagb_excerpt":"A recupera\u00e7\u00e3o do autogoverno (sec. XIX-XX) Uma nova era para o catalanismo A a\u00e7\u00e3o mais decidida e diretamente pol\u00edtica, do ponto de vista da recupera\u00e7\u00e3o efetiva do poder pol\u00edtico perdido com a aboli\u00e7\u00e3o da Generalitat por Felipe V, foi a \u201cAssembl\u00e9ia Constitutiva de la Uni\u00f3 Catalanista\u201d no ano de 1892, que formulou as \u201cBases per","_links":{"self":[{"href":"https:\/\/catalonia.com.br\/ca\/wp-json\/wp\/v2\/pages\/2261","targetHints":{"allow":["GET"]}}],"collection":[{"href":"https:\/\/catalonia.com.br\/ca\/wp-json\/wp\/v2\/pages"}],"about":[{"href":"https:\/\/catalonia.com.br\/ca\/wp-json\/wp\/v2\/types\/page"}],"author":[{"embeddable":true,"href":"https:\/\/catalonia.com.br\/ca\/wp-json\/wp\/v2\/users\/1"}],"replies":[{"embeddable":true,"href":"https:\/\/catalonia.com.br\/ca\/wp-json\/wp\/v2\/comments?post=2261"}],"version-history":[{"count":0,"href":"https:\/\/catalonia.com.br\/ca\/wp-json\/wp\/v2\/pages\/2261\/revisions"}],"up":[{"embeddable":true,"href":"https:\/\/catalonia.com.br\/ca\/wp-json\/wp\/v2\/pages\/2033"}],"wp:attachment":[{"href":"https:\/\/catalonia.com.br\/ca\/wp-json\/wp\/v2\/media?parent=2261"}],"curies":[{"name":"wp","href":"https:\/\/api.w.org\/{rel}","templated":true}]}}