{"id":2173,"date":"2023-06-10T17:05:07","date_gmt":"2023-06-10T20:05:07","guid":{"rendered":"https:\/\/catalonia.com.br\/?page_id=2173"},"modified":"2023-07-23T00:05:16","modified_gmt":"2023-07-23T03:05:16","slug":"catalunha-no-contexto-da-politica-europeia-do-seculo-xviii-a-guerra-de-sucessao-1702-1714","status":"publish","type":"page","link":"https:\/\/catalonia.com.br\/ca\/a-catalunha\/historia-da-catalunha\/catalunha-no-contexto-da-politica-europeia-do-seculo-xviii-a-guerra-de-sucessao-1702-1714\/","title":{"rendered":"Catalunha no contexto da pol\u00edtica europeia do s\u00e9culo XVIII: A Guerra de Sucess\u00e3o (1702-1714)"},"content":{"rendered":"<div data-elementor-type=\"wp-page\" data-elementor-id=\"2173\" class=\"elementor elementor-2173\">\n\t\t\t\t\t\t<section class=\"elementor-section elementor-top-section elementor-element elementor-element-0ie05be elementor-section-height-min-height elementor-section-boxed elementor-section-height-default elementor-section-items-middle wpr-particle-no wpr-jarallax-no wpr-parallax-no wpr-sticky-section-no elementor-invisible\" data-id=\"0ie05be\" data-element_type=\"section\" data-e-type=\"section\" data-settings=\"{&quot;background_background&quot;:&quot;classic&quot;,&quot;animation&quot;:&quot;fadeIn&quot;}\">\n\t\t\t\t\t\t\t<div class=\"elementor-background-overlay\"><\/div>\n\t\t\t\t\t\t\t<div class=\"elementor-container elementor-column-gap-no\">\n\t\t\t\t\t<div class=\"elementor-column elementor-col-100 elementor-top-column elementor-element elementor-element-aaad5b0\" data-id=\"aaad5b0\" data-element_type=\"column\" data-e-type=\"column\">\n\t\t\t<div class=\"elementor-widget-wrap\">\n\t\t\t\t\t\t\t<\/div>\n\t\t<\/div>\n\t\t\t\t\t<\/div>\n\t\t<\/section>\n\t\t\t\t<section class=\"elementor-section elementor-top-section elementor-element elementor-element-b0b3f95 elementor-section-boxed elementor-section-height-default elementor-section-height-default wpr-particle-no wpr-jarallax-no wpr-parallax-no wpr-sticky-section-no\" data-id=\"b0b3f95\" data-element_type=\"section\" data-e-type=\"section\" data-settings=\"{&quot;background_background&quot;:&quot;classic&quot;}\">\n\t\t\t\t\t\t<div class=\"elementor-container elementor-column-gap-default\">\n\t\t\t\t\t<div class=\"elementor-column elementor-col-100 elementor-top-column elementor-element elementor-element-e9eaf4e\" data-id=\"e9eaf4e\" data-element_type=\"column\" data-e-type=\"column\">\n\t\t\t<div class=\"elementor-widget-wrap elementor-element-populated\">\n\t\t\t\t\t\t<div class=\"elementor-element elementor-element-90ba35c elementor-widget elementor-widget-spacer\" data-id=\"90ba35c\" data-element_type=\"widget\" data-e-type=\"widget\" data-widget_type=\"spacer.default\">\n\t\t\t\t<div class=\"elementor-widget-container\">\n\t\t\t\t\t\t\t<div class=\"elementor-spacer\">\n\t\t\t<div class=\"elementor-spacer-inner\"><\/div>\n\t\t<\/div>\n\t\t\t\t\t\t<\/div>\n\t\t\t\t<\/div>\n\t\t\t\t<div class=\"elementor-element elementor-element-6c66b08 elementor-widget elementor-widget-heading\" data-id=\"6c66b08\" data-element_type=\"widget\" data-e-type=\"widget\" data-widget_type=\"heading.default\">\n\t\t\t\t<div class=\"elementor-widget-container\">\n\t\t\t\t\t<h1 class=\"elementor-heading-title elementor-size-default\">Catalunha no contexto da pol\u00edtica europeia do s\u00e9culo XVIII:\nA Guerra de Sucess\u00e3o (1702-1714)<\/h1>\t\t\t\t<\/div>\n\t\t\t\t<\/div>\n\t\t\t\t\t<\/div>\n\t\t<\/div>\n\t\t\t\t\t<\/div>\n\t\t<\/section>\n\t\t\t\t<section class=\"elementor-section elementor-top-section elementor-element elementor-element-cf4d000 elementor-section-boxed elementor-section-height-default elementor-section-height-default wpr-particle-no wpr-jarallax-no wpr-parallax-no wpr-sticky-section-no\" data-id=\"cf4d000\" data-element_type=\"section\" data-e-type=\"section\" data-settings=\"{&quot;background_background&quot;:&quot;classic&quot;}\">\n\t\t\t\t\t\t<div class=\"elementor-container elementor-column-gap-default\">\n\t\t\t\t\t<div class=\"elementor-column elementor-col-100 elementor-top-column elementor-element elementor-element-f75b486\" data-id=\"f75b486\" data-element_type=\"column\" data-e-type=\"column\">\n\t\t\t<div class=\"elementor-widget-wrap elementor-element-populated\">\n\t\t\t\t\t\t<div class=\"elementor-element elementor-element-8c9ecd8 elementor-widget elementor-widget-heading\" data-id=\"8c9ecd8\" data-element_type=\"widget\" data-e-type=\"widget\" data-widget_type=\"heading.default\">\n\t\t\t\t<div class=\"elementor-widget-container\">\n\t\t\t\t\t<h3 class=\"elementor-heading-title elementor-size-default\">A guerra pr\u00e9via \u00e0 queda de Barcelona<\/h3>\t\t\t\t<\/div>\n\t\t\t\t<\/div>\n\t\t\t\t\t<\/div>\n\t\t<\/div>\n\t\t\t\t\t<\/div>\n\t\t<\/section>\n\t\t\t\t<section class=\"elementor-section elementor-top-section elementor-element elementor-element-351e56a elementor-section-boxed elementor-section-height-default elementor-section-height-default wpr-particle-no wpr-jarallax-no wpr-parallax-no wpr-sticky-section-no\" data-id=\"351e56a\" data-element_type=\"section\" data-e-type=\"section\" data-settings=\"{&quot;background_background&quot;:&quot;gradient&quot;}\">\n\t\t\t\t\t\t<div class=\"elementor-container elementor-column-gap-extended\">\n\t\t\t\t\t<div class=\"elementor-column elementor-col-100 elementor-top-column elementor-element elementor-element-9b5224b\" data-id=\"9b5224b\" data-element_type=\"column\" data-e-type=\"column\">\n\t\t\t<div class=\"elementor-widget-wrap elementor-element-populated\">\n\t\t\t\t\t\t<div class=\"elementor-element elementor-element-ead46e9 elementor-drop-cap-yes elementor-drop-cap-view-stacked elementor-widget elementor-widget-text-editor\" data-id=\"ead46e9\" data-element_type=\"widget\" data-e-type=\"widget\" data-settings=\"{&quot;drop_cap&quot;:&quot;yes&quot;}\" data-widget_type=\"text-editor.default\">\n\t\t\t\t<div class=\"elementor-widget-container\">\n\t\t\t\t\t\t\t\t\t<p style=\"text-align: justify;\">Se durante o s\u00e9culo XVII a Catalunha sofreu as consequ\u00eancias da Guerra dos 30 Anos com a perda do seu territ\u00f3rio mais ao norte, no s\u00e9culo XVIII perderia as suas institui\u00e7\u00f5es pol\u00edticas devido a um conflito de sucess\u00e3o din\u00e1stica ao trono de Castela e da Catalunha-Arag\u00e3o, que se converteu em uma guerra de car\u00e1ter internacional. Para alguns pa\u00edses europeus, a sucess\u00e3o ao trono da Espanha poderia modificar o equil\u00edbrio dos poderes na Europa. Para a Catalunha, a sucess\u00e3o seria decisiva para a manuten\u00e7\u00e3o dos seus direitos e de suas liberdades. Felipe IV e seu sucessor, Carlos II (1665-1700) foram os \u00faltimos monarcas da dinastia austr\u00edaca dos Habsburgos. Este \u00faltimo, morreu sem deixar descendentes, havia suavizado as tens\u00f5es com a Catalunha, e como tal, n\u00e3o foi nenhuma surpresa quando, na ocasi\u00e3o de decidir-se a quest\u00e3o sucess\u00f3ria, os catal\u00e3es desconfiassem do absolutismo da dinastia francesa preferissem a austr\u00edaca.<\/p><p style=\"text-align: justify;\">Antes mesmo da morte de Carlos II, no ano de 1700, a diplomacia francesa usaria de todos os artif\u00edcios para conseguir do rei a indica\u00e7\u00e3o do duque Felipe D&#8217;Anjou, neto de Lu\u00eds XIV, para a sucess\u00e3o do trono da Espanha. As in\u00fameras press\u00f5es sobre o rei, j\u00e1 em seu leito de morte, decidiram pela designa\u00e7\u00e3o do pretendente franc\u00eas em detrimento do arquiduque Carlos da \u00c1ustria, sobrinho da rainha da Espanha (Mariana de Neuburg) e filho do imperador austr\u00edaco Leopoldo I. Carlos contava com o apoio dos catal\u00e3es, da Inglaterra, da Holanda, de alguns estados alem\u00e3es e ainda de Portugal e Sav\u00f3ia, na coaliz\u00e3o da Grande Alian\u00e7a contra o rei da Fran\u00e7a Lu\u00eds XIV e contra o duque Felipe d&#8217;Anjou, novo rei da Espanha com o t\u00edtulo de Felipe V. Vale lembrar que, nem a Generalitat, nem a totalidade dos catal\u00e3es rejeitaram o primeiro rei Borbon, Felipe V, at\u00e9 perceberem que suas liberdades haviam sido amea\u00e7adas, muito embora o rei tivesse jurado respeit\u00e1-las nas Cortes celebradas em Barcelona no ano de 1701.<\/p><p style=\"text-align: justify;\">No ano de 1700 semeava-se na Europa a guerra aberta contra as possess\u00f5es espanholas e contra o eixo Madrid &#8211; Paris: A Holanda, com ajuda dos ingleses, concentrava suas tropas nas proximidades de Flandres; \u00c1ustria fazia o mesmo em Milanesat. A Grande Alian\u00e7a encontrou nos catal\u00e3es, partid\u00e1rios do arquiduque Carlos da \u00c1ustria, \u00f3timos aliados contra Felipe V, enquanto que os estados alem\u00e3es se dividiram em dois blocos. A guerra estourou no m\u00eas de maio de 1702. Os primeiros confrontos em territ\u00f3rio ib\u00e9rico aconteceram no litoral de C\u00e1diz e Vigo comandados pela marinha anglo-holandesa. Na Catalunha a oposi\u00e7\u00e3o a Felipe V acentuava-se cada vez mais, devido aos continuados vetos do rei e de seu vice-rei Fern\u00e1ndez de Velasco, enfrentados tamb\u00e9m pela Generalitat, que defendia a Constitui\u00e7\u00e3o da Catalunha. Estes acontecimentos e as not\u00edcias sobre as atua\u00e7\u00f5es da Grande Alian\u00e7a fizeram eclodir o levante na Catalunha, em meados de 1705.<\/p><p style=\"text-align: justify;\">Dois enviados catal\u00e3es firmaram, no m\u00eas de junho, o conhecido Pacto de G\u00eanova em conjunto com os representantes da rainha Anna da Inglaterra em favor do arquiduque Carlos da \u00c1ustria. Em troca, a coroa inglesa garantiria o respeito \u00e0s liberdades e \u00e0 Constitui\u00e7\u00e3o da Catalunha, fosse qual fosse o resultado do confronto b\u00e9lico. Isto porque n\u00e3o interessava \u00e0 Catalunha uma batalha din\u00e1stica e sim a defesa de seus direitos e liberdades. No final de 1705, o arquiduque Carlos da \u00c1ustria entrava triunfalmente em Barcelona com o rei Carlos III. Logo depois convocou as Cortes e jurou respeitar a Constitui\u00e7\u00e3o dos catal\u00e3es. Seriam as \u00faltimas Cortes da hist\u00f3ria da Coroa Catal\u00e3-Aragonesa.<\/p><p style=\"text-align: justify;\">No cen\u00e1rio europeu, tudo fazia crer que haveria uma vit\u00f3ria aliada contra o absolutismo da Fran\u00e7a e da Espanha: em 1706 Felipe V havia sitiado Barcelona, mas a resist\u00eancia catal\u00e3 foi eficaz e o rei teve que fugir derrotado para a Fran\u00e7a. Por\u00e9m, pouco tempo depois acabou dominando importantes territ\u00f3rios da Confedera\u00e7\u00e3o catal\u00e3-aragonesa: Val\u00eancia (1707) e Arag\u00e3o (1708). Em 1708, Luis XIV, derrotado em diversas frentes, pede a paz. Mas as exig\u00eancias dos aliados quebraram as negocia\u00e7\u00f5es ao n\u00e3o aceitarem que o rei franc\u00eas exigisse a ren\u00fancia de seu neto, Felipe V, ao trono da Espanha. A guerra continuava.<\/p><p style=\"text-align: justify;\">Um fato inesperado alterou o curso dos acontecimentos: em abril de 1711 morreria o imperador austr\u00edaco Jos\u00e9 I. Seu irm\u00e3o, o arquiduque Carlos herdava a coroa e deixava Barcelona rumo a Viena. Diante do perigo da reconstitui\u00e7\u00e3o de um grande imp\u00e9rio europeu, muito mais temido do que a alian\u00e7a franco-espanhola, caso o trono da Espanha ca\u00edsse nas m\u00e3os dos austr\u00edacos, as pot\u00eancias aliadas n\u00e3o austr\u00edacas decidiram negociar a paz com Luis XIV e reconhecer Felipe V. Iniciaram-se ent\u00e3o as negocia\u00e7\u00f5es que acabariam constituindo o Tratado de Utrecht de 1713.<\/p><p style=\"text-align: justify;\">A Catalunha ficou abandonada \u00e0 sua pr\u00f3pria sorte, apesar das promessas do novo imperador austr\u00edaco Carlos e da coroa inglesa. Ele havia proposto \u00e0 Inglaterra que a Catalunha se constitu\u00edsse em uma rep\u00fablica. Mas a Inglaterra sabia que isto implicaria em manter uma guerra que, para ela, j\u00e1 n\u00e3o interessava. Ent\u00e3o, atrav\u00e9s de seu embaixador, Lord Lexington, comunicou a Madrid a necessidade de manter as liberdades catal\u00e3s, alegando que os pa\u00edses da coroa catal\u00e3-aragonesa &#8220;poderiam desempenhar um importante papel no mundo, organizando-se em uma <em>commonwealth<\/em>.&#8221;<\/p>\t\t\t\t\t\t\t\t<\/div>\n\t\t\t\t<\/div>\n\t\t\t\t\t<\/div>\n\t\t<\/div>\n\t\t\t\t\t<\/div>\n\t\t<\/section>\n\t\t\t\t<\/div>","protected":false},"excerpt":{"rendered":"<p>Catalunha no contexto da pol\u00edtica europeia do s\u00e9culo XVIII: A Guerra de Sucess\u00e3o (1702-1714) A guerra pr\u00e9via \u00e0 queda de Barcelona Se durante o s\u00e9culo XVII a Catalunha sofreu as consequ\u00eancias da Guerra dos 30 Anos com a perda do seu territ\u00f3rio mais ao norte, no s\u00e9culo XVIII perderia as suas institui\u00e7\u00f5es pol\u00edticas devido a<\/p>","protected":false},"author":1,"featured_media":0,"parent":2033,"menu_order":0,"comment_status":"closed","ping_status":"closed","template":"","meta":{"_uag_custom_page_level_css":"","order-bump-settings":[],"_wpfnl_thankyou_order_overview":"on","_wpfnl_thankyou_order_details":"on","_wpfnl_thankyou_billing_details":"on","_wpfnl_thankyou_shipping_details":"on","site-sidebar-layout":"no-sidebar","site-content-layout":"page-builder","ast-site-content-layout":"","site-content-style":"default","site-sidebar-style":"default","ast-global-header-display":"","ast-banner-title-visibility":"","ast-main-header-display":"","ast-hfb-above-header-display":"","ast-hfb-below-header-display":"","ast-hfb-mobile-header-display":"","site-post-title":"disabled","ast-breadcrumbs-content":"","ast-featured-img":"disabled","footer-sml-layout":"","theme-transparent-header-meta":"default","adv-header-id-meta":"","stick-header-meta":"","header-above-stick-meta":"","header-main-stick-meta":"","header-below-stick-meta":"","astra-migrate-meta-layouts":"default","ast-page-background-enabled":"default","ast-page-background-meta":{"desktop":{"background-color":"","background-image":"","background-repeat":"repeat","background-position":"center center","background-size":"auto","background-attachment":"scroll","background-type":"","background-media":"","overlay-type":"","overlay-color":"","overlay-opacity":"","overlay-gradient":""},"tablet":{"background-color":"","background-image":"","background-repeat":"repeat","background-position":"center center","background-size":"auto","background-attachment":"scroll","background-type":"","background-media":"","overlay-type":"","overlay-color":"","overlay-opacity":"","overlay-gradient":""},"mobile":{"background-color":"","background-image":"","background-repeat":"repeat","background-position":"center center","background-size":"auto","background-attachment":"scroll","background-type":"","background-media":"","overlay-type":"","overlay-color":"","overlay-opacity":"","overlay-gradient":""}},"ast-content-background-meta":{"desktop":{"background-color":"var(--ast-global-color-5)","background-image":"","background-repeat":"repeat","background-position":"center center","background-size":"auto","background-attachment":"scroll","background-type":"","background-media":"","overlay-type":"","overlay-color":"","overlay-opacity":"","overlay-gradient":""},"tablet":{"background-color":"var(--ast-global-color-5)","background-image":"","background-repeat":"repeat","background-position":"center center","background-size":"auto","background-attachment":"scroll","background-type":"","background-media":"","overlay-type":"","overlay-color":"","overlay-opacity":"","overlay-gradient":""},"mobile":{"background-color":"var(--ast-global-color-5)","background-image":"","background-repeat":"repeat","background-position":"center center","background-size":"auto","background-attachment":"scroll","background-type":"","background-media":"","overlay-type":"","overlay-color":"","overlay-opacity":"","overlay-gradient":""}},"footnotes":""},"class_list":["post-2173","page","type-page","status-publish","hentry"],"yoast_head":"<!-- This site is optimized with the Yoast SEO plugin v27.2 - https:\/\/yoast.com\/product\/yoast-seo-wordpress\/ -->\n<title>Catalunha no contexto da pol\u00edtica europeia do s\u00e9culo XVIII: A Guerra de Sucess\u00e3o (1702-1714) - Associa\u00e7\u00e3o Cultural Catalonia<\/title>\n<meta name=\"robots\" content=\"index, follow, max-snippet:-1, max-image-preview:large, max-video-preview:-1\" \/>\n<link rel=\"canonical\" href=\"https:\/\/catalonia.com.br\/ca\/a-catalunha\/historia-da-catalunha\/catalunha-no-contexto-da-politica-europeia-do-seculo-xviii-a-guerra-de-sucessao-1702-1714\/\" \/>\n<meta property=\"og:locale\" content=\"ca_ES\" \/>\n<meta property=\"og:type\" content=\"article\" \/>\n<meta property=\"og:title\" content=\"Catalunha no contexto da pol\u00edtica europeia do s\u00e9culo XVIII: A Guerra de Sucess\u00e3o (1702-1714) - Associa\u00e7\u00e3o Cultural Catalonia\" \/>\n<meta property=\"og:description\" content=\"Catalunha no contexto da pol\u00edtica europeia do s\u00e9culo XVIII: A Guerra de Sucess\u00e3o (1702-1714) A guerra pr\u00e9via \u00e0 queda de Barcelona Se durante o s\u00e9culo XVII a Catalunha sofreu as consequ\u00eancias da Guerra dos 30 Anos com a perda do seu territ\u00f3rio mais ao norte, no s\u00e9culo XVIII perderia as suas institui\u00e7\u00f5es pol\u00edticas devido a\" \/>\n<meta property=\"og:url\" content=\"https:\/\/catalonia.com.br\/ca\/a-catalunha\/historia-da-catalunha\/catalunha-no-contexto-da-politica-europeia-do-seculo-xviii-a-guerra-de-sucessao-1702-1714\/\" \/>\n<meta property=\"og:site_name\" content=\"Associa\u00e7\u00e3o Cultural Catalonia\" \/>\n<meta property=\"article:modified_time\" content=\"2023-07-23T03:05:16+00:00\" \/>\n<meta name=\"twitter:card\" content=\"summary_large_image\" \/>\n<meta name=\"twitter:label1\" content=\"Temps estimat de lectura\" \/>\n\t<meta name=\"twitter:data1\" content=\"5 minuts\" \/>\n<script type=\"application\/ld+json\" class=\"yoast-schema-graph\">{\"@context\":\"https:\/\/schema.org\",\"@graph\":[{\"@type\":\"WebPage\",\"@id\":\"https:\/\/catalonia.com.br\/a-catalunha\/historia-da-catalunha\/catalunha-no-contexto-da-politica-europeia-do-seculo-xviii-a-guerra-de-sucessao-1702-1714\/\",\"url\":\"https:\/\/catalonia.com.br\/a-catalunha\/historia-da-catalunha\/catalunha-no-contexto-da-politica-europeia-do-seculo-xviii-a-guerra-de-sucessao-1702-1714\/\",\"name\":\"Catalunha no contexto da pol\u00edtica europeia do s\u00e9culo XVIII: A Guerra de Sucess\u00e3o (1702-1714) - Associa\u00e7\u00e3o Cultural Catalonia\",\"isPartOf\":{\"@id\":\"https:\/\/catalonia.com.br\/#website\"},\"datePublished\":\"2023-06-10T20:05:07+00:00\",\"dateModified\":\"2023-07-23T03:05:16+00:00\",\"breadcrumb\":{\"@id\":\"https:\/\/catalonia.com.br\/a-catalunha\/historia-da-catalunha\/catalunha-no-contexto-da-politica-europeia-do-seculo-xviii-a-guerra-de-sucessao-1702-1714\/#breadcrumb\"},\"inLanguage\":\"ca\",\"potentialAction\":[{\"@type\":\"ReadAction\",\"target\":[\"https:\/\/catalonia.com.br\/a-catalunha\/historia-da-catalunha\/catalunha-no-contexto-da-politica-europeia-do-seculo-xviii-a-guerra-de-sucessao-1702-1714\/\"]}]},{\"@type\":\"BreadcrumbList\",\"@id\":\"https:\/\/catalonia.com.br\/a-catalunha\/historia-da-catalunha\/catalunha-no-contexto-da-politica-europeia-do-seculo-xviii-a-guerra-de-sucessao-1702-1714\/#breadcrumb\",\"itemListElement\":[{\"@type\":\"ListItem\",\"position\":1,\"name\":\"In\u00edcio\",\"item\":\"https:\/\/catalonia.com.br\/\"},{\"@type\":\"ListItem\",\"position\":2,\"name\":\"A Catalunha\",\"item\":\"https:\/\/catalonia.com.br\/a-catalunha\/\"},{\"@type\":\"ListItem\",\"position\":3,\"name\":\"Hist\u00f3ria da Catalunha\",\"item\":\"https:\/\/catalonia.com.br\/a-catalunha\/historia-da-catalunha\/\"},{\"@type\":\"ListItem\",\"position\":4,\"name\":\"Catalunha no contexto da pol\u00edtica europeia do s\u00e9culo XVIII: A Guerra de Sucess\u00e3o (1702-1714)\"}]},{\"@type\":\"WebSite\",\"@id\":\"https:\/\/catalonia.com.br\/#website\",\"url\":\"https:\/\/catalonia.com.br\/\",\"name\":\"Associa\u00e7\u00e3o Cultural Catalonia\",\"description\":\"\",\"publisher\":{\"@id\":\"https:\/\/catalonia.com.br\/#organization\"},\"potentialAction\":[{\"@type\":\"SearchAction\",\"target\":{\"@type\":\"EntryPoint\",\"urlTemplate\":\"https:\/\/catalonia.com.br\/?s={search_term_string}\"},\"query-input\":{\"@type\":\"PropertyValueSpecification\",\"valueRequired\":true,\"valueName\":\"search_term_string\"}}],\"inLanguage\":\"ca\"},{\"@type\":\"Organization\",\"@id\":\"https:\/\/catalonia.com.br\/#organization\",\"name\":\"Associa\u00e7\u00e3o Cultural Catalonia\",\"url\":\"https:\/\/catalonia.com.br\/\",\"logo\":{\"@type\":\"ImageObject\",\"inLanguage\":\"ca\",\"@id\":\"https:\/\/catalonia.com.br\/#\/schema\/logo\/image\/\",\"url\":\"https:\/\/catalonia.com.br\/wp-content\/uploads\/2023\/06\/cropped-cropped-cropped-Catalonia-logotip-renovat-2.png\",\"contentUrl\":\"https:\/\/catalonia.com.br\/wp-content\/uploads\/2023\/06\/cropped-cropped-cropped-Catalonia-logotip-renovat-2.png\",\"width\":313,\"height\":320,\"caption\":\"Associa\u00e7\u00e3o Cultural Catalonia\"},\"image\":{\"@id\":\"https:\/\/catalonia.com.br\/#\/schema\/logo\/image\/\"}}]}<\/script>\n<!-- \/ Yoast SEO plugin. -->","yoast_head_json":{"title":"Catalunha no contexto da pol\u00edtica europeia do s\u00e9culo XVIII: A Guerra de Sucess\u00e3o (1702-1714) - Associa\u00e7\u00e3o Cultural Catalonia","robots":{"index":"index","follow":"follow","max-snippet":"max-snippet:-1","max-image-preview":"max-image-preview:large","max-video-preview":"max-video-preview:-1"},"canonical":"https:\/\/catalonia.com.br\/ca\/a-catalunha\/historia-da-catalunha\/catalunha-no-contexto-da-politica-europeia-do-seculo-xviii-a-guerra-de-sucessao-1702-1714\/","og_locale":"ca_ES","og_type":"article","og_title":"Catalunha no contexto da pol\u00edtica europeia do s\u00e9culo XVIII: A Guerra de Sucess\u00e3o (1702-1714) - Associa\u00e7\u00e3o Cultural Catalonia","og_description":"Catalunha no contexto da pol\u00edtica europeia do s\u00e9culo XVIII: A Guerra de Sucess\u00e3o (1702-1714) A guerra pr\u00e9via \u00e0 queda de Barcelona Se durante o s\u00e9culo XVII a Catalunha sofreu as consequ\u00eancias da Guerra dos 30 Anos com a perda do seu territ\u00f3rio mais ao norte, no s\u00e9culo XVIII perderia as suas institui\u00e7\u00f5es pol\u00edticas devido a","og_url":"https:\/\/catalonia.com.br\/ca\/a-catalunha\/historia-da-catalunha\/catalunha-no-contexto-da-politica-europeia-do-seculo-xviii-a-guerra-de-sucessao-1702-1714\/","og_site_name":"Associa\u00e7\u00e3o Cultural Catalonia","article_modified_time":"2023-07-23T03:05:16+00:00","twitter_card":"summary_large_image","twitter_misc":{"Temps estimat de lectura":"5 minuts"},"schema":{"@context":"https:\/\/schema.org","@graph":[{"@type":"WebPage","@id":"https:\/\/catalonia.com.br\/a-catalunha\/historia-da-catalunha\/catalunha-no-contexto-da-politica-europeia-do-seculo-xviii-a-guerra-de-sucessao-1702-1714\/","url":"https:\/\/catalonia.com.br\/a-catalunha\/historia-da-catalunha\/catalunha-no-contexto-da-politica-europeia-do-seculo-xviii-a-guerra-de-sucessao-1702-1714\/","name":"Catalunha no contexto da pol\u00edtica europeia do s\u00e9culo XVIII: A Guerra de Sucess\u00e3o (1702-1714) - Associa\u00e7\u00e3o Cultural Catalonia","isPartOf":{"@id":"https:\/\/catalonia.com.br\/#website"},"datePublished":"2023-06-10T20:05:07+00:00","dateModified":"2023-07-23T03:05:16+00:00","breadcrumb":{"@id":"https:\/\/catalonia.com.br\/a-catalunha\/historia-da-catalunha\/catalunha-no-contexto-da-politica-europeia-do-seculo-xviii-a-guerra-de-sucessao-1702-1714\/#breadcrumb"},"inLanguage":"ca","potentialAction":[{"@type":"ReadAction","target":["https:\/\/catalonia.com.br\/a-catalunha\/historia-da-catalunha\/catalunha-no-contexto-da-politica-europeia-do-seculo-xviii-a-guerra-de-sucessao-1702-1714\/"]}]},{"@type":"BreadcrumbList","@id":"https:\/\/catalonia.com.br\/a-catalunha\/historia-da-catalunha\/catalunha-no-contexto-da-politica-europeia-do-seculo-xviii-a-guerra-de-sucessao-1702-1714\/#breadcrumb","itemListElement":[{"@type":"ListItem","position":1,"name":"In\u00edcio","item":"https:\/\/catalonia.com.br\/"},{"@type":"ListItem","position":2,"name":"A Catalunha","item":"https:\/\/catalonia.com.br\/a-catalunha\/"},{"@type":"ListItem","position":3,"name":"Hist\u00f3ria da Catalunha","item":"https:\/\/catalonia.com.br\/a-catalunha\/historia-da-catalunha\/"},{"@type":"ListItem","position":4,"name":"Catalunha no contexto da pol\u00edtica europeia do s\u00e9culo XVIII: A Guerra de Sucess\u00e3o (1702-1714)"}]},{"@type":"WebSite","@id":"https:\/\/catalonia.com.br\/#website","url":"https:\/\/catalonia.com.br\/","name":"l'Associaci\u00f3 Cultural Catalonia","description":"","publisher":{"@id":"https:\/\/catalonia.com.br\/#organization"},"potentialAction":[{"@type":"SearchAction","target":{"@type":"EntryPoint","urlTemplate":"https:\/\/catalonia.com.br\/?s={search_term_string}"},"query-input":{"@type":"PropertyValueSpecification","valueRequired":true,"valueName":"search_term_string"}}],"inLanguage":"ca"},{"@type":"Organization","@id":"https:\/\/catalonia.com.br\/#organization","name":"l'Associaci\u00f3 Cultural Catalonia","url":"https:\/\/catalonia.com.br\/","logo":{"@type":"ImageObject","inLanguage":"ca","@id":"https:\/\/catalonia.com.br\/#\/schema\/logo\/image\/","url":"https:\/\/catalonia.com.br\/wp-content\/uploads\/2023\/06\/cropped-cropped-cropped-Catalonia-logotip-renovat-2.png","contentUrl":"https:\/\/catalonia.com.br\/wp-content\/uploads\/2023\/06\/cropped-cropped-cropped-Catalonia-logotip-renovat-2.png","width":313,"height":320,"caption":"Associa\u00e7\u00e3o Cultural Catalonia"},"image":{"@id":"https:\/\/catalonia.com.br\/#\/schema\/logo\/image\/"}}]}},"uagb_featured_image_src":{"full":false,"thumbnail":false,"medium":false,"medium_large":false,"large":false,"1536x1536":false,"2048x2048":false,"trp-custom-language-flag":false,"woocommerce_thumbnail":false,"woocommerce_single":false,"woocommerce_gallery_thumbnail":false},"uagb_author_info":{"display_name":"Associa\u00e7\u00e3o Cultural Catalonia","author_link":"https:\/\/catalonia.com.br\/ca\/author\/admincat\/"},"uagb_comment_info":0,"uagb_excerpt":"Catalunha no contexto da pol\u00edtica europeia do s\u00e9culo XVIII: A Guerra de Sucess\u00e3o (1702-1714) A guerra pr\u00e9via \u00e0 queda de Barcelona Se durante o s\u00e9culo XVII a Catalunha sofreu as consequ\u00eancias da Guerra dos 30 Anos com a perda do seu territ\u00f3rio mais ao norte, no s\u00e9culo XVIII perderia as suas institui\u00e7\u00f5es pol\u00edticas devido a","_links":{"self":[{"href":"https:\/\/catalonia.com.br\/ca\/wp-json\/wp\/v2\/pages\/2173","targetHints":{"allow":["GET"]}}],"collection":[{"href":"https:\/\/catalonia.com.br\/ca\/wp-json\/wp\/v2\/pages"}],"about":[{"href":"https:\/\/catalonia.com.br\/ca\/wp-json\/wp\/v2\/types\/page"}],"author":[{"embeddable":true,"href":"https:\/\/catalonia.com.br\/ca\/wp-json\/wp\/v2\/users\/1"}],"replies":[{"embeddable":true,"href":"https:\/\/catalonia.com.br\/ca\/wp-json\/wp\/v2\/comments?post=2173"}],"version-history":[{"count":0,"href":"https:\/\/catalonia.com.br\/ca\/wp-json\/wp\/v2\/pages\/2173\/revisions"}],"up":[{"embeddable":true,"href":"https:\/\/catalonia.com.br\/ca\/wp-json\/wp\/v2\/pages\/2033"}],"wp:attachment":[{"href":"https:\/\/catalonia.com.br\/ca\/wp-json\/wp\/v2\/media?parent=2173"}],"curies":[{"name":"wp","href":"https:\/\/api.w.org\/{rel}","templated":true}]}}