{"id":2137,"date":"2023-06-10T16:35:12","date_gmt":"2023-06-10T19:35:12","guid":{"rendered":"https:\/\/catalonia.com.br\/?page_id=2137"},"modified":"2023-07-23T00:03:45","modified_gmt":"2023-07-23T03:03:45","slug":"extincao-da-dinastia-catala-e-distanciamento-da-monarquia-sec-xv-xvii","status":"publish","type":"page","link":"https:\/\/catalonia.com.br\/ca\/a-catalunha\/historia-da-catalunha\/extincao-da-dinastia-catala-e-distanciamento-da-monarquia-sec-xv-xvii\/","title":{"rendered":"Extin\u00e7\u00e3o da dinastia catal\u00e3 e distanciamento da monarquia (s\u00e9c. XV-XVII)"},"content":{"rendered":"<div data-elementor-type=\"wp-page\" data-elementor-id=\"2137\" class=\"elementor elementor-2137\">\n\t\t\t\t\t\t<section class=\"elementor-section elementor-top-section elementor-element elementor-element-0ie05be elementor-section-height-min-height elementor-section-boxed elementor-section-height-default elementor-section-items-middle wpr-particle-no wpr-jarallax-no wpr-parallax-no wpr-sticky-section-no elementor-invisible\" data-id=\"0ie05be\" data-element_type=\"section\" data-e-type=\"section\" data-settings=\"{&quot;background_background&quot;:&quot;classic&quot;,&quot;animation&quot;:&quot;fadeIn&quot;}\">\n\t\t\t\t\t\t\t<div class=\"elementor-background-overlay\"><\/div>\n\t\t\t\t\t\t\t<div class=\"elementor-container elementor-column-gap-no\">\n\t\t\t\t\t<div class=\"elementor-column elementor-col-100 elementor-top-column elementor-element elementor-element-aaad5b0\" data-id=\"aaad5b0\" data-element_type=\"column\" data-e-type=\"column\">\n\t\t\t<div class=\"elementor-widget-wrap\">\n\t\t\t\t\t\t\t<\/div>\n\t\t<\/div>\n\t\t\t\t\t<\/div>\n\t\t<\/section>\n\t\t\t\t<section class=\"elementor-section elementor-top-section elementor-element elementor-element-b0b3f95 elementor-section-boxed elementor-section-height-default elementor-section-height-default wpr-particle-no wpr-jarallax-no wpr-parallax-no wpr-sticky-section-no\" data-id=\"b0b3f95\" data-element_type=\"section\" data-e-type=\"section\" data-settings=\"{&quot;background_background&quot;:&quot;classic&quot;}\">\n\t\t\t\t\t\t<div class=\"elementor-container elementor-column-gap-default\">\n\t\t\t\t\t<div class=\"elementor-column elementor-col-100 elementor-top-column elementor-element elementor-element-e9eaf4e\" data-id=\"e9eaf4e\" data-element_type=\"column\" data-e-type=\"column\">\n\t\t\t<div class=\"elementor-widget-wrap elementor-element-populated\">\n\t\t\t\t\t\t<div class=\"elementor-element elementor-element-90ba35c elementor-widget elementor-widget-spacer\" data-id=\"90ba35c\" data-element_type=\"widget\" data-e-type=\"widget\" data-widget_type=\"spacer.default\">\n\t\t\t\t<div class=\"elementor-widget-container\">\n\t\t\t\t\t\t\t<div class=\"elementor-spacer\">\n\t\t\t<div class=\"elementor-spacer-inner\"><\/div>\n\t\t<\/div>\n\t\t\t\t\t\t<\/div>\n\t\t\t\t<\/div>\n\t\t\t\t<div class=\"elementor-element elementor-element-6c66b08 elementor-widget elementor-widget-heading\" data-id=\"6c66b08\" data-element_type=\"widget\" data-e-type=\"widget\" data-widget_type=\"heading.default\">\n\t\t\t\t<div class=\"elementor-widget-container\">\n\t\t\t\t\t<h1 class=\"elementor-heading-title elementor-size-default\">Extin\u00e7\u00e3o da dinastia catal\u00e3 e distanciamento da monarquia (s\u00e9c. XV-XVII)<\/h1>\t\t\t\t<\/div>\n\t\t\t\t<\/div>\n\t\t\t\t\t<\/div>\n\t\t<\/div>\n\t\t\t\t\t<\/div>\n\t\t<\/section>\n\t\t\t\t<section class=\"elementor-section elementor-top-section elementor-element elementor-element-cf4d000 elementor-section-boxed elementor-section-height-default elementor-section-height-default wpr-particle-no wpr-jarallax-no wpr-parallax-no wpr-sticky-section-no\" data-id=\"cf4d000\" data-element_type=\"section\" data-e-type=\"section\" data-settings=\"{&quot;background_background&quot;:&quot;classic&quot;}\">\n\t\t\t\t\t\t<div class=\"elementor-container elementor-column-gap-default\">\n\t\t\t\t\t<div class=\"elementor-column elementor-col-100 elementor-top-column elementor-element elementor-element-f75b486\" data-id=\"f75b486\" data-element_type=\"column\" data-e-type=\"column\">\n\t\t\t<div class=\"elementor-widget-wrap elementor-element-populated\">\n\t\t\t\t\t\t<div class=\"elementor-element elementor-element-8c9ecd8 elementor-widget elementor-widget-heading\" data-id=\"8c9ecd8\" data-element_type=\"widget\" data-e-type=\"widget\" data-widget_type=\"heading.default\">\n\t\t\t\t<div class=\"elementor-widget-container\">\n\t\t\t\t\t<h3 class=\"elementor-heading-title elementor-size-default\">Da extin\u00e7\u00e3o da dinastia catal\u00e3 ao Tratado dos Pirineus<\/h3>\t\t\t\t<\/div>\n\t\t\t\t<\/div>\n\t\t\t\t\t<\/div>\n\t\t<\/div>\n\t\t\t\t\t<\/div>\n\t\t<\/section>\n\t\t\t\t<section class=\"elementor-section elementor-top-section elementor-element elementor-element-351e56a elementor-section-boxed elementor-section-height-default elementor-section-height-default wpr-particle-no wpr-jarallax-no wpr-parallax-no wpr-sticky-section-no\" data-id=\"351e56a\" data-element_type=\"section\" data-e-type=\"section\" data-settings=\"{&quot;background_background&quot;:&quot;gradient&quot;}\">\n\t\t\t\t\t\t<div class=\"elementor-container elementor-column-gap-extended\">\n\t\t\t\t\t<div class=\"elementor-column elementor-col-100 elementor-top-column elementor-element elementor-element-9b5224b\" data-id=\"9b5224b\" data-element_type=\"column\" data-e-type=\"column\">\n\t\t\t<div class=\"elementor-widget-wrap elementor-element-populated\">\n\t\t\t\t\t\t<div class=\"elementor-element elementor-element-ead46e9 elementor-drop-cap-yes elementor-drop-cap-view-stacked elementor-widget elementor-widget-text-editor\" data-id=\"ead46e9\" data-element_type=\"widget\" data-e-type=\"widget\" data-settings=\"{&quot;drop_cap&quot;:&quot;yes&quot;}\" data-widget_type=\"text-editor.default\">\n\t\t\t\t<div class=\"elementor-widget-container\">\n\t\t\t\t\t\t\t\t\t<p style=\"text-align: justify;\">Um fato decisivo na progressiva tomada de poderes por parte da Generalitat foi a extin\u00e7\u00e3o da dinastia catal\u00e3 no ano 1410, com a morte do rei &#8220;Martin, o humano&#8221; sem descend\u00eancia leg\u00edtima. Com o &#8220;Comprom\u00edsso de Casp&#8221; (1412) sentenciou-se que a coroa catal\u00e3 &#8211; aragonesa passava \u00e0s m\u00e3os da dinastia castelhana dos Trast\u00e2mara para a pessoa de Fernando I, de Antequera.<\/p><p style=\"text-align: justify;\">As primeiras tens\u00f5es come\u00e7aram a manifestar-se nas Cortes reunidas em Barcelona nos anos de 1412-1413. O rei teve que escutar muitas queixas, \u00e0 exig\u00eancia de respeitar as Constitui\u00e7\u00f5es da Catalunha e de reconhecer as atribui\u00e7\u00f5es da Generalitat. Assim o fez o rei Fernando I, de maneira que a Generalitat era reconhecida n\u00e3o somente por sua organiza\u00e7\u00e3o e atribui\u00e7\u00f5es em mat\u00e9ria judicial e financeira, mas tamb\u00e9m, pelas de car\u00e1ter pol\u00edtico: a Generalitat velaria pelo cumprimento das Constitui\u00e7\u00f5es da Catalunha, exigindo, caso necess\u00e1rio, o mesmo rei.<\/p><p style=\"text-align: justify;\">As Cortes de Barcelona de 1421, pela Constitui\u00e7\u00e3o &#8220;Lo fruit de les lleis&#8221;, concediam \u00e0 Generalitat a aten\u00e7\u00e3o do sistema constitucional do pa\u00eds e lhe conferiam um poder moderador com possibilidade de equilibrar o autoritarismo mon\u00e1rquico. Esta tarefa era refor\u00e7ada \u00e0s Cortes em 1481, convocadas por Fernando II, nas quais fazia-se o acordo da Constitui\u00e7\u00e3o &#8220;Poc valria&#8221;: Pouco valeria fazer leis se n\u00e3o fossem observadas pelo nosso rei e nossos oficiais &#8220;. Assim, a Generalitat prosseguiu a sua miss\u00e3o de vigil\u00e2ncia constitucional, conjuntamente com a Real Audiencia, reorganizada no ano 1483, que era como uma esp\u00e9cie de antecipa\u00e7\u00e3o do tribunal de garantias constitucionais. A Generalitat converteu-se, progressivamente, na mais alta representa\u00e7\u00e3o dos interesses da Catalunha e na defensora obstinada das suas Constitui\u00e7\u00f5es e imunidade perante os reis e a Inquisi\u00e7\u00e3o. Segundo as situa\u00e7\u00f5es sociais e pol\u00edticas de cada \u00e9poca, a Generalitat \u00e0s vezes exerceu formas olig\u00e1rquicas de poder, como demonstra, por exemplo, o procedimento de designa\u00e7\u00e3o dos seus componentes. No princ\u00edpio, os membros da Generalitat sucediam-se por coopta\u00e7\u00e3o, ou seja, seus titulares designavam, os seus sucessores, e o Presidente era sempre o representante do bra\u00e7o eclesi\u00e1stico. Mas o rei Fernando II (1479-1516) imp\u00f4s no ano 1488 a designa\u00e7\u00e3o por sorteio. As pessoas eram escolhidas ao acaso a partir de uma lista de nomes proposta pelo rei ou pelos grupos dominantes. Por outro lado, a dedica\u00e7\u00e3o do absolutismo mon\u00e1rquico, pr\u00f3prio da \u00e9poca, e a for\u00e7a do poder municipal de Barcelona tiraram poder \u00e0 Generalitat. Barcelona, chegou a constituir uma esp\u00e9cie de rep\u00fablica municipal que estendia seu poder mais al\u00e9m dos limites urbanos.<\/p><p style=\"text-align: justify;\">O seu Consell de Cent, com faculdades legislativas e consultivas, atuava como uma esp\u00e9cie de parlamento. Sob o reinado dos Reis Cat\u00f3licos, que acumularam as coroas de Castela e Catalunha &#8211; Arag\u00e3o, fortalece-se o dom\u00ednio de Castela. Fernando II, o Cat\u00f3lico (1479-1516), introduziu na Catalunha institui\u00e7\u00f5es castelhanas (tribunal da Inquisi\u00e7\u00e3o), homens de governo e, inclusive tropas castelhanas. Iniciava-se a decad\u00eancia de Barcelona e de suas institui\u00e7\u00f5es. Com a sucess\u00e3o de Fernando II, pelo seu neto Carlos I(1516-1556), o primeiro monarca da Casa dos Habsburgos ou da \u00c1ustria, acentuou-se a depend\u00eancia e o isolamento da Catalunha em rela\u00e7\u00e3o a Castela, tanto que o seu sucessor Felipe II(1556-1598) n\u00e3o teve d\u00favida em comandar os militares catal\u00e3es \u00e0 grande expedi\u00e7\u00e3o contra os turcos: Luis de Requenses foi o verdadeiro l\u00edder vencedor da batalha de Lepanto (1571). Juan de \u00c1ustria, ainda menor de idade, era somente uma figura honor\u00edfica colocada \u00e0 frente da armada. Com a instaura\u00e7\u00e3o da dinastia da \u00c1ustria, a realeza havia se distanciado ainda mais dos interesses da popula\u00e7\u00e3o. Este distanciamento expressava-se na introdu\u00e7\u00e3o da figura do vice-rei na Catalunha, como um enviado e representante da monarquia. Esta delega\u00e7\u00e3o de poderes criaria em alguns momentos choques com a Generalitat, por outro lado, na pr\u00f3pria Catalunha, a m\u00e1xima institui\u00e7\u00e3o catal\u00e3 era vista \u00e0s vezes como um poder olig\u00e1rquico que controlava as finan\u00e7as nem sempre em benef\u00edcio dos cidad\u00e3os. A mesma quest\u00e3o financeira criou choques com a coroa durante o reinado de Felipe III (1598-1621) devido \u00e0s contribui\u00e7\u00f5es que obrigavam a Catalunha a pagar, em benef\u00edcio dos interesses da coroa e que teriam que ser arrecadadas precisamente pela Generalitat. Esta situa\u00e7\u00e3o aumentou os receios da Catalunha e ocasionou confrontos com Felipe IV (1621-1665) convertendo-se em uma guerra aberta.<\/p><p style=\"text-align: justify;\">Felipe IV caiu quando as institui\u00e7\u00f5es da Catalunha viram-se mais amea\u00e7adas. Por ser menor de idade o rei aconselhava-se com o Conde de Olivares, inspirador de uma pol\u00edtica centralizadora a todo pre\u00e7o quando aconselhava o rei sobre todas as regras da Espanha &#8220;ao estilo e \u00e0s leis de Castela&#8221;. A Guerra dos Trinta Anos (1618-1648), na qual Castela aliou-se com a \u00c1ustria contra a Fran\u00e7a, ocasionou uma s\u00e9rie de exig\u00eancias do rei e de seu conselheiro Olivares, aos catal\u00e3es, para que colaborassem com dinheiro e com homens em uma guerra que nada tinha a ver com a Catalunha. As Constitui\u00e7\u00f5es da Catalunha, que o mesmo rei havia jurado, garantiam o direito dos catal\u00e3es para faz\u00ea-lo livremente, nunca por imposi\u00e7\u00e3o. A Generalitat viu-se submetida a todo tipo de press\u00f5es na pessoa de seu presidente, Pau Claris, e do representante do bra\u00e7o militar, Francesc de Tamarit, que foi aprisionado. Por outro lado, a presen\u00e7a na Catalunha de tropas reais castelhanas lan\u00e7adas aos piores excessos de libertinagem e espolia\u00e7\u00e3o em terras catal\u00e3s (tropas destinadas \u00e0 defesa do Rossell\u00f3 contra as pretens\u00f5es territoriais francesas), provocou primeiro a indigna\u00e7\u00e3o do povo e logo ap\u00f3s a revolta. Em 7 de junho de 1640, feriado de Corpus, os <strong><em>Segadors<\/em><\/strong> entram em Barcelona, em uma manifesta\u00e7\u00e3o contra os monarquistas. Foi o &#8220;Corpus de Sang&#8221;, que provocou a invas\u00e3o castelhana que j\u00e1 estava sendo preparada pelo Conde de Olivares. A Generalitat, presidida por Pau Claris, faz um chamado \u00e0 resist\u00eancia e envia os seus embaixadores ao rei da Fran\u00e7a, Luis XIII para solicitar ajuda diante da invas\u00e3o do rei da Espanha.<\/p><p style=\"text-align: justify;\">Por interm\u00e9dio de Richelieu, o rei prometeu uma ajuda insuficiente e ofereceu a cria\u00e7\u00e3o de uma rep\u00fablica catal\u00e3. Em 26 de janeiro de 1641 ocorreu a <strong>batalha de Montju\u00efc<\/strong>, contra o ex\u00e9rcito de Felipe IV, o qual foi derrotado e viu-se for\u00e7ado a retirar-se. Um m\u00eas mais tarde morreria o presidente Pau Claris, qualificado pelo Dietari de la Generalitat como um &#8221; um grande restaurador da nossa p\u00e1tria m\u00e3e Catalunha, defensor e libertador da p\u00e1tria&#8221;. A destitui\u00e7\u00e3o do Conde de Olivares, a presen\u00e7a da fome e da peste e a promessa de Felipe IV em respeitar as institui\u00e7\u00f5es catal\u00e3s, colocaram fim \u00e0 guerra (1652). Mas n\u00e3o seria a paz total. Apesar que a Guerra dos Trinta Anos j\u00e1 havia terminado com o Tratado de Westf\u00e1lia de 1648, pelo qual a Espanha perdia dom\u00ednios no centro da Europa, continuava a guerra entre a Fran\u00e7a e Castela, na qual a Catalunha seria afetada com a perda de seus territ\u00f3rios ao norte dos Pirineus. Quando, no ano 1659, Lu\u00eds XIV e Felipe IV assinaram a Paz dos Pirineus, a Catalunha seria mutilada quando Felipe IV cedeu a Fran\u00e7a parte do territ\u00f3rio catal\u00e3o ( Rossell\u00f3, Capcir, Conflent, Vallespir e parte da Cerdanya), transgredindo as <strong>Constitui\u00e7\u00f5es da Catalunha<\/strong>.<\/p>\t\t\t\t\t\t\t\t<\/div>\n\t\t\t\t<\/div>\n\t\t\t\t\t<\/div>\n\t\t<\/div>\n\t\t\t\t\t<\/div>\n\t\t<\/section>\n\t\t\t\t<\/div>","protected":false},"excerpt":{"rendered":"<p>Extin\u00e7\u00e3o da dinastia catal\u00e3 e distanciamento da monarquia (s\u00e9c. XV-XVII) Da extin\u00e7\u00e3o da dinastia catal\u00e3 ao Tratado dos Pirineus Um fato decisivo na progressiva tomada de poderes por parte da Generalitat foi a extin\u00e7\u00e3o da dinastia catal\u00e3 no ano 1410, com a morte do rei &#8220;Martin, o humano&#8221; sem descend\u00eancia leg\u00edtima. Com o &#8220;Comprom\u00edsso de<\/p>","protected":false},"author":1,"featured_media":0,"parent":2033,"menu_order":0,"comment_status":"closed","ping_status":"closed","template":"","meta":{"_uag_custom_page_level_css":"","order-bump-settings":[],"_wpfnl_thankyou_order_overview":"on","_wpfnl_thankyou_order_details":"on","_wpfnl_thankyou_billing_details":"on","_wpfnl_thankyou_shipping_details":"on","site-sidebar-layout":"no-sidebar","site-content-layout":"page-builder","ast-site-content-layout":"","site-content-style":"default","site-sidebar-style":"default","ast-global-header-display":"","ast-banner-title-visibility":"","ast-main-header-display":"","ast-hfb-above-header-display":"","ast-hfb-below-header-display":"","ast-hfb-mobile-header-display":"","site-post-title":"disabled","ast-breadcrumbs-content":"","ast-featured-img":"disabled","footer-sml-layout":"","theme-transparent-header-meta":"default","adv-header-id-meta":"","stick-header-meta":"","header-above-stick-meta":"","header-main-stick-meta":"","header-below-stick-meta":"","astra-migrate-meta-layouts":"default","ast-page-background-enabled":"default","ast-page-background-meta":{"desktop":{"background-color":"","background-image":"","background-repeat":"repeat","background-position":"center center","background-size":"auto","background-attachment":"scroll","background-type":"","background-media":"","overlay-type":"","overlay-color":"","overlay-opacity":"","overlay-gradient":""},"tablet":{"background-color":"","background-image":"","background-repeat":"repeat","background-position":"center center","background-size":"auto","background-attachment":"scroll","background-type":"","background-media":"","overlay-type":"","overlay-color":"","overlay-opacity":"","overlay-gradient":""},"mobile":{"background-color":"","background-image":"","background-repeat":"repeat","background-position":"center center","background-size":"auto","background-attachment":"scroll","background-type":"","background-media":"","overlay-type":"","overlay-color":"","overlay-opacity":"","overlay-gradient":""}},"ast-content-background-meta":{"desktop":{"background-color":"var(--ast-global-color-5)","background-image":"","background-repeat":"repeat","background-position":"center center","background-size":"auto","background-attachment":"scroll","background-type":"","background-media":"","overlay-type":"","overlay-color":"","overlay-opacity":"","overlay-gradient":""},"tablet":{"background-color":"var(--ast-global-color-5)","background-image":"","background-repeat":"repeat","background-position":"center center","background-size":"auto","background-attachment":"scroll","background-type":"","background-media":"","overlay-type":"","overlay-color":"","overlay-opacity":"","overlay-gradient":""},"mobile":{"background-color":"var(--ast-global-color-5)","background-image":"","background-repeat":"repeat","background-position":"center center","background-size":"auto","background-attachment":"scroll","background-type":"","background-media":"","overlay-type":"","overlay-color":"","overlay-opacity":"","overlay-gradient":""}},"footnotes":""},"class_list":["post-2137","page","type-page","status-publish","hentry"],"yoast_head":"<!-- This site is optimized with the Yoast SEO plugin v27.2 - https:\/\/yoast.com\/product\/yoast-seo-wordpress\/ -->\n<title>Extin\u00e7\u00e3o da dinastia catal\u00e3 e distanciamento da monarquia (s\u00e9c. XV-XVII) - Associa\u00e7\u00e3o Cultural Catalonia<\/title>\n<meta name=\"robots\" content=\"index, follow, max-snippet:-1, max-image-preview:large, max-video-preview:-1\" \/>\n<link rel=\"canonical\" href=\"https:\/\/catalonia.com.br\/ca\/a-catalunha\/historia-da-catalunha\/extincao-da-dinastia-catala-e-distanciamento-da-monarquia-sec-xv-xvii\/\" \/>\n<meta property=\"og:locale\" content=\"ca_ES\" \/>\n<meta property=\"og:type\" content=\"article\" \/>\n<meta property=\"og:title\" content=\"Extin\u00e7\u00e3o da dinastia catal\u00e3 e distanciamento da monarquia (s\u00e9c. XV-XVII) - Associa\u00e7\u00e3o Cultural Catalonia\" \/>\n<meta property=\"og:description\" content=\"Extin\u00e7\u00e3o da dinastia catal\u00e3 e distanciamento da monarquia (s\u00e9c. XV-XVII) Da extin\u00e7\u00e3o da dinastia catal\u00e3 ao Tratado dos Pirineus Um fato decisivo na progressiva tomada de poderes por parte da Generalitat foi a extin\u00e7\u00e3o da dinastia catal\u00e3 no ano 1410, com a morte do rei &#8220;Martin, o humano&#8221; sem descend\u00eancia leg\u00edtima. Com o &#8220;Comprom\u00edsso de\" \/>\n<meta property=\"og:url\" content=\"https:\/\/catalonia.com.br\/ca\/a-catalunha\/historia-da-catalunha\/extincao-da-dinastia-catala-e-distanciamento-da-monarquia-sec-xv-xvii\/\" \/>\n<meta property=\"og:site_name\" content=\"Associa\u00e7\u00e3o Cultural Catalonia\" \/>\n<meta property=\"article:modified_time\" content=\"2023-07-23T03:03:45+00:00\" \/>\n<meta name=\"twitter:card\" content=\"summary_large_image\" \/>\n<meta name=\"twitter:label1\" content=\"Temps estimat de lectura\" \/>\n\t<meta name=\"twitter:data1\" content=\"7 minuts\" \/>\n<script type=\"application\/ld+json\" class=\"yoast-schema-graph\">{\"@context\":\"https:\/\/schema.org\",\"@graph\":[{\"@type\":\"WebPage\",\"@id\":\"https:\/\/catalonia.com.br\/a-catalunha\/historia-da-catalunha\/extincao-da-dinastia-catala-e-distanciamento-da-monarquia-sec-xv-xvii\/\",\"url\":\"https:\/\/catalonia.com.br\/a-catalunha\/historia-da-catalunha\/extincao-da-dinastia-catala-e-distanciamento-da-monarquia-sec-xv-xvii\/\",\"name\":\"Extin\u00e7\u00e3o da dinastia catal\u00e3 e distanciamento da monarquia (s\u00e9c. XV-XVII) - Associa\u00e7\u00e3o Cultural Catalonia\",\"isPartOf\":{\"@id\":\"https:\/\/catalonia.com.br\/#website\"},\"datePublished\":\"2023-06-10T19:35:12+00:00\",\"dateModified\":\"2023-07-23T03:03:45+00:00\",\"breadcrumb\":{\"@id\":\"https:\/\/catalonia.com.br\/a-catalunha\/historia-da-catalunha\/extincao-da-dinastia-catala-e-distanciamento-da-monarquia-sec-xv-xvii\/#breadcrumb\"},\"inLanguage\":\"ca\",\"potentialAction\":[{\"@type\":\"ReadAction\",\"target\":[\"https:\/\/catalonia.com.br\/a-catalunha\/historia-da-catalunha\/extincao-da-dinastia-catala-e-distanciamento-da-monarquia-sec-xv-xvii\/\"]}]},{\"@type\":\"BreadcrumbList\",\"@id\":\"https:\/\/catalonia.com.br\/a-catalunha\/historia-da-catalunha\/extincao-da-dinastia-catala-e-distanciamento-da-monarquia-sec-xv-xvii\/#breadcrumb\",\"itemListElement\":[{\"@type\":\"ListItem\",\"position\":1,\"name\":\"In\u00edcio\",\"item\":\"https:\/\/catalonia.com.br\/\"},{\"@type\":\"ListItem\",\"position\":2,\"name\":\"A Catalunha\",\"item\":\"https:\/\/catalonia.com.br\/a-catalunha\/\"},{\"@type\":\"ListItem\",\"position\":3,\"name\":\"Hist\u00f3ria da Catalunha\",\"item\":\"https:\/\/catalonia.com.br\/a-catalunha\/historia-da-catalunha\/\"},{\"@type\":\"ListItem\",\"position\":4,\"name\":\"Extin\u00e7\u00e3o da dinastia catal\u00e3 e distanciamento da monarquia (s\u00e9c. XV-XVII)\"}]},{\"@type\":\"WebSite\",\"@id\":\"https:\/\/catalonia.com.br\/#website\",\"url\":\"https:\/\/catalonia.com.br\/\",\"name\":\"Associa\u00e7\u00e3o Cultural Catalonia\",\"description\":\"\",\"publisher\":{\"@id\":\"https:\/\/catalonia.com.br\/#organization\"},\"potentialAction\":[{\"@type\":\"SearchAction\",\"target\":{\"@type\":\"EntryPoint\",\"urlTemplate\":\"https:\/\/catalonia.com.br\/?s={search_term_string}\"},\"query-input\":{\"@type\":\"PropertyValueSpecification\",\"valueRequired\":true,\"valueName\":\"search_term_string\"}}],\"inLanguage\":\"ca\"},{\"@type\":\"Organization\",\"@id\":\"https:\/\/catalonia.com.br\/#organization\",\"name\":\"Associa\u00e7\u00e3o Cultural Catalonia\",\"url\":\"https:\/\/catalonia.com.br\/\",\"logo\":{\"@type\":\"ImageObject\",\"inLanguage\":\"ca\",\"@id\":\"https:\/\/catalonia.com.br\/#\/schema\/logo\/image\/\",\"url\":\"https:\/\/catalonia.com.br\/wp-content\/uploads\/2023\/06\/cropped-cropped-cropped-Catalonia-logotip-renovat-2.png\",\"contentUrl\":\"https:\/\/catalonia.com.br\/wp-content\/uploads\/2023\/06\/cropped-cropped-cropped-Catalonia-logotip-renovat-2.png\",\"width\":313,\"height\":320,\"caption\":\"Associa\u00e7\u00e3o Cultural Catalonia\"},\"image\":{\"@id\":\"https:\/\/catalonia.com.br\/#\/schema\/logo\/image\/\"}}]}<\/script>\n<!-- \/ Yoast SEO plugin. -->","yoast_head_json":{"title":"Extin\u00e7\u00e3o da dinastia catal\u00e3 e distanciamento da monarquia (s\u00e9c. XV-XVII) - Associa\u00e7\u00e3o Cultural Catalonia","robots":{"index":"index","follow":"follow","max-snippet":"max-snippet:-1","max-image-preview":"max-image-preview:large","max-video-preview":"max-video-preview:-1"},"canonical":"https:\/\/catalonia.com.br\/ca\/a-catalunha\/historia-da-catalunha\/extincao-da-dinastia-catala-e-distanciamento-da-monarquia-sec-xv-xvii\/","og_locale":"ca_ES","og_type":"article","og_title":"Extin\u00e7\u00e3o da dinastia catal\u00e3 e distanciamento da monarquia (s\u00e9c. XV-XVII) - Associa\u00e7\u00e3o Cultural Catalonia","og_description":"Extin\u00e7\u00e3o da dinastia catal\u00e3 e distanciamento da monarquia (s\u00e9c. XV-XVII) Da extin\u00e7\u00e3o da dinastia catal\u00e3 ao Tratado dos Pirineus Um fato decisivo na progressiva tomada de poderes por parte da Generalitat foi a extin\u00e7\u00e3o da dinastia catal\u00e3 no ano 1410, com a morte do rei &#8220;Martin, o humano&#8221; sem descend\u00eancia leg\u00edtima. Com o &#8220;Comprom\u00edsso de","og_url":"https:\/\/catalonia.com.br\/ca\/a-catalunha\/historia-da-catalunha\/extincao-da-dinastia-catala-e-distanciamento-da-monarquia-sec-xv-xvii\/","og_site_name":"Associa\u00e7\u00e3o Cultural Catalonia","article_modified_time":"2023-07-23T03:03:45+00:00","twitter_card":"summary_large_image","twitter_misc":{"Temps estimat de lectura":"7 minuts"},"schema":{"@context":"https:\/\/schema.org","@graph":[{"@type":"WebPage","@id":"https:\/\/catalonia.com.br\/a-catalunha\/historia-da-catalunha\/extincao-da-dinastia-catala-e-distanciamento-da-monarquia-sec-xv-xvii\/","url":"https:\/\/catalonia.com.br\/a-catalunha\/historia-da-catalunha\/extincao-da-dinastia-catala-e-distanciamento-da-monarquia-sec-xv-xvii\/","name":"Extin\u00e7\u00e3o da dinastia catal\u00e3 e distanciamento da monarquia (s\u00e9c. XV-XVII) - Associa\u00e7\u00e3o Cultural Catalonia","isPartOf":{"@id":"https:\/\/catalonia.com.br\/#website"},"datePublished":"2023-06-10T19:35:12+00:00","dateModified":"2023-07-23T03:03:45+00:00","breadcrumb":{"@id":"https:\/\/catalonia.com.br\/a-catalunha\/historia-da-catalunha\/extincao-da-dinastia-catala-e-distanciamento-da-monarquia-sec-xv-xvii\/#breadcrumb"},"inLanguage":"ca","potentialAction":[{"@type":"ReadAction","target":["https:\/\/catalonia.com.br\/a-catalunha\/historia-da-catalunha\/extincao-da-dinastia-catala-e-distanciamento-da-monarquia-sec-xv-xvii\/"]}]},{"@type":"BreadcrumbList","@id":"https:\/\/catalonia.com.br\/a-catalunha\/historia-da-catalunha\/extincao-da-dinastia-catala-e-distanciamento-da-monarquia-sec-xv-xvii\/#breadcrumb","itemListElement":[{"@type":"ListItem","position":1,"name":"In\u00edcio","item":"https:\/\/catalonia.com.br\/"},{"@type":"ListItem","position":2,"name":"A Catalunha","item":"https:\/\/catalonia.com.br\/a-catalunha\/"},{"@type":"ListItem","position":3,"name":"Hist\u00f3ria da Catalunha","item":"https:\/\/catalonia.com.br\/a-catalunha\/historia-da-catalunha\/"},{"@type":"ListItem","position":4,"name":"Extin\u00e7\u00e3o da dinastia catal\u00e3 e distanciamento da monarquia (s\u00e9c. XV-XVII)"}]},{"@type":"WebSite","@id":"https:\/\/catalonia.com.br\/#website","url":"https:\/\/catalonia.com.br\/","name":"l'Associaci\u00f3 Cultural Catalonia","description":"","publisher":{"@id":"https:\/\/catalonia.com.br\/#organization"},"potentialAction":[{"@type":"SearchAction","target":{"@type":"EntryPoint","urlTemplate":"https:\/\/catalonia.com.br\/?s={search_term_string}"},"query-input":{"@type":"PropertyValueSpecification","valueRequired":true,"valueName":"search_term_string"}}],"inLanguage":"ca"},{"@type":"Organization","@id":"https:\/\/catalonia.com.br\/#organization","name":"l'Associaci\u00f3 Cultural Catalonia","url":"https:\/\/catalonia.com.br\/","logo":{"@type":"ImageObject","inLanguage":"ca","@id":"https:\/\/catalonia.com.br\/#\/schema\/logo\/image\/","url":"https:\/\/catalonia.com.br\/wp-content\/uploads\/2023\/06\/cropped-cropped-cropped-Catalonia-logotip-renovat-2.png","contentUrl":"https:\/\/catalonia.com.br\/wp-content\/uploads\/2023\/06\/cropped-cropped-cropped-Catalonia-logotip-renovat-2.png","width":313,"height":320,"caption":"Associa\u00e7\u00e3o Cultural Catalonia"},"image":{"@id":"https:\/\/catalonia.com.br\/#\/schema\/logo\/image\/"}}]}},"uagb_featured_image_src":{"full":false,"thumbnail":false,"medium":false,"medium_large":false,"large":false,"1536x1536":false,"2048x2048":false,"trp-custom-language-flag":false,"woocommerce_thumbnail":false,"woocommerce_single":false,"woocommerce_gallery_thumbnail":false},"uagb_author_info":{"display_name":"Associa\u00e7\u00e3o Cultural Catalonia","author_link":"https:\/\/catalonia.com.br\/ca\/author\/admincat\/"},"uagb_comment_info":0,"uagb_excerpt":"Extin\u00e7\u00e3o da dinastia catal\u00e3 e distanciamento da monarquia (s\u00e9c. XV-XVII) Da extin\u00e7\u00e3o da dinastia catal\u00e3 ao Tratado dos Pirineus Um fato decisivo na progressiva tomada de poderes por parte da Generalitat foi a extin\u00e7\u00e3o da dinastia catal\u00e3 no ano 1410, com a morte do rei &#8220;Martin, o humano&#8221; sem descend\u00eancia leg\u00edtima. Com o &#8220;Comprom\u00edsso de","_links":{"self":[{"href":"https:\/\/catalonia.com.br\/ca\/wp-json\/wp\/v2\/pages\/2137","targetHints":{"allow":["GET"]}}],"collection":[{"href":"https:\/\/catalonia.com.br\/ca\/wp-json\/wp\/v2\/pages"}],"about":[{"href":"https:\/\/catalonia.com.br\/ca\/wp-json\/wp\/v2\/types\/page"}],"author":[{"embeddable":true,"href":"https:\/\/catalonia.com.br\/ca\/wp-json\/wp\/v2\/users\/1"}],"replies":[{"embeddable":true,"href":"https:\/\/catalonia.com.br\/ca\/wp-json\/wp\/v2\/comments?post=2137"}],"version-history":[{"count":0,"href":"https:\/\/catalonia.com.br\/ca\/wp-json\/wp\/v2\/pages\/2137\/revisions"}],"up":[{"embeddable":true,"href":"https:\/\/catalonia.com.br\/ca\/wp-json\/wp\/v2\/pages\/2033"}],"wp:attachment":[{"href":"https:\/\/catalonia.com.br\/ca\/wp-json\/wp\/v2\/media?parent=2137"}],"curies":[{"name":"wp","href":"https:\/\/api.w.org\/{rel}","templated":true}]}}