{"id":2092,"date":"2023-06-10T15:26:44","date_gmt":"2023-06-10T18:26:44","guid":{"rendered":"https:\/\/catalonia.com.br\/?page_id=2092"},"modified":"2023-07-23T00:02:15","modified_gmt":"2023-07-23T03:02:15","slug":"as-cortes-catalas-e-a-primeira-generalitat-medieval-sec-xiii-xiv","status":"publish","type":"page","link":"https:\/\/catalonia.com.br\/ca\/a-catalunha\/historia-da-catalunha\/as-cortes-catalas-e-a-primeira-generalitat-medieval-sec-xiii-xiv\/","title":{"rendered":"As cortes catal\u00e3s e a primeira Generalitat medieval (sec. XIII-XIV)"},"content":{"rendered":"<div data-elementor-type=\"wp-page\" data-elementor-id=\"2092\" class=\"elementor elementor-2092\">\n\t\t\t\t\t\t<section class=\"elementor-section elementor-top-section elementor-element elementor-element-0ie05be elementor-section-height-min-height elementor-section-boxed elementor-section-height-default elementor-section-items-middle wpr-particle-no wpr-jarallax-no wpr-parallax-no wpr-sticky-section-no elementor-invisible\" data-id=\"0ie05be\" data-element_type=\"section\" data-e-type=\"section\" data-settings=\"{&quot;background_background&quot;:&quot;classic&quot;,&quot;animation&quot;:&quot;fadeIn&quot;}\">\n\t\t\t\t\t\t\t<div class=\"elementor-background-overlay\"><\/div>\n\t\t\t\t\t\t\t<div class=\"elementor-container elementor-column-gap-no\">\n\t\t\t\t\t<div class=\"elementor-column elementor-col-100 elementor-top-column elementor-element elementor-element-aaad5b0\" data-id=\"aaad5b0\" data-element_type=\"column\" data-e-type=\"column\">\n\t\t\t<div class=\"elementor-widget-wrap\">\n\t\t\t\t\t\t\t<\/div>\n\t\t<\/div>\n\t\t\t\t\t<\/div>\n\t\t<\/section>\n\t\t\t\t<section class=\"elementor-section elementor-top-section elementor-element elementor-element-b0b3f95 elementor-section-boxed elementor-section-height-default elementor-section-height-default wpr-particle-no wpr-jarallax-no wpr-parallax-no wpr-sticky-section-no\" data-id=\"b0b3f95\" data-element_type=\"section\" data-e-type=\"section\" data-settings=\"{&quot;background_background&quot;:&quot;classic&quot;}\">\n\t\t\t\t\t\t<div class=\"elementor-container elementor-column-gap-default\">\n\t\t\t\t\t<div class=\"elementor-column elementor-col-100 elementor-top-column elementor-element elementor-element-e9eaf4e\" data-id=\"e9eaf4e\" data-element_type=\"column\" data-e-type=\"column\">\n\t\t\t<div class=\"elementor-widget-wrap elementor-element-populated\">\n\t\t\t\t\t\t<div class=\"elementor-element elementor-element-90ba35c elementor-widget elementor-widget-spacer\" data-id=\"90ba35c\" data-element_type=\"widget\" data-e-type=\"widget\" data-widget_type=\"spacer.default\">\n\t\t\t\t<div class=\"elementor-widget-container\">\n\t\t\t\t\t\t\t<div class=\"elementor-spacer\">\n\t\t\t<div class=\"elementor-spacer-inner\"><\/div>\n\t\t<\/div>\n\t\t\t\t\t\t<\/div>\n\t\t\t\t<\/div>\n\t\t\t\t<div class=\"elementor-element elementor-element-6c66b08 elementor-widget elementor-widget-heading\" data-id=\"6c66b08\" data-element_type=\"widget\" data-e-type=\"widget\" data-widget_type=\"heading.default\">\n\t\t\t\t<div class=\"elementor-widget-container\">\n\t\t\t\t\t<h1 class=\"elementor-heading-title elementor-size-default\">As cortes catal\u00e3s e a primeira Generalitat medieval (sec. XIII-XIV)<\/h1>\t\t\t\t<\/div>\n\t\t\t\t<\/div>\n\t\t\t\t\t<\/div>\n\t\t<\/div>\n\t\t\t\t\t<\/div>\n\t\t<\/section>\n\t\t\t\t<section class=\"elementor-section elementor-top-section elementor-element elementor-element-cf4d000 elementor-section-boxed elementor-section-height-default elementor-section-height-default wpr-particle-no wpr-jarallax-no wpr-parallax-no wpr-sticky-section-no\" data-id=\"cf4d000\" data-element_type=\"section\" data-e-type=\"section\" data-settings=\"{&quot;background_background&quot;:&quot;classic&quot;}\">\n\t\t\t\t\t\t<div class=\"elementor-container elementor-column-gap-default\">\n\t\t\t\t\t<div class=\"elementor-column elementor-col-100 elementor-top-column elementor-element elementor-element-f75b486\" data-id=\"f75b486\" data-element_type=\"column\" data-e-type=\"column\">\n\t\t\t<div class=\"elementor-widget-wrap elementor-element-populated\">\n\t\t\t\t\t\t<div class=\"elementor-element elementor-element-8c9ecd8 elementor-widget elementor-widget-heading\" data-id=\"8c9ecd8\" data-element_type=\"widget\" data-e-type=\"widget\" data-widget_type=\"heading.default\">\n\t\t\t\t<div class=\"elementor-widget-container\">\n\t\t\t\t\t<h3 class=\"elementor-heading-title elementor-size-default\">As Cortes Reais Catal\u00e3s<\/h3>\t\t\t\t<\/div>\n\t\t\t\t<\/div>\n\t\t\t\t\t<\/div>\n\t\t<\/div>\n\t\t\t\t\t<\/div>\n\t\t<\/section>\n\t\t\t\t<section class=\"elementor-section elementor-top-section elementor-element elementor-element-351e56a elementor-section-boxed elementor-section-height-default elementor-section-height-default wpr-particle-no wpr-jarallax-no wpr-parallax-no wpr-sticky-section-no\" data-id=\"351e56a\" data-element_type=\"section\" data-e-type=\"section\" data-settings=\"{&quot;background_background&quot;:&quot;gradient&quot;}\">\n\t\t\t\t\t\t<div class=\"elementor-container elementor-column-gap-extended\">\n\t\t\t\t\t<div class=\"elementor-column elementor-col-100 elementor-top-column elementor-element elementor-element-9b5224b\" data-id=\"9b5224b\" data-element_type=\"column\" data-e-type=\"column\">\n\t\t\t<div class=\"elementor-widget-wrap elementor-element-populated\">\n\t\t\t\t\t\t<div class=\"elementor-element elementor-element-ead46e9 elementor-drop-cap-yes elementor-drop-cap-view-stacked elementor-widget elementor-widget-text-editor\" data-id=\"ead46e9\" data-element_type=\"widget\" data-e-type=\"widget\" data-settings=\"{&quot;drop_cap&quot;:&quot;yes&quot;}\" data-widget_type=\"text-editor.default\">\n\t\t\t\t<div class=\"elementor-widget-container\">\n\t\t\t\t\t\t\t\t\t<p style=\"text-align: justify;\">A Generalitat de Catalunya (da mesma forma que a Generalitat Valenciana) teve a sua origem nas Cortes Reais Catal\u00e3s, as quais, j\u00e1 na \u00e9poca de Jaime I o Conquistador (1208 &#8211; 1276), reuniam-se convocadas pelo rei como representantes dos estatutos sociais da \u00e9poca. Os antecedentes das Cortes Reais Catal\u00e3s tem origem na Corte Condal (aproximadamente no ano 1000) e nas assembleias de Paz e Tr\u00e9gua que, desde 1021, realizavam-se para deliberar e compactuar a interrup\u00e7\u00e3o das guerras e os atos de viol\u00eancia. Os historiadores situam o renascimento das Cortes Catal\u00e3s na assembleia convocada pelo legado pont\u00edfice, cardeal Pedro de Benevento, celebrada no castelo de Suda (Lleida) no ano de 1214. A convocat\u00f3ria tinha a finalidade de regularizar a confusa situa\u00e7\u00e3o do pa\u00eds ap\u00f3s a morte do rei Pedro I na batalha de Muret e o in\u00edcio do reinado de seu filho Jaime I, de pouca idade.<\/p><p style=\"text-align: justify;\">Os historiadores situam o renascimento das Cortes Catal\u00e3s na assembleia convocada pelo legado pont\u00edfice, cardeal Pedro de Benevento, celebrada no castelo de Suda (Lleida) no ano de 1214. A convocat\u00f3ria tinha a finalidade de regularizar a confusa situa\u00e7\u00e3o do pa\u00eds ap\u00f3s a morte do rei Pedro I na batalha de Muret e o in\u00edcio do reinado de seu filho Jaime I, de pouca idade. O novo rei fez seu juramento perante os prelados e magnatas da c\u00faria real e dos representantes das cidades e vilas. Foi durante o reinado de Pedro II, o Grande (1276 &#8211; 1285) que as Cortes Catal\u00e3s acabaram sendo institucionalizadas. Nas Cortes realizadas em Barcelona no ano de 1283, o rei se comprometia a realizar a &#8220;Corte Geral&#8221; uma vez por ano, com a participa\u00e7\u00e3o de todos os representantes para tratar do bom estado e renova\u00e7\u00e3o da terra.<\/p><p style=\"text-align: justify;\">O mesmo rei estabelecia: &#8220;se queremos fazer, sejamos n\u00f3s ou nossos sucessores, alguma constitui\u00e7\u00e3o ou estatuto para a Catalunha, deveremos submet\u00ea-la para aprova\u00e7\u00e3o e consentimento aos Prelados, Bar\u00f5es, Cavaleiros e cidad\u00e3os&#8230;&#8221;. Assim, pois, as Cortes exerciam fun\u00e7\u00f5es de conselho e tamb\u00e9m de legislativo por meio dos tr\u00eas &#8220;bra\u00e7os&#8221; dos quais eram compostas: o eclesi\u00e1stico (clerical), o militar (nobreza) e o popular, ou c\u00e2mara real (vilas e cidades submissas diretamente ao governo do rei). O conjunto de todos os representantes catal\u00e3es nas Cortes era denominado &#8220;o General de Catalunha&#8221;, verdadeiro equil\u00edbrio de poderes entre os &#8220;bra\u00e7os&#8221; e o rei. O surgimento da Generalitat deveu-se \u00e0 necessidade das Cortes Reais em dispor de \u00f3rg\u00e3os executivos para seus acordos. De um modo geral, o processo p\u00f4de ser viabilizado em diversos momentos hist\u00f3ricos dos s\u00e9culos XIV e XV.O primeiro momento aconteceu nas Cortes celebradas em Mons\u00f3 (Arag\u00e3o) no ano de 1289, quando foi designada uma &#8220;C\u00e2mara Geral&#8221;, comiss\u00e3o tempor\u00e1ria para retomar o &#8220;servi\u00e7o&#8221; ou o tributo que os &#8220;bra\u00e7os&#8221; concediam ao rei em virtude de sua peti\u00e7\u00e3o.<\/p><p style=\"text-align: justify;\">O segundo momento foi nas cortes de 1358-1359, realizadas em Barcelona-Vilafranca-Cervera. De fato, sob o reinado de Pedro III, o Cerimonioso (1336-1387), Castela invadiu Arag\u00e3o e Val\u00eancia, originando combates b\u00e9licos que provocaram enormes despesas \u00e0 coroa catalano-aragonesa. Este fato motivou as Cortes a nomear doze deputados com atribui\u00e7\u00f5es executivas em assuntos fiscais e tamb\u00e9m os &#8220;ouvidores de contas&#8221; que controlariam a administra\u00e7\u00e3o sob a autoridade daquele que seria considerado o primeiro Presidente da Generalitat, Berenguer de Cruilles, bispo de Girona (1359). Esta nova Junta Geral foi considerada pelos historiadores o primeiro embri\u00e3o da futura Generalitat. O terceiro momento acontece nas Cortes de Monts\u00f3 de 1362-1363: \u00e9 criado o imposto denominado &#8220;<em>generalitats<\/em>&#8220;. Um tributo permanente que garantia recursos pr\u00f3prios e uma continuidade da Junta Geral, composta desde ent\u00e3o, por 3 deputados.<\/p><p style=\"text-align: justify;\">Foi nas Cortes de Barcelona-Lleida-Tortosa de 1364 e 1365 que seria completada a consolida\u00e7\u00e3o daquilo que poderia considerar-se uma institui\u00e7\u00e3o executiva: as Cortes fizeram o lan\u00e7amento de uma d\u00edvida p\u00fablica que deveria ser administrada pela Junta Geral, ou Generalitat, em car\u00e1ter permanente. Nestas mesmas Cortes foi firmado a sede desta organiza\u00e7\u00e3o, na pr\u00f3pria capital da Catalunha, Barcelona. Foi assim que designou-se uma casa da rua Sant Honorat que, at\u00e9 hoje, constitui a fachada oeste do Pal\u00e1cio da Generalitat, um dos poucos pal\u00e1cios g\u00f3ticos (talvez o \u00fanico na Europa) que continua sendo a sede de uma institui\u00e7\u00e3o de governo dos s\u00e9culos XIV e XV. Finalmente no ano de 1413 o rei Ferran I deu \u00e0 Generalitat uma forma legal definitiva, vindo a ser uma institui\u00e7\u00e3o governamental, quase que desvinculada das Cortes, aut\u00f4noma na forma de escolha de seus componentes, e com a fun\u00e7\u00e3o de fazer cumprir o sistema constitucional da Confedera\u00e7\u00e3o.<\/p>\t\t\t\t\t\t\t\t<\/div>\n\t\t\t\t<\/div>\n\t\t\t\t\t<\/div>\n\t\t<\/div>\n\t\t\t\t\t<\/div>\n\t\t<\/section>\n\t\t\t\t<\/div>","protected":false},"excerpt":{"rendered":"<p>As cortes catal\u00e3s e a primeira Generalitat medieval (sec. XIII-XIV) As Cortes Reais Catal\u00e3s A Generalitat de Catalunya (da mesma forma que a Generalitat Valenciana) teve a sua origem nas Cortes Reais Catal\u00e3s, as quais, j\u00e1 na \u00e9poca de Jaime I o Conquistador (1208 &#8211; 1276), reuniam-se convocadas pelo rei como representantes dos estatutos sociais<\/p>","protected":false},"author":1,"featured_media":0,"parent":2033,"menu_order":0,"comment_status":"closed","ping_status":"closed","template":"","meta":{"_uag_custom_page_level_css":"","order-bump-settings":[],"_wpfnl_thankyou_order_overview":"on","_wpfnl_thankyou_order_details":"on","_wpfnl_thankyou_billing_details":"on","_wpfnl_thankyou_shipping_details":"on","site-sidebar-layout":"no-sidebar","site-content-layout":"page-builder","ast-site-content-layout":"","site-content-style":"default","site-sidebar-style":"default","ast-global-header-display":"","ast-banner-title-visibility":"","ast-main-header-display":"","ast-hfb-above-header-display":"","ast-hfb-below-header-display":"","ast-hfb-mobile-header-display":"","site-post-title":"disabled","ast-breadcrumbs-content":"","ast-featured-img":"disabled","footer-sml-layout":"","theme-transparent-header-meta":"default","adv-header-id-meta":"","stick-header-meta":"","header-above-stick-meta":"","header-main-stick-meta":"","header-below-stick-meta":"","astra-migrate-meta-layouts":"default","ast-page-background-enabled":"default","ast-page-background-meta":{"desktop":{"background-color":"","background-image":"","background-repeat":"repeat","background-position":"center center","background-size":"auto","background-attachment":"scroll","background-type":"","background-media":"","overlay-type":"","overlay-color":"","overlay-opacity":"","overlay-gradient":""},"tablet":{"background-color":"","background-image":"","background-repeat":"repeat","background-position":"center center","background-size":"auto","background-attachment":"scroll","background-type":"","background-media":"","overlay-type":"","overlay-color":"","overlay-opacity":"","overlay-gradient":""},"mobile":{"background-color":"","background-image":"","background-repeat":"repeat","background-position":"center center","background-size":"auto","background-attachment":"scroll","background-type":"","background-media":"","overlay-type":"","overlay-color":"","overlay-opacity":"","overlay-gradient":""}},"ast-content-background-meta":{"desktop":{"background-color":"var(--ast-global-color-5)","background-image":"","background-repeat":"repeat","background-position":"center center","background-size":"auto","background-attachment":"scroll","background-type":"","background-media":"","overlay-type":"","overlay-color":"","overlay-opacity":"","overlay-gradient":""},"tablet":{"background-color":"var(--ast-global-color-5)","background-image":"","background-repeat":"repeat","background-position":"center center","background-size":"auto","background-attachment":"scroll","background-type":"","background-media":"","overlay-type":"","overlay-color":"","overlay-opacity":"","overlay-gradient":""},"mobile":{"background-color":"var(--ast-global-color-5)","background-image":"","background-repeat":"repeat","background-position":"center center","background-size":"auto","background-attachment":"scroll","background-type":"","background-media":"","overlay-type":"","overlay-color":"","overlay-opacity":"","overlay-gradient":""}},"footnotes":""},"class_list":["post-2092","page","type-page","status-publish","hentry"],"yoast_head":"<!-- This site is optimized with the Yoast SEO plugin v27.2 - https:\/\/yoast.com\/product\/yoast-seo-wordpress\/ -->\n<title>As cortes catal\u00e3s e a primeira Generalitat medieval (sec. XIII-XIV) - Associa\u00e7\u00e3o Cultural Catalonia<\/title>\n<meta name=\"robots\" content=\"index, follow, max-snippet:-1, max-image-preview:large, max-video-preview:-1\" \/>\n<link rel=\"canonical\" href=\"https:\/\/catalonia.com.br\/ca\/a-catalunha\/historia-da-catalunha\/as-cortes-catalas-e-a-primeira-generalitat-medieval-sec-xiii-xiv\/\" \/>\n<meta property=\"og:locale\" content=\"ca_ES\" \/>\n<meta property=\"og:type\" content=\"article\" \/>\n<meta property=\"og:title\" content=\"As cortes catal\u00e3s e a primeira Generalitat medieval (sec. XIII-XIV) - Associa\u00e7\u00e3o Cultural Catalonia\" \/>\n<meta property=\"og:description\" content=\"As cortes catal\u00e3s e a primeira Generalitat medieval (sec. XIII-XIV) As Cortes Reais Catal\u00e3s A Generalitat de Catalunya (da mesma forma que a Generalitat Valenciana) teve a sua origem nas Cortes Reais Catal\u00e3s, as quais, j\u00e1 na \u00e9poca de Jaime I o Conquistador (1208 &#8211; 1276), reuniam-se convocadas pelo rei como representantes dos estatutos sociais\" \/>\n<meta property=\"og:url\" content=\"https:\/\/catalonia.com.br\/ca\/a-catalunha\/historia-da-catalunha\/as-cortes-catalas-e-a-primeira-generalitat-medieval-sec-xiii-xiv\/\" \/>\n<meta property=\"og:site_name\" content=\"Associa\u00e7\u00e3o Cultural Catalonia\" \/>\n<meta property=\"article:modified_time\" content=\"2023-07-23T03:02:15+00:00\" \/>\n<meta name=\"twitter:card\" content=\"summary_large_image\" \/>\n<meta name=\"twitter:label1\" content=\"Temps estimat de lectura\" \/>\n\t<meta name=\"twitter:data1\" content=\"5 minuts\" \/>\n<script type=\"application\/ld+json\" class=\"yoast-schema-graph\">{\"@context\":\"https:\/\/schema.org\",\"@graph\":[{\"@type\":\"WebPage\",\"@id\":\"https:\/\/catalonia.com.br\/a-catalunha\/historia-da-catalunha\/as-cortes-catalas-e-a-primeira-generalitat-medieval-sec-xiii-xiv\/\",\"url\":\"https:\/\/catalonia.com.br\/a-catalunha\/historia-da-catalunha\/as-cortes-catalas-e-a-primeira-generalitat-medieval-sec-xiii-xiv\/\",\"name\":\"As cortes catal\u00e3s e a primeira Generalitat medieval (sec. XIII-XIV) - Associa\u00e7\u00e3o Cultural Catalonia\",\"isPartOf\":{\"@id\":\"https:\/\/catalonia.com.br\/#website\"},\"datePublished\":\"2023-06-10T18:26:44+00:00\",\"dateModified\":\"2023-07-23T03:02:15+00:00\",\"breadcrumb\":{\"@id\":\"https:\/\/catalonia.com.br\/a-catalunha\/historia-da-catalunha\/as-cortes-catalas-e-a-primeira-generalitat-medieval-sec-xiii-xiv\/#breadcrumb\"},\"inLanguage\":\"ca\",\"potentialAction\":[{\"@type\":\"ReadAction\",\"target\":[\"https:\/\/catalonia.com.br\/a-catalunha\/historia-da-catalunha\/as-cortes-catalas-e-a-primeira-generalitat-medieval-sec-xiii-xiv\/\"]}]},{\"@type\":\"BreadcrumbList\",\"@id\":\"https:\/\/catalonia.com.br\/a-catalunha\/historia-da-catalunha\/as-cortes-catalas-e-a-primeira-generalitat-medieval-sec-xiii-xiv\/#breadcrumb\",\"itemListElement\":[{\"@type\":\"ListItem\",\"position\":1,\"name\":\"In\u00edcio\",\"item\":\"https:\/\/catalonia.com.br\/\"},{\"@type\":\"ListItem\",\"position\":2,\"name\":\"A Catalunha\",\"item\":\"https:\/\/catalonia.com.br\/a-catalunha\/\"},{\"@type\":\"ListItem\",\"position\":3,\"name\":\"Hist\u00f3ria da Catalunha\",\"item\":\"https:\/\/catalonia.com.br\/a-catalunha\/historia-da-catalunha\/\"},{\"@type\":\"ListItem\",\"position\":4,\"name\":\"As cortes catal\u00e3s e a primeira Generalitat medieval (sec. XIII-XIV)\"}]},{\"@type\":\"WebSite\",\"@id\":\"https:\/\/catalonia.com.br\/#website\",\"url\":\"https:\/\/catalonia.com.br\/\",\"name\":\"Associa\u00e7\u00e3o Cultural Catalonia\",\"description\":\"\",\"publisher\":{\"@id\":\"https:\/\/catalonia.com.br\/#organization\"},\"potentialAction\":[{\"@type\":\"SearchAction\",\"target\":{\"@type\":\"EntryPoint\",\"urlTemplate\":\"https:\/\/catalonia.com.br\/?s={search_term_string}\"},\"query-input\":{\"@type\":\"PropertyValueSpecification\",\"valueRequired\":true,\"valueName\":\"search_term_string\"}}],\"inLanguage\":\"ca\"},{\"@type\":\"Organization\",\"@id\":\"https:\/\/catalonia.com.br\/#organization\",\"name\":\"Associa\u00e7\u00e3o Cultural Catalonia\",\"url\":\"https:\/\/catalonia.com.br\/\",\"logo\":{\"@type\":\"ImageObject\",\"inLanguage\":\"ca\",\"@id\":\"https:\/\/catalonia.com.br\/#\/schema\/logo\/image\/\",\"url\":\"https:\/\/catalonia.com.br\/wp-content\/uploads\/2023\/06\/cropped-cropped-cropped-Catalonia-logotip-renovat-2.png\",\"contentUrl\":\"https:\/\/catalonia.com.br\/wp-content\/uploads\/2023\/06\/cropped-cropped-cropped-Catalonia-logotip-renovat-2.png\",\"width\":313,\"height\":320,\"caption\":\"Associa\u00e7\u00e3o Cultural Catalonia\"},\"image\":{\"@id\":\"https:\/\/catalonia.com.br\/#\/schema\/logo\/image\/\"}}]}<\/script>\n<!-- \/ Yoast SEO plugin. -->","yoast_head_json":{"title":"As cortes catal\u00e3s e a primeira Generalitat medieval (sec. XIII-XIV) - Associa\u00e7\u00e3o Cultural Catalonia","robots":{"index":"index","follow":"follow","max-snippet":"max-snippet:-1","max-image-preview":"max-image-preview:large","max-video-preview":"max-video-preview:-1"},"canonical":"https:\/\/catalonia.com.br\/ca\/a-catalunha\/historia-da-catalunha\/as-cortes-catalas-e-a-primeira-generalitat-medieval-sec-xiii-xiv\/","og_locale":"ca_ES","og_type":"article","og_title":"As cortes catal\u00e3s e a primeira Generalitat medieval (sec. XIII-XIV) - Associa\u00e7\u00e3o Cultural Catalonia","og_description":"As cortes catal\u00e3s e a primeira Generalitat medieval (sec. XIII-XIV) As Cortes Reais Catal\u00e3s A Generalitat de Catalunya (da mesma forma que a Generalitat Valenciana) teve a sua origem nas Cortes Reais Catal\u00e3s, as quais, j\u00e1 na \u00e9poca de Jaime I o Conquistador (1208 &#8211; 1276), reuniam-se convocadas pelo rei como representantes dos estatutos sociais","og_url":"https:\/\/catalonia.com.br\/ca\/a-catalunha\/historia-da-catalunha\/as-cortes-catalas-e-a-primeira-generalitat-medieval-sec-xiii-xiv\/","og_site_name":"Associa\u00e7\u00e3o Cultural Catalonia","article_modified_time":"2023-07-23T03:02:15+00:00","twitter_card":"summary_large_image","twitter_misc":{"Temps estimat de lectura":"5 minuts"},"schema":{"@context":"https:\/\/schema.org","@graph":[{"@type":"WebPage","@id":"https:\/\/catalonia.com.br\/a-catalunha\/historia-da-catalunha\/as-cortes-catalas-e-a-primeira-generalitat-medieval-sec-xiii-xiv\/","url":"https:\/\/catalonia.com.br\/a-catalunha\/historia-da-catalunha\/as-cortes-catalas-e-a-primeira-generalitat-medieval-sec-xiii-xiv\/","name":"As cortes catal\u00e3s e a primeira Generalitat medieval (sec. XIII-XIV) - Associa\u00e7\u00e3o Cultural Catalonia","isPartOf":{"@id":"https:\/\/catalonia.com.br\/#website"},"datePublished":"2023-06-10T18:26:44+00:00","dateModified":"2023-07-23T03:02:15+00:00","breadcrumb":{"@id":"https:\/\/catalonia.com.br\/a-catalunha\/historia-da-catalunha\/as-cortes-catalas-e-a-primeira-generalitat-medieval-sec-xiii-xiv\/#breadcrumb"},"inLanguage":"ca","potentialAction":[{"@type":"ReadAction","target":["https:\/\/catalonia.com.br\/a-catalunha\/historia-da-catalunha\/as-cortes-catalas-e-a-primeira-generalitat-medieval-sec-xiii-xiv\/"]}]},{"@type":"BreadcrumbList","@id":"https:\/\/catalonia.com.br\/a-catalunha\/historia-da-catalunha\/as-cortes-catalas-e-a-primeira-generalitat-medieval-sec-xiii-xiv\/#breadcrumb","itemListElement":[{"@type":"ListItem","position":1,"name":"In\u00edcio","item":"https:\/\/catalonia.com.br\/"},{"@type":"ListItem","position":2,"name":"A Catalunha","item":"https:\/\/catalonia.com.br\/a-catalunha\/"},{"@type":"ListItem","position":3,"name":"Hist\u00f3ria da Catalunha","item":"https:\/\/catalonia.com.br\/a-catalunha\/historia-da-catalunha\/"},{"@type":"ListItem","position":4,"name":"As cortes catal\u00e3s e a primeira Generalitat medieval (sec. XIII-XIV)"}]},{"@type":"WebSite","@id":"https:\/\/catalonia.com.br\/#website","url":"https:\/\/catalonia.com.br\/","name":"l'Associaci\u00f3 Cultural Catalonia","description":"","publisher":{"@id":"https:\/\/catalonia.com.br\/#organization"},"potentialAction":[{"@type":"SearchAction","target":{"@type":"EntryPoint","urlTemplate":"https:\/\/catalonia.com.br\/?s={search_term_string}"},"query-input":{"@type":"PropertyValueSpecification","valueRequired":true,"valueName":"search_term_string"}}],"inLanguage":"ca"},{"@type":"Organization","@id":"https:\/\/catalonia.com.br\/#organization","name":"l'Associaci\u00f3 Cultural Catalonia","url":"https:\/\/catalonia.com.br\/","logo":{"@type":"ImageObject","inLanguage":"ca","@id":"https:\/\/catalonia.com.br\/#\/schema\/logo\/image\/","url":"https:\/\/catalonia.com.br\/wp-content\/uploads\/2023\/06\/cropped-cropped-cropped-Catalonia-logotip-renovat-2.png","contentUrl":"https:\/\/catalonia.com.br\/wp-content\/uploads\/2023\/06\/cropped-cropped-cropped-Catalonia-logotip-renovat-2.png","width":313,"height":320,"caption":"Associa\u00e7\u00e3o Cultural Catalonia"},"image":{"@id":"https:\/\/catalonia.com.br\/#\/schema\/logo\/image\/"}}]}},"uagb_featured_image_src":{"full":false,"thumbnail":false,"medium":false,"medium_large":false,"large":false,"1536x1536":false,"2048x2048":false,"trp-custom-language-flag":false,"woocommerce_thumbnail":false,"woocommerce_single":false,"woocommerce_gallery_thumbnail":false},"uagb_author_info":{"display_name":"Associa\u00e7\u00e3o Cultural Catalonia","author_link":"https:\/\/catalonia.com.br\/ca\/author\/admincat\/"},"uagb_comment_info":0,"uagb_excerpt":"As cortes catal\u00e3s e a primeira Generalitat medieval (sec. XIII-XIV) As Cortes Reais Catal\u00e3s A Generalitat de Catalunya (da mesma forma que a Generalitat Valenciana) teve a sua origem nas Cortes Reais Catal\u00e3s, as quais, j\u00e1 na \u00e9poca de Jaime I o Conquistador (1208 &#8211; 1276), reuniam-se convocadas pelo rei como representantes dos estatutos sociais","_links":{"self":[{"href":"https:\/\/catalonia.com.br\/ca\/wp-json\/wp\/v2\/pages\/2092","targetHints":{"allow":["GET"]}}],"collection":[{"href":"https:\/\/catalonia.com.br\/ca\/wp-json\/wp\/v2\/pages"}],"about":[{"href":"https:\/\/catalonia.com.br\/ca\/wp-json\/wp\/v2\/types\/page"}],"author":[{"embeddable":true,"href":"https:\/\/catalonia.com.br\/ca\/wp-json\/wp\/v2\/users\/1"}],"replies":[{"embeddable":true,"href":"https:\/\/catalonia.com.br\/ca\/wp-json\/wp\/v2\/comments?post=2092"}],"version-history":[{"count":0,"href":"https:\/\/catalonia.com.br\/ca\/wp-json\/wp\/v2\/pages\/2092\/revisions"}],"up":[{"embeddable":true,"href":"https:\/\/catalonia.com.br\/ca\/wp-json\/wp\/v2\/pages\/2033"}],"wp:attachment":[{"href":"https:\/\/catalonia.com.br\/ca\/wp-json\/wp\/v2\/media?parent=2092"}],"curies":[{"name":"wp","href":"https:\/\/api.w.org\/{rel}","templated":true}]}}