{"id":2064,"date":"2023-06-10T15:02:04","date_gmt":"2023-06-10T18:02:04","guid":{"rendered":"https:\/\/catalonia.com.br\/?page_id=2064"},"modified":"2023-07-23T00:01:13","modified_gmt":"2023-07-23T03:01:13","slug":"origem-das-instituicoes-politicas-catalas","status":"publish","type":"page","link":"https:\/\/catalonia.com.br\/ca\/a-catalunha\/historia-da-catalunha\/origem-das-instituicoes-politicas-catalas\/","title":{"rendered":"Origem das institui\u00e7\u00f5es pol\u00edticas catal\u00e3s"},"content":{"rendered":"<div data-elementor-type=\"wp-page\" data-elementor-id=\"2064\" class=\"elementor elementor-2064\">\n\t\t\t\t\t\t<section class=\"elementor-section elementor-top-section elementor-element elementor-element-0ie05be elementor-section-height-min-height elementor-section-boxed elementor-section-height-default elementor-section-items-middle wpr-particle-no wpr-jarallax-no wpr-parallax-no wpr-sticky-section-no elementor-invisible\" data-id=\"0ie05be\" data-element_type=\"section\" data-e-type=\"section\" data-settings=\"{&quot;background_background&quot;:&quot;classic&quot;,&quot;animation&quot;:&quot;fadeIn&quot;}\">\n\t\t\t\t\t\t\t<div class=\"elementor-background-overlay\"><\/div>\n\t\t\t\t\t\t\t<div class=\"elementor-container elementor-column-gap-no\">\n\t\t\t\t\t<div class=\"elementor-column elementor-col-100 elementor-top-column elementor-element elementor-element-aaad5b0\" data-id=\"aaad5b0\" data-element_type=\"column\" data-e-type=\"column\">\n\t\t\t<div class=\"elementor-widget-wrap\">\n\t\t\t\t\t\t\t<\/div>\n\t\t<\/div>\n\t\t\t\t\t<\/div>\n\t\t<\/section>\n\t\t\t\t<section class=\"elementor-section elementor-top-section elementor-element elementor-element-b0b3f95 elementor-section-boxed elementor-section-height-default elementor-section-height-default wpr-particle-no wpr-jarallax-no wpr-parallax-no wpr-sticky-section-no\" data-id=\"b0b3f95\" data-element_type=\"section\" data-e-type=\"section\" data-settings=\"{&quot;background_background&quot;:&quot;classic&quot;}\">\n\t\t\t\t\t\t<div class=\"elementor-container elementor-column-gap-default\">\n\t\t\t\t\t<div class=\"elementor-column elementor-col-100 elementor-top-column elementor-element elementor-element-e9eaf4e\" data-id=\"e9eaf4e\" data-element_type=\"column\" data-e-type=\"column\">\n\t\t\t<div class=\"elementor-widget-wrap elementor-element-populated\">\n\t\t\t\t\t\t<div class=\"elementor-element elementor-element-90ba35c elementor-widget elementor-widget-spacer\" data-id=\"90ba35c\" data-element_type=\"widget\" data-e-type=\"widget\" data-widget_type=\"spacer.default\">\n\t\t\t\t<div class=\"elementor-widget-container\">\n\t\t\t\t\t\t\t<div class=\"elementor-spacer\">\n\t\t\t<div class=\"elementor-spacer-inner\"><\/div>\n\t\t<\/div>\n\t\t\t\t\t\t<\/div>\n\t\t\t\t<\/div>\n\t\t\t\t<div class=\"elementor-element elementor-element-6c66b08 elementor-widget elementor-widget-heading\" data-id=\"6c66b08\" data-element_type=\"widget\" data-e-type=\"widget\" data-widget_type=\"heading.default\">\n\t\t\t\t<div class=\"elementor-widget-container\">\n\t\t\t\t\t<h1 class=\"elementor-heading-title elementor-size-default\">Origem das institui\u00e7\u00f5es pol\u00edticas catal\u00e3s<\/h1>\t\t\t\t<\/div>\n\t\t\t\t<\/div>\n\t\t\t\t\t<\/div>\n\t\t<\/div>\n\t\t\t\t\t<\/div>\n\t\t<\/section>\n\t\t\t\t<section class=\"elementor-section elementor-top-section elementor-element elementor-element-cf4d000 elementor-section-boxed elementor-section-height-default elementor-section-height-default wpr-particle-no wpr-jarallax-no wpr-parallax-no wpr-sticky-section-no\" data-id=\"cf4d000\" data-element_type=\"section\" data-e-type=\"section\" data-settings=\"{&quot;background_background&quot;:&quot;classic&quot;}\">\n\t\t\t\t\t\t<div class=\"elementor-container elementor-column-gap-default\">\n\t\t\t\t\t<div class=\"elementor-column elementor-col-100 elementor-top-column elementor-element elementor-element-f75b486\" data-id=\"f75b486\" data-element_type=\"column\" data-e-type=\"column\">\n\t\t\t<div class=\"elementor-widget-wrap elementor-element-populated\">\n\t\t\t\t\t\t<div class=\"elementor-element elementor-element-8c9ecd8 elementor-widget elementor-widget-heading\" data-id=\"8c9ecd8\" data-element_type=\"widget\" data-e-type=\"widget\" data-widget_type=\"heading.default\">\n\t\t\t\t<div class=\"elementor-widget-container\">\n\t\t\t\t\t<h3 class=\"elementor-heading-title elementor-size-default\">As primeiras configura\u00e7\u00f5es pol\u00edticas<\/h3>\t\t\t\t<\/div>\n\t\t\t\t<\/div>\n\t\t\t\t\t<\/div>\n\t\t<\/div>\n\t\t\t\t\t<\/div>\n\t\t<\/section>\n\t\t\t\t<section class=\"elementor-section elementor-top-section elementor-element elementor-element-351e56a elementor-section-boxed elementor-section-height-default elementor-section-height-default wpr-particle-no wpr-jarallax-no wpr-parallax-no wpr-sticky-section-no\" data-id=\"351e56a\" data-element_type=\"section\" data-e-type=\"section\" data-settings=\"{&quot;background_background&quot;:&quot;gradient&quot;}\">\n\t\t\t\t\t\t<div class=\"elementor-container elementor-column-gap-extended\">\n\t\t\t\t\t<div class=\"elementor-column elementor-col-100 elementor-top-column elementor-element elementor-element-9b5224b\" data-id=\"9b5224b\" data-element_type=\"column\" data-e-type=\"column\">\n\t\t\t<div class=\"elementor-widget-wrap elementor-element-populated\">\n\t\t\t\t\t\t<div class=\"elementor-element elementor-element-ead46e9 elementor-drop-cap-yes elementor-drop-cap-view-stacked elementor-widget elementor-widget-text-editor\" data-id=\"ead46e9\" data-element_type=\"widget\" data-e-type=\"widget\" data-settings=\"{&quot;drop_cap&quot;:&quot;yes&quot;}\" data-widget_type=\"text-editor.default\">\n\t\t\t\t<div class=\"elementor-widget-container\">\n\t\t\t\t\t\t\t\t\t<p style=\"text-align: justify;\">A configura\u00e7\u00e3o atual do poder pol\u00edtico na Catalunha define-se, basicamente, no seu Estatuto Auton\u00f4mico de 1979 e nas institui\u00e7\u00f5es pol\u00edticas da Generalitat de Catalunya.<\/p><p style=\"text-align: justify;\">Diferentemente das outras institui\u00e7\u00f5es aut\u00f4nomas do Estado espanhol, a Generalitat de Catalunya n\u00e3o foi criada ap\u00f3s a nova Constitui\u00e7\u00e3o espanhola de 1978, mas sim, foi restabelecida no ano de 1977, antes da promulga\u00e7\u00e3o da Constitui\u00e7\u00e3o. Foi restabelecida porque a Generalitat de Catalunya n\u00e3o somente j\u00e1 existia na Espanha democr\u00e1tica da \u00e9poca da Segunda Rep\u00fablica (1931-1939), como tamb\u00e9m era assim denominado desde aproximadamente 700 anos atr\u00e1s, o organismo executivo criado pelas Cortes gerais da Confedera\u00e7\u00e3o da coroa catalano-aragonesa (sec. XIV-XV).<\/p><p style=\"text-align: justify;\">As ra\u00edzes da Catalunha como povo, com uma unidade territorial e governamental, vem desde o limiar dos s\u00e9culos da Idade M\u00e9dia.<\/p><p style=\"text-align: justify;\">A emancipa\u00e7\u00e3o progressiva dos condes catal\u00e3es dos s\u00e9culos X e XI em rela\u00e7\u00e3o aos reis francos; a conquista de novos territ\u00f3rios pertencentes aos sarracenos e sua consequente ocupa\u00e7\u00e3o com povos de l\u00edngua catal\u00e3, e a supremacia do condado de Barcelona (Ramon Berenguer III e Ramon Berenguer IV), foram fatores determinantes ao longo do processo de unifica\u00e7\u00e3o do territ\u00f3rio, da cria\u00e7\u00e3o da capital de Barcelona, da consolida\u00e7\u00e3o da unidade governamental dos condados catal\u00e3es e da implanta\u00e7\u00e3o da l\u00edngua pr\u00f3pria do pa\u00eds. Os mandat\u00e1rios da Casa de Barcelona regeriam os<br \/>catal\u00e3es durante cinco s\u00e9culos.<\/p><p style=\"text-align: justify;\">A na\u00e7\u00e3o catal\u00e3 teve, ao longo dos s\u00e9culos, as institui\u00e7\u00f5es pol\u00edticas e as formas de governo pr\u00f3prias de cada \u00e9poca, com um grau de soberania bem diversificado. Estas institui\u00e7\u00f5es funcionaram, em determinados per\u00edodos da sua hist\u00f3ria, com caracter\u00edsticas pr\u00f3prias de um estado soberano, bem como, em \u00e9pocas mais recentes, com a express\u00e3o de um poder compartilhado com o poder central do estado espanhol.<\/p><p style=\"text-align: justify;\">Com o casamento de Ramon Berenguer IV com Peronella d&#8217;Arag\u00f3 (1137), nasceu o reino de Catalunya-Arag\u00f3, onde, al\u00e9m destes territ\u00f3rios, os de Proven\u00e7a e Roselh\u00e3o, incorporaram-se sucessivamente as Ilhas Baleares, Val\u00eancia, Sic\u00edlia, C\u00f3rsega, Sardenha e N\u00e1poles, at\u00e9 chegar a Atenas e Neop\u00e1tria. Em consequ\u00eancia destes fatos, a progressiva coes\u00e3o do territ\u00f3rio e do governo da Catalunha culminou numa causa de direito: em virtude do Tratado de Corbeil (1258) entre Jaime I, o Conquistador e Lu\u00eds IX (S\u00e3o Lu\u00eds da Fran\u00e7a), o primeiro firmava a perda de seus dom\u00ednios ultra-pirineus (nascente de Montpellier e Roselh\u00e3o) e o rei da Fran\u00e7a, como sucessor dos reis carol\u00edngios, renunciava os seus direitos sobre os condados catal\u00e3es de Barcelona, Urgell, Besal\u00fa, Roselh\u00e3o, Emp\u00farias, Cerdanha, Conflent, Girona e Osona. Catalunha perdia territ\u00f3rios, mas ganhava a independ\u00eancia de<br \/>direito. A independ\u00eancia, de fato, acontece em 986.<\/p><p style=\"text-align: justify;\">A dinastia aut\u00f3ctone catalano-aragonesa \u00e9 extinta no in\u00edcio do s\u00e9culo XV. O trono passar\u00e1 sucessivamente a dinastias de origem castelhana (os Trast\u00e2mara), austr\u00edaco (os Habsburgos) e franc\u00eas (os Borbons). Entretranto, os pa\u00edses da confedera\u00e7\u00e3o catalano-aragonesa dispunham, desde o s\u00e9culo XIV, de um organismo pol\u00edtico-administrativo origin\u00e1rio das Cortes Reais, a Generalitat, que viria a ser uma institui\u00e7\u00e3o de governo. Esta institui\u00e7\u00e3o, com seus altos e baixos ao longo da hist\u00f3ria, \u00e9 um precedente das atuais institui\u00e7\u00f5es pol\u00edticas catal\u00e3s.<\/p><p style=\"text-align: justify;\">\u00c9 verdade que o exerc\u00edcio do poder na \u00e9poca medieval pouco tem a ver com a separa\u00e7\u00e3o dos poderes dos estados modernos de direito democr\u00e1tico. Por\u00e9m, \u00e9 sintom\u00e1tico que a \u00fanica institui\u00e7\u00e3o de autogoverno que ao longo dos s\u00e9culos expressou o poder pol\u00edtico na Catalunha e que continua at\u00e9 hoje \u00e9 a Generalitat.<\/p><p style=\"text-align: justify;\">O exerc\u00edcio dos direitos e liberdades deste povo e a atua\u00e7\u00e3o das suas institui\u00e7\u00f5es foram interrompidas contra a sua vontade em longos per\u00edodos de sua hist\u00f3ria. Mais cedo ou mais tarde, a Catalunha recuperou-se, sobretudo em momentos decisivos, em que seus cidad\u00e3os deram uma prova da sua unidade no reconhecimento das pr\u00f3prias institui\u00e7\u00f5es pol\u00edticas. Por isso, quando na Espanha contempor\u00e2nea se recuperou a democracia, com um certo direito de reconhecimento do direito das comunidades, a Generalitat ressurgiu imediatamente, logo ap\u00f3s a mudan\u00e7a de regime e antes que se iniciasse o per\u00edodo constituinte. Assim foi no ano 1931 e tamb\u00e9m no ano 1977, como veremos mais adiante. Antes, por\u00e9m, \u00e9 necess\u00e1rio retornar \u00e0s origens da Institui\u00e7\u00e3o.<\/p>\t\t\t\t\t\t\t\t<\/div>\n\t\t\t\t<\/div>\n\t\t\t\t\t<\/div>\n\t\t<\/div>\n\t\t\t\t\t<\/div>\n\t\t<\/section>\n\t\t\t\t<\/div>","protected":false},"excerpt":{"rendered":"<p>Origem das institui\u00e7\u00f5es pol\u00edticas catal\u00e3s As primeiras configura\u00e7\u00f5es pol\u00edticas A configura\u00e7\u00e3o atual do poder pol\u00edtico na Catalunha define-se, basicamente, no seu Estatuto Auton\u00f4mico de 1979 e nas institui\u00e7\u00f5es pol\u00edticas da Generalitat de Catalunya. Diferentemente das outras institui\u00e7\u00f5es aut\u00f4nomas do Estado espanhol, a Generalitat de Catalunya n\u00e3o foi criada ap\u00f3s a nova Constitui\u00e7\u00e3o espanhola de 1978,<\/p>","protected":false},"author":1,"featured_media":0,"parent":2033,"menu_order":0,"comment_status":"closed","ping_status":"closed","template":"","meta":{"_uag_custom_page_level_css":"","order-bump-settings":[],"_wpfnl_thankyou_order_overview":"on","_wpfnl_thankyou_order_details":"on","_wpfnl_thankyou_billing_details":"on","_wpfnl_thankyou_shipping_details":"on","site-sidebar-layout":"no-sidebar","site-content-layout":"page-builder","ast-site-content-layout":"","site-content-style":"default","site-sidebar-style":"default","ast-global-header-display":"","ast-banner-title-visibility":"","ast-main-header-display":"","ast-hfb-above-header-display":"","ast-hfb-below-header-display":"","ast-hfb-mobile-header-display":"","site-post-title":"disabled","ast-breadcrumbs-content":"","ast-featured-img":"disabled","footer-sml-layout":"","theme-transparent-header-meta":"default","adv-header-id-meta":"","stick-header-meta":"","header-above-stick-meta":"","header-main-stick-meta":"","header-below-stick-meta":"","astra-migrate-meta-layouts":"default","ast-page-background-enabled":"default","ast-page-background-meta":{"desktop":{"background-color":"","background-image":"","background-repeat":"repeat","background-position":"center center","background-size":"auto","background-attachment":"scroll","background-type":"","background-media":"","overlay-type":"","overlay-color":"","overlay-opacity":"","overlay-gradient":""},"tablet":{"background-color":"","background-image":"","background-repeat":"repeat","background-position":"center center","background-size":"auto","background-attachment":"scroll","background-type":"","background-media":"","overlay-type":"","overlay-color":"","overlay-opacity":"","overlay-gradient":""},"mobile":{"background-color":"","background-image":"","background-repeat":"repeat","background-position":"center center","background-size":"auto","background-attachment":"scroll","background-type":"","background-media":"","overlay-type":"","overlay-color":"","overlay-opacity":"","overlay-gradient":""}},"ast-content-background-meta":{"desktop":{"background-color":"var(--ast-global-color-5)","background-image":"","background-repeat":"repeat","background-position":"center center","background-size":"auto","background-attachment":"scroll","background-type":"","background-media":"","overlay-type":"","overlay-color":"","overlay-opacity":"","overlay-gradient":""},"tablet":{"background-color":"var(--ast-global-color-5)","background-image":"","background-repeat":"repeat","background-position":"center center","background-size":"auto","background-attachment":"scroll","background-type":"","background-media":"","overlay-type":"","overlay-color":"","overlay-opacity":"","overlay-gradient":""},"mobile":{"background-color":"var(--ast-global-color-5)","background-image":"","background-repeat":"repeat","background-position":"center center","background-size":"auto","background-attachment":"scroll","background-type":"","background-media":"","overlay-type":"","overlay-color":"","overlay-opacity":"","overlay-gradient":""}},"footnotes":""},"class_list":["post-2064","page","type-page","status-publish","hentry"],"yoast_head":"<!-- This site is optimized with the Yoast SEO plugin v27.2 - https:\/\/yoast.com\/product\/yoast-seo-wordpress\/ -->\n<title>Origem das institui\u00e7\u00f5es pol\u00edticas catal\u00e3s - Associa\u00e7\u00e3o Cultural Catalonia<\/title>\n<meta name=\"robots\" content=\"index, follow, max-snippet:-1, max-image-preview:large, max-video-preview:-1\" \/>\n<link rel=\"canonical\" href=\"https:\/\/catalonia.com.br\/ca\/a-catalunha\/historia-da-catalunha\/origem-das-instituicoes-politicas-catalas\/\" \/>\n<meta property=\"og:locale\" content=\"ca_ES\" \/>\n<meta property=\"og:type\" content=\"article\" \/>\n<meta property=\"og:title\" content=\"Origem das institui\u00e7\u00f5es pol\u00edticas catal\u00e3s - Associa\u00e7\u00e3o Cultural Catalonia\" \/>\n<meta property=\"og:description\" content=\"Origem das institui\u00e7\u00f5es pol\u00edticas catal\u00e3s As primeiras configura\u00e7\u00f5es pol\u00edticas A configura\u00e7\u00e3o atual do poder pol\u00edtico na Catalunha define-se, basicamente, no seu Estatuto Auton\u00f4mico de 1979 e nas institui\u00e7\u00f5es pol\u00edticas da Generalitat de Catalunya. Diferentemente das outras institui\u00e7\u00f5es aut\u00f4nomas do Estado espanhol, a Generalitat de Catalunya n\u00e3o foi criada ap\u00f3s a nova Constitui\u00e7\u00e3o espanhola de 1978,\" \/>\n<meta property=\"og:url\" content=\"https:\/\/catalonia.com.br\/ca\/a-catalunha\/historia-da-catalunha\/origem-das-instituicoes-politicas-catalas\/\" \/>\n<meta property=\"og:site_name\" content=\"Associa\u00e7\u00e3o Cultural Catalonia\" \/>\n<meta property=\"article:modified_time\" content=\"2023-07-23T03:01:13+00:00\" \/>\n<meta name=\"twitter:card\" content=\"summary_large_image\" \/>\n<meta name=\"twitter:label1\" content=\"Temps estimat de lectura\" \/>\n\t<meta name=\"twitter:data1\" content=\"4 minuts\" \/>\n<script type=\"application\/ld+json\" class=\"yoast-schema-graph\">{\"@context\":\"https:\/\/schema.org\",\"@graph\":[{\"@type\":\"WebPage\",\"@id\":\"https:\/\/catalonia.com.br\/a-catalunha\/historia-da-catalunha\/origem-das-instituicoes-politicas-catalas\/\",\"url\":\"https:\/\/catalonia.com.br\/a-catalunha\/historia-da-catalunha\/origem-das-instituicoes-politicas-catalas\/\",\"name\":\"Origem das institui\u00e7\u00f5es pol\u00edticas catal\u00e3s - Associa\u00e7\u00e3o Cultural Catalonia\",\"isPartOf\":{\"@id\":\"https:\/\/catalonia.com.br\/#website\"},\"datePublished\":\"2023-06-10T18:02:04+00:00\",\"dateModified\":\"2023-07-23T03:01:13+00:00\",\"breadcrumb\":{\"@id\":\"https:\/\/catalonia.com.br\/a-catalunha\/historia-da-catalunha\/origem-das-instituicoes-politicas-catalas\/#breadcrumb\"},\"inLanguage\":\"ca\",\"potentialAction\":[{\"@type\":\"ReadAction\",\"target\":[\"https:\/\/catalonia.com.br\/a-catalunha\/historia-da-catalunha\/origem-das-instituicoes-politicas-catalas\/\"]}]},{\"@type\":\"BreadcrumbList\",\"@id\":\"https:\/\/catalonia.com.br\/a-catalunha\/historia-da-catalunha\/origem-das-instituicoes-politicas-catalas\/#breadcrumb\",\"itemListElement\":[{\"@type\":\"ListItem\",\"position\":1,\"name\":\"In\u00edcio\",\"item\":\"https:\/\/catalonia.com.br\/\"},{\"@type\":\"ListItem\",\"position\":2,\"name\":\"A Catalunha\",\"item\":\"https:\/\/catalonia.com.br\/a-catalunha\/\"},{\"@type\":\"ListItem\",\"position\":3,\"name\":\"Hist\u00f3ria da Catalunha\",\"item\":\"https:\/\/catalonia.com.br\/a-catalunha\/historia-da-catalunha\/\"},{\"@type\":\"ListItem\",\"position\":4,\"name\":\"Origem das institui\u00e7\u00f5es pol\u00edticas catal\u00e3s\"}]},{\"@type\":\"WebSite\",\"@id\":\"https:\/\/catalonia.com.br\/#website\",\"url\":\"https:\/\/catalonia.com.br\/\",\"name\":\"Associa\u00e7\u00e3o Cultural Catalonia\",\"description\":\"\",\"publisher\":{\"@id\":\"https:\/\/catalonia.com.br\/#organization\"},\"potentialAction\":[{\"@type\":\"SearchAction\",\"target\":{\"@type\":\"EntryPoint\",\"urlTemplate\":\"https:\/\/catalonia.com.br\/?s={search_term_string}\"},\"query-input\":{\"@type\":\"PropertyValueSpecification\",\"valueRequired\":true,\"valueName\":\"search_term_string\"}}],\"inLanguage\":\"ca\"},{\"@type\":\"Organization\",\"@id\":\"https:\/\/catalonia.com.br\/#organization\",\"name\":\"Associa\u00e7\u00e3o Cultural Catalonia\",\"url\":\"https:\/\/catalonia.com.br\/\",\"logo\":{\"@type\":\"ImageObject\",\"inLanguage\":\"ca\",\"@id\":\"https:\/\/catalonia.com.br\/#\/schema\/logo\/image\/\",\"url\":\"https:\/\/catalonia.com.br\/wp-content\/uploads\/2023\/06\/cropped-cropped-cropped-Catalonia-logotip-renovat-2.png\",\"contentUrl\":\"https:\/\/catalonia.com.br\/wp-content\/uploads\/2023\/06\/cropped-cropped-cropped-Catalonia-logotip-renovat-2.png\",\"width\":313,\"height\":320,\"caption\":\"Associa\u00e7\u00e3o Cultural Catalonia\"},\"image\":{\"@id\":\"https:\/\/catalonia.com.br\/#\/schema\/logo\/image\/\"}}]}<\/script>\n<!-- \/ Yoast SEO plugin. -->","yoast_head_json":{"title":"Origem das institui\u00e7\u00f5es pol\u00edticas catal\u00e3s - Associa\u00e7\u00e3o Cultural Catalonia","robots":{"index":"index","follow":"follow","max-snippet":"max-snippet:-1","max-image-preview":"max-image-preview:large","max-video-preview":"max-video-preview:-1"},"canonical":"https:\/\/catalonia.com.br\/ca\/a-catalunha\/historia-da-catalunha\/origem-das-instituicoes-politicas-catalas\/","og_locale":"ca_ES","og_type":"article","og_title":"Origem das institui\u00e7\u00f5es pol\u00edticas catal\u00e3s - Associa\u00e7\u00e3o Cultural Catalonia","og_description":"Origem das institui\u00e7\u00f5es pol\u00edticas catal\u00e3s As primeiras configura\u00e7\u00f5es pol\u00edticas A configura\u00e7\u00e3o atual do poder pol\u00edtico na Catalunha define-se, basicamente, no seu Estatuto Auton\u00f4mico de 1979 e nas institui\u00e7\u00f5es pol\u00edticas da Generalitat de Catalunya. Diferentemente das outras institui\u00e7\u00f5es aut\u00f4nomas do Estado espanhol, a Generalitat de Catalunya n\u00e3o foi criada ap\u00f3s a nova Constitui\u00e7\u00e3o espanhola de 1978,","og_url":"https:\/\/catalonia.com.br\/ca\/a-catalunha\/historia-da-catalunha\/origem-das-instituicoes-politicas-catalas\/","og_site_name":"Associa\u00e7\u00e3o Cultural Catalonia","article_modified_time":"2023-07-23T03:01:13+00:00","twitter_card":"summary_large_image","twitter_misc":{"Temps estimat de lectura":"4 minuts"},"schema":{"@context":"https:\/\/schema.org","@graph":[{"@type":"WebPage","@id":"https:\/\/catalonia.com.br\/a-catalunha\/historia-da-catalunha\/origem-das-instituicoes-politicas-catalas\/","url":"https:\/\/catalonia.com.br\/a-catalunha\/historia-da-catalunha\/origem-das-instituicoes-politicas-catalas\/","name":"Origem das institui\u00e7\u00f5es pol\u00edticas catal\u00e3s - Associa\u00e7\u00e3o Cultural Catalonia","isPartOf":{"@id":"https:\/\/catalonia.com.br\/#website"},"datePublished":"2023-06-10T18:02:04+00:00","dateModified":"2023-07-23T03:01:13+00:00","breadcrumb":{"@id":"https:\/\/catalonia.com.br\/a-catalunha\/historia-da-catalunha\/origem-das-instituicoes-politicas-catalas\/#breadcrumb"},"inLanguage":"ca","potentialAction":[{"@type":"ReadAction","target":["https:\/\/catalonia.com.br\/a-catalunha\/historia-da-catalunha\/origem-das-instituicoes-politicas-catalas\/"]}]},{"@type":"BreadcrumbList","@id":"https:\/\/catalonia.com.br\/a-catalunha\/historia-da-catalunha\/origem-das-instituicoes-politicas-catalas\/#breadcrumb","itemListElement":[{"@type":"ListItem","position":1,"name":"In\u00edcio","item":"https:\/\/catalonia.com.br\/"},{"@type":"ListItem","position":2,"name":"A Catalunha","item":"https:\/\/catalonia.com.br\/a-catalunha\/"},{"@type":"ListItem","position":3,"name":"Hist\u00f3ria da Catalunha","item":"https:\/\/catalonia.com.br\/a-catalunha\/historia-da-catalunha\/"},{"@type":"ListItem","position":4,"name":"Origem das institui\u00e7\u00f5es pol\u00edticas catal\u00e3s"}]},{"@type":"WebSite","@id":"https:\/\/catalonia.com.br\/#website","url":"https:\/\/catalonia.com.br\/","name":"l'Associaci\u00f3 Cultural Catalonia","description":"","publisher":{"@id":"https:\/\/catalonia.com.br\/#organization"},"potentialAction":[{"@type":"SearchAction","target":{"@type":"EntryPoint","urlTemplate":"https:\/\/catalonia.com.br\/?s={search_term_string}"},"query-input":{"@type":"PropertyValueSpecification","valueRequired":true,"valueName":"search_term_string"}}],"inLanguage":"ca"},{"@type":"Organization","@id":"https:\/\/catalonia.com.br\/#organization","name":"l'Associaci\u00f3 Cultural Catalonia","url":"https:\/\/catalonia.com.br\/","logo":{"@type":"ImageObject","inLanguage":"ca","@id":"https:\/\/catalonia.com.br\/#\/schema\/logo\/image\/","url":"https:\/\/catalonia.com.br\/wp-content\/uploads\/2023\/06\/cropped-cropped-cropped-Catalonia-logotip-renovat-2.png","contentUrl":"https:\/\/catalonia.com.br\/wp-content\/uploads\/2023\/06\/cropped-cropped-cropped-Catalonia-logotip-renovat-2.png","width":313,"height":320,"caption":"Associa\u00e7\u00e3o Cultural Catalonia"},"image":{"@id":"https:\/\/catalonia.com.br\/#\/schema\/logo\/image\/"}}]}},"uagb_featured_image_src":{"full":false,"thumbnail":false,"medium":false,"medium_large":false,"large":false,"1536x1536":false,"2048x2048":false,"trp-custom-language-flag":false,"woocommerce_thumbnail":false,"woocommerce_single":false,"woocommerce_gallery_thumbnail":false},"uagb_author_info":{"display_name":"Associa\u00e7\u00e3o Cultural Catalonia","author_link":"https:\/\/catalonia.com.br\/ca\/author\/admincat\/"},"uagb_comment_info":0,"uagb_excerpt":"Origem das institui\u00e7\u00f5es pol\u00edticas catal\u00e3s As primeiras configura\u00e7\u00f5es pol\u00edticas A configura\u00e7\u00e3o atual do poder pol\u00edtico na Catalunha define-se, basicamente, no seu Estatuto Auton\u00f4mico de 1979 e nas institui\u00e7\u00f5es pol\u00edticas da Generalitat de Catalunya. Diferentemente das outras institui\u00e7\u00f5es aut\u00f4nomas do Estado espanhol, a Generalitat de Catalunya n\u00e3o foi criada ap\u00f3s a nova Constitui\u00e7\u00e3o espanhola de 1978,","_links":{"self":[{"href":"https:\/\/catalonia.com.br\/ca\/wp-json\/wp\/v2\/pages\/2064","targetHints":{"allow":["GET"]}}],"collection":[{"href":"https:\/\/catalonia.com.br\/ca\/wp-json\/wp\/v2\/pages"}],"about":[{"href":"https:\/\/catalonia.com.br\/ca\/wp-json\/wp\/v2\/types\/page"}],"author":[{"embeddable":true,"href":"https:\/\/catalonia.com.br\/ca\/wp-json\/wp\/v2\/users\/1"}],"replies":[{"embeddable":true,"href":"https:\/\/catalonia.com.br\/ca\/wp-json\/wp\/v2\/comments?post=2064"}],"version-history":[{"count":0,"href":"https:\/\/catalonia.com.br\/ca\/wp-json\/wp\/v2\/pages\/2064\/revisions"}],"up":[{"embeddable":true,"href":"https:\/\/catalonia.com.br\/ca\/wp-json\/wp\/v2\/pages\/2033"}],"wp:attachment":[{"href":"https:\/\/catalonia.com.br\/ca\/wp-json\/wp\/v2\/media?parent=2064"}],"curies":[{"name":"wp","href":"https:\/\/api.w.org\/{rel}","templated":true}]}}