{"version":"1.0","provider_name":"l'Associaci\u00f3 Cultural Catalonia","provider_url":"https:\/\/catalonia.com.br\/ca","author_name":"Associa\u00e7\u00e3o Cultural Catalonia","author_url":"https:\/\/catalonia.com.br\/ca\/author\/admincat\/","title":"A bandeira da Catalunha - Associa\u00e7\u00e3o Cultural Catalonia","type":"rich","width":600,"height":338,"html":"<blockquote class=\"wp-embedded-content\" data-secret=\"8weY7uFKW0\"><a href=\"https:\/\/catalonia.com.br\/ca\/a-catalunha\/simbolos-da-catalunha\/a-bandeira-da-catalunha\/\">A bandeira da Catalunha<\/a><\/blockquote><iframe sandbox=\"allow-scripts\" security=\"restricted\" src=\"https:\/\/catalonia.com.br\/ca\/a-catalunha\/simbolos-da-catalunha\/a-bandeira-da-catalunha\/embed\/#?secret=8weY7uFKW0\" width=\"600\" height=\"338\" title=\"&#8220;A bandeira da Catalunha&#8221; &#8212; Associa\u00e7\u00e3o Cultural Catalonia\" data-secret=\"8weY7uFKW0\" frameborder=\"0\" marginwidth=\"0\" marginheight=\"0\" scrolling=\"no\" class=\"wp-embedded-content\"><\/iframe><script>\n\/*! This file is auto-generated *\/\n!function(d,l){\"use strict\";l.querySelector&&d.addEventListener&&\"undefined\"!=typeof URL&&(d.wp=d.wp||{},d.wp.receiveEmbedMessage||(d.wp.receiveEmbedMessage=function(e){var t=e.data;if((t||t.secret||t.message||t.value)&&!\/[^a-zA-Z0-9]\/.test(t.secret)){for(var s,r,n,a=l.querySelectorAll('iframe[data-secret=\"'+t.secret+'\"]'),o=l.querySelectorAll('blockquote[data-secret=\"'+t.secret+'\"]'),c=new RegExp(\"^https?:$\",\"i\"),i=0;i<o.length;i++)o[i].style.display=\"none\";for(i=0;i<a.length;i++)s=a[i],e.source===s.contentWindow&&(s.removeAttribute(\"style\"),\"height\"===t.message?(1e3<(r=parseInt(t.value,10))?r=1e3:~~r<200&&(r=200),s.height=r):\"link\"===t.message&&(r=new URL(s.getAttribute(\"src\")),n=new URL(t.value),c.test(n.protocol))&&n.host===r.host&&l.activeElement===s&&(d.top.location.href=t.value))}},d.addEventListener(\"message\",d.wp.receiveEmbedMessage,!1),l.addEventListener(\"DOMContentLoaded\",function(){for(var e,t,s=l.querySelectorAll(\"iframe.wp-embedded-content\"),r=0;r<s.length;r++)(t=(e=s[r]).getAttribute(\"data-secret\"))||(t=Math.random().toString(36).substring(2,12),e.src+=\"#?secret=\"+t,e.setAttribute(\"data-secret\",t)),e.contentWindow.postMessage({message:\"ready\",secret:t},\"*\")},!1)))}(window,document);\n\/\/# sourceURL=https:\/\/catalonia.com.br\/wp-includes\/js\/wp-embed.min.js\n<\/script>","description":"A bandeira da Catalunha Uma das mais antigas da Europa A bandeira da Catalunha \u00e9 das que s\u00e3o denominadas her\u00e1ldicas, originada da transla\u00e7\u00e3o do escudo dos condes de Barcelona para um tecido. Possivelmente a bandeira, pend\u00e3o ou estandarte dos condes foi anterior ao escudo. N\u00e3o h\u00e1 refer\u00eancia documental at\u00e9 o s\u00e9culo XIII,mas \u00e9 uma das","thumbnail_url":"https:\/\/catalonia.com.br\/wp-content\/uploads\/2023\/07\/senyera1.jpg"}