{"version":"1.0","provider_name":"l'Associaci\u00f3 Cultural Catalonia","provider_url":"https:\/\/catalonia.com.br\/ca","author_name":"Associa\u00e7\u00e3o Cultural Catalonia","author_url":"https:\/\/catalonia.com.br\/ca\/author\/admincat\/","title":"As 'falles' de Alta Ribagor\u00e7a - Associa\u00e7\u00e3o Cultural Catalonia","type":"rich","width":600,"height":338,"html":"<blockquote class=\"wp-embedded-content\" data-secret=\"mZfQ3ZMUJl\"><a href=\"https:\/\/catalonia.com.br\/ca\/a-catalunha\/cultura-da-catalunha\/as-falles-de-alta-ribagorca\/\">As &#8216;falles&#8217; de Alta Ribagor\u00e7a<\/a><\/blockquote><iframe sandbox=\"allow-scripts\" security=\"restricted\" src=\"https:\/\/catalonia.com.br\/ca\/a-catalunha\/cultura-da-catalunha\/as-falles-de-alta-ribagorca\/embed\/#?secret=mZfQ3ZMUJl\" width=\"600\" height=\"338\" title=\"&#8220;As &#8216;falles&#8217; de Alta Ribagor\u00e7a&#8221; &#8212; Associa\u00e7\u00e3o Cultural Catalonia\" data-secret=\"mZfQ3ZMUJl\" frameborder=\"0\" marginwidth=\"0\" marginheight=\"0\" scrolling=\"no\" class=\"wp-embedded-content\"><\/iframe><script>\n\/*! This file is auto-generated *\/\n!function(d,l){\"use strict\";l.querySelector&&d.addEventListener&&\"undefined\"!=typeof URL&&(d.wp=d.wp||{},d.wp.receiveEmbedMessage||(d.wp.receiveEmbedMessage=function(e){var t=e.data;if((t||t.secret||t.message||t.value)&&!\/[^a-zA-Z0-9]\/.test(t.secret)){for(var s,r,n,a=l.querySelectorAll('iframe[data-secret=\"'+t.secret+'\"]'),o=l.querySelectorAll('blockquote[data-secret=\"'+t.secret+'\"]'),c=new RegExp(\"^https?:$\",\"i\"),i=0;i<o.length;i++)o[i].style.display=\"none\";for(i=0;i<a.length;i++)s=a[i],e.source===s.contentWindow&&(s.removeAttribute(\"style\"),\"height\"===t.message?(1e3<(r=parseInt(t.value,10))?r=1e3:~~r<200&&(r=200),s.height=r):\"link\"===t.message&&(r=new URL(s.getAttribute(\"src\")),n=new URL(t.value),c.test(n.protocol))&&n.host===r.host&&l.activeElement===s&&(d.top.location.href=t.value))}},d.addEventListener(\"message\",d.wp.receiveEmbedMessage,!1),l.addEventListener(\"DOMContentLoaded\",function(){for(var e,t,s=l.querySelectorAll(\"iframe.wp-embedded-content\"),r=0;r<s.length;r++)(t=(e=s[r]).getAttribute(\"data-secret\"))||(t=Math.random().toString(36).substring(2,12),e.src+=\"#?secret=\"+t,e.setAttribute(\"data-secret\",t)),e.contentWindow.postMessage({message:\"ready\",secret:t},\"*\")},!1)))}(window,document);\n\/\/# sourceURL=https:\/\/catalonia.com.br\/wp-includes\/js\/wp-embed.min.js\n<\/script>","description":"As &#8216;falles&#8217; de Alta Ribagor\u00e7a Tradi\u00e7\u00e3o ancestral de culto ao Sol Todos os anos, no ver\u00e3o, os habitantes dos povoados da Alta Ribagor\u00e7a celebram as Falles, uma festa muito tradicional nesta comarca. Esta cerim\u00f4nia, relacionada com o culto ao sol pelos povos primitivos, \u00e9 realizada para agradecer pelo bom \u00eaxito da colheita e a chegada"}